{"id":843,"date":"2025-09-08T10:44:07","date_gmt":"2025-09-08T10:44:07","guid":{"rendered":"https:\/\/erinnakoenig.com\/?page_id=843"},"modified":"2025-10-10T20:33:30","modified_gmt":"2025-10-10T20:33:30","slug":"ruhe-vor-dem-sturm-postminimalistische-kunst-aus-dem-rheinland-museum-morsbroich-leverkusen-2015","status":"publish","type":"page","link":"https:\/\/erinnakoenig.de\/en\/ausstellungen\/gruppenausstellungen\/ruhe-vor-dem-sturm-postminimalistische-kunst-aus-dem-rheinland-museum-morsbroich-leverkusen-2015\/","title":{"rendered":"\u201eRuhe vor dem\u00a0Sturm- postminimalistische Kunst aus dem Rheinland\u201c\u00a0Museum Morsbroich, Leverkusen, 2015"},"content":{"rendered":"<p>[et_pb_section fb_built=&#8220;1&#8243; _builder_version=&#8220;4.27.4&#8243; _module_preset=&#8220;default&#8220; global_colors_info=&#8220;{}&#8220;][et_pb_row _builder_version=&#8220;4.27.4&#8243; _module_preset=&#8220;default&#8220; global_colors_info=&#8220;{}&#8220;][et_pb_column type=&#8220;4_4&#8243; _builder_version=&#8220;4.27.4&#8243; _module_preset=&#8220;default&#8220; global_colors_info=&#8220;{}&#8220;][et_pb_heading title=&#8220;\u201eRuhe vor dem Sturm &#8211; postminimalistische Kunst aus dem Rheinland\u201c Museum Morsbroich, Leverkusen, 2015&#8243; _builder_version=&#8220;4.27.4&#8243; _module_preset=&#8220;default&#8220; title_font=&#8220;Avenir Light|100||on|||||&#8220; title_text_align=&#8220;right&#8220; global_colors_info=&#8220;{}&#8220;][\/et_pb_heading][\/et_pb_column][\/et_pb_row][et_pb_row column_structure=&#8220;3_4,1_4&#8243; _builder_version=&#8220;4.27.4&#8243; _module_preset=&#8220;default&#8220; global_colors_info=&#8220;{}&#8220;][et_pb_column type=&#8220;3_4&#8243; _builder_version=&#8220;4.27.4&#8243; _module_preset=&#8220;default&#8220; global_colors_info=&#8220;{}&#8220;][et_pb_text _builder_version=&#8220;4.27.4&#8243; _module_preset=&#8220;default&#8220; global_colors_info=&#8220;{}&#8220;]Der Katalog, der parallel zur gleichnamigen Ausstellung im Museum Morsbroich in Leverkusen erscheint, untersucht den Einfluss, den die Minimal art seit dem Ende der 1960er-Jahre auf die rheinischen K\u00fcnstlerinnen und K\u00fcnstler aus\u00fcbte. Zum ersten Mal in der Kunstgeschichte rezipierten damals europ\u00e4ische K\u00fcnstler einen Stil, der ohne kontinentale Vorbilder und Einfl\u00fcsse in den Vereinigten Staaten entwickelt worden war. Es handelte sich um eine heftige Auseinandersetzung, die von Respekt und Begeisterung, aber auch von einem selbstbewussten Umdeuten und Konterkarieren der amerikanischen Positionen zeugte. Seit dem Jahr 1965 ist der Begriff Minimal Art f\u00fcr eine Kunstrichtung gebr\u00e4uchlich, die vor allem im Bereich der Skulptur auf ein \u00e4u\u00dferstes reduziertes Formenvokabular setzt.(Donald Judd), das hei\u00dft, sie beziehen sich auf keine Vorbilder, Ideologien, Hierarchien oder spezialisierte Fertigkeiten wie zum Beispiel ein besonderes handwerkliches K\u00f6nnen. Spezifische Objekte sind einfach, nachvollziehbar und bedeuten nichts anderes als sich selbst. Im Jahr 1969 zeigt die Kunsthalle D\u00fcsseldorf die Ausstellung Minimal Art, die im Vorjahr bereits im Gemeentemuseum in Den Haag zu sehen war. Vor allem an der Kunstakademie D\u00fcsseldorf ist es Sigmar Polke, der die Minimal Art in das Medium der Malerei \u00fcbertr\u00e4gt und als zentrales Bildmotiv eine Reihe von Delfter Kacheln ausw\u00e4hlt (Carl Andre in Delft, 1968). Vor allem in der Klasse von Joseph Beuys trifft der Minimalismus auf K\u00fcnstler, die bereits an der stereometrischen Malerei Kazimir Malewitschs geschult sind: Imi Knoebel, Imi Giese und Blinky Palermo. Und Joseph Beuys selbst, der schon fr\u00fch mit einfachen, kr\u00e4ftigen Formen und industriellen Produkten gearbeitet hat, verarbeitet den minimalistischen Stil, indem er seine Komponenten mit W\u00e4rme, Bedeutung und Materialit\u00e4t aufl\u00e4dt. Auf diesem Weg entwickelt sich eine besondere rheinische Form des Postminimalismus &#8211; empathisch, humorvoll und zitierfreudig -, die sp\u00e4ter bei der Ausformulierung der Postmoderne im Rheinland und den USA eine eigene treibende Rolle spielen wird. Mit Arbeiten von Joseph Beuys, Isa Genzken, Ludger Gerdes, Imi Giese, Harald Klingelh\u00f6ller, Imi Knoebel, Erinna K\u00f6nig, Meuser, Reinhard Mucha, C.O. Paeffgen, Blinky Palermo, Sigmar Polke, Gerhard Richter, Reiner Ruthenbeck, Thomas Sch\u00fctte, Yuji Takeoka und Rosemarie Trockel.[\/et_pb_text][et_pb_image src=&#8220;https:\/\/erinnakoenig.de\/wp-content\/uploads\/2025\/09\/P1020791-Anita-Kloten-2.jpg&#8220; title_text=&#8220;P1020791 Anita Kloten (2)&#8220; _builder_version=&#8220;4.27.4&#8243; _module_preset=&#8220;default&#8220; custom_margin=&#8220;||7px|||&#8220; hover_enabled=&#8220;0&#8243; global_colors_info=&#8220;{}&#8220; sticky_enabled=&#8220;0&#8243;][\/et_pb_image][et_pb_text _builder_version=&#8220;4.27.4&#8243; _module_preset=&#8220;default&#8220; text_font_size=&#8220;13px&#8220; text_line_height=&#8220;1.3em&#8220; custom_margin=&#8220;0px|||||&#8220; hover_enabled=&#8220;0&#8243; global_colors_info=&#8220;{}&#8220; sticky_enabled=&#8220;0&#8243;]<\/p>\n<h3 class=\"et_pb_gallery_title\">Ausstellungsansicht Ruhe vor dem Sturm, photo Anita Kloten<\/h3>\n<p>[\/et_pb_text][\/et_pb_column][et_pb_column type=&#8220;1_4&#8243; _builder_version=&#8220;4.27.4&#8243; _module_preset=&#8220;default&#8220; global_colors_info=&#8220;{}&#8220;][et_pb_gallery gallery_ids=&#8220;2100,2101,2102&#8243; _builder_version=&#8220;4.27.4&#8243; _module_preset=&#8220;default&#8220; global_colors_info=&#8220;{}&#8220;][\/et_pb_gallery][\/et_pb_column][\/et_pb_row][et_pb_row _builder_version=&#8220;4.27.4&#8243; _module_preset=&#8220;default&#8220; global_colors_info=&#8220;{}&#8220;][et_pb_column type=&#8220;4_4&#8243; _builder_version=&#8220;4.27.4&#8243; _module_preset=&#8220;default&#8220; global_colors_info=&#8220;{}&#8220;][et_pb_image src=&#8220;https:\/\/erinnakoenig.de\/wp-content\/uploads\/2025\/09\/P1020791-Anita-Kloten-3.jpg&#8220; title_text=&#8220;P1020791 Anita Kloten (3)&#8220; _builder_version=&#8220;4.27.4&#8243; _module_preset=&#8220;default&#8220; custom_margin=&#8220;||10px|||&#8220; global_colors_info=&#8220;{}&#8220;][\/et_pb_image][et_pb_text _builder_version=&#8220;4.27.4&#8243; _module_preset=&#8220;default&#8220; text_font_size=&#8220;13px&#8220; text_line_height=&#8220;1.3em&#8220; custom_margin=&#8220;0px|||||&#8220; hover_enabled=&#8220;0&#8243; global_colors_info=&#8220;{}&#8220; sticky_enabled=&#8220;0&#8243;]<\/p>\n<h3 class=\"et_pb_gallery_title\">Ausstellungsansicht Ruhe vor dem Sturm, photo Anita Kloten<\/h3>\n<p>[\/et_pb_text][\/et_pb_column][\/et_pb_row][\/et_pb_section]<\/p>\n","protected":false},"excerpt":{"rendered":"<p>Der Katalog, der parallel zur gleichnamigen Ausstellung im Museum Morsbroich in Leverkusen erscheint, untersucht den Einfluss, den die Minimal art seit dem Ende der 1960er-Jahre auf die rheinischen K\u00fcnstlerinnen und K\u00fcnstler aus\u00fcbte. Zum ersten Mal in der Kunstgeschichte rezipierten damals europ\u00e4ische K\u00fcnstler einen Stil, der ohne kontinentale Vorbilder und Einfl\u00fcsse in den Vereinigten Staaten entwickelt [&hellip;]<\/p>\n","protected":false},"author":3,"featured_media":0,"parent":275,"menu_order":0,"comment_status":"closed","ping_status":"closed","template":"","meta":{"_et_pb_use_builder":"on","_et_pb_old_content":"","_et_gb_content_width":"","footnotes":""},"class_list":["post-843","page","type-page","status-publish","hentry"],"yoast_head":"<!-- This site is optimized with the Yoast SEO plugin v27.4 - https:\/\/yoast.com\/product\/yoast-seo-wordpress\/ -->\n<title>\u201eRuhe vor dem\u00a0Sturm- postminimalistische Kunst aus dem Rheinland\u201c\u00a0Museum Morsbroich, Leverkusen, 2015 | ERINNA K\u00d6NIG<\/title>\n<meta name=\"description\" content=\"Erinna K\u00f6nig (deutsch, 1947-2021), Meistersch\u00fclerin von Joseph Beuys an der D\u00fcsseldorfer Kunstakademie, verwandelte Fundobjekte zu eloquenter aesthetischer Skulptur-Malerei.\" \/>\n<meta name=\"robots\" content=\"index, follow, max-snippet:-1, max-image-preview:large, max-video-preview:-1\" \/>\n<link rel=\"canonical\" href=\"https:\/\/erinnakoenig.de\/en\/ausstellungen\/gruppenausstellungen\/ruhe-vor-dem-sturm-postminimalistische-kunst-aus-dem-rheinland-museum-morsbroich-leverkusen-2015\/\" \/>\n<meta property=\"og:locale\" content=\"en_GB\" \/>\n<meta property=\"og:type\" content=\"article\" \/>\n<meta property=\"og:title\" content=\"\u201eRuhe vor dem\u00a0Sturm- postminimalistische Kunst aus dem Rheinland\u201c\u00a0Museum Morsbroich, Leverkusen, 2015 | ERINNA K\u00d6NIG\" \/>\n<meta property=\"og:description\" content=\"Erinna K\u00f6nig (deutsch, 1947-2021), Meistersch\u00fclerin von Joseph Beuys an der D\u00fcsseldorfer Kunstakademie, verwandelte Fundobjekte zu eloquenter aesthetischer Skulptur-Malerei.\" \/>\n<meta property=\"og:url\" content=\"https:\/\/erinnakoenig.de\/en\/ausstellungen\/gruppenausstellungen\/ruhe-vor-dem-sturm-postminimalistische-kunst-aus-dem-rheinland-museum-morsbroich-leverkusen-2015\/\" \/>\n<meta property=\"og:site_name\" content=\"ERINNA K\u00d6NIG\" \/>\n<meta property=\"article:modified_time\" content=\"2025-10-10T20:33:30+00:00\" \/>\n<meta property=\"og:image\" content=\"https:\/\/erinnakoenig.de\/wp-content\/uploads\/2025\/08\/Selbst-Portrait-1968-01.webp\" \/>\n\t<meta property=\"og:image:width\" content=\"1000\" \/>\n\t<meta property=\"og:image:height\" content=\"1000\" \/>\n\t<meta property=\"og:image:type\" content=\"image\/webp\" \/>\n<meta name=\"twitter:card\" content=\"summary_large_image\" \/>\n<meta name=\"twitter:label1\" content=\"Estimated reading time\" \/>\n\t<meta name=\"twitter:data1\" content=\"3 minutes\" \/>\n<script type=\"application\/ld+json\" class=\"yoast-schema-graph\">{\"@context\":\"https:\\\/\\\/schema.org\",\"@graph\":[{\"@type\":\"WebPage\",\"@id\":\"https:\\\/\\\/erinnakoenig.de\\\/ausstellungen\\\/gruppenausstellungen\\\/ruhe-vor-dem-sturm-postminimalistische-kunst-aus-dem-rheinland-museum-morsbroich-leverkusen-2015\\\/\",\"url\":\"https:\\\/\\\/erinnakoenig.de\\\/ausstellungen\\\/gruppenausstellungen\\\/ruhe-vor-dem-sturm-postminimalistische-kunst-aus-dem-rheinland-museum-morsbroich-leverkusen-2015\\\/\",\"name\":\"\u201eRuhe vor dem\u00a0Sturm- postminimalistische Kunst aus dem Rheinland\u201c\u00a0Museum Morsbroich, Leverkusen, 2015 | ERINNA K\u00d6NIG\",\"isPartOf\":{\"@id\":\"https:\\\/\\\/erinnakoenig.de\\\/#website\"},\"datePublished\":\"2025-09-08T10:44:07+00:00\",\"dateModified\":\"2025-10-10T20:33:30+00:00\",\"description\":\"Erinna K\u00f6nig (deutsch, 1947-2021), Meistersch\u00fclerin von Joseph Beuys an der D\u00fcsseldorfer Kunstakademie, verwandelte Fundobjekte zu eloquenter aesthetischer Skulptur-Malerei.\",\"breadcrumb\":{\"@id\":\"https:\\\/\\\/erinnakoenig.de\\\/ausstellungen\\\/gruppenausstellungen\\\/ruhe-vor-dem-sturm-postminimalistische-kunst-aus-dem-rheinland-museum-morsbroich-leverkusen-2015\\\/#breadcrumb\"},\"inLanguage\":\"en-GB\",\"potentialAction\":[{\"@type\":\"ReadAction\",\"target\":[\"https:\\\/\\\/erinnakoenig.de\\\/ausstellungen\\\/gruppenausstellungen\\\/ruhe-vor-dem-sturm-postminimalistische-kunst-aus-dem-rheinland-museum-morsbroich-leverkusen-2015\\\/\"]}]},{\"@type\":\"BreadcrumbList\",\"@id\":\"https:\\\/\\\/erinnakoenig.de\\\/ausstellungen\\\/gruppenausstellungen\\\/ruhe-vor-dem-sturm-postminimalistische-kunst-aus-dem-rheinland-museum-morsbroich-leverkusen-2015\\\/#breadcrumb\",\"itemListElement\":[{\"@type\":\"ListItem\",\"position\":1,\"name\":\"Startseite\",\"item\":\"https:\\\/\\\/erinnakoenig.de\\\/\"},{\"@type\":\"ListItem\",\"position\":2,\"name\":\"Ausstellungen\",\"item\":\"https:\\\/\\\/erinnakoenig.de\\\/ausstellungen\\\/\"},{\"@type\":\"ListItem\",\"position\":3,\"name\":\"Gruppenausstellungen\",\"item\":\"https:\\\/\\\/erinnakoenig.de\\\/ausstellungen\\\/gruppenausstellungen\\\/\"},{\"@type\":\"ListItem\",\"position\":4,\"name\":\"\u201eRuhe vor dem\u00a0Sturm- postminimalistische Kunst aus dem Rheinland\u201c\u00a0Museum Morsbroich, Leverkusen, 2015\"}]},{\"@type\":\"WebSite\",\"@id\":\"https:\\\/\\\/erinnakoenig.de\\\/#website\",\"url\":\"https:\\\/\\\/erinnakoenig.de\\\/\",\"name\":\"ERINNA K\u00d6NIG\",\"description\":\"EK STUDIO - D\u00fcsseldorf\",\"publisher\":{\"@id\":\"https:\\\/\\\/erinnakoenig.de\\\/#organization\"},\"potentialAction\":[{\"@type\":\"SearchAction\",\"target\":{\"@type\":\"EntryPoint\",\"urlTemplate\":\"https:\\\/\\\/erinnakoenig.de\\\/?s={search_term_string}\"},\"query-input\":{\"@type\":\"PropertyValueSpecification\",\"valueRequired\":true,\"valueName\":\"search_term_string\"}}],\"inLanguage\":\"en-GB\"},{\"@type\":\"Organization\",\"@id\":\"https:\\\/\\\/erinnakoenig.de\\\/#organization\",\"name\":\"EK STUDIO\",\"url\":\"https:\\\/\\\/erinnakoenig.de\\\/\",\"logo\":{\"@type\":\"ImageObject\",\"inLanguage\":\"en-GB\",\"@id\":\"https:\\\/\\\/erinnakoenig.de\\\/#\\\/schema\\\/logo\\\/image\\\/\",\"url\":\"https:\\\/\\\/erinnakoenig.de\\\/wp-content\\\/uploads\\\/2025\\\/08\\\/cropped-FAV.png\",\"contentUrl\":\"https:\\\/\\\/erinnakoenig.de\\\/wp-content\\\/uploads\\\/2025\\\/08\\\/cropped-FAV.png\",\"width\":512,\"height\":512,\"caption\":\"EK STUDIO\"},\"image\":{\"@id\":\"https:\\\/\\\/erinnakoenig.de\\\/#\\\/schema\\\/logo\\\/image\\\/\"},\"sameAs\":[\"https:\\\/\\\/www.instagram.com\\\/erinnakoenig\\\/\"]}]}<\/script>\n<!-- \/ Yoast SEO plugin. -->","yoast_head_json":{"title":"\u201eRuhe vor dem\u00a0Sturm- postminimalistische Kunst aus dem Rheinland\u201c\u00a0Museum Morsbroich, Leverkusen, 2015 | ERINNA K\u00d6NIG","description":"Erinna K\u00f6nig (deutsch, 1947-2021), Meistersch\u00fclerin von Joseph Beuys an der D\u00fcsseldorfer Kunstakademie, verwandelte Fundobjekte zu eloquenter aesthetischer Skulptur-Malerei.","robots":{"index":"index","follow":"follow","max-snippet":"max-snippet:-1","max-image-preview":"max-image-preview:large","max-video-preview":"max-video-preview:-1"},"canonical":"https:\/\/erinnakoenig.de\/en\/ausstellungen\/gruppenausstellungen\/ruhe-vor-dem-sturm-postminimalistische-kunst-aus-dem-rheinland-museum-morsbroich-leverkusen-2015\/","og_locale":"en_GB","og_type":"article","og_title":"\u201eRuhe vor dem\u00a0Sturm- postminimalistische Kunst aus dem Rheinland\u201c\u00a0Museum Morsbroich, Leverkusen, 2015 | ERINNA K\u00d6NIG","og_description":"Erinna K\u00f6nig (deutsch, 1947-2021), Meistersch\u00fclerin von Joseph Beuys an der D\u00fcsseldorfer Kunstakademie, verwandelte Fundobjekte zu eloquenter aesthetischer Skulptur-Malerei.","og_url":"https:\/\/erinnakoenig.de\/en\/ausstellungen\/gruppenausstellungen\/ruhe-vor-dem-sturm-postminimalistische-kunst-aus-dem-rheinland-museum-morsbroich-leverkusen-2015\/","og_site_name":"ERINNA K\u00d6NIG","article_modified_time":"2025-10-10T20:33:30+00:00","og_image":[{"width":1000,"height":1000,"url":"https:\/\/erinnakoenig.de\/wp-content\/uploads\/2025\/08\/Selbst-Portrait-1968-01.webp","type":"image\/webp"}],"twitter_card":"summary_large_image","twitter_misc":{"Estimated reading time":"3 minutes"},"schema":{"@context":"https:\/\/schema.org","@graph":[{"@type":"WebPage","@id":"https:\/\/erinnakoenig.de\/ausstellungen\/gruppenausstellungen\/ruhe-vor-dem-sturm-postminimalistische-kunst-aus-dem-rheinland-museum-morsbroich-leverkusen-2015\/","url":"https:\/\/erinnakoenig.de\/ausstellungen\/gruppenausstellungen\/ruhe-vor-dem-sturm-postminimalistische-kunst-aus-dem-rheinland-museum-morsbroich-leverkusen-2015\/","name":"\u201eRuhe vor dem\u00a0Sturm- postminimalistische Kunst aus dem Rheinland\u201c\u00a0Museum Morsbroich, Leverkusen, 2015 | ERINNA K\u00d6NIG","isPartOf":{"@id":"https:\/\/erinnakoenig.de\/#website"},"datePublished":"2025-09-08T10:44:07+00:00","dateModified":"2025-10-10T20:33:30+00:00","description":"Erinna K\u00f6nig (deutsch, 1947-2021), Meistersch\u00fclerin von Joseph Beuys an der D\u00fcsseldorfer Kunstakademie, verwandelte Fundobjekte zu eloquenter aesthetischer Skulptur-Malerei.","breadcrumb":{"@id":"https:\/\/erinnakoenig.de\/ausstellungen\/gruppenausstellungen\/ruhe-vor-dem-sturm-postminimalistische-kunst-aus-dem-rheinland-museum-morsbroich-leverkusen-2015\/#breadcrumb"},"inLanguage":"en-GB","potentialAction":[{"@type":"ReadAction","target":["https:\/\/erinnakoenig.de\/ausstellungen\/gruppenausstellungen\/ruhe-vor-dem-sturm-postminimalistische-kunst-aus-dem-rheinland-museum-morsbroich-leverkusen-2015\/"]}]},{"@type":"BreadcrumbList","@id":"https:\/\/erinnakoenig.de\/ausstellungen\/gruppenausstellungen\/ruhe-vor-dem-sturm-postminimalistische-kunst-aus-dem-rheinland-museum-morsbroich-leverkusen-2015\/#breadcrumb","itemListElement":[{"@type":"ListItem","position":1,"name":"Startseite","item":"https:\/\/erinnakoenig.de\/"},{"@type":"ListItem","position":2,"name":"Ausstellungen","item":"https:\/\/erinnakoenig.de\/ausstellungen\/"},{"@type":"ListItem","position":3,"name":"Gruppenausstellungen","item":"https:\/\/erinnakoenig.de\/ausstellungen\/gruppenausstellungen\/"},{"@type":"ListItem","position":4,"name":"\u201eRuhe vor dem\u00a0Sturm- postminimalistische Kunst aus dem Rheinland\u201c\u00a0Museum Morsbroich, Leverkusen, 2015"}]},{"@type":"WebSite","@id":"https:\/\/erinnakoenig.de\/#website","url":"https:\/\/erinnakoenig.de\/","name":"ERINNA K\u00d6NIG","description":"EK STUDIO - D\u00fcsseldorf","publisher":{"@id":"https:\/\/erinnakoenig.de\/#organization"},"potentialAction":[{"@type":"SearchAction","target":{"@type":"EntryPoint","urlTemplate":"https:\/\/erinnakoenig.de\/?s={search_term_string}"},"query-input":{"@type":"PropertyValueSpecification","valueRequired":true,"valueName":"search_term_string"}}],"inLanguage":"en-GB"},{"@type":"Organization","@id":"https:\/\/erinnakoenig.de\/#organization","name":"EK STUDIO","url":"https:\/\/erinnakoenig.de\/","logo":{"@type":"ImageObject","inLanguage":"en-GB","@id":"https:\/\/erinnakoenig.de\/#\/schema\/logo\/image\/","url":"https:\/\/erinnakoenig.de\/wp-content\/uploads\/2025\/08\/cropped-FAV.png","contentUrl":"https:\/\/erinnakoenig.de\/wp-content\/uploads\/2025\/08\/cropped-FAV.png","width":512,"height":512,"caption":"EK STUDIO"},"image":{"@id":"https:\/\/erinnakoenig.de\/#\/schema\/logo\/image\/"},"sameAs":["https:\/\/www.instagram.com\/erinnakoenig\/"]}]}},"_links":{"self":[{"href":"https:\/\/erinnakoenig.de\/en\/wp-json\/wp\/v2\/pages\/843","targetHints":{"allow":["GET"]}}],"collection":[{"href":"https:\/\/erinnakoenig.de\/en\/wp-json\/wp\/v2\/pages"}],"about":[{"href":"https:\/\/erinnakoenig.de\/en\/wp-json\/wp\/v2\/types\/page"}],"author":[{"embeddable":true,"href":"https:\/\/erinnakoenig.de\/en\/wp-json\/wp\/v2\/users\/3"}],"replies":[{"embeddable":true,"href":"https:\/\/erinnakoenig.de\/en\/wp-json\/wp\/v2\/comments?post=843"}],"version-history":[{"count":12,"href":"https:\/\/erinnakoenig.de\/en\/wp-json\/wp\/v2\/pages\/843\/revisions"}],"predecessor-version":[{"id":2110,"href":"https:\/\/erinnakoenig.de\/en\/wp-json\/wp\/v2\/pages\/843\/revisions\/2110"}],"up":[{"embeddable":true,"href":"https:\/\/erinnakoenig.de\/en\/wp-json\/wp\/v2\/pages\/275"}],"wp:attachment":[{"href":"https:\/\/erinnakoenig.de\/en\/wp-json\/wp\/v2\/media?parent=843"}],"curies":[{"name":"wp","href":"https:\/\/api.w.org\/{rel}","templated":true}]}}