{"id":839,"date":"2025-09-08T10:43:31","date_gmt":"2025-09-08T10:43:31","guid":{"rendered":"https:\/\/erinnakoenig.com\/?page_id=839"},"modified":"2025-09-19T12:54:58","modified_gmt":"2025-09-19T12:54:58","slug":"do-you-get-what-you-see-grieder-contemporary-zuerich-2016-17","status":"publish","type":"page","link":"https:\/\/erinnakoenig.de\/en\/ausstellungen\/gruppenausstellungen\/do-you-get-what-you-see-grieder-contemporary-zuerich-2016-17\/","title":{"rendered":"\u201eDo you get what you see?\u201c\u00a0Grieder contemporary, Z\u00fcrich, 2016\/17"},"content":{"rendered":"<p>[et_pb_section fb_built=&#8220;1&#8243; _builder_version=&#8220;4.27.4&#8243; _module_preset=&#8220;default&#8220; global_colors_info=&#8220;{}&#8220;][et_pb_row _builder_version=&#8220;4.27.4&#8243; _module_preset=&#8220;default&#8220; global_colors_info=&#8220;{}&#8220;][et_pb_column type=&#8220;4_4&#8243; _builder_version=&#8220;4.27.4&#8243; _module_preset=&#8220;default&#8220; global_colors_info=&#8220;{}&#8220;][et_pb_heading title=&#8220;\u201eDo you get what you see?\u201c Grieder contemporary, Z\u00fcrich, 2016\/17&#8243; _builder_version=&#8220;4.27.4&#8243; _module_preset=&#8220;default&#8220; title_font=&#8220;Avenir Light|100||on|||||&#8220; title_text_align=&#8220;right&#8220; global_colors_info=&#8220;{}&#8220;][\/et_pb_heading][\/et_pb_column][\/et_pb_row][et_pb_row _builder_version=&#8220;4.27.4&#8243; _module_preset=&#8220;default&#8220; global_colors_info=&#8220;{}&#8220;][et_pb_column type=&#8220;4_4&#8243; _builder_version=&#8220;4.27.4&#8243; _module_preset=&#8220;default&#8220; global_colors_info=&#8220;{}&#8220;][et_pb_text _builder_version=&#8220;4.27.4&#8243; _module_preset=&#8220;default&#8220; global_colors_info=&#8220;{}&#8220;]<\/p>\n<p><strong>GRIEDER CONTEMPORARY<\/strong><br \/><strong>Do you get what you see?\u00a0<\/strong><\/p>\n<p>curated by Melanie Dankbar<br \/>25. November 2016 \u2013 21. Januar 2017\u00a0<\/p>\n<p>Der Ausgangspunkt von\u00a0Do you get what you see?\u00a0ist das Staunen der acht K\u00fcnstler, die in dieser Ausstellung vertreten sind: Bj\u00f6rn Dahlem, Florian Graf, Andreas Greiner, Bethan Huws, Erinna K\u00f6nig, Albrecht Sch\u00e4fer, Albrecht Schnider und Jorinde Voigt.<\/p>\n<p>Das Staunen, das sie vereint, ist kein gew\u00f6hnliches Staunen. Es ist ein Staunen, das den Blick in die Welt \u00f6ffnet, das philosophisches Denken und k\u00fcnstlerisches Empfinden und Handeln in Gang setzt. Es ist ein Staunen \u00fcber die Dinge, die uns umgeben: \u00fcber den Mikrokosmos und den Makrokosmos, \u00fcber den Menschen und die Natur, \u00fcber die komplexe Beziehung von Kunst, Musik, Literatur und Leben und \u00fcber Marcel Duchamp, ohne den diese Ausstellung nicht denkbar w\u00e4re.<\/p>\n<p>Am Ende eines jeden Schaffensprozesses dieser acht K\u00fcnstler stehen faszinierende Werke, deren klare und unverkennbare Bildsprache den Betrachter in \u00e4sthetischer Weise unmittelbar verf\u00fchren. Bereits im Moment der ersten Begegnung l\u00e4sst sich jedoch erahnen, dass es sich bei den Werken auf keinen Fall um formsch\u00f6ne Illustrationen handelt, sondern um Konzentrate einer intensiven prozesshaften Auseinan- dersetzung. Diese Auseinandersetzung im n\u00e4chsten Schritt aus der eigenen Perspektive nachvollziehen und verstehen zu wollen, ist ein abenteuerliches und erf\u00fcllendes Unternehmen, einem R\u00e4tsel gleich, das in neue R\u00e4ume der Wahrnehmung und des Denkens f\u00fchrt.<\/p>\n<p>Der Weg zu einer Art von Erkenntnis ist dabei ebenso wenig linear wie es der Schaffensprozess des K\u00fcnstlers ist und die Fragen, die sich ergeben, werden h\u00e4ufig nicht weniger, sondern zahlreicher und f\u00fchren zu immer neuen Abzweigungen. Als einzige Konstante bleibt das Kunstwerk bestehen; es ist Dreh- und Angelpunkt der Auseinandersetzung und in seiner Vielschichtigkeit, seinen Br\u00fcchen, seiner Poesie und seinem Humor eine Quelle der Bereicherung, die untrennbar sowohl mit dem Betrachter als auch mit dem K\u00fcnstler verbunden ist.<\/p>\n<p>\u2014<\/p>\n<p>Erinna K\u00f6nig (*1947 Warstein) lebt und arbeitet in D\u00fcsseldorf. Sie studierte (Kunst, Philosophie, Verglei- chende Religionswissenschaften, Judaistik und ostasiatische Kunstgeschichte) an der Kunstakademie in D\u00fcs- seldorf (bei Dieter Roth, Joseph Beuys und Ole John Povlsen, dessen Filmklasse sie mitgr\u00fcndete) sowie an den Universit\u00e4ten Bonn und K\u00f6ln. 1971 war sie Meistersch\u00fclerin von Joseph Beuys. Von 2006-2008 unter- richtete sie als Gastprofessorin an der Kunsthochschule Kassel. Ihre Arbeiten waren in den letzten Jahren in wichtigen institutionellen Gruppenausstellungen zu sehen, u.a. im Museum Kunstpalast, D\u00fcsseldorf, im Kunstmuseum Bonn sowie zuletzt in der Ausstellung\u00a0Ruhe vor dem Sturm. Postminimalistische Kunst aus dem Rheinland\u00a0im Museum Morsbroich.<\/p>\n<p>[\/et_pb_text][\/et_pb_column][\/et_pb_row][et_pb_row _builder_version=&#8220;4.27.4&#8243; _module_preset=&#8220;default&#8220; global_colors_info=&#8220;{}&#8220;][et_pb_column type=&#8220;4_4&#8243; _builder_version=&#8220;4.27.4&#8243; _module_preset=&#8220;default&#8220; global_colors_info=&#8220;{}&#8220;][et_pb_gallery gallery_ids=&#8220;934,933,935,936,937,938&#8243; _builder_version=&#8220;4.27.4&#8243; _module_preset=&#8220;default&#8220; global_colors_info=&#8220;{}&#8220;][\/et_pb_gallery][\/et_pb_column][\/et_pb_row][\/et_pb_section]<\/p>\n","protected":false},"excerpt":{"rendered":"<p>GRIEDER CONTEMPORARYDo you get what you see?\u00a0 curated by Melanie Dankbar25. November 2016 \u2013 21. Januar 2017\u00a0 Der Ausgangspunkt von\u00a0Do you get what you see?\u00a0ist das Staunen der acht K\u00fcnstler, die in dieser Ausstellung vertreten sind: Bj\u00f6rn Dahlem, Florian Graf, Andreas Greiner, Bethan Huws, Erinna K\u00f6nig, Albrecht Sch\u00e4fer, Albrecht Schnider und Jorinde Voigt. Das Staunen, [&hellip;]<\/p>\n","protected":false},"author":3,"featured_media":0,"parent":275,"menu_order":0,"comment_status":"closed","ping_status":"closed","template":"","meta":{"_et_pb_use_builder":"on","_et_pb_old_content":"","_et_gb_content_width":"","footnotes":""},"class_list":["post-839","page","type-page","status-publish","hentry"],"yoast_head":"<!-- This site is optimized with the Yoast SEO plugin v27.4 - https:\/\/yoast.com\/product\/yoast-seo-wordpress\/ -->\n<title>\u201eDo you get what you see?\u201c\u00a0Grieder contemporary, Z\u00fcrich, 2016\/17 | ERINNA K\u00d6NIG<\/title>\n<meta name=\"description\" content=\"Erinna K\u00f6nig (deutsch, 1947-2021), Meistersch\u00fclerin von Joseph Beuys an der D\u00fcsseldorfer Kunstakademie, verwandelte Fundobjekte zu eloquenter aesthetischer Skulptur-Malerei.\" \/>\n<meta name=\"robots\" content=\"index, follow, max-snippet:-1, max-image-preview:large, max-video-preview:-1\" \/>\n<link rel=\"canonical\" href=\"https:\/\/erinnakoenig.de\/en\/ausstellungen\/gruppenausstellungen\/do-you-get-what-you-see-grieder-contemporary-zuerich-2016-17\/\" \/>\n<meta property=\"og:locale\" content=\"en_GB\" \/>\n<meta property=\"og:type\" content=\"article\" \/>\n<meta property=\"og:title\" content=\"\u201eDo you get what you see?\u201c\u00a0Grieder contemporary, Z\u00fcrich, 2016\/17 | ERINNA K\u00d6NIG\" \/>\n<meta property=\"og:description\" content=\"Erinna K\u00f6nig (deutsch, 1947-2021), Meistersch\u00fclerin von Joseph Beuys an der D\u00fcsseldorfer Kunstakademie, verwandelte Fundobjekte zu eloquenter aesthetischer Skulptur-Malerei.\" \/>\n<meta property=\"og:url\" content=\"https:\/\/erinnakoenig.de\/en\/ausstellungen\/gruppenausstellungen\/do-you-get-what-you-see-grieder-contemporary-zuerich-2016-17\/\" \/>\n<meta property=\"og:site_name\" content=\"ERINNA K\u00d6NIG\" \/>\n<meta property=\"article:modified_time\" content=\"2025-09-19T12:54:58+00:00\" \/>\n<meta property=\"og:image\" content=\"https:\/\/erinnakoenig.de\/wp-content\/uploads\/2025\/08\/Selbst-Portrait-1968-01.webp\" \/>\n\t<meta property=\"og:image:width\" content=\"1000\" \/>\n\t<meta property=\"og:image:height\" content=\"1000\" \/>\n\t<meta property=\"og:image:type\" content=\"image\/webp\" \/>\n<meta name=\"twitter:card\" content=\"summary_large_image\" \/>\n<meta name=\"twitter:label1\" content=\"Estimated reading time\" \/>\n\t<meta name=\"twitter:data1\" content=\"3 minutes\" \/>\n<script type=\"application\/ld+json\" class=\"yoast-schema-graph\">{\"@context\":\"https:\\\/\\\/schema.org\",\"@graph\":[{\"@type\":\"WebPage\",\"@id\":\"https:\\\/\\\/erinnakoenig.de\\\/ausstellungen\\\/gruppenausstellungen\\\/do-you-get-what-you-see-grieder-contemporary-zuerich-2016-17\\\/\",\"url\":\"https:\\\/\\\/erinnakoenig.de\\\/ausstellungen\\\/gruppenausstellungen\\\/do-you-get-what-you-see-grieder-contemporary-zuerich-2016-17\\\/\",\"name\":\"\u201eDo you get what you see?\u201c\u00a0Grieder contemporary, Z\u00fcrich, 2016\\\/17 | ERINNA K\u00d6NIG\",\"isPartOf\":{\"@id\":\"https:\\\/\\\/erinnakoenig.de\\\/#website\"},\"datePublished\":\"2025-09-08T10:43:31+00:00\",\"dateModified\":\"2025-09-19T12:54:58+00:00\",\"description\":\"Erinna K\u00f6nig (deutsch, 1947-2021), Meistersch\u00fclerin von Joseph Beuys an der D\u00fcsseldorfer Kunstakademie, verwandelte Fundobjekte zu eloquenter aesthetischer Skulptur-Malerei.\",\"breadcrumb\":{\"@id\":\"https:\\\/\\\/erinnakoenig.de\\\/ausstellungen\\\/gruppenausstellungen\\\/do-you-get-what-you-see-grieder-contemporary-zuerich-2016-17\\\/#breadcrumb\"},\"inLanguage\":\"en-GB\",\"potentialAction\":[{\"@type\":\"ReadAction\",\"target\":[\"https:\\\/\\\/erinnakoenig.de\\\/ausstellungen\\\/gruppenausstellungen\\\/do-you-get-what-you-see-grieder-contemporary-zuerich-2016-17\\\/\"]}]},{\"@type\":\"BreadcrumbList\",\"@id\":\"https:\\\/\\\/erinnakoenig.de\\\/ausstellungen\\\/gruppenausstellungen\\\/do-you-get-what-you-see-grieder-contemporary-zuerich-2016-17\\\/#breadcrumb\",\"itemListElement\":[{\"@type\":\"ListItem\",\"position\":1,\"name\":\"Startseite\",\"item\":\"https:\\\/\\\/erinnakoenig.de\\\/\"},{\"@type\":\"ListItem\",\"position\":2,\"name\":\"Ausstellungen\",\"item\":\"https:\\\/\\\/erinnakoenig.de\\\/ausstellungen\\\/\"},{\"@type\":\"ListItem\",\"position\":3,\"name\":\"Gruppenausstellungen\",\"item\":\"https:\\\/\\\/erinnakoenig.de\\\/ausstellungen\\\/gruppenausstellungen\\\/\"},{\"@type\":\"ListItem\",\"position\":4,\"name\":\"\u201eDo you get what you see?\u201c\u00a0Grieder contemporary, Z\u00fcrich, 2016\\\/17\"}]},{\"@type\":\"WebSite\",\"@id\":\"https:\\\/\\\/erinnakoenig.de\\\/#website\",\"url\":\"https:\\\/\\\/erinnakoenig.de\\\/\",\"name\":\"ERINNA K\u00d6NIG\",\"description\":\"EK STUDIO - D\u00fcsseldorf\",\"publisher\":{\"@id\":\"https:\\\/\\\/erinnakoenig.de\\\/#organization\"},\"potentialAction\":[{\"@type\":\"SearchAction\",\"target\":{\"@type\":\"EntryPoint\",\"urlTemplate\":\"https:\\\/\\\/erinnakoenig.de\\\/?s={search_term_string}\"},\"query-input\":{\"@type\":\"PropertyValueSpecification\",\"valueRequired\":true,\"valueName\":\"search_term_string\"}}],\"inLanguage\":\"en-GB\"},{\"@type\":\"Organization\",\"@id\":\"https:\\\/\\\/erinnakoenig.de\\\/#organization\",\"name\":\"EK STUDIO\",\"url\":\"https:\\\/\\\/erinnakoenig.de\\\/\",\"logo\":{\"@type\":\"ImageObject\",\"inLanguage\":\"en-GB\",\"@id\":\"https:\\\/\\\/erinnakoenig.de\\\/#\\\/schema\\\/logo\\\/image\\\/\",\"url\":\"https:\\\/\\\/erinnakoenig.de\\\/wp-content\\\/uploads\\\/2025\\\/08\\\/cropped-FAV.png\",\"contentUrl\":\"https:\\\/\\\/erinnakoenig.de\\\/wp-content\\\/uploads\\\/2025\\\/08\\\/cropped-FAV.png\",\"width\":512,\"height\":512,\"caption\":\"EK STUDIO\"},\"image\":{\"@id\":\"https:\\\/\\\/erinnakoenig.de\\\/#\\\/schema\\\/logo\\\/image\\\/\"},\"sameAs\":[\"https:\\\/\\\/www.instagram.com\\\/erinnakoenig\\\/\"]}]}<\/script>\n<!-- \/ Yoast SEO plugin. -->","yoast_head_json":{"title":"\u201eDo you get what you see?\u201c\u00a0Grieder contemporary, Z\u00fcrich, 2016\/17 | ERINNA K\u00d6NIG","description":"Erinna K\u00f6nig (deutsch, 1947-2021), Meistersch\u00fclerin von Joseph Beuys an der D\u00fcsseldorfer Kunstakademie, verwandelte Fundobjekte zu eloquenter aesthetischer Skulptur-Malerei.","robots":{"index":"index","follow":"follow","max-snippet":"max-snippet:-1","max-image-preview":"max-image-preview:large","max-video-preview":"max-video-preview:-1"},"canonical":"https:\/\/erinnakoenig.de\/en\/ausstellungen\/gruppenausstellungen\/do-you-get-what-you-see-grieder-contemporary-zuerich-2016-17\/","og_locale":"en_GB","og_type":"article","og_title":"\u201eDo you get what you see?\u201c\u00a0Grieder contemporary, Z\u00fcrich, 2016\/17 | ERINNA K\u00d6NIG","og_description":"Erinna K\u00f6nig (deutsch, 1947-2021), Meistersch\u00fclerin von Joseph Beuys an der D\u00fcsseldorfer Kunstakademie, verwandelte Fundobjekte zu eloquenter aesthetischer Skulptur-Malerei.","og_url":"https:\/\/erinnakoenig.de\/en\/ausstellungen\/gruppenausstellungen\/do-you-get-what-you-see-grieder-contemporary-zuerich-2016-17\/","og_site_name":"ERINNA K\u00d6NIG","article_modified_time":"2025-09-19T12:54:58+00:00","og_image":[{"width":1000,"height":1000,"url":"https:\/\/erinnakoenig.de\/wp-content\/uploads\/2025\/08\/Selbst-Portrait-1968-01.webp","type":"image\/webp"}],"twitter_card":"summary_large_image","twitter_misc":{"Estimated reading time":"3 minutes"},"schema":{"@context":"https:\/\/schema.org","@graph":[{"@type":"WebPage","@id":"https:\/\/erinnakoenig.de\/ausstellungen\/gruppenausstellungen\/do-you-get-what-you-see-grieder-contemporary-zuerich-2016-17\/","url":"https:\/\/erinnakoenig.de\/ausstellungen\/gruppenausstellungen\/do-you-get-what-you-see-grieder-contemporary-zuerich-2016-17\/","name":"\u201eDo you get what you see?\u201c\u00a0Grieder contemporary, Z\u00fcrich, 2016\/17 | ERINNA K\u00d6NIG","isPartOf":{"@id":"https:\/\/erinnakoenig.de\/#website"},"datePublished":"2025-09-08T10:43:31+00:00","dateModified":"2025-09-19T12:54:58+00:00","description":"Erinna K\u00f6nig (deutsch, 1947-2021), Meistersch\u00fclerin von Joseph Beuys an der D\u00fcsseldorfer Kunstakademie, verwandelte Fundobjekte zu eloquenter aesthetischer Skulptur-Malerei.","breadcrumb":{"@id":"https:\/\/erinnakoenig.de\/ausstellungen\/gruppenausstellungen\/do-you-get-what-you-see-grieder-contemporary-zuerich-2016-17\/#breadcrumb"},"inLanguage":"en-GB","potentialAction":[{"@type":"ReadAction","target":["https:\/\/erinnakoenig.de\/ausstellungen\/gruppenausstellungen\/do-you-get-what-you-see-grieder-contemporary-zuerich-2016-17\/"]}]},{"@type":"BreadcrumbList","@id":"https:\/\/erinnakoenig.de\/ausstellungen\/gruppenausstellungen\/do-you-get-what-you-see-grieder-contemporary-zuerich-2016-17\/#breadcrumb","itemListElement":[{"@type":"ListItem","position":1,"name":"Startseite","item":"https:\/\/erinnakoenig.de\/"},{"@type":"ListItem","position":2,"name":"Ausstellungen","item":"https:\/\/erinnakoenig.de\/ausstellungen\/"},{"@type":"ListItem","position":3,"name":"Gruppenausstellungen","item":"https:\/\/erinnakoenig.de\/ausstellungen\/gruppenausstellungen\/"},{"@type":"ListItem","position":4,"name":"\u201eDo you get what you see?\u201c\u00a0Grieder contemporary, Z\u00fcrich, 2016\/17"}]},{"@type":"WebSite","@id":"https:\/\/erinnakoenig.de\/#website","url":"https:\/\/erinnakoenig.de\/","name":"ERINNA K\u00d6NIG","description":"EK STUDIO - D\u00fcsseldorf","publisher":{"@id":"https:\/\/erinnakoenig.de\/#organization"},"potentialAction":[{"@type":"SearchAction","target":{"@type":"EntryPoint","urlTemplate":"https:\/\/erinnakoenig.de\/?s={search_term_string}"},"query-input":{"@type":"PropertyValueSpecification","valueRequired":true,"valueName":"search_term_string"}}],"inLanguage":"en-GB"},{"@type":"Organization","@id":"https:\/\/erinnakoenig.de\/#organization","name":"EK STUDIO","url":"https:\/\/erinnakoenig.de\/","logo":{"@type":"ImageObject","inLanguage":"en-GB","@id":"https:\/\/erinnakoenig.de\/#\/schema\/logo\/image\/","url":"https:\/\/erinnakoenig.de\/wp-content\/uploads\/2025\/08\/cropped-FAV.png","contentUrl":"https:\/\/erinnakoenig.de\/wp-content\/uploads\/2025\/08\/cropped-FAV.png","width":512,"height":512,"caption":"EK STUDIO"},"image":{"@id":"https:\/\/erinnakoenig.de\/#\/schema\/logo\/image\/"},"sameAs":["https:\/\/www.instagram.com\/erinnakoenig\/"]}]}},"_links":{"self":[{"href":"https:\/\/erinnakoenig.de\/en\/wp-json\/wp\/v2\/pages\/839","targetHints":{"allow":["GET"]}}],"collection":[{"href":"https:\/\/erinnakoenig.de\/en\/wp-json\/wp\/v2\/pages"}],"about":[{"href":"https:\/\/erinnakoenig.de\/en\/wp-json\/wp\/v2\/types\/page"}],"author":[{"embeddable":true,"href":"https:\/\/erinnakoenig.de\/en\/wp-json\/wp\/v2\/users\/3"}],"replies":[{"embeddable":true,"href":"https:\/\/erinnakoenig.de\/en\/wp-json\/wp\/v2\/comments?post=839"}],"version-history":[{"count":7,"href":"https:\/\/erinnakoenig.de\/en\/wp-json\/wp\/v2\/pages\/839\/revisions"}],"predecessor-version":[{"id":1545,"href":"https:\/\/erinnakoenig.de\/en\/wp-json\/wp\/v2\/pages\/839\/revisions\/1545"}],"up":[{"embeddable":true,"href":"https:\/\/erinnakoenig.de\/en\/wp-json\/wp\/v2\/pages\/275"}],"wp:attachment":[{"href":"https:\/\/erinnakoenig.de\/en\/wp-json\/wp\/v2\/media?parent=839"}],"curies":[{"name":"wp","href":"https:\/\/api.w.org\/{rel}","templated":true}]}}