{"id":815,"date":"2025-09-08T10:37:56","date_gmt":"2025-09-08T10:37:56","guid":{"rendered":"https:\/\/erinnakoenig.com\/?page_id=815"},"modified":"2025-10-01T11:34:23","modified_gmt":"2025-10-01T11:34:23","slug":"diazentrale-ost-denise-rene-hans-meyer-duesseldorf-1980","status":"publish","type":"page","link":"https:\/\/erinnakoenig.de\/en\/ausstellungen\/einzelausstellungen\/diazentrale-ost-denise-rene-hans-meyer-duesseldorf-1980\/","title":{"rendered":"\u201cDiazentrale-Ost\u201d Denise Ren\u00e9\/Hans-Meyer, D\u00fcsseldorf, 1980"},"content":{"rendered":"<p>[et_pb_section fb_built=&#8220;1&#8243; _builder_version=&#8220;4.27.4&#8243; _module_preset=&#8220;default&#8220; global_colors_info=&#8220;{}&#8220;][et_pb_row _builder_version=&#8220;4.27.4&#8243; _module_preset=&#8220;default&#8220; global_colors_info=&#8220;{}&#8220;][et_pb_column type=&#8220;4_4&#8243; _builder_version=&#8220;4.27.4&#8243; _module_preset=&#8220;default&#8220; global_colors_info=&#8220;{}&#8220;][et_pb_heading title=&#8220;\u201cDiazentrale-Ost\u201d Denise Ren\u00e9\/Hans-Meyer, D\u00fcsseldorf, 1980&#8243; _builder_version=&#8220;4.27.4&#8243; _module_preset=&#8220;default&#8220; title_font=&#8220;Avenir Light|100||on|||||&#8220; title_text_align=&#8220;right&#8220; global_colors_info=&#8220;{}&#8220;][\/et_pb_heading][\/et_pb_column][\/et_pb_row][et_pb_row column_structure=&#8220;2_3,1_3&#8243; _builder_version=&#8220;4.27.4&#8243; _module_preset=&#8220;default&#8220; global_colors_info=&#8220;{}&#8220;][et_pb_column type=&#8220;2_3&#8243; _builder_version=&#8220;4.27.4&#8243; _module_preset=&#8220;default&#8220; global_colors_info=&#8220;{}&#8220;][et_pb_text _builder_version=&#8220;4.27.4&#8243; _module_preset=&#8220;default&#8220; global_colors_info=&#8220;{}&#8220;]<\/p>\n<p class=\"western\"><strong>Diazentrale &#8211; Ost<\/strong><br \/><strong>Erinna K\u00f6nig, Iris Teriet, B\u00e4rbel Freund<\/strong><br \/><strong>Galerie Denise Ren\u00e9 \/ Hans Meyer, D\u00fcsseldorf 1980<\/strong><\/p>\n<p class=\"western\"><strong><\/strong><\/p>\n<p class=\"western\"><span>Die Werbedamen der DIAZENTRALE \u2013 OST laden Sie herzlich zu ihrer Ausstellung ein!<\/span><\/p>\n<p style=\"font-weight: 400;\"><span>Wir werden Ihnen am Abend der Er\u00f6ffnung als besondere Leistung unsere Diaschau Deutsch-Deutscher Gipfel zum Kauf offerieren.<\/span><\/p>\n<p style=\"font-weight: 400;\"><span>Das Angebot en gros umfa\u00dft 6000 Dias (3000 BRD, 3000 DDR), aufgenommen vom Fernsehen in der Zeit vom 8.12.\u201979 bis zum 10.7.\u201980. En detail ist es m\u00f6glich, die Diaproduktion eines Abends zu erwerben: haben nicht auch Sie einen besonders sch\u00f6nen Fernsehabend verlebt, der es verdient, festgehalten zu werden?<\/span><\/p>\n<p style=\"font-weight: 400;\"><span>Als besonderen Clou erhalten Sie bei Kaufabschlu\u00df ein Werbegeschenk: eine Farb- oder Schwarz-wei\u00df Fotokopie der Werbedamen der Diazentrale-Ost pers\u00f6nlich. *<\/span><\/p>\n<p style=\"font-weight: 400;\"><span>Dieser besondere Service wird allen Kunden geboten, die ihre Bestellung auf einer Bestellkarte vornehmen, wie sie oben abgedruckt ist. Die Bestellkarten sind nat\u00fcrlich nur w\u00e4hrend der Ausstellung erh\u00e4ltlich.<\/span><\/p>\n<p style=\"font-weight: 400;\"><span>Mit freundlichen Gr\u00fc\u00dfen<\/span><\/p>\n<p style=\"font-weight: 400;\"><span>Ihre Diazentrale-Ost<\/span><\/p>\n<p><span>B\u00e4rbel Freund \u00a0\u00a0\u00a0\u00a0\u00a0\u00a0\u00a0\u00a0\u00a0\u00a0\u00a0 Erinna K\u00f6nig \u00a0\u00a0\u00a0\u00a0\u00a0\u00a0\u00a0\u00a0\u00a0\u00a0\u00a0\u00a0\u00a0\u00a0 Iris Teriet<\/span><em><\/em><em><\/em><span><\/span><\/p>\n<p style=\"font-weight: 400;\"><em>\u00a0*\u00dcbrigens, einige Portraits der Werbedamen k\u00f6nnen Sie im Gro\u00dfformat in der Ausstellung\u00a0 bewundern!<\/em><br \/><span><\/span><\/p>\n<p>[\/et_pb_text][\/et_pb_column][et_pb_column type=&#8220;1_3&#8243; _builder_version=&#8220;4.27.4&#8243; _module_preset=&#8220;default&#8220; global_colors_info=&#8220;{}&#8220;][et_pb_image src=&#8220;https:\/\/erinnakoenig.de\/wp-content\/uploads\/2025\/09\/Erinna-in-front-of-Diazentrale-Ost-photo-Franz-Fischer.MED_.webp&#8220; title_text=&#8220;Erinna in front of Diazentrale Ost photo Franz Fischer.MED&#8220; show_in_lightbox=&#8220;on&#8220; _builder_version=&#8220;4.27.4&#8243; _module_preset=&#8220;default&#8220; custom_margin=&#8220;||9px|||&#8220; filter_brightness=&#8220;126%&#8220; global_colors_info=&#8220;{}&#8220;][\/et_pb_image][et_pb_text _builder_version=&#8220;4.27.4&#8243; _module_preset=&#8220;default&#8220; text_text_color=&#8220;#5b5b5b&#8220; text_font_size=&#8220;13px&#8220; global_colors_info=&#8220;{}&#8220;]<\/p>\n<p class=\"western\"><span lang=\"en-US\">Photo: Franz Fischer<\/span><\/p>\n<p>[\/et_pb_text][et_pb_image src=&#8220;https:\/\/erinnakoenig.de\/wp-content\/uploads\/2025\/09\/Erinna-section-poster-Ueberblick-MED.webp&#8220; title_text=&#8220;Erinna section poster U\u0308berblick MED&#8220; show_in_lightbox=&#8220;on&#8220; _builder_version=&#8220;4.27.4&#8243; _module_preset=&#8220;default&#8220; custom_margin=&#8220;||9px|||&#8220; global_colors_info=&#8220;{}&#8220;][\/et_pb_image][et_pb_text _builder_version=&#8220;4.27.4&#8243; _module_preset=&#8220;default&#8220; text_text_color=&#8220;#5b5b5b&#8220; text_font_size=&#8220;13px&#8220; global_colors_info=&#8220;{}&#8220;]<\/p>\n<p class=\"western\"><span>Detail &#8211; Insert im \u00dcberblick Magazin: <br \/>Ausstellungsplakat Diazentrale-Ost <br \/>Galerie Denise Ren\u00e9 Hans Mayer 1980, <br \/>Offset-Vierfarben &#8211; Druck, 56,5 x 41,9 cm\u00a0 1980<\/span><\/p>\n<p>[\/et_pb_text][\/et_pb_column][\/et_pb_row][et_pb_row column_structure=&#8220;1_2,1_2&#8243; _builder_version=&#8220;4.27.4&#8243; _module_preset=&#8220;default&#8220; global_colors_info=&#8220;{}&#8220;][et_pb_column type=&#8220;1_2&#8243; _builder_version=&#8220;4.27.4&#8243; _module_preset=&#8220;default&#8220; global_colors_info=&#8220;{}&#8220;][et_pb_image src=&#8220;https:\/\/erinnakoenig.de\/wp-content\/uploads\/2025\/09\/Diazentrale-Ost-poster-back-Bestellcoupon-MED.webp&#8220; title_text=&#8220;Diazentrale Ost poster back Bestellcoupon MED&#8220; show_in_lightbox=&#8220;on&#8220; _builder_version=&#8220;4.27.4&#8243; _module_preset=&#8220;default&#8220; custom_margin=&#8220;||7px|||&#8220; global_colors_info=&#8220;{}&#8220;][\/et_pb_image][et_pb_text _builder_version=&#8220;4.27.4&#8243; _module_preset=&#8220;default&#8220; text_text_color=&#8220;#5b5b5b&#8220; text_font_size=&#8220;13px&#8220; global_colors_info=&#8220;{}&#8220;]<\/p>\n<p class=\"western\"><span>Ausstellungsplakat Diazentrale-Ost <br \/>Galerie Denise Ren\u00e9 Hans Mayer 1980, <br \/>Offset-Vierfarben \u2013 Druck, 56,5 x 41,9 cm\u00a0 1980<\/span><\/p>\n<p>[\/et_pb_text][\/et_pb_column][et_pb_column type=&#8220;1_2&#8243; _builder_version=&#8220;4.27.4&#8243; _module_preset=&#8220;default&#8220; global_colors_info=&#8220;{}&#8220;][et_pb_image src=&#8220;https:\/\/erinnakoenig.de\/wp-content\/uploads\/2025\/09\/Diazentrale-Ost-Poster-Med.webp&#8220; title_text=&#8220;Diazentrale Ost Poster Med&#8220; show_in_lightbox=&#8220;on&#8220; _builder_version=&#8220;4.27.4&#8243; _module_preset=&#8220;default&#8220; custom_margin=&#8220;||7px|||&#8220; global_colors_info=&#8220;{}&#8220;][\/et_pb_image][et_pb_text _builder_version=&#8220;4.27.4&#8243; _module_preset=&#8220;default&#8220; text_text_color=&#8220;#5b5b5b&#8220; text_font_size=&#8220;13px&#8220; global_colors_info=&#8220;{}&#8220;]<\/p>\n<p class=\"western\"><span>Ausstellungsplakat Diazentrale-Ost <br \/>Galerie Denise Ren\u00e9 Hans Mayer 1980, <br \/>Offset-Vierfarben \u2013 Druck, 56,5 x 41,9 cm\u00a0 1980<\/span><\/p>\n<p>[\/et_pb_text][\/et_pb_column][\/et_pb_row][\/et_pb_section][et_pb_section fb_built=&#8220;1&#8243; _builder_version=&#8220;4.27.4&#8243; _module_preset=&#8220;default&#8220; background_color=&#8220;#ededed&#8220; global_colors_info=&#8220;{}&#8220;][et_pb_row _builder_version=&#8220;4.27.4&#8243; _module_preset=&#8220;default&#8220; global_colors_info=&#8220;{}&#8220;][et_pb_column type=&#8220;4_4&#8243; _builder_version=&#8220;4.27.4&#8243; _module_preset=&#8220;default&#8220; global_colors_info=&#8220;{}&#8220;][et_pb_heading title=&#8220;Presse &#038; Dokumente&#8220; _builder_version=&#8220;4.27.4&#8243; _module_preset=&#8220;default&#8220; global_colors_info=&#8220;{}&#8220;][\/et_pb_heading][et_pb_gallery gallery_ids=&#8220;2007,2008,2010,2012,2004,2014,2016,2018,2019,2021,1758,1757,1218&#8243; orientation=&#8220;portrait&#8220; _builder_version=&#8220;4.27.4&#8243; _module_preset=&#8220;default&#8220; hover_enabled=&#8220;0&#8243; global_colors_info=&#8220;{}&#8220; sticky_enabled=&#8220;0&#8243;][\/et_pb_gallery][\/et_pb_column][\/et_pb_row][\/et_pb_section]<\/p>\n","protected":false},"excerpt":{"rendered":"<p>Diazentrale &#8211; OstErinna K\u00f6nig, Iris Teriet, B\u00e4rbel FreundGalerie Denise Ren\u00e9 \/ Hans Meyer, D\u00fcsseldorf 1980 Die Werbedamen der DIAZENTRALE \u2013 OST laden Sie herzlich zu ihrer Ausstellung ein! Wir werden Ihnen am Abend der Er\u00f6ffnung als besondere Leistung unsere Diaschau Deutsch-Deutscher Gipfel zum Kauf offerieren. Das Angebot en gros umfa\u00dft 6000 Dias (3000 BRD, 3000 [&hellip;]<\/p>\n","protected":false},"author":3,"featured_media":0,"parent":271,"menu_order":0,"comment_status":"closed","ping_status":"closed","template":"","meta":{"_et_pb_use_builder":"on","_et_pb_old_content":"","_et_gb_content_width":"","footnotes":""},"class_list":["post-815","page","type-page","status-publish","hentry"],"yoast_head":"<!-- This site is optimized with the Yoast SEO plugin v27.4 - https:\/\/yoast.com\/product\/yoast-seo-wordpress\/ -->\n<title>\u201cDiazentrale-Ost\u201d Denise Ren\u00e9\/Hans-Meyer, D\u00fcsseldorf, 1980 | ERINNA K\u00d6NIG<\/title>\n<meta name=\"description\" content=\"Erinna K\u00f6nig (deutsch, 1947-2021), Meistersch\u00fclerin von Joseph Beuys an der D\u00fcsseldorfer Kunstakademie, verwandelte Fundobjekte zu eloquenter aesthetischer Skulptur-Malerei.\" \/>\n<meta name=\"robots\" content=\"index, follow, max-snippet:-1, max-image-preview:large, max-video-preview:-1\" \/>\n<link rel=\"canonical\" href=\"https:\/\/erinnakoenig.de\/en\/ausstellungen\/einzelausstellungen\/diazentrale-ost-denise-rene-hans-meyer-duesseldorf-1980\/\" \/>\n<meta property=\"og:locale\" content=\"en_GB\" \/>\n<meta property=\"og:type\" content=\"article\" \/>\n<meta property=\"og:title\" content=\"\u201cDiazentrale-Ost\u201d Denise Ren\u00e9\/Hans-Meyer, D\u00fcsseldorf, 1980 | ERINNA K\u00d6NIG\" \/>\n<meta property=\"og:description\" content=\"Erinna K\u00f6nig (deutsch, 1947-2021), Meistersch\u00fclerin von Joseph Beuys an der D\u00fcsseldorfer Kunstakademie, verwandelte Fundobjekte zu eloquenter aesthetischer Skulptur-Malerei.\" \/>\n<meta property=\"og:url\" content=\"https:\/\/erinnakoenig.de\/en\/ausstellungen\/einzelausstellungen\/diazentrale-ost-denise-rene-hans-meyer-duesseldorf-1980\/\" \/>\n<meta property=\"og:site_name\" content=\"ERINNA K\u00d6NIG\" \/>\n<meta property=\"article:modified_time\" content=\"2025-10-01T11:34:23+00:00\" \/>\n<meta property=\"og:image\" content=\"https:\/\/erinnakoenig.de\/wp-content\/uploads\/2025\/08\/Selbst-Portrait-1968-01.webp\" \/>\n\t<meta property=\"og:image:width\" content=\"1000\" \/>\n\t<meta property=\"og:image:height\" content=\"1000\" \/>\n\t<meta property=\"og:image:type\" content=\"image\/webp\" \/>\n<meta name=\"twitter:card\" content=\"summary_large_image\" \/>\n<meta name=\"twitter:label1\" content=\"Estimated reading time\" \/>\n\t<meta name=\"twitter:data1\" content=\"4 minutes\" \/>\n<script type=\"application\/ld+json\" class=\"yoast-schema-graph\">{\"@context\":\"https:\\\/\\\/schema.org\",\"@graph\":[{\"@type\":\"WebPage\",\"@id\":\"https:\\\/\\\/erinnakoenig.de\\\/ausstellungen\\\/einzelausstellungen\\\/diazentrale-ost-denise-rene-hans-meyer-duesseldorf-1980\\\/\",\"url\":\"https:\\\/\\\/erinnakoenig.de\\\/ausstellungen\\\/einzelausstellungen\\\/diazentrale-ost-denise-rene-hans-meyer-duesseldorf-1980\\\/\",\"name\":\"\u201cDiazentrale-Ost\u201d Denise Ren\u00e9\\\/Hans-Meyer, D\u00fcsseldorf, 1980 | ERINNA K\u00d6NIG\",\"isPartOf\":{\"@id\":\"https:\\\/\\\/erinnakoenig.de\\\/#website\"},\"datePublished\":\"2025-09-08T10:37:56+00:00\",\"dateModified\":\"2025-10-01T11:34:23+00:00\",\"description\":\"Erinna K\u00f6nig (deutsch, 1947-2021), Meistersch\u00fclerin von Joseph Beuys an der D\u00fcsseldorfer Kunstakademie, verwandelte Fundobjekte zu eloquenter aesthetischer Skulptur-Malerei.\",\"breadcrumb\":{\"@id\":\"https:\\\/\\\/erinnakoenig.de\\\/ausstellungen\\\/einzelausstellungen\\\/diazentrale-ost-denise-rene-hans-meyer-duesseldorf-1980\\\/#breadcrumb\"},\"inLanguage\":\"en-GB\",\"potentialAction\":[{\"@type\":\"ReadAction\",\"target\":[\"https:\\\/\\\/erinnakoenig.de\\\/ausstellungen\\\/einzelausstellungen\\\/diazentrale-ost-denise-rene-hans-meyer-duesseldorf-1980\\\/\"]}]},{\"@type\":\"BreadcrumbList\",\"@id\":\"https:\\\/\\\/erinnakoenig.de\\\/ausstellungen\\\/einzelausstellungen\\\/diazentrale-ost-denise-rene-hans-meyer-duesseldorf-1980\\\/#breadcrumb\",\"itemListElement\":[{\"@type\":\"ListItem\",\"position\":1,\"name\":\"Startseite\",\"item\":\"https:\\\/\\\/erinnakoenig.de\\\/\"},{\"@type\":\"ListItem\",\"position\":2,\"name\":\"Ausstellungen\",\"item\":\"https:\\\/\\\/erinnakoenig.de\\\/ausstellungen\\\/\"},{\"@type\":\"ListItem\",\"position\":3,\"name\":\"Einzelausstellungen\",\"item\":\"https:\\\/\\\/erinnakoenig.de\\\/ausstellungen\\\/einzelausstellungen\\\/\"},{\"@type\":\"ListItem\",\"position\":4,\"name\":\"\u201cDiazentrale-Ost\u201d Denise Ren\u00e9\\\/Hans-Meyer, D\u00fcsseldorf, 1980\"}]},{\"@type\":\"WebSite\",\"@id\":\"https:\\\/\\\/erinnakoenig.de\\\/#website\",\"url\":\"https:\\\/\\\/erinnakoenig.de\\\/\",\"name\":\"ERINNA K\u00d6NIG\",\"description\":\"EK STUDIO - D\u00fcsseldorf\",\"publisher\":{\"@id\":\"https:\\\/\\\/erinnakoenig.de\\\/#organization\"},\"potentialAction\":[{\"@type\":\"SearchAction\",\"target\":{\"@type\":\"EntryPoint\",\"urlTemplate\":\"https:\\\/\\\/erinnakoenig.de\\\/?s={search_term_string}\"},\"query-input\":{\"@type\":\"PropertyValueSpecification\",\"valueRequired\":true,\"valueName\":\"search_term_string\"}}],\"inLanguage\":\"en-GB\"},{\"@type\":\"Organization\",\"@id\":\"https:\\\/\\\/erinnakoenig.de\\\/#organization\",\"name\":\"EK STUDIO\",\"url\":\"https:\\\/\\\/erinnakoenig.de\\\/\",\"logo\":{\"@type\":\"ImageObject\",\"inLanguage\":\"en-GB\",\"@id\":\"https:\\\/\\\/erinnakoenig.de\\\/#\\\/schema\\\/logo\\\/image\\\/\",\"url\":\"https:\\\/\\\/erinnakoenig.de\\\/wp-content\\\/uploads\\\/2025\\\/08\\\/cropped-FAV.png\",\"contentUrl\":\"https:\\\/\\\/erinnakoenig.de\\\/wp-content\\\/uploads\\\/2025\\\/08\\\/cropped-FAV.png\",\"width\":512,\"height\":512,\"caption\":\"EK STUDIO\"},\"image\":{\"@id\":\"https:\\\/\\\/erinnakoenig.de\\\/#\\\/schema\\\/logo\\\/image\\\/\"},\"sameAs\":[\"https:\\\/\\\/www.instagram.com\\\/erinnakoenig\\\/\"]}]}<\/script>\n<!-- \/ Yoast SEO plugin. -->","yoast_head_json":{"title":"\u201cDiazentrale-Ost\u201d Denise Ren\u00e9\/Hans-Meyer, D\u00fcsseldorf, 1980 | ERINNA K\u00d6NIG","description":"Erinna K\u00f6nig (deutsch, 1947-2021), Meistersch\u00fclerin von Joseph Beuys an der D\u00fcsseldorfer Kunstakademie, verwandelte Fundobjekte zu eloquenter aesthetischer Skulptur-Malerei.","robots":{"index":"index","follow":"follow","max-snippet":"max-snippet:-1","max-image-preview":"max-image-preview:large","max-video-preview":"max-video-preview:-1"},"canonical":"https:\/\/erinnakoenig.de\/en\/ausstellungen\/einzelausstellungen\/diazentrale-ost-denise-rene-hans-meyer-duesseldorf-1980\/","og_locale":"en_GB","og_type":"article","og_title":"\u201cDiazentrale-Ost\u201d Denise Ren\u00e9\/Hans-Meyer, D\u00fcsseldorf, 1980 | ERINNA K\u00d6NIG","og_description":"Erinna K\u00f6nig (deutsch, 1947-2021), Meistersch\u00fclerin von Joseph Beuys an der D\u00fcsseldorfer Kunstakademie, verwandelte Fundobjekte zu eloquenter aesthetischer Skulptur-Malerei.","og_url":"https:\/\/erinnakoenig.de\/en\/ausstellungen\/einzelausstellungen\/diazentrale-ost-denise-rene-hans-meyer-duesseldorf-1980\/","og_site_name":"ERINNA K\u00d6NIG","article_modified_time":"2025-10-01T11:34:23+00:00","og_image":[{"width":1000,"height":1000,"url":"https:\/\/erinnakoenig.de\/wp-content\/uploads\/2025\/08\/Selbst-Portrait-1968-01.webp","type":"image\/webp"}],"twitter_card":"summary_large_image","twitter_misc":{"Estimated reading time":"4 minutes"},"schema":{"@context":"https:\/\/schema.org","@graph":[{"@type":"WebPage","@id":"https:\/\/erinnakoenig.de\/ausstellungen\/einzelausstellungen\/diazentrale-ost-denise-rene-hans-meyer-duesseldorf-1980\/","url":"https:\/\/erinnakoenig.de\/ausstellungen\/einzelausstellungen\/diazentrale-ost-denise-rene-hans-meyer-duesseldorf-1980\/","name":"\u201cDiazentrale-Ost\u201d Denise Ren\u00e9\/Hans-Meyer, D\u00fcsseldorf, 1980 | ERINNA K\u00d6NIG","isPartOf":{"@id":"https:\/\/erinnakoenig.de\/#website"},"datePublished":"2025-09-08T10:37:56+00:00","dateModified":"2025-10-01T11:34:23+00:00","description":"Erinna K\u00f6nig (deutsch, 1947-2021), Meistersch\u00fclerin von Joseph Beuys an der D\u00fcsseldorfer Kunstakademie, verwandelte Fundobjekte zu eloquenter aesthetischer Skulptur-Malerei.","breadcrumb":{"@id":"https:\/\/erinnakoenig.de\/ausstellungen\/einzelausstellungen\/diazentrale-ost-denise-rene-hans-meyer-duesseldorf-1980\/#breadcrumb"},"inLanguage":"en-GB","potentialAction":[{"@type":"ReadAction","target":["https:\/\/erinnakoenig.de\/ausstellungen\/einzelausstellungen\/diazentrale-ost-denise-rene-hans-meyer-duesseldorf-1980\/"]}]},{"@type":"BreadcrumbList","@id":"https:\/\/erinnakoenig.de\/ausstellungen\/einzelausstellungen\/diazentrale-ost-denise-rene-hans-meyer-duesseldorf-1980\/#breadcrumb","itemListElement":[{"@type":"ListItem","position":1,"name":"Startseite","item":"https:\/\/erinnakoenig.de\/"},{"@type":"ListItem","position":2,"name":"Ausstellungen","item":"https:\/\/erinnakoenig.de\/ausstellungen\/"},{"@type":"ListItem","position":3,"name":"Einzelausstellungen","item":"https:\/\/erinnakoenig.de\/ausstellungen\/einzelausstellungen\/"},{"@type":"ListItem","position":4,"name":"\u201cDiazentrale-Ost\u201d Denise Ren\u00e9\/Hans-Meyer, D\u00fcsseldorf, 1980"}]},{"@type":"WebSite","@id":"https:\/\/erinnakoenig.de\/#website","url":"https:\/\/erinnakoenig.de\/","name":"ERINNA K\u00d6NIG","description":"EK STUDIO - D\u00fcsseldorf","publisher":{"@id":"https:\/\/erinnakoenig.de\/#organization"},"potentialAction":[{"@type":"SearchAction","target":{"@type":"EntryPoint","urlTemplate":"https:\/\/erinnakoenig.de\/?s={search_term_string}"},"query-input":{"@type":"PropertyValueSpecification","valueRequired":true,"valueName":"search_term_string"}}],"inLanguage":"en-GB"},{"@type":"Organization","@id":"https:\/\/erinnakoenig.de\/#organization","name":"EK STUDIO","url":"https:\/\/erinnakoenig.de\/","logo":{"@type":"ImageObject","inLanguage":"en-GB","@id":"https:\/\/erinnakoenig.de\/#\/schema\/logo\/image\/","url":"https:\/\/erinnakoenig.de\/wp-content\/uploads\/2025\/08\/cropped-FAV.png","contentUrl":"https:\/\/erinnakoenig.de\/wp-content\/uploads\/2025\/08\/cropped-FAV.png","width":512,"height":512,"caption":"EK STUDIO"},"image":{"@id":"https:\/\/erinnakoenig.de\/#\/schema\/logo\/image\/"},"sameAs":["https:\/\/www.instagram.com\/erinnakoenig\/"]}]}},"_links":{"self":[{"href":"https:\/\/erinnakoenig.de\/en\/wp-json\/wp\/v2\/pages\/815","targetHints":{"allow":["GET"]}}],"collection":[{"href":"https:\/\/erinnakoenig.de\/en\/wp-json\/wp\/v2\/pages"}],"about":[{"href":"https:\/\/erinnakoenig.de\/en\/wp-json\/wp\/v2\/types\/page"}],"author":[{"embeddable":true,"href":"https:\/\/erinnakoenig.de\/en\/wp-json\/wp\/v2\/users\/3"}],"replies":[{"embeddable":true,"href":"https:\/\/erinnakoenig.de\/en\/wp-json\/wp\/v2\/comments?post=815"}],"version-history":[{"count":18,"href":"https:\/\/erinnakoenig.de\/en\/wp-json\/wp\/v2\/pages\/815\/revisions"}],"predecessor-version":[{"id":2034,"href":"https:\/\/erinnakoenig.de\/en\/wp-json\/wp\/v2\/pages\/815\/revisions\/2034"}],"up":[{"embeddable":true,"href":"https:\/\/erinnakoenig.de\/en\/wp-json\/wp\/v2\/pages\/271"}],"wp:attachment":[{"href":"https:\/\/erinnakoenig.de\/en\/wp-json\/wp\/v2\/media?parent=815"}],"curies":[{"name":"wp","href":"https:\/\/api.w.org\/{rel}","templated":true}]}}