{"id":72,"date":"2025-08-18T09:10:57","date_gmt":"2025-08-18T09:10:57","guid":{"rendered":"https:\/\/erinnakoenig.com\/?page_id=72"},"modified":"2025-09-26T22:19:05","modified_gmt":"2025-09-26T22:19:05","slug":"vita","status":"publish","type":"page","link":"https:\/\/erinnakoenig.de\/en\/vita\/","title":{"rendered":"Vita"},"content":{"rendered":"<p>[et_pb_section fb_built=&#8220;1&#8243; _builder_version=&#8220;4.27.4&#8243; _module_preset=&#8220;default&#8220; da_disable_devices=&#8220;off|off|off&#8220; global_colors_info=&#8220;{}&#8220; da_is_popup=&#8220;off&#8220; da_exit_intent=&#8220;off&#8220; da_has_close=&#8220;on&#8220; da_alt_close=&#8220;off&#8220; da_dark_close=&#8220;off&#8220; da_not_modal=&#8220;on&#8220; da_is_singular=&#8220;off&#8220; da_with_loader=&#8220;off&#8220; da_has_shadow=&#8220;on&#8220;][et_pb_row _builder_version=&#8220;4.27.4&#8243; _module_preset=&#8220;default&#8220; global_colors_info=&#8220;{}&#8220;][et_pb_column type=&#8220;4_4&#8243; _builder_version=&#8220;4.27.4&#8243; _module_preset=&#8220;default&#8220; global_colors_info=&#8220;{}&#8220;][et_pb_heading title=&#8220;VITA \/ CV&#8220; _builder_version=&#8220;4.27.4&#8243; _module_preset=&#8220;default&#8220; title_font=&#8220;Avenir Light|100|||||||&#8220; title_text_align=&#8220;right&#8220; global_colors_info=&#8220;{}&#8220;][\/et_pb_heading][\/et_pb_column][\/et_pb_row][et_pb_row column_structure=&#8220;3_4,1_4&#8243; _builder_version=&#8220;4.27.4&#8243; _module_preset=&#8220;default&#8220; global_colors_info=&#8220;{}&#8220;][et_pb_column type=&#8220;3_4&#8243; _builder_version=&#8220;4.27.4&#8243; _module_preset=&#8220;default&#8220; global_colors_info=&#8220;{}&#8220;][et_pb_text _builder_version=&#8220;4.27.4&#8243; _module_preset=&#8220;default&#8220; width=&#8220;100%&#8220; max_width=&#8220;100%&#8220; module_alignment=&#8220;left&#8220; hover_enabled=&#8220;0&#8243; global_colors_info=&#8220;{}&#8220; sticky_enabled=&#8220;0&#8243;]<\/p>\n<p><strong>\u00a0Erinna K\u00f6nig<\/strong><\/p>\n<figure class=\"table\">\n<table>\n<tbody>\n<tr>\n<td style=\"width: 191px;\">2021<\/td>\n<td style=\"width: 644px;\">\u2020 verstorben am 6. Oktober<\/td>\n<\/tr>\n<tr>\n<td style=\"width: 191px;\">seit 2002<\/td>\n<td style=\"width: 644px;\">Atelier in D\u00fcsseldorf, Bachstra\u00dfe<\/td>\n<\/tr>\n<tr>\n<td style=\"width: 191px;\">1978 &#8211; 2001<\/td>\n<td style=\"width: 644px;\">Ateliers in D\u00fcsseldorf, Br\u00fcckenstra\u00dfe, Kronprinzenstra\u00dfe<\/td>\n<\/tr>\n<tr>\n<td style=\"width: 191px;\">2006\/07<\/td>\n<td style=\"width: 644px;\">Professorin in Vertretung an der Kunsthochschule Kassel<\/td>\n<\/tr>\n<tr>\n<td style=\"width: 191px;\">1995<\/td>\n<td style=\"width: 644px;\">Fotoreportage \u00fcber Haiti mit Uli Aum\u00fcller, Berlin:<br \/>Photos im Park &#8222;Habitation Leclerc&#8220; bei Port-au-Prince<\/td>\n<\/tr>\n<tr>\n<td style=\"width: 191px;\">1992 &#8211; 2006<\/td>\n<td style=\"width: 644px;\">op de Eck GmbH im K20, D\u00fcsseldorf, zeitweise gesch\u00e4ftsf\u00fchrende Gesellschafterin<\/td>\n<\/tr>\n<tr>\n<td style=\"width: 191px;\">1991\/1992<\/td>\n<td style=\"width: 644px;\">Entwurf und Gestaltung der Gesch\u00e4ftsr\u00e4ume der op de Eck GmbH in D\u00fcsseldorf in der Kunstsammlung NRW K20, gemeinsam mit dem Architekten Rolf Bandus, K\u00f6ln. (Siehe Dumont-F\u00fchrer &#8222;Design in deutschen St\u00e4dten&#8220; 1995)<\/td>\n<\/tr>\n<tr>\n<td style=\"width: 191px;\">1989-2006<\/td>\n<td style=\"width: 644px;\">Zusammenarbeit mit dem Galeristen Erhard Klein, Bonn, sporadisch: Achim Kubinski, Stuttgart\u00a0\u00a0Konrad Fischer, D\u00fcsseldorf (Kunstmesse K\u00f6ln 1993)<strong> \u00a0 \u00a0 \u00a0<\/strong><\/td>\n<\/tr>\n<tr>\n<td style=\"width: 191px;\">1987<\/td>\n<td style=\"width: 644px;\">Assistenz in der Malklasse Professor J\u00f6rg Immendorff, Sommerakademie Salzburg<\/td>\n<\/tr>\n<tr>\n<td style=\"width: 191px;\">1983<\/td>\n<td style=\"width: 644px;\">Jahresstipendium des Kunstfonds, Bonn<\/td>\n<\/tr>\n<tr>\n<td style=\"width: 191px;\">1981 -1982<\/td>\n<td style=\"width: 644px;\">Stills zu dem Film &#8222;Tropiafric Gr\u00fc\u00dfe aus der Wildnis&#8220;, Kenia, Afrika, Regisseure Karol Schneewei\u00df \/ Maria Fisahn, Coproduktion mit dem ZDF<\/td>\n<\/tr>\n<tr>\n<td style=\"width: 191px;\">1981<\/td>\n<td style=\"width: 644px;\">Ausstellungsassistentin bei Franz Dahlem, Dia Art Foundation,<br \/>K\u00f6ln\/Ausstellung Lucio Fontana<\/td>\n<\/tr>\n<tr>\n<td style=\"width: 191px;\">1974<\/td>\n<td style=\"width: 644px;\">F\u00f6rderpreis der Gesellschaft von Freunden und F\u00f6rderern der Staatlichen Kunstakademie D\u00fcsseldorf<\/td>\n<\/tr>\n<tr>\n<td style=\"width: 191px;\">1967 \u2013 1971<\/td>\n<td style=\"width: 644px;\">Studium der Freien Kunst an der Kunstakademie D\u00fcsseldorf:<br \/>Teo Otto, B\u00fchnenkunst, Diter Rot Freie Grafik, Joseph Beuys Bildhauerei Parallel dazu Studium an den Universit\u00e4ten Bonn und K\u00f6ln Philosophie, Vergleichende Religionswissenschaften, Judaistik, ostasiatische Kunstgeschichte Schwerpunkt China<\/td>\n<\/tr>\n<tr>\n<td style=\"width: 191px;\">1967 &#8211; 1976<\/td>\n<td style=\"width: 644px;\">Mitbegr\u00fcnderin des &#8222;B\u00fcro Olympia&#8220;, Neubr\u00fcckstra\u00dfe 14, D\u00fcsseldorf<br \/>Mitinitiatorin zur Einrichtung einer Filmklasse an der Kunstakademie<br \/>Mitinitiatorin zur Einrichtung des Studentenparlaments an der Kunstakademie<br \/>Gew\u00e4hlt zur Pr\u00e4sidentin des Studentenparlaments<br \/>Wechsel in die Filmklasse Dozent Ole John Povlsen<br \/>Meistersch\u00fclerin Joseph Beuys<br \/>Studium der Freien Kunst an der Kunstakademie D\u00fcsseldorf<\/td>\n<\/tr>\n<tr>\n<td style=\"width: 191px;\">1966<\/td>\n<td style=\"width: 644px;\">Eintritt in die Staatliche Kunstakademie D\u00fcsseldorf<\/td>\n<\/tr>\n<tr>\n<td style=\"width: 191px;\">1947<\/td>\n<td style=\"width: 644px;\">geboren in Warstein\/Sauerland<\/td>\n<\/tr>\n<tr>\n<td style=\"width: 191px;\"><\/td>\n<td style=\"width: 644px;\"><\/td>\n<\/tr>\n<\/tbody>\n<\/table><figcaption><\/figcaption><\/figure>\n<h3><strong>Einzelausstellungen<\/strong><\/h3>\n<figure class=\"table\">\n<table>\n<tbody>\n<tr>\n<td style=\"width: 123px;\">2025<\/td>\n<td style=\"width: 411px;\">BEYOND, UP &amp; CO @ EK STUDIO, D\u00fcsseldorf<\/td>\n<\/tr>\n<tr>\n<td style=\"width: 123px;\">2024<\/td>\n<td style=\"width: 411px;\">Untitled (Chromatics), EK STUDIO, D\u00fcsseldorf<\/td>\n<\/tr>\n<tr>\n<td style=\"width: 123px;\">2023<\/td>\n<td style=\"width: 411px;\">Akt 3, o.T. (Vorhang), EK STUDIO, D\u00fcsseldorf<\/td>\n<\/tr>\n<tr>\n<td style=\"width: 123px;\">2023\/24<\/td>\n<td style=\"width: 411px;\">Erinna K\u00f6nig \u2013 Retrospektive, von der Heydt Museum Wuppertal<\/td>\n<\/tr>\n<tr>\n<td style=\"width: 123px;\">2020<\/td>\n<td style=\"width: 411px;\">Erinna K\u00f6nig, Skulpturenhalle Neuss\/ Stiftung Thomas Sch\u00fctte<\/td>\n<\/tr>\n<tr>\n<td style=\"width: 123px;\">2012<\/td>\n<td style=\"width: 411px;\">\u201eSchlangen\u201c Spoerl-Fabrik, D\u00fcsseldorf<\/td>\n<\/tr>\n<tr>\n<td style=\"width: 123px;\">2011<\/td>\n<td style=\"width: 411px;\">\u201eSingle-cross-still\u201cFlorapark, D\u00fcsseldorf<\/td>\n<\/tr>\n<tr>\n<td style=\"width: 123px;\">2002<\/td>\n<td style=\"width: 411px;\">\u201cFototapete\u201d OHIO-Vitrine, K\u00f6ln Eintrachtstrasse 2,<\/td>\n<\/tr>\n<tr>\n<td style=\"width: 123px;\">2002<\/td>\n<td style=\"width: 411px;\">\u201cLAX\u201d Galerie Erhard Klein, Bad M\u00fcnstereifel-Mutscheid<\/td>\n<\/tr>\n<tr>\n<td style=\"width: 123px;\">2000<\/td>\n<td style=\"width: 411px;\">&#8222;Trennsch\u00e4rfen\u201d C.K. Consult Christine H\u00f6lz, Stilwerk, D\u00fcsseldorf<\/td>\n<\/tr>\n<tr>\n<td style=\"width: 123px;\">1998<\/td>\n<td style=\"width: 411px;\">\u201dKlein &amp; Wagner\u201d Galerie Hubertus Wunschik, M\u00f6nchengladbach<\/td>\n<\/tr>\n<tr>\n<td style=\"width: 123px;\">1992<\/td>\n<td style=\"width: 411px;\">o.T. Galerie Erhard Klein, Bonn<\/td>\n<\/tr>\n<tr>\n<td style=\"width: 123px;\">1990<\/td>\n<td style=\"width: 411px;\">\u201dNarrata und Errata\u201d Galerie Kubinski, Stuttgart (Katalog)<\/td>\n<\/tr>\n<tr>\n<td style=\"width: 123px;\">1990<\/td>\n<td style=\"width: 411px;\">\u201dDas wei\u00dfe und das schwarze Auge\u201d Galerie Erhard Klein, Bonn<\/td>\n<\/tr>\n<tr>\n<td style=\"width: 123px;\">1984<\/td>\n<td style=\"width: 411px;\">\u201eRituale und Bis zum Tezet\u201d Galerie Beyerenzel, D\u00fcsseldorf<\/td>\n<\/tr>\n<tr>\n<td style=\"width: 123px;\">1980<\/td>\n<td style=\"width: 411px;\">\u201cDiazentrale-Ost\u201d Denise Ren\u00e9\/Hans-Meyer, D\u00fcsseldorf<\/td>\n<\/tr>\n<tr>\n<td style=\"width: 123px;\"><\/td>\n<td style=\"width: 411px;\"><\/td>\n<\/tr>\n<\/tbody>\n<\/table>\n<\/figure>\n<h3><strong>Gruppenausstellungen (Auswahl)<\/strong><\/h3>\n<figure class=\"table\">\n<table>\n<tbody>\n<tr>\n<td style=\"width: 170px;\">2024<\/td>\n<td style=\"width: 541px;\">Lucio Fontana, Erwartung, von der Heydt Museum, Wuppertal<\/td>\n<\/tr>\n<tr>\n<td style=\"width: 170px;\">2024<\/td>\n<td style=\"width: 541px;\">CONSTRUCTION \/ DECONSTRUCTION, UP &amp; CO @ EK STUDIO, D\u00fcsseldorf<\/td>\n<\/tr>\n<tr>\n<td style=\"width: 170px;\">2023 \u2013 present<\/td>\n<td style=\"width: 541px;\">Ausstellung Sammlung Kunstpalast, D\u00fcsseldorf<\/td>\n<\/tr>\n<tr>\n<td style=\"width: 170px;\">2023<\/td>\n<td style=\"width: 541px;\">&#8222;present perfect&#8220; Museum Gunzenhauser, Chemnitz<\/td>\n<\/tr>\n<tr>\n<td style=\"width: 170px;\">2022<\/td>\n<td style=\"width: 541px;\">\u201eIdentit\u00e4t nicht nachgewiesen\u201c &#8211; Neuerwerbungen der Sammlung des Bundes, Bundeskunsthalle Bonn<\/td>\n<\/tr>\n<tr>\n<td style=\"width: 170px;\">2016\/17<\/td>\n<td style=\"width: 541px;\">\u201eDo you get what you see?\u201c Grieder Contemporary, Z\u00fcrich<\/td>\n<\/tr>\n<tr>\n<td style=\"width: 170px;\">2016<\/td>\n<td style=\"width: 541px;\">\u201eBeuys und Weggef\u00e4hrten\u201c, Galerie Kellermann, D\u00fcsseldorf<\/td>\n<\/tr>\n<tr>\n<td style=\"width: 170px;\">2015<\/td>\n<td style=\"width: 541px;\">\u201eRuhe vor dem<strong> <\/strong>Sturm &#8211; postminimalistische Kunst aus dem Rheinland\u201c\u00a0Museum Morsbroich, Leverkusen<\/td>\n<\/tr>\n<tr>\n<td style=\"width: 170px;\">2014<\/td>\n<td style=\"width: 541px;\">\u201eSkulpturen und Objekte von K\u00fcnstlerinnen aus der Sammlung der Moderne\u201c\u00a0Museum Kunstpalast, D\u00fcsseldorf<\/td>\n<\/tr>\n<tr>\n<td style=\"width: 170px;\">2013<\/td>\n<td style=\"width: 541px;\">\u201eDas kleine Format\u201c, Malkasten D\u00fcsseldorf<\/td>\n<\/tr>\n<tr>\n<td style=\"width: 170px;\">2012<\/td>\n<td style=\"width: 541px;\">\u201eNat\u00fcrliche Vermessungen\u201c, Projektraum Y1A2012, D\u00fcsseldorf<\/td>\n<\/tr>\n<tr>\n<td style=\"width: 170px;\">2011<\/td>\n<td style=\"width: 541px;\">&#8222;Gro\u00dfe Kunstausstellung NRW\u201c, Museum Kunstpalast, D\u00fcsseldorf<\/td>\n<\/tr>\n<tr>\n<td style=\"width: 170px;\">2011<\/td>\n<td style=\"width: 541px;\">\u201eDie Erfindung der Wirklichkeit-Photographie an der Kunstakademie D\u00fcsseldorf von 1970 bis heute\u201c, Akademie-Galerie, D\u00fcsseldorf<\/td>\n<\/tr>\n<tr>\n<td style=\"width: 170px;\">2010<\/td>\n<td style=\"width: 541px;\">\u201eDer Westen leuchtet\u201c Kunstmuseum Bonn<\/td>\n<\/tr>\n<tr>\n<td style=\"width: 170px;\">2008<\/td>\n<td style=\"width: 541px;\">\u201eGro\u00dfe Kunstausstellung NRW\u201c Museum Kunstpalast, D\u00fcsseldorf<\/td>\n<\/tr>\n<tr>\n<td style=\"width: 170px;\">2007<\/td>\n<td style=\"width: 541px;\">\u201eDie Kunst zu sammeln\u201c, Museum Kunstpalast, D\u00fcsseldorf<\/td>\n<\/tr>\n<tr>\n<td style=\"width: 170px;\">2007<\/td>\n<td style=\"width: 541px;\">&#8222;Das kleine Format&#8220;, Galerie Christine H\u00f6lz, Halle 6, D\u00fcsseldorf<\/td>\n<\/tr>\n<tr>\n<td style=\"width: 170px;\">2006<\/td>\n<td style=\"width: 541px;\">&#8222;Tierarten&#8220;, Stadtmuseum Oldenburg<\/td>\n<\/tr>\n<tr>\n<td style=\"width: 170px;\">2005\/06<\/td>\n<td style=\"width: 541px;\">&#8222;Kunst und Glaube&#8220;, Forum Bergmannsgl\u00fcck, Gelsenkirchen<\/td>\n<\/tr>\n<tr>\n<td style=\"width: 170px;\">2004<\/td>\n<td style=\"width: 541px;\">&#8222;Acchrochage&#8220;, C.K. Consult Christine H\u00f6lz, D\u00fcsseldorf<\/td>\n<\/tr>\n<tr>\n<td style=\"width: 170px;\">2003<\/td>\n<td style=\"width: 541px;\">&#8222;Tierische Begegnungen&#8220;, Halle 6, C.K. Consult Christine H\u00f6lz, D\u00fcsseldorf<\/td>\n<\/tr>\n<tr>\n<td style=\"width: 170px;\">2001<\/td>\n<td style=\"width: 541px;\">&#8222;Der Fisch der Durst hat&#8220;, Galerie Hubertus Wunschik<\/td>\n<\/tr>\n<tr>\n<td style=\"width: 170px;\">2000<\/td>\n<td style=\"width: 541px;\">\u201eMedizin und Kunst\u201c, Stadtmuseum D\u00fcsseldorf, zugunsten Senologie\/Brustklinik D\u00fcsseldorf<\/td>\n<\/tr>\n<tr>\n<td style=\"width: 170px;\">2000<\/td>\n<td style=\"width: 541px;\">&#8222;Dia \/ Slide \/ Transparency&#8220;, Neue Gesellschaft f\u00fcr bildende Kunst e.V., Berlin (Diazentrale-Ost)<\/td>\n<\/tr>\n<tr>\n<td style=\"width: 170px;\">2000<\/td>\n<td style=\"width: 541px;\">&#8222;D\u00fcsseldorf 733 46 84 &#8211; ich bin wieder da, aber im Moment nicht hier&#8220;, Kunstverein Lippstadt<\/td>\n<\/tr>\n<tr>\n<td style=\"width: 170px;\">2000<\/td>\n<td style=\"width: 541px;\">\u201ePapierarbeiten\u201c, Galerie Erhard Klein Bad M\u00fcnstereifel<\/td>\n<\/tr>\n<tr>\n<td style=\"width: 170px;\">2000<\/td>\n<td style=\"width: 541px;\">&#8222;Small size mixed&#8220;, kjubh kunstverein, K\u00f6ln<\/td>\n<\/tr>\n<tr>\n<td style=\"width: 170px;\">2000<\/td>\n<td style=\"width: 541px;\">&#8222;Hommage \u00e0 Achim Duchow&#8220;, Galerie Erhard Klein, Mutscheid\/Bad M\u00fcnstereifel<\/td>\n<\/tr>\n<tr>\n<td style=\"width: 170px;\">1999<\/td>\n<td style=\"width: 541px;\">&#8222;Erotik&#8220;, Galerie Erhard Klein, Mutscheid\/Bad M\u00fcnstereifel<\/td>\n<\/tr>\n<tr>\n<td style=\"width: 170px;\">1996\/97<\/td>\n<td style=\"width: 541px;\">\u201eArt is not enough\u201c Shedhalle Z\u00fcrich<\/td>\n<\/tr>\n<tr>\n<td style=\"width: 170px;\">1996<\/td>\n<td style=\"width: 541px;\">&#8222;Objekte&#8220; Einzelst\u00fccke und Auflagen, Galerie Erhard Klein, Mutscheid\/Bad M\u00fcnstereifel<\/td>\n<\/tr>\n<tr>\n<td style=\"width: 170px;\">1995<\/td>\n<td style=\"width: 541px;\">&#8222;Zeichnungen von K\u00fcnstlern der Galerie&#8220;, Galerie Erhard Klein, Mutscheid\/Bad M\u00fcnstereifel<\/td>\n<\/tr>\n<tr>\n<td style=\"width: 170px;\">1994<\/td>\n<td style=\"width: 541px;\">\u201edagegen-dabei &#8211; Produktion und Strategie in den Kunstprojekten seit 1969\u201c<strong>, <\/strong>Kunstverein Hamburg<\/td>\n<\/tr>\n<tr>\n<td style=\"width: 170px;\"><\/td>\n<td style=\"width: 541px;\"><\/td>\n<\/tr>\n<tr>\n<td style=\"width: 170px;\">1994<\/td>\n<td style=\"width: 541px;\">&#8222;Joseph Beuys und seine Sch\u00fcler&#8220;, Sammlung Erhard Klein, Bonn in Moderna galerija, Ljubljana<\/td>\n<\/tr>\n<tr>\n<td style=\"width: 170px;\">1994<\/td>\n<td style=\"width: 541px;\">&#8222;Kunst &lt;=&gt; Text&#8220;, Schrift auf Bildern, Zeichnungen und Grafiken, Galerie Erhard Klein, Mutscheid\/Bad M\u00fcnstereifel<\/td>\n<\/tr>\n<tr>\n<td style=\"width: 170px;\">1993<\/td>\n<td style=\"width: 541px;\">&#8222;max. 3 Arb.&#8220;, WP 8 D\u00fcsseldorf<\/td>\n<\/tr>\n<tr>\n<td style=\"width: 170px;\">1992<\/td>\n<td style=\"width: 541px;\">\u201eMit Haut und Haaren\u201c Kunsthalle D\u00fcsseldorf<\/td>\n<\/tr>\n<tr>\n<td style=\"width: 170px;\">1991<\/td>\n<td style=\"width: 541px;\">\u201eBrennpunkt II, die siebziger Jahre, Entw\u00fcrfe\u201c Kunstmuseum D\u00fcsseldorf<\/td>\n<\/tr>\n<tr>\n<td style=\"width: 170px;\">1987<\/td>\n<td style=\"width: 541px;\">&#8222;Br\u00fcckenschlag&#8220;, Galerie Kleinsimmlinghaus, D\u00fcsseldorf<\/td>\n<\/tr>\n<tr>\n<td style=\"width: 170px;\">1987<\/td>\n<td style=\"width: 541px;\">&#8222;Medien Mafia&#8220;, D\u00fcsseldorfer Hafen<\/td>\n<\/tr>\n<tr>\n<td style=\"width: 170px;\">1984<\/td>\n<td style=\"width: 541px;\">&#8222;Bonjour M. K\u00f3la\u0159&#8220;, Galerie Pragxis, C. Sch\u00fcppenhauer, Essen\/K\u00f6ln<\/td>\n<\/tr>\n<tr>\n<td style=\"width: 170px;\">1982<\/td>\n<td style=\"width: 541px;\">&#8222;Photo recycling Photo&#8220;, GHK Kassel<\/td>\n<\/tr>\n<tr>\n<td style=\"width: 170px;\">1981<\/td>\n<td style=\"width: 541px;\">&#8222;Typisch Frau&#8220;, Bonner Kunstverein sowie Galerie Magers, Bonn<\/td>\n<\/tr>\n<tr>\n<td style=\"width: 170px;\">1980<\/td>\n<td style=\"width: 541px;\">&#8222;Phoenix&#8220;, Alte Oper Frankfurt<\/td>\n<\/tr>\n<tr>\n<td style=\"width: 170px;\">1980<\/td>\n<td style=\"width: 541px;\">\u201eElend\u201c S0 36 Kippenbergers B\u00fcro Berlin<\/td>\n<\/tr>\n<tr>\n<td style=\"width: 170px;\">1979<\/td>\n<td style=\"width: 541px;\">\u201eSchlaglichter\u201c Rheinisches Landesmuseum, Bonn<\/td>\n<\/tr>\n<tr>\n<td style=\"width: 170px;\">1977<\/td>\n<td style=\"width: 541px;\">\u201eK\u00fcnstlerinnen international 1877-1977\u201c Schloss Charlottenburg, Berlin<\/td>\n<\/tr>\n<tr>\n<td style=\"width: 170px;\">1976<\/td>\n<td style=\"width: 541px;\">&#8222;Mit neben gegen &#8211; Beuys und seine Sch\u00fcler&#8220;, Kunstverein Frankfurt<\/td>\n<\/tr>\n<tr>\n<td style=\"width: 170px;\">1974<\/td>\n<td style=\"width: 541px;\">Galerie am Savignyplatz, Berlin<\/td>\n<\/tr>\n<tr>\n<td style=\"width: 170px;\">1974<\/td>\n<td style=\"width: 541px;\">\u201dOskar B. oder der Imperialismus\u201d (Film): Im deutschen Programm der Oberhausener Kurzfilmtage<\/td>\n<\/tr>\n<tr>\n<td style=\"width: 170px;\">1973<\/td>\n<td style=\"width: 541px;\">\u201ebetween\u201c Kunsthalle D\u00fcsseldorf<\/td>\n<\/tr>\n<tr>\n<td style=\"width: 170px;\">1970<\/td>\n<td style=\"width: 541px;\">\u201cJetzt-K\u00fcnste in Deutschland heute\u201c\u00a0Kunsthalle K\u00f6ln<\/td>\n<\/tr>\n<tr>\n<td style=\"width: 170px;\">1969<\/td>\n<td style=\"width: 541px;\">Lidl-Woche Kunstakademie D\u00fcsseldorf<\/td>\n<\/tr>\n<tr>\n<td style=\"width: 170px;\">1969<\/td>\n<td style=\"width: 541px;\">&#8222;Festival 200&#8220;, Schloss Charlottenburg, Kopenhagen, D\u00e4nemark<\/td>\n<\/tr>\n<tr>\n<td style=\"width: 170px;\"><\/td>\n<td style=\"width: 541px;\"><\/td>\n<\/tr>\n<\/tbody>\n<\/table>\n<\/figure>\n<p>&nbsp;<\/p>\n<p>[\/et_pb_text][\/et_pb_column][et_pb_column type=&#8220;1_4&#8243; _builder_version=&#8220;4.27.4&#8243; _module_preset=&#8220;default&#8220; global_colors_info=&#8220;{}&#8220;][et_pb_image src=&#8220;https:\/\/erinnakoenig.de\/wp-content\/uploads\/2025\/08\/Selbst-Portrait-1968-01.webp&#8220; title_text=&#8220;Selbst-Portrait 1968-01&#8243; show_in_lightbox=&#8220;on&#8220; _builder_version=&#8220;4.27.4&#8243; _module_preset=&#8220;default&#8220; custom_margin=&#8220;||12px|||&#8220; global_colors_info=&#8220;{}&#8220;][\/et_pb_image][et_pb_text _builder_version=&#8220;4.27.4&#8243; _module_preset=&#8220;default&#8220; text_font_size=&#8220;13px&#8220; text_line_height=&#8220;1.3em&#8220; custom_margin=&#8220;0px|||||&#8220; global_colors_info=&#8220;{}&#8220;]<\/p>\n<p class=\"p1\"><b>Portrait, 1968<\/b><\/p>\n<p>[\/et_pb_text][\/et_pb_column][\/et_pb_row][et_pb_row _builder_version=&#8220;4.27.4&#8243; _module_preset=&#8220;default&#8220; global_colors_info=&#8220;{}&#8220;][et_pb_column type=&#8220;4_4&#8243; _builder_version=&#8220;4.27.4&#8243; _module_preset=&#8220;default&#8220; global_colors_info=&#8220;{}&#8220;][et_pb_text _builder_version=&#8220;4.27.4&#8243; _module_preset=&#8220;default&#8220; global_colors_info=&#8220;{}&#8220;]<\/p>\n<p>Anmerkung: Die siebziger Jahre sind nicht ber\u00fccksichtigt: Erinna K\u00f6nig hat in dieser Zeit wild experimentiert und diese Periode kam mit den Gro\u00dffotos \u201eDiazentrale-Ost\u201c (s.o)\u00a0 zum Abschluss. Mit der R\u00fcckbesinnung auf die ganz fr\u00fche Phase 1968\/69 (s. Fotos) kam es dann zu einer laufenden Produktion bis 2021.<\/p>\n<p>[\/et_pb_text][\/et_pb_column][\/et_pb_row][\/et_pb_section]<\/p>\n","protected":false},"excerpt":{"rendered":"<p>\u00a0Erinna K\u00f6nig 2021 \u2020 verstorben am 6. Oktober seit 2002 Atelier in D\u00fcsseldorf, Bachstra\u00dfe 1978 &#8211; 2001 Ateliers in D\u00fcsseldorf, Br\u00fcckenstra\u00dfe, Kronprinzenstra\u00dfe 2006\/07 Professorin in Vertretung an der Kunsthochschule Kassel 1995 Fotoreportage \u00fcber Haiti mit Uli Aum\u00fcller, Berlin:Photos im Park &#8222;Habitation Leclerc&#8220; bei Port-au-Prince 1992 &#8211; 2006 op de Eck GmbH im K20, D\u00fcsseldorf, zeitweise [&hellip;]<\/p>\n","protected":false},"author":1,"featured_media":0,"parent":0,"menu_order":0,"comment_status":"closed","ping_status":"closed","template":"","meta":{"_et_pb_use_builder":"on","_et_pb_old_content":"","_et_gb_content_width":"","footnotes":""},"class_list":["post-72","page","type-page","status-publish","hentry"],"yoast_head":"<!-- This site is optimized with the Yoast SEO plugin v27.4 - https:\/\/yoast.com\/product\/yoast-seo-wordpress\/ -->\n<title>Vita | ERINNA K\u00d6NIG<\/title>\n<meta name=\"description\" content=\"Erinna K\u00f6nig (deutsch, 1947-2021), Meistersch\u00fclerin von Joseph Beuys an der D\u00fcsseldorfer Kunstakademie, verwandelte Fundobjekte zu eloquenter aesthetischer Skulptur-Malerei.\" \/>\n<meta name=\"robots\" content=\"index, follow, max-snippet:-1, max-image-preview:large, max-video-preview:-1\" \/>\n<link rel=\"canonical\" href=\"https:\/\/erinnakoenig.de\/en\/vita\/\" \/>\n<meta property=\"og:locale\" content=\"en_GB\" \/>\n<meta property=\"og:type\" content=\"article\" \/>\n<meta property=\"og:title\" content=\"Vita | ERINNA K\u00d6NIG\" \/>\n<meta property=\"og:description\" content=\"Erinna K\u00f6nig (deutsch, 1947-2021), Meistersch\u00fclerin von Joseph Beuys an der D\u00fcsseldorfer Kunstakademie, verwandelte Fundobjekte zu eloquenter aesthetischer Skulptur-Malerei.\" \/>\n<meta property=\"og:url\" content=\"https:\/\/erinnakoenig.de\/en\/vita\/\" \/>\n<meta property=\"og:site_name\" content=\"ERINNA K\u00d6NIG\" \/>\n<meta property=\"article:modified_time\" content=\"2025-09-26T22:19:05+00:00\" \/>\n<meta property=\"og:image\" content=\"https:\/\/erinnakoenig.de\/wp-content\/uploads\/2025\/08\/Selbst-Portrait-1968-01.webp\" \/>\n\t<meta property=\"og:image:width\" content=\"1000\" \/>\n\t<meta property=\"og:image:height\" content=\"1000\" \/>\n\t<meta property=\"og:image:type\" content=\"image\/webp\" \/>\n<meta name=\"twitter:card\" content=\"summary_large_image\" \/>\n<meta name=\"twitter:label1\" content=\"Estimated reading time\" \/>\n\t<meta name=\"twitter:data1\" content=\"6 minutes\" \/>\n<script type=\"application\/ld+json\" class=\"yoast-schema-graph\">{\"@context\":\"https:\\\/\\\/schema.org\",\"@graph\":[{\"@type\":\"WebPage\",\"@id\":\"https:\\\/\\\/erinnakoenig.de\\\/vita\\\/\",\"url\":\"https:\\\/\\\/erinnakoenig.de\\\/vita\\\/\",\"name\":\"Vita | ERINNA K\u00d6NIG\",\"isPartOf\":{\"@id\":\"https:\\\/\\\/erinnakoenig.de\\\/#website\"},\"datePublished\":\"2025-08-18T09:10:57+00:00\",\"dateModified\":\"2025-09-26T22:19:05+00:00\",\"description\":\"Erinna K\u00f6nig (deutsch, 1947-2021), Meistersch\u00fclerin von Joseph Beuys an der D\u00fcsseldorfer Kunstakademie, verwandelte Fundobjekte zu eloquenter aesthetischer Skulptur-Malerei.\",\"breadcrumb\":{\"@id\":\"https:\\\/\\\/erinnakoenig.de\\\/vita\\\/#breadcrumb\"},\"inLanguage\":\"en-GB\",\"potentialAction\":[{\"@type\":\"ReadAction\",\"target\":[\"https:\\\/\\\/erinnakoenig.de\\\/vita\\\/\"]}]},{\"@type\":\"BreadcrumbList\",\"@id\":\"https:\\\/\\\/erinnakoenig.de\\\/vita\\\/#breadcrumb\",\"itemListElement\":[{\"@type\":\"ListItem\",\"position\":1,\"name\":\"Startseite\",\"item\":\"https:\\\/\\\/erinnakoenig.de\\\/\"},{\"@type\":\"ListItem\",\"position\":2,\"name\":\"Vita\"}]},{\"@type\":\"WebSite\",\"@id\":\"https:\\\/\\\/erinnakoenig.de\\\/#website\",\"url\":\"https:\\\/\\\/erinnakoenig.de\\\/\",\"name\":\"ERINNA K\u00d6NIG\",\"description\":\"EK STUDIO - D\u00fcsseldorf\",\"publisher\":{\"@id\":\"https:\\\/\\\/erinnakoenig.de\\\/#organization\"},\"potentialAction\":[{\"@type\":\"SearchAction\",\"target\":{\"@type\":\"EntryPoint\",\"urlTemplate\":\"https:\\\/\\\/erinnakoenig.de\\\/?s={search_term_string}\"},\"query-input\":{\"@type\":\"PropertyValueSpecification\",\"valueRequired\":true,\"valueName\":\"search_term_string\"}}],\"inLanguage\":\"en-GB\"},{\"@type\":\"Organization\",\"@id\":\"https:\\\/\\\/erinnakoenig.de\\\/#organization\",\"name\":\"EK STUDIO\",\"url\":\"https:\\\/\\\/erinnakoenig.de\\\/\",\"logo\":{\"@type\":\"ImageObject\",\"inLanguage\":\"en-GB\",\"@id\":\"https:\\\/\\\/erinnakoenig.de\\\/#\\\/schema\\\/logo\\\/image\\\/\",\"url\":\"https:\\\/\\\/erinnakoenig.de\\\/wp-content\\\/uploads\\\/2025\\\/08\\\/cropped-FAV.png\",\"contentUrl\":\"https:\\\/\\\/erinnakoenig.de\\\/wp-content\\\/uploads\\\/2025\\\/08\\\/cropped-FAV.png\",\"width\":512,\"height\":512,\"caption\":\"EK STUDIO\"},\"image\":{\"@id\":\"https:\\\/\\\/erinnakoenig.de\\\/#\\\/schema\\\/logo\\\/image\\\/\"},\"sameAs\":[\"https:\\\/\\\/www.instagram.com\\\/erinnakoenig\\\/\"]}]}<\/script>\n<!-- \/ Yoast SEO plugin. -->","yoast_head_json":{"title":"Vita | ERINNA K\u00d6NIG","description":"Erinna K\u00f6nig (deutsch, 1947-2021), Meistersch\u00fclerin von Joseph Beuys an der D\u00fcsseldorfer Kunstakademie, verwandelte Fundobjekte zu eloquenter aesthetischer Skulptur-Malerei.","robots":{"index":"index","follow":"follow","max-snippet":"max-snippet:-1","max-image-preview":"max-image-preview:large","max-video-preview":"max-video-preview:-1"},"canonical":"https:\/\/erinnakoenig.de\/en\/vita\/","og_locale":"en_GB","og_type":"article","og_title":"Vita | ERINNA K\u00d6NIG","og_description":"Erinna K\u00f6nig (deutsch, 1947-2021), Meistersch\u00fclerin von Joseph Beuys an der D\u00fcsseldorfer Kunstakademie, verwandelte Fundobjekte zu eloquenter aesthetischer Skulptur-Malerei.","og_url":"https:\/\/erinnakoenig.de\/en\/vita\/","og_site_name":"ERINNA K\u00d6NIG","article_modified_time":"2025-09-26T22:19:05+00:00","og_image":[{"width":1000,"height":1000,"url":"https:\/\/erinnakoenig.de\/wp-content\/uploads\/2025\/08\/Selbst-Portrait-1968-01.webp","type":"image\/webp"}],"twitter_card":"summary_large_image","twitter_misc":{"Estimated reading time":"6 minutes"},"schema":{"@context":"https:\/\/schema.org","@graph":[{"@type":"WebPage","@id":"https:\/\/erinnakoenig.de\/vita\/","url":"https:\/\/erinnakoenig.de\/vita\/","name":"Vita | ERINNA K\u00d6NIG","isPartOf":{"@id":"https:\/\/erinnakoenig.de\/#website"},"datePublished":"2025-08-18T09:10:57+00:00","dateModified":"2025-09-26T22:19:05+00:00","description":"Erinna K\u00f6nig (deutsch, 1947-2021), Meistersch\u00fclerin von Joseph Beuys an der D\u00fcsseldorfer Kunstakademie, verwandelte Fundobjekte zu eloquenter aesthetischer Skulptur-Malerei.","breadcrumb":{"@id":"https:\/\/erinnakoenig.de\/vita\/#breadcrumb"},"inLanguage":"en-GB","potentialAction":[{"@type":"ReadAction","target":["https:\/\/erinnakoenig.de\/vita\/"]}]},{"@type":"BreadcrumbList","@id":"https:\/\/erinnakoenig.de\/vita\/#breadcrumb","itemListElement":[{"@type":"ListItem","position":1,"name":"Startseite","item":"https:\/\/erinnakoenig.de\/"},{"@type":"ListItem","position":2,"name":"Vita"}]},{"@type":"WebSite","@id":"https:\/\/erinnakoenig.de\/#website","url":"https:\/\/erinnakoenig.de\/","name":"ERINNA K\u00d6NIG","description":"EK STUDIO - D\u00fcsseldorf","publisher":{"@id":"https:\/\/erinnakoenig.de\/#organization"},"potentialAction":[{"@type":"SearchAction","target":{"@type":"EntryPoint","urlTemplate":"https:\/\/erinnakoenig.de\/?s={search_term_string}"},"query-input":{"@type":"PropertyValueSpecification","valueRequired":true,"valueName":"search_term_string"}}],"inLanguage":"en-GB"},{"@type":"Organization","@id":"https:\/\/erinnakoenig.de\/#organization","name":"EK STUDIO","url":"https:\/\/erinnakoenig.de\/","logo":{"@type":"ImageObject","inLanguage":"en-GB","@id":"https:\/\/erinnakoenig.de\/#\/schema\/logo\/image\/","url":"https:\/\/erinnakoenig.de\/wp-content\/uploads\/2025\/08\/cropped-FAV.png","contentUrl":"https:\/\/erinnakoenig.de\/wp-content\/uploads\/2025\/08\/cropped-FAV.png","width":512,"height":512,"caption":"EK STUDIO"},"image":{"@id":"https:\/\/erinnakoenig.de\/#\/schema\/logo\/image\/"},"sameAs":["https:\/\/www.instagram.com\/erinnakoenig\/"]}]}},"_links":{"self":[{"href":"https:\/\/erinnakoenig.de\/en\/wp-json\/wp\/v2\/pages\/72","targetHints":{"allow":["GET"]}}],"collection":[{"href":"https:\/\/erinnakoenig.de\/en\/wp-json\/wp\/v2\/pages"}],"about":[{"href":"https:\/\/erinnakoenig.de\/en\/wp-json\/wp\/v2\/types\/page"}],"author":[{"embeddable":true,"href":"https:\/\/erinnakoenig.de\/en\/wp-json\/wp\/v2\/users\/1"}],"replies":[{"embeddable":true,"href":"https:\/\/erinnakoenig.de\/en\/wp-json\/wp\/v2\/comments?post=72"}],"version-history":[{"count":51,"href":"https:\/\/erinnakoenig.de\/en\/wp-json\/wp\/v2\/pages\/72\/revisions"}],"predecessor-version":[{"id":1964,"href":"https:\/\/erinnakoenig.de\/en\/wp-json\/wp\/v2\/pages\/72\/revisions\/1964"}],"wp:attachment":[{"href":"https:\/\/erinnakoenig.de\/en\/wp-json\/wp\/v2\/media?parent=72"}],"curies":[{"name":"wp","href":"https:\/\/api.w.org\/{rel}","templated":true}]}}