{"id":708,"date":"2025-09-08T06:51:40","date_gmt":"2025-09-08T06:51:40","guid":{"rendered":"https:\/\/erinnakoenig.com\/?page_id=708"},"modified":"2026-01-21T07:56:25","modified_gmt":"2026-01-21T07:56:25","slug":"erinna-koenig-retrospektive-von-der-heydt-museum-wuppertal-2023-24","status":"publish","type":"page","link":"https:\/\/erinnakoenig.de\/en\/ausstellungen\/einzelausstellungen\/erinna-koenig-retrospektive-von-der-heydt-museum-wuppertal-2023-24\/","title":{"rendered":"Erinna K\u00f6nig \u2013 Retrospective, von der Heydt Museum Wuppertal 2023\/24"},"content":{"rendered":"<p>[et_pb_section fb_built=&#8220;1&#8243; _builder_version=&#8220;4.27.4&#8243; _module_preset=&#8220;default&#8220; global_colors_info=&#8220;{}&#8220;][et_pb_row _builder_version=&#8220;4.27.4&#8243; _module_preset=&#8220;default&#8220; global_colors_info=&#8220;{}&#8220;][et_pb_column type=&#8220;4_4&#8243; _builder_version=&#8220;4.27.4&#8243; _module_preset=&#8220;default&#8220; global_colors_info=&#8220;{}&#8220;][et_pb_heading title=&#8220;Erinna K\u00f6nig \u2013 Retrospektive, von der Heydt Museum Wuppertal 2023\/24&#8243; _builder_version=&#8220;4.27.4&#8243; _module_preset=&#8220;default&#8220; title_font=&#8220;Avenir Light|100||on|||||&#8220; title_text_align=&#8220;right&#8220; global_colors_info=&#8220;{}&#8220;][\/et_pb_heading][\/et_pb_column][\/et_pb_row][et_pb_row column_structure=&#8220;2_3,1_3&#8243; _builder_version=&#8220;4.27.4&#8243; _module_preset=&#8220;default&#8220; global_colors_info=&#8220;{}&#8220;][et_pb_column type=&#8220;2_3&#8243; _builder_version=&#8220;4.27.4&#8243; _module_preset=&#8220;default&#8220; global_colors_info=&#8220;{}&#8220;][et_pb_text _builder_version=&#8220;4.27.4&#8243; _module_preset=&#8220;default&#8220; global_colors_info=&#8220;{}&#8220;]<\/p>\n<h1>ERINNA K\u00d6NIG<\/h1>\n<p><strong>28. Oktober 2023 \u2013 25. Februar 2024<\/strong><\/p>\n<p>Das Von der Heydt-Museum pr\u00e4sentiert eine umfassende Ausstellung von Erinna K\u00f6nig \u2013 die erste Retrospektive nach dem fr\u00fchen Tod der D\u00fcsseldorfer K\u00fcnstlerin im Oktober 2021.<\/p>\n<p>K\u00f6nig bearbeitete Gebrauchs- und Alltagsgegenst\u00e4nde durch skulpturale und malerische Eingriffe. Die vorgefundenen Dinge \u2013 Objekte und Materialien \u2013 sind Ausgangspunkte f\u00fcr neue Sichtweisen, die sich in ihrer Kunst auf sensible Art entfalten. Diese Dinge wurden pr\u00e4zise gew\u00e4hlt, stehen dabei nicht f\u00fcr sich, sondern dienen als Teil eines Ganzen. Durch ihre Bearbeitung und Kombinationen verwandelte die K\u00fcnstlerin sie in Skulpturen, Objektbilder oder Installationen. Hierbei arbeitete sie assoziativ, ohne Deutungsvorgaben. K\u00f6nig sah in den vorgefundenen Alltagsgegenst\u00e4nden nicht das Offensichtliche, nicht den Nutzen. So werden ausrangierte Kinostuhllehnen zur Maske, ein Reifen wird zur Gold gerahmten Blume und das Pal\u00e4stinensertuch zum Malgrund.<\/p>\n<p>Erinna K\u00f6nig, geboren in Warstein 1947, studierte an der D\u00fcsseldorfer Kunstakademie bei Dieter Roth und Joseph Beuys und blieb nach ihrem Studium in D\u00fcsseldorf, wo sie ihr Atelier f\u00fchrte und ihre Position in der Kunstlandschaft von NRW festigte. In den 1960er und 1970er Jahren, zu K\u00f6nigs Studienzeit, wurde die Frage, ob abstrakt oder gegenst\u00e4ndlich zu arbeiten sei, an den Akademien kontrovers diskutiert. Entschlossen, sich diesem Denken in Gegens\u00e4tzen zu entziehen, ging sie ihren eigenen Weg und entwickelte eine komplexe k\u00fcnstlerische Strategie: Sie untersuchte sowohl Formen als auch Materialien um ihrer selbst willen, jedoch ohne Motive und Inhalte dabei zu vernachl\u00e4ssigen.<\/p>\n<p>Die Retrospektive des Von der Heydt-Museums zeigt eine repr\u00e4sentative Auswahl aus Erinna K\u00f6nigs Gesamtwerk: Insgesamt werden etwa 50 Arbeiten aus der Zeit zwischen 1969 und 2020 gezeigt. Hinter diesem vielgestaltigen Schaffen verbirgt sich eine faszinierende K\u00fcnstlerinnenpers\u00f6nlichkeit, die sich auf ebenso sympathische wie humorvolle Weise als politisch bewusst und gesellschaftskritisch zu erkennen gibt.<\/p>\n<p>[\/et_pb_text][\/et_pb_column][et_pb_column type=&#8220;1_3&#8243; _builder_version=&#8220;4.27.4&#8243; _module_preset=&#8220;default&#8220; global_colors_info=&#8220;{}&#8220;][et_pb_image src=&#8220;https:\/\/erinnakoenig.de\/wp-content\/uploads\/2025\/08\/von-derheydt-cover-image.jpg&#8220; title_text=&#8220;von derheydt cover image&#8220; _builder_version=&#8220;4.27.4&#8243; _module_preset=&#8220;default&#8220; custom_margin=&#8220;||8px|||&#8220; global_colors_info=&#8220;{}&#8220;][\/et_pb_image][et_pb_text _builder_version=&#8220;4.27.4&#8243; _module_preset=&#8220;default&#8220; text_text_color=&#8220;#5b5b5b&#8220; text_font_size=&#8220;13px&#8220; global_colors_info=&#8220;{}&#8220;]<\/p>\n<p class=\"western\"><span lang=\"en-US\">Retrospektive Erinna K\u00f6nig, Von der Heydt Museum Wuppertal, photo: Belinda Eismann, Philippe Blondez<\/span><\/p>\n<p>[\/et_pb_text][et_pb_button button_url=&#8220;https:\/\/von-der-heydt-museum.de\/ausstellungen\/erinna-koenig-retrospektive\/&#8220; url_new_window=&#8220;on&#8220; button_text=&#8220;Von der Heydt Museum&#8220; button_alignment=&#8220;right&#8220; _builder_version=&#8220;4.27.4&#8243; _module_preset=&#8220;default&#8220; custom_button=&#8220;on&#8220; button_text_size=&#8220;16px&#8220; button_text_color=&#8220;#919191&#8243; global_colors_info=&#8220;{}&#8220;][\/et_pb_button][\/et_pb_column][\/et_pb_row][et_pb_row _builder_version=&#8220;4.27.4&#8243; _module_preset=&#8220;default&#8220; global_colors_info=&#8220;{}&#8220;][et_pb_column type=&#8220;4_4&#8243; _builder_version=&#8220;4.27.4&#8243; _module_preset=&#8220;default&#8220; global_colors_info=&#8220;{}&#8220;][et_pb_gallery gallery_ids=&#8220;714,715,717,718,719,720,721,722,725,726,731,733,734,736,738,739,740,741,742,744,745,746,748,749,750,751,753,754,755,756,758,759,760,761,762,763,765,768,770,772,773,774,775,777,779,780,781,783,784,786,787,788,789,791,792&#8243; orientation=&#8220;portrait&#8220; _builder_version=&#8220;4.27.4&#8243; _module_preset=&#8220;default&#8220; global_colors_info=&#8220;{}&#8220;][\/et_pb_gallery][et_pb_gallery gallery_ids=&#8220;714,779&#8243; orientation=&#8220;portrait&#8220; _builder_version=&#8220;4.27.4&#8243; _module_preset=&#8220;default&#8220; global_colors_info=&#8220;{}&#8220;][\/et_pb_gallery][\/et_pb_column][\/et_pb_row][et_pb_row _builder_version=&#8220;4.27.4&#8243; _module_preset=&#8220;default&#8220; global_colors_info=&#8220;{}&#8220;][et_pb_column type=&#8220;4_4&#8243; _builder_version=&#8220;4.27.4&#8243; _module_preset=&#8220;default&#8220; global_colors_info=&#8220;{}&#8220;][et_pb_gallery gallery_ids=&#8220;1369,1370,1371,1373,1372,1374,1375,1376,1377&#8243; _builder_version=&#8220;4.27.4&#8243; _module_preset=&#8220;default&#8220; global_colors_info=&#8220;{}&#8220;][\/et_pb_gallery][et_pb_gallery gallery_ids=&#8220;909,911,912,913&#8243; _builder_version=&#8220;4.27.4&#8243; _module_preset=&#8220;default&#8220; global_colors_info=&#8220;{}&#8220;][\/et_pb_gallery][\/et_pb_column][\/et_pb_row][\/et_pb_section][et_pb_section fb_built=&#8220;1&#8243; _builder_version=&#8220;4.27.4&#8243; _module_preset=&#8220;default&#8220; background_color=&#8220;#efefef&#8220; global_colors_info=&#8220;{}&#8220;][et_pb_row _builder_version=&#8220;4.27.4&#8243; _module_preset=&#8220;default&#8220; global_colors_info=&#8220;{}&#8220;][et_pb_column type=&#8220;4_4&#8243; _builder_version=&#8220;4.27.4&#8243; _module_preset=&#8220;default&#8220; global_colors_info=&#8220;{}&#8220;][et_pb_heading title=&#8220;Presse &#038; Links&#8220; _builder_version=&#8220;4.27.4&#8243; _module_preset=&#8220;default&#8220; global_colors_info=&#8220;{}&#8220;][\/et_pb_heading][et_pb_code _builder_version=&#8220;4.27.4&#8243; _module_preset=&#8220;default&#8220; global_colors_info=&#8220;{}&#8220;][\/et_pb_code][et_pb_text _builder_version=&#8220;4.27.5&#8243; _module_preset=&#8220;default&#8220; link_option_url=&#8220;https:\/\/www1.wdr.de\/lokalzeit\/fernsehen\/duesseldorf\/erinna-koenig-ausstellung-im-von-der-heydt-museum-100.html&#8220; link_option_url_new_window=&#8220;on&#8220; global_colors_info=&#8220;{}&#8220;]<\/p>\n<h1 class=\"articleHeader headline\">Erinna K\u00f6nig: Ausstellung im von der Heydt-Museum<\/h1>\n<p>[\/et_pb_text][et_pb_video src=&#8220;https:\/\/erinnakoenig.de\/wp-content\/uploads\/2026\/01\/311023_WDR_Lokalzeit.mp4&#8243; image_src=&#8220;https:\/\/erinnakoenig.de\/wp-content\/uploads\/2026\/01\/Bildschirmfoto-2026-01-21-um-08.54.46.png&#8220; _builder_version=&#8220;4.27.5&#8243; _module_preset=&#8220;default&#8220; global_colors_info=&#8220;{}&#8220; custom_margin=&#8220;||8px|||&#8220;][\/et_pb_video][et_pb_text _builder_version=&#8220;4.27.5&#8243; _module_preset=&#8220;default&#8220; link_option_url=&#8220;https:\/\/www1.wdr.de\/lokalzeit\/fernsehen\/duesseldorf\/erinna-koenig-ausstellung-im-von-der-heydt-museum-100.html&#8220; link_option_url_new_window=&#8220;on&#8220; global_colors_info=&#8220;{}&#8220;]<\/p>\n<p class=\"infotext\"><span class=\"mediaSerial\">Lokalzeit aus D\u00fcsseldorf<\/span><span class=\"hidden\">.<\/span><span>\u00a0<\/span><span class=\"mediaDate\">31.10.2023<\/span><span class=\"hidden\">.<\/span><span>\u00a0<\/span><span class=\"mediaExpiry\">Verf\u00fcgbar bis 31.10.2025<\/span><span class=\"hidden\">.<\/span><span>\u00a0<\/span><span class=\"mediaStation\">WDR<\/span><span class=\"hidden\">.<\/span><span>\u00a0<\/span><span class=\"mediaAuthor\">Von Thomas Mau<\/span><\/p>\n<p>[\/et_pb_text][\/et_pb_column][\/et_pb_row][\/et_pb_section]<\/p>\n","protected":false},"excerpt":{"rendered":"<p>ERINNA K\u00d6NIG 28. Oktober 2023 \u2013 25. Februar 2024 Das Von der Heydt-Museum pr\u00e4sentiert eine umfassende Ausstellung von Erinna K\u00f6nig \u2013 die erste Retrospektive nach dem fr\u00fchen Tod der D\u00fcsseldorfer K\u00fcnstlerin im Oktober 2021. K\u00f6nig bearbeitete Gebrauchs- und Alltagsgegenst\u00e4nde durch skulpturale und malerische Eingriffe. Die vorgefundenen Dinge \u2013 Objekte und Materialien \u2013 sind Ausgangspunkte f\u00fcr [&hellip;]<\/p>\n","protected":false},"author":3,"featured_media":0,"parent":271,"menu_order":0,"comment_status":"closed","ping_status":"closed","template":"","meta":{"_et_pb_use_builder":"on","_et_pb_old_content":"","_et_gb_content_width":"","footnotes":""},"class_list":["post-708","page","type-page","status-publish","hentry"],"yoast_head":"<!-- This site is optimized with the Yoast SEO plugin v27.4 - https:\/\/yoast.com\/product\/yoast-seo-wordpress\/ -->\n<title>Erinna K\u00f6nig \u2013 Retrospektive,\u00a0von der Heydt Museum Wuppertal 2023\/24 | ERINNA K\u00d6NIG<\/title>\n<meta name=\"description\" content=\"Erinna K\u00f6nig (deutsch, 1947-2021), Meistersch\u00fclerin von Joseph Beuys an der D\u00fcsseldorfer Kunstakademie, verwandelte Fundobjekte zu eloquenter aesthetischer Skulptur-Malerei.\" \/>\n<meta name=\"robots\" content=\"index, follow, max-snippet:-1, max-image-preview:large, max-video-preview:-1\" \/>\n<link rel=\"canonical\" href=\"https:\/\/erinnakoenig.de\/en\/ausstellungen\/einzelausstellungen\/erinna-koenig-retrospektive-von-der-heydt-museum-wuppertal-2023-24\/\" \/>\n<meta property=\"og:locale\" content=\"en_GB\" \/>\n<meta property=\"og:type\" content=\"article\" \/>\n<meta property=\"og:title\" content=\"Erinna K\u00f6nig \u2013 Retrospektive,\u00a0von der Heydt Museum Wuppertal 2023\/24 | ERINNA K\u00d6NIG\" \/>\n<meta property=\"og:description\" content=\"Erinna K\u00f6nig (deutsch, 1947-2021), Meistersch\u00fclerin von Joseph Beuys an der D\u00fcsseldorfer Kunstakademie, verwandelte Fundobjekte zu eloquenter aesthetischer Skulptur-Malerei.\" \/>\n<meta property=\"og:url\" content=\"https:\/\/erinnakoenig.de\/en\/ausstellungen\/einzelausstellungen\/erinna-koenig-retrospektive-von-der-heydt-museum-wuppertal-2023-24\/\" \/>\n<meta property=\"og:site_name\" content=\"ERINNA K\u00d6NIG\" \/>\n<meta property=\"article:modified_time\" content=\"2026-01-21T07:56:25+00:00\" \/>\n<meta property=\"og:image\" content=\"https:\/\/erinnakoenig.de\/wp-content\/uploads\/2025\/08\/Selbst-Portrait-1968-01.webp\" \/>\n\t<meta property=\"og:image:width\" content=\"1000\" \/>\n\t<meta property=\"og:image:height\" content=\"1000\" \/>\n\t<meta property=\"og:image:type\" content=\"image\/webp\" \/>\n<meta name=\"twitter:card\" content=\"summary_large_image\" \/>\n<meta name=\"twitter:label1\" content=\"Estimated reading time\" \/>\n\t<meta name=\"twitter:data1\" content=\"4 minutes\" \/>\n<script type=\"application\/ld+json\" class=\"yoast-schema-graph\">{\"@context\":\"https:\\\/\\\/schema.org\",\"@graph\":[{\"@type\":\"WebPage\",\"@id\":\"https:\\\/\\\/erinnakoenig.de\\\/ausstellungen\\\/einzelausstellungen\\\/erinna-koenig-retrospektive-von-der-heydt-museum-wuppertal-2023-24\\\/\",\"url\":\"https:\\\/\\\/erinnakoenig.de\\\/ausstellungen\\\/einzelausstellungen\\\/erinna-koenig-retrospektive-von-der-heydt-museum-wuppertal-2023-24\\\/\",\"name\":\"Erinna K\u00f6nig \u2013 Retrospektive,\u00a0von der Heydt Museum Wuppertal 2023\\\/24 | ERINNA K\u00d6NIG\",\"isPartOf\":{\"@id\":\"https:\\\/\\\/erinnakoenig.de\\\/#website\"},\"datePublished\":\"2025-09-08T06:51:40+00:00\",\"dateModified\":\"2026-01-21T07:56:25+00:00\",\"description\":\"Erinna K\u00f6nig (deutsch, 1947-2021), Meistersch\u00fclerin von Joseph Beuys an der D\u00fcsseldorfer Kunstakademie, verwandelte Fundobjekte zu eloquenter aesthetischer Skulptur-Malerei.\",\"breadcrumb\":{\"@id\":\"https:\\\/\\\/erinnakoenig.de\\\/ausstellungen\\\/einzelausstellungen\\\/erinna-koenig-retrospektive-von-der-heydt-museum-wuppertal-2023-24\\\/#breadcrumb\"},\"inLanguage\":\"en-GB\",\"potentialAction\":[{\"@type\":\"ReadAction\",\"target\":[\"https:\\\/\\\/erinnakoenig.de\\\/ausstellungen\\\/einzelausstellungen\\\/erinna-koenig-retrospektive-von-der-heydt-museum-wuppertal-2023-24\\\/\"]}]},{\"@type\":\"BreadcrumbList\",\"@id\":\"https:\\\/\\\/erinnakoenig.de\\\/ausstellungen\\\/einzelausstellungen\\\/erinna-koenig-retrospektive-von-der-heydt-museum-wuppertal-2023-24\\\/#breadcrumb\",\"itemListElement\":[{\"@type\":\"ListItem\",\"position\":1,\"name\":\"Startseite\",\"item\":\"https:\\\/\\\/erinnakoenig.de\\\/\"},{\"@type\":\"ListItem\",\"position\":2,\"name\":\"Ausstellungen\",\"item\":\"https:\\\/\\\/erinnakoenig.de\\\/ausstellungen\\\/\"},{\"@type\":\"ListItem\",\"position\":3,\"name\":\"Einzelausstellungen\",\"item\":\"https:\\\/\\\/erinnakoenig.de\\\/ausstellungen\\\/einzelausstellungen\\\/\"},{\"@type\":\"ListItem\",\"position\":4,\"name\":\"Erinna K\u00f6nig \u2013 Retrospektive,\u00a0von der Heydt Museum Wuppertal 2023\\\/24\"}]},{\"@type\":\"WebSite\",\"@id\":\"https:\\\/\\\/erinnakoenig.de\\\/#website\",\"url\":\"https:\\\/\\\/erinnakoenig.de\\\/\",\"name\":\"ERINNA K\u00d6NIG\",\"description\":\"EK STUDIO - D\u00fcsseldorf\",\"publisher\":{\"@id\":\"https:\\\/\\\/erinnakoenig.de\\\/#organization\"},\"potentialAction\":[{\"@type\":\"SearchAction\",\"target\":{\"@type\":\"EntryPoint\",\"urlTemplate\":\"https:\\\/\\\/erinnakoenig.de\\\/?s={search_term_string}\"},\"query-input\":{\"@type\":\"PropertyValueSpecification\",\"valueRequired\":true,\"valueName\":\"search_term_string\"}}],\"inLanguage\":\"en-GB\"},{\"@type\":\"Organization\",\"@id\":\"https:\\\/\\\/erinnakoenig.de\\\/#organization\",\"name\":\"EK STUDIO\",\"url\":\"https:\\\/\\\/erinnakoenig.de\\\/\",\"logo\":{\"@type\":\"ImageObject\",\"inLanguage\":\"en-GB\",\"@id\":\"https:\\\/\\\/erinnakoenig.de\\\/#\\\/schema\\\/logo\\\/image\\\/\",\"url\":\"https:\\\/\\\/erinnakoenig.de\\\/wp-content\\\/uploads\\\/2025\\\/08\\\/cropped-FAV.png\",\"contentUrl\":\"https:\\\/\\\/erinnakoenig.de\\\/wp-content\\\/uploads\\\/2025\\\/08\\\/cropped-FAV.png\",\"width\":512,\"height\":512,\"caption\":\"EK STUDIO\"},\"image\":{\"@id\":\"https:\\\/\\\/erinnakoenig.de\\\/#\\\/schema\\\/logo\\\/image\\\/\"},\"sameAs\":[\"https:\\\/\\\/www.instagram.com\\\/erinnakoenig\\\/\"]}]}<\/script>\n<!-- \/ Yoast SEO plugin. -->","yoast_head_json":{"title":"Erinna K\u00f6nig \u2013 Retrospektive,\u00a0von der Heydt Museum Wuppertal 2023\/24 | ERINNA K\u00d6NIG","description":"Erinna K\u00f6nig (deutsch, 1947-2021), Meistersch\u00fclerin von Joseph Beuys an der D\u00fcsseldorfer Kunstakademie, verwandelte Fundobjekte zu eloquenter aesthetischer Skulptur-Malerei.","robots":{"index":"index","follow":"follow","max-snippet":"max-snippet:-1","max-image-preview":"max-image-preview:large","max-video-preview":"max-video-preview:-1"},"canonical":"https:\/\/erinnakoenig.de\/en\/ausstellungen\/einzelausstellungen\/erinna-koenig-retrospektive-von-der-heydt-museum-wuppertal-2023-24\/","og_locale":"en_GB","og_type":"article","og_title":"Erinna K\u00f6nig \u2013 Retrospektive,\u00a0von der Heydt Museum Wuppertal 2023\/24 | ERINNA K\u00d6NIG","og_description":"Erinna K\u00f6nig (deutsch, 1947-2021), Meistersch\u00fclerin von Joseph Beuys an der D\u00fcsseldorfer Kunstakademie, verwandelte Fundobjekte zu eloquenter aesthetischer Skulptur-Malerei.","og_url":"https:\/\/erinnakoenig.de\/en\/ausstellungen\/einzelausstellungen\/erinna-koenig-retrospektive-von-der-heydt-museum-wuppertal-2023-24\/","og_site_name":"ERINNA K\u00d6NIG","article_modified_time":"2026-01-21T07:56:25+00:00","og_image":[{"width":1000,"height":1000,"url":"https:\/\/erinnakoenig.de\/wp-content\/uploads\/2025\/08\/Selbst-Portrait-1968-01.webp","type":"image\/webp"}],"twitter_card":"summary_large_image","twitter_misc":{"Estimated reading time":"4 minutes"},"schema":{"@context":"https:\/\/schema.org","@graph":[{"@type":"WebPage","@id":"https:\/\/erinnakoenig.de\/ausstellungen\/einzelausstellungen\/erinna-koenig-retrospektive-von-der-heydt-museum-wuppertal-2023-24\/","url":"https:\/\/erinnakoenig.de\/ausstellungen\/einzelausstellungen\/erinna-koenig-retrospektive-von-der-heydt-museum-wuppertal-2023-24\/","name":"Erinna K\u00f6nig \u2013 Retrospektive,\u00a0von der Heydt Museum Wuppertal 2023\/24 | ERINNA K\u00d6NIG","isPartOf":{"@id":"https:\/\/erinnakoenig.de\/#website"},"datePublished":"2025-09-08T06:51:40+00:00","dateModified":"2026-01-21T07:56:25+00:00","description":"Erinna K\u00f6nig (deutsch, 1947-2021), Meistersch\u00fclerin von Joseph Beuys an der D\u00fcsseldorfer Kunstakademie, verwandelte Fundobjekte zu eloquenter aesthetischer Skulptur-Malerei.","breadcrumb":{"@id":"https:\/\/erinnakoenig.de\/ausstellungen\/einzelausstellungen\/erinna-koenig-retrospektive-von-der-heydt-museum-wuppertal-2023-24\/#breadcrumb"},"inLanguage":"en-GB","potentialAction":[{"@type":"ReadAction","target":["https:\/\/erinnakoenig.de\/ausstellungen\/einzelausstellungen\/erinna-koenig-retrospektive-von-der-heydt-museum-wuppertal-2023-24\/"]}]},{"@type":"BreadcrumbList","@id":"https:\/\/erinnakoenig.de\/ausstellungen\/einzelausstellungen\/erinna-koenig-retrospektive-von-der-heydt-museum-wuppertal-2023-24\/#breadcrumb","itemListElement":[{"@type":"ListItem","position":1,"name":"Startseite","item":"https:\/\/erinnakoenig.de\/"},{"@type":"ListItem","position":2,"name":"Ausstellungen","item":"https:\/\/erinnakoenig.de\/ausstellungen\/"},{"@type":"ListItem","position":3,"name":"Einzelausstellungen","item":"https:\/\/erinnakoenig.de\/ausstellungen\/einzelausstellungen\/"},{"@type":"ListItem","position":4,"name":"Erinna K\u00f6nig \u2013 Retrospektive,\u00a0von der Heydt Museum Wuppertal 2023\/24"}]},{"@type":"WebSite","@id":"https:\/\/erinnakoenig.de\/#website","url":"https:\/\/erinnakoenig.de\/","name":"ERINNA K\u00d6NIG","description":"EK STUDIO - D\u00fcsseldorf","publisher":{"@id":"https:\/\/erinnakoenig.de\/#organization"},"potentialAction":[{"@type":"SearchAction","target":{"@type":"EntryPoint","urlTemplate":"https:\/\/erinnakoenig.de\/?s={search_term_string}"},"query-input":{"@type":"PropertyValueSpecification","valueRequired":true,"valueName":"search_term_string"}}],"inLanguage":"en-GB"},{"@type":"Organization","@id":"https:\/\/erinnakoenig.de\/#organization","name":"EK STUDIO","url":"https:\/\/erinnakoenig.de\/","logo":{"@type":"ImageObject","inLanguage":"en-GB","@id":"https:\/\/erinnakoenig.de\/#\/schema\/logo\/image\/","url":"https:\/\/erinnakoenig.de\/wp-content\/uploads\/2025\/08\/cropped-FAV.png","contentUrl":"https:\/\/erinnakoenig.de\/wp-content\/uploads\/2025\/08\/cropped-FAV.png","width":512,"height":512,"caption":"EK STUDIO"},"image":{"@id":"https:\/\/erinnakoenig.de\/#\/schema\/logo\/image\/"},"sameAs":["https:\/\/www.instagram.com\/erinnakoenig\/"]}]}},"_links":{"self":[{"href":"https:\/\/erinnakoenig.de\/en\/wp-json\/wp\/v2\/pages\/708","targetHints":{"allow":["GET"]}}],"collection":[{"href":"https:\/\/erinnakoenig.de\/en\/wp-json\/wp\/v2\/pages"}],"about":[{"href":"https:\/\/erinnakoenig.de\/en\/wp-json\/wp\/v2\/types\/page"}],"author":[{"embeddable":true,"href":"https:\/\/erinnakoenig.de\/en\/wp-json\/wp\/v2\/users\/3"}],"replies":[{"embeddable":true,"href":"https:\/\/erinnakoenig.de\/en\/wp-json\/wp\/v2\/comments?post=708"}],"version-history":[{"count":21,"href":"https:\/\/erinnakoenig.de\/en\/wp-json\/wp\/v2\/pages\/708\/revisions"}],"predecessor-version":[{"id":2288,"href":"https:\/\/erinnakoenig.de\/en\/wp-json\/wp\/v2\/pages\/708\/revisions\/2288"}],"up":[{"embeddable":true,"href":"https:\/\/erinnakoenig.de\/en\/wp-json\/wp\/v2\/pages\/271"}],"wp:attachment":[{"href":"https:\/\/erinnakoenig.de\/en\/wp-json\/wp\/v2\/media?parent=708"}],"curies":[{"name":"wp","href":"https:\/\/api.w.org\/{rel}","templated":true}]}}