{"id":651,"date":"2025-09-07T16:05:26","date_gmt":"2025-09-07T16:05:26","guid":{"rendered":"https:\/\/erinnakoenig.com\/?page_id=651"},"modified":"2025-09-22T15:51:41","modified_gmt":"2025-09-22T15:51:41","slug":"untitled-chromatics-upco-ek-studio-duesseldorf-2024","status":"publish","type":"page","link":"https:\/\/erinnakoenig.de\/en\/ausstellungen\/einzelausstellungen\/untitled-chromatics-upco-ek-studio-duesseldorf-2024\/","title":{"rendered":"Untitled (Chromatics), UP&amp;CO @ EK STUDIO, D\u00fcsseldorf, 2024"},"content":{"rendered":"<p>[et_pb_section fb_built=&#8220;1&#8243; _builder_version=&#8220;4.27.4&#8243; _module_preset=&#8220;default&#8220; global_colors_info=&#8220;{}&#8220;][et_pb_row _builder_version=&#8220;4.27.4&#8243; _module_preset=&#8220;default&#8220; global_colors_info=&#8220;{}&#8220;][et_pb_column type=&#8220;4_4&#8243; _builder_version=&#8220;4.27.4&#8243; _module_preset=&#8220;default&#8220; global_colors_info=&#8220;{}&#8220;][et_pb_heading title=&#8220;Untitled (Chromatics), UP&#038;CO @ EK STUDIO, D\u00fcsseldorf, 2024&#8243; _builder_version=&#8220;4.27.4&#8243; _module_preset=&#8220;default&#8220; title_font=&#8220;Avenir Light|100||on|||||&#8220; title_text_align=&#8220;right&#8220; global_colors_info=&#8220;{}&#8220;][\/et_pb_heading][\/et_pb_column][\/et_pb_row][et_pb_row column_structure=&#8220;3_5,2_5&#8243; _builder_version=&#8220;4.27.4&#8243; _module_preset=&#8220;default&#8220; global_colors_info=&#8220;{}&#8220;][et_pb_column type=&#8220;3_5&#8243; _builder_version=&#8220;4.27.4&#8243; _module_preset=&#8220;default&#8220; global_colors_info=&#8220;{}&#8220;][et_pb_text _builder_version=&#8220;4.27.4&#8243; _module_preset=&#8220;default&#8220; global_colors_info=&#8220;{}&#8220;]<\/p>\n<p class=\"western\"><strong>ERINNA K\u00d6NIG<\/strong><br \/><strong>Untitled (Chromatics)<\/strong><br \/>Works 1974 &#8211; 1992<br \/>Film: Oscar B. or The Imperialism<\/p>\n<p>Alles im Universum enth\u00e4lt alle Farben. Wir sehen jedoch nur diejenigen, die uns pers\u00f6nlich zug\u00e4nglich sind, abh\u00e4ngig von Objekt, Subjekt und Situation: Nachts sehen alle Katzen grau aus.<\/p>\n<p>Die von der Menschheit geschriebene Geschichte folgt diesem Muster: Der Sieger schreibt die Geschichte, meist in Schwarz und Wei\u00df, gut und b\u00f6se. Physikalische, biologische, pers\u00f6nliche, kulturelle und gesellschaftliche Elemente wirken wie Filter, die unsere Lebenserfahrung ver\u00e4ndern und zu einem selektiven Bewusstsein f\u00fchren. Wir f\u00fchlen, sehen und h\u00f6ren, was wir k\u00f6nnen, d\u00fcrfen oder wollen &#8230; f\u00fchlen, sehen, h\u00f6ren, erkennen.<\/p>\n<p>Erinna K\u00f6nigs Arbeit regt uns dazu an, festgefahrene Denk- und Verhaltensmuster zu hinterfragen. Wie wir die Welt erleben und was wir daraus machen, wird das n\u00e4chste Kapitel der Geschichte schreiben.<\/p>\n<p><strong>Werke 1982\u20131992<\/strong><\/p>\n<p>1982. Erinna K\u00f6nig l\u00e4sst die Protestjahre der 70er hinter sich, kn\u00fcpft wieder an ihr j\u00fcngeres Ich an der D\u00fcsseldorfer Akademie an und konzentriert sich erneut auf Fundst\u00fccke als Ausgangsmaterial. Mit subtilen und k\u00fchnen Eingriffen choreografiert sie ihre \u201eobjets trouv\u00e9s\u201d zu komplexen Kompositionen, die akzeptierte Formen der Wahrnehmung in Gesellschaft und Kunst sowohl einbeziehen als auch hinterfragen.<\/p>\n<p>In ihre Arbeit flie\u00dft nicht nur die Physikalit\u00e4t der Objekte ein, sondern auch ihre Herkunft und kulturelle Bedeutung. Das Ergebnis ist ein sehr vielseitiges \u0152uvre, das zum Nachdenken anregt und Neugier weckt, w\u00e4hrend es Ausdrucksformen miteinander verbindet, die so unterschiedlich sind wie Minimal Art und Arte Povera.<\/p>\n<p>Die Vielseitigkeit sowohl der Grundmaterialien als auch der Interventionen von Erinna K\u00f6nig kommt der K\u00fcnstlerin sehr zugute. Sie lehnen die Grenzen eines bestimmten Genres ab und bilden eine perfekte Grundlage f\u00fcr einen kontinuierlichen Weg der Entdeckung.<br \/>Die 3 m lange \u201eArbeitsplatte\u201d aus Edelstahl (Titelbild) ist eine gro\u00dfe, imposante rechteckige Form, die jedoch als K\u00fcchenoberfl\u00e4che zum Servieren und Arbeiten konzipiert ist. \u201eUntitled\u201d ist ein quadratischer Rahmen, der mit grob gestricktem Stoff bespannt und gro\u00dfz\u00fcgig wei\u00df \u00fcbermalt ist. Auf einer Seite h\u00e4ngt das Ende des Stoffes l\u00e4ssig \u00fcber die Kante wie der \u00c4rmel eines T-Shirts. Direkt und reduktionistisch, aber dennoch weich, wei\u00df und \u201eweiblich\u201c, widersetzt sich das \u00fcber die Kante hinausragende St\u00fcck der Idee des strengen Minimalismus \u2013 oder macht sich dar\u00fcber lustig.<\/p>\n<p>\u201eForm Picture\u201c ist ein Holzausschnitt von Erinna K\u00f6nigs eigener Torso-Silhouette, bemalt mit diagonalen Rechtecken in \u201eMondrian-Farben\u201c, was leider den Eindruck einer eleganten Kunstsch\u00fcrze vermittelt. Die Taille fungiert als vertikale Mittellinie, die die gesamte Ausstellung ausgleicht.<\/p>\n<p>\u201eKitchen part\u201c scheint ein umgedrehter K\u00fcchentisch ohne Beine zu sein, w\u00e4hrend \u201eWashing Board\u201c, ebenfalls aus dem weiblichen Bereich abgeleitet, aufgrund der welligen und geschnittenen Wellen im ansonsten klaren Glas zu einem blinden Fenster wird. Insbesondere dieses Werk l\u00e4sst uns \u00fcber die Frage des technischen und gesellschaftlichen Fortschritts \u2013 und dessen Fehlen \u2013 nachdenken. Diese Werkgruppe schlie\u00dft mit \u201ePiece of Rose\u201c \u2013 einem direktional geformten St\u00fcck handels\u00fcblichem Teppichboden in einer Mischung aus Rot und Schwarz, das grob auf ein raues St\u00fcck Holz geklebt ist.<\/p>\n<p>Die leere Tafel des \u201eBlackboard Picture\u201c verbirgt sich hinter der T\u00fcr, die perfekt aus einem leeren Holzwerkzeugkasten gefertigt ist. \u201eWallpiece\u201c zeigt die historischen Spuren architektonischer Eingriffe, und das \u201eDouble Window Picture\u201c ist eine Komposition aus Fensterladenelementen: geometrische Formen, sowohl quadratisch als auch linear \u2013 und gleichzeitig an Haremfenster erinnernd.<\/p>\n<p>[\/et_pb_text][\/et_pb_column][et_pb_column type=&#8220;2_5&#8243; _builder_version=&#8220;4.27.4&#8243; _module_preset=&#8220;default&#8220; background_enable_color=&#8220;off&#8220; global_colors_info=&#8220;{}&#8220;][et_pb_image src=&#8220;https:\/\/erinnakoenig.de\/wp-content\/uploads\/2025\/08\/COVER-Erinna-by-Wolfgang-Hohndorf.jpg&#8220; title_text=&#8220;COVER-Erinna by Wolfgang Hohndorf&#8220; align=&#8220;center&#8220; force_fullwidth=&#8220;on&#8220; _builder_version=&#8220;4.27.4&#8243; _module_preset=&#8220;default&#8220; custom_margin=&#8220;0px||8px|0px|false|false&#8220; custom_padding=&#8220;1px|0px|10px|0px|false|false&#8220; global_colors_info=&#8220;{}&#8220;][\/et_pb_image][et_pb_text _builder_version=&#8220;4.27.4&#8243; _module_preset=&#8220;default&#8220; text_text_color=&#8220;#5b5b5b&#8220; text_font_size=&#8220;13px&#8220; custom_margin=&#8220;-13px|11px|20px|11px|false|true&#8220; global_colors_info=&#8220;{}&#8220;]<\/p>\n<p class=\"western\"><span lang=\"en-US\">Photo: Wolfgang Hohndorf<\/span><\/p>\n<p>[\/et_pb_text][et_pb_video src=&#8220;https:\/\/erinnakoenig.de\/wp-content\/uploads\/2025\/09\/chromatics_Jan-Hoehe_all_neu.mp4&#8243; src_webm=&#8220;https:\/\/erinnakoenig.de\/wp-content\/uploads\/2025\/09\/chromatics_Jan-Hoehe_all_neu.webm&#8220; _builder_version=&#8220;4.27.4&#8243; _module_preset=&#8220;default&#8220; global_colors_info=&#8220;{}&#8220;][\/et_pb_video][et_pb_text _builder_version=&#8220;4.27.4&#8243; _module_preset=&#8220;default&#8220; text_text_color=&#8220;#5b5b5b&#8220; text_font_size=&#8220;13px&#8220; custom_margin=&#8220;-20px|11px|20px|11px|false|true&#8220; global_colors_info=&#8220;{}&#8220;]<\/p>\n<p class=\"western\"><span lang=\"en-US\">Clip: Jan H\u00f6he<\/span><\/p>\n<p>[\/et_pb_text][\/et_pb_column][\/et_pb_row][et_pb_row column_structure=&#8220;1_4,1_4,1_4,1_4&#8243; _builder_version=&#8220;4.27.4&#8243; _module_preset=&#8220;default&#8220; custom_padding=&#8220;||5px|||&#8220; hover_enabled=&#8220;0&#8243; global_colors_info=&#8220;{}&#8220; sticky_enabled=&#8220;0&#8243;][et_pb_column _builder_version=&#8220;4.27.4&#8243; _module_preset=&#8220;default&#8220; type=&#8220;1_4&#8243;][et_pb_video src=&#8220;https:\/\/erinnakoenig.de\/wp-content\/uploads\/2025\/09\/chromatics_Jan-Hoehe_1neu.mp4&#8243; src_webm=&#8220;https:\/\/erinnakoenig.de\/wp-content\/uploads\/2025\/09\/chromatics_Jan-Hoehe_1neu.webm&#8220; _builder_version=&#8220;4.27.4&#8243; _module_preset=&#8220;default&#8220; global_colors_info=&#8220;{}&#8220;][\/et_pb_video][\/et_pb_column][et_pb_column type=&#8220;1_4&#8243; _builder_version=&#8220;4.27.4&#8243; _module_preset=&#8220;default&#8220; global_colors_info=&#8220;{}&#8220;][et_pb_video src=&#8220;https:\/\/erinnakoenig.de\/wp-content\/uploads\/2025\/09\/chromatics_Jan-Hoehe_2.mp4&#8243; src_webm=&#8220;https:\/\/erinnakoenig.de\/wp-content\/uploads\/2025\/09\/chromatics_Jan-Hoehe_2.webm&#8220; _builder_version=&#8220;4.27.4&#8243; _module_preset=&#8220;default&#8220; global_colors_info=&#8220;{}&#8220;][\/et_pb_video][et_pb_text _builder_version=&#8220;4.27.4&#8243; _module_preset=&#8220;default&#8220; text_text_color=&#8220;#5b5b5b&#8220; text_font_size=&#8220;13px&#8220; custom_margin=&#8220;-20px|11px|20px|11px|false|true&#8220; global_colors_info=&#8220;{}&#8220;]<\/p>\n<p class=\"western\"><span lang=\"en-US\">Clips: Jan H\u00f6he<\/span><\/p>\n<p>[\/et_pb_text][\/et_pb_column][et_pb_column type=&#8220;1_4&#8243; _builder_version=&#8220;4.27.4&#8243; _module_preset=&#8220;default&#8220; global_colors_info=&#8220;{}&#8220;][et_pb_video src=&#8220;https:\/\/erinnakoenig.de\/wp-content\/uploads\/2025\/09\/chromatics_Jan-Hoehe_3.mp4&#8243; src_webm=&#8220;https:\/\/erinnakoenig.de\/wp-content\/uploads\/2025\/09\/chromatics_Jan-Hoehe_3.webm&#8220; _builder_version=&#8220;4.27.4&#8243; _module_preset=&#8220;default&#8220; global_colors_info=&#8220;{}&#8220;][\/et_pb_video][\/et_pb_column][et_pb_column type=&#8220;1_4&#8243; _builder_version=&#8220;4.27.4&#8243; _module_preset=&#8220;default&#8220; global_colors_info=&#8220;{}&#8220;][et_pb_video src=&#8220;https:\/\/erinnakoenig.de\/wp-content\/uploads\/2025\/09\/chromatics_Jan-Hoehe_4.mp4&#8243; src_webm=&#8220;https:\/\/erinnakoenig.de\/wp-content\/uploads\/2025\/09\/chromatics_Jan-Hoehe_4.webm&#8220; _builder_version=&#8220;4.27.4&#8243; _module_preset=&#8220;default&#8220; global_colors_info=&#8220;{}&#8220;][\/et_pb_video][\/et_pb_column][\/et_pb_row][et_pb_row column_structure=&#8220;1_3,1_3,1_3&#8243; _builder_version=&#8220;4.27.4&#8243; _module_preset=&#8220;default&#8220; global_colors_info=&#8220;{}&#8220;][et_pb_column type=&#8220;1_3&#8243; _builder_version=&#8220;4.27.4&#8243; _module_preset=&#8220;default&#8220; global_colors_info=&#8220;{}&#8220;][et_pb_video src=&#8220;https:\/\/erinnakoenig.de\/wp-content\/uploads\/2025\/09\/chromatics_Jan-Hoehe_5.mp4&#8243; src_webm=&#8220;https:\/\/erinnakoenig.de\/wp-content\/uploads\/2025\/09\/chromatics_Jan-Hoehe_5.webm&#8220; _builder_version=&#8220;4.27.4&#8243; _module_preset=&#8220;default&#8220; global_colors_info=&#8220;{}&#8220;][\/et_pb_video][et_pb_text _builder_version=&#8220;4.27.4&#8243; _module_preset=&#8220;default&#8220; text_text_color=&#8220;#5b5b5b&#8220; text_font_size=&#8220;13px&#8220; custom_margin=&#8220;-20px|11px|20px|11px|false|true&#8220; global_colors_info=&#8220;{}&#8220;]<\/p>\n<p class=\"western\"><span lang=\"en-US\">Clips: Jan H\u00f6he<\/span><\/p>\n<p>[\/et_pb_text][\/et_pb_column][et_pb_column type=&#8220;1_3&#8243; _builder_version=&#8220;4.27.4&#8243; _module_preset=&#8220;default&#8220; global_colors_info=&#8220;{}&#8220;][et_pb_video src=&#8220;https:\/\/erinnakoenig.de\/wp-content\/uploads\/2025\/09\/chromatics_Jan-Hoehe_6.mp4&#8243; src_webm=&#8220;https:\/\/erinnakoenig.de\/wp-content\/uploads\/2025\/09\/chromatics_Jan-Hoehe_6.webm&#8220; _builder_version=&#8220;4.27.4&#8243; _module_preset=&#8220;default&#8220; global_colors_info=&#8220;{}&#8220;][\/et_pb_video][\/et_pb_column][et_pb_column type=&#8220;1_3&#8243; _builder_version=&#8220;4.27.4&#8243; _module_preset=&#8220;default&#8220; global_colors_info=&#8220;{}&#8220;][et_pb_video src=&#8220;https:\/\/erinnakoenig.de\/wp-content\/uploads\/2025\/09\/chromatics_Jan-Hoehe_7.mp4&#8243; src_webm=&#8220;https:\/\/erinnakoenig.de\/wp-content\/uploads\/2025\/09\/chromatics_Jan-Hoehe_7.webm&#8220; _builder_version=&#8220;4.27.4&#8243; _module_preset=&#8220;default&#8220; global_colors_info=&#8220;{}&#8220;][\/et_pb_video][\/et_pb_column][\/et_pb_row][et_pb_row _builder_version=&#8220;4.27.4&#8243; _module_preset=&#8220;default&#8220; global_colors_info=&#8220;{}&#8220;][et_pb_column type=&#8220;4_4&#8243; _builder_version=&#8220;4.27.4&#8243; _module_preset=&#8220;default&#8220; global_colors_info=&#8220;{}&#8220;][et_pb_gallery gallery_ids=&#8220;985,984,986,987,988,989,990,991,992,993,994,995,996,997,998,999,1000,1001,1002&#8243; posts_number=&#8220;8&#8243; orientation=&#8220;portrait&#8220; _builder_version=&#8220;4.27.4&#8243; _module_preset=&#8220;default&#8220; global_colors_info=&#8220;{}&#8220;][\/et_pb_gallery][\/et_pb_column][\/et_pb_row][et_pb_row _builder_version=&#8220;4.27.4&#8243; _module_preset=&#8220;default&#8220; global_colors_info=&#8220;{}&#8220;][et_pb_column type=&#8220;4_4&#8243; _builder_version=&#8220;4.27.4&#8243; _module_preset=&#8220;default&#8220; global_colors_info=&#8220;{}&#8220;][et_pb_gallery gallery_ids=&#8220;1251,1249,1250,1254,1253,1252,1255&#8243; _builder_version=&#8220;4.27.4&#8243; _module_preset=&#8220;default&#8220; global_colors_info=&#8220;{}&#8220;][\/et_pb_gallery][\/et_pb_column][\/et_pb_row][\/et_pb_section]<\/p>\n","protected":false},"excerpt":{"rendered":"<p>ERINNA K\u00d6NIGUntitled (Chromatics)Works 1974 &#8211; 1992Film: Oscar B. or The Imperialism Alles im Universum enth\u00e4lt alle Farben. Wir sehen jedoch nur diejenigen, die uns pers\u00f6nlich zug\u00e4nglich sind, abh\u00e4ngig von Objekt, Subjekt und Situation: Nachts sehen alle Katzen grau aus. Die von der Menschheit geschriebene Geschichte folgt diesem Muster: Der Sieger schreibt die Geschichte, meist in [&hellip;]<\/p>\n","protected":false},"author":3,"featured_media":0,"parent":271,"menu_order":0,"comment_status":"closed","ping_status":"closed","template":"","meta":{"_et_pb_use_builder":"on","_et_pb_old_content":"","_et_gb_content_width":"","footnotes":""},"class_list":["post-651","page","type-page","status-publish","hentry"],"yoast_head":"<!-- This site is optimized with the Yoast SEO plugin v27.4 - https:\/\/yoast.com\/product\/yoast-seo-wordpress\/ -->\n<title>Untitled (Chromatics),\u00a0UP&amp;CO @ EK STUDIO, D\u00fcsseldorf, 2024 | ERINNA K\u00d6NIG<\/title>\n<meta name=\"description\" content=\"Erinna K\u00f6nig (deutsch, 1947-2021), Meistersch\u00fclerin von Joseph Beuys an der D\u00fcsseldorfer Kunstakademie, verwandelte Fundobjekte zu eloquenter aesthetischer Skulptur-Malerei.\" \/>\n<meta name=\"robots\" content=\"index, follow, max-snippet:-1, max-image-preview:large, max-video-preview:-1\" \/>\n<link rel=\"canonical\" href=\"https:\/\/erinnakoenig.de\/en\/ausstellungen\/einzelausstellungen\/untitled-chromatics-upco-ek-studio-duesseldorf-2024\/\" \/>\n<meta property=\"og:locale\" content=\"en_GB\" \/>\n<meta property=\"og:type\" content=\"article\" \/>\n<meta property=\"og:title\" content=\"Untitled (Chromatics),\u00a0UP&amp;CO @ EK STUDIO, D\u00fcsseldorf, 2024 | ERINNA K\u00d6NIG\" \/>\n<meta property=\"og:description\" content=\"Erinna K\u00f6nig (deutsch, 1947-2021), Meistersch\u00fclerin von Joseph Beuys an der D\u00fcsseldorfer Kunstakademie, verwandelte Fundobjekte zu eloquenter aesthetischer Skulptur-Malerei.\" \/>\n<meta property=\"og:url\" content=\"https:\/\/erinnakoenig.de\/en\/ausstellungen\/einzelausstellungen\/untitled-chromatics-upco-ek-studio-duesseldorf-2024\/\" \/>\n<meta property=\"og:site_name\" content=\"ERINNA K\u00d6NIG\" \/>\n<meta property=\"article:modified_time\" content=\"2025-09-22T15:51:41+00:00\" \/>\n<meta property=\"og:image\" content=\"https:\/\/erinnakoenig.de\/wp-content\/uploads\/2025\/08\/Selbst-Portrait-1968-01.webp\" \/>\n\t<meta property=\"og:image:width\" content=\"1000\" \/>\n\t<meta property=\"og:image:height\" content=\"1000\" \/>\n\t<meta property=\"og:image:type\" content=\"image\/webp\" \/>\n<meta name=\"twitter:card\" content=\"summary_large_image\" \/>\n<meta name=\"twitter:label1\" content=\"Estimated reading time\" \/>\n\t<meta name=\"twitter:data1\" content=\"7 minutes\" \/>\n<script type=\"application\/ld+json\" class=\"yoast-schema-graph\">{\"@context\":\"https:\\\/\\\/schema.org\",\"@graph\":[{\"@type\":\"WebPage\",\"@id\":\"https:\\\/\\\/erinnakoenig.de\\\/ausstellungen\\\/einzelausstellungen\\\/untitled-chromatics-upco-ek-studio-duesseldorf-2024\\\/\",\"url\":\"https:\\\/\\\/erinnakoenig.de\\\/ausstellungen\\\/einzelausstellungen\\\/untitled-chromatics-upco-ek-studio-duesseldorf-2024\\\/\",\"name\":\"Untitled (Chromatics),\u00a0UP&amp;CO @ EK STUDIO, D\u00fcsseldorf, 2024 | ERINNA K\u00d6NIG\",\"isPartOf\":{\"@id\":\"https:\\\/\\\/erinnakoenig.de\\\/#website\"},\"datePublished\":\"2025-09-07T16:05:26+00:00\",\"dateModified\":\"2025-09-22T15:51:41+00:00\",\"description\":\"Erinna K\u00f6nig (deutsch, 1947-2021), Meistersch\u00fclerin von Joseph Beuys an der D\u00fcsseldorfer Kunstakademie, verwandelte Fundobjekte zu eloquenter aesthetischer Skulptur-Malerei.\",\"breadcrumb\":{\"@id\":\"https:\\\/\\\/erinnakoenig.de\\\/ausstellungen\\\/einzelausstellungen\\\/untitled-chromatics-upco-ek-studio-duesseldorf-2024\\\/#breadcrumb\"},\"inLanguage\":\"en-GB\",\"potentialAction\":[{\"@type\":\"ReadAction\",\"target\":[\"https:\\\/\\\/erinnakoenig.de\\\/ausstellungen\\\/einzelausstellungen\\\/untitled-chromatics-upco-ek-studio-duesseldorf-2024\\\/\"]}]},{\"@type\":\"BreadcrumbList\",\"@id\":\"https:\\\/\\\/erinnakoenig.de\\\/ausstellungen\\\/einzelausstellungen\\\/untitled-chromatics-upco-ek-studio-duesseldorf-2024\\\/#breadcrumb\",\"itemListElement\":[{\"@type\":\"ListItem\",\"position\":1,\"name\":\"Startseite\",\"item\":\"https:\\\/\\\/erinnakoenig.de\\\/\"},{\"@type\":\"ListItem\",\"position\":2,\"name\":\"Ausstellungen\",\"item\":\"https:\\\/\\\/erinnakoenig.de\\\/ausstellungen\\\/\"},{\"@type\":\"ListItem\",\"position\":3,\"name\":\"Einzelausstellungen\",\"item\":\"https:\\\/\\\/erinnakoenig.de\\\/ausstellungen\\\/einzelausstellungen\\\/\"},{\"@type\":\"ListItem\",\"position\":4,\"name\":\"Untitled (Chromatics),\u00a0UP&amp;CO @ EK STUDIO, D\u00fcsseldorf, 2024\"}]},{\"@type\":\"WebSite\",\"@id\":\"https:\\\/\\\/erinnakoenig.de\\\/#website\",\"url\":\"https:\\\/\\\/erinnakoenig.de\\\/\",\"name\":\"ERINNA K\u00d6NIG\",\"description\":\"EK STUDIO - D\u00fcsseldorf\",\"publisher\":{\"@id\":\"https:\\\/\\\/erinnakoenig.de\\\/#organization\"},\"potentialAction\":[{\"@type\":\"SearchAction\",\"target\":{\"@type\":\"EntryPoint\",\"urlTemplate\":\"https:\\\/\\\/erinnakoenig.de\\\/?s={search_term_string}\"},\"query-input\":{\"@type\":\"PropertyValueSpecification\",\"valueRequired\":true,\"valueName\":\"search_term_string\"}}],\"inLanguage\":\"en-GB\"},{\"@type\":\"Organization\",\"@id\":\"https:\\\/\\\/erinnakoenig.de\\\/#organization\",\"name\":\"EK STUDIO\",\"url\":\"https:\\\/\\\/erinnakoenig.de\\\/\",\"logo\":{\"@type\":\"ImageObject\",\"inLanguage\":\"en-GB\",\"@id\":\"https:\\\/\\\/erinnakoenig.de\\\/#\\\/schema\\\/logo\\\/image\\\/\",\"url\":\"https:\\\/\\\/erinnakoenig.de\\\/wp-content\\\/uploads\\\/2025\\\/08\\\/cropped-FAV.png\",\"contentUrl\":\"https:\\\/\\\/erinnakoenig.de\\\/wp-content\\\/uploads\\\/2025\\\/08\\\/cropped-FAV.png\",\"width\":512,\"height\":512,\"caption\":\"EK STUDIO\"},\"image\":{\"@id\":\"https:\\\/\\\/erinnakoenig.de\\\/#\\\/schema\\\/logo\\\/image\\\/\"},\"sameAs\":[\"https:\\\/\\\/www.instagram.com\\\/erinnakoenig\\\/\"]}]}<\/script>\n<!-- \/ Yoast SEO plugin. -->","yoast_head_json":{"title":"Untitled (Chromatics),\u00a0UP&amp;CO @ EK STUDIO, D\u00fcsseldorf, 2024 | ERINNA K\u00d6NIG","description":"Erinna K\u00f6nig (deutsch, 1947-2021), Meistersch\u00fclerin von Joseph Beuys an der D\u00fcsseldorfer Kunstakademie, verwandelte Fundobjekte zu eloquenter aesthetischer Skulptur-Malerei.","robots":{"index":"index","follow":"follow","max-snippet":"max-snippet:-1","max-image-preview":"max-image-preview:large","max-video-preview":"max-video-preview:-1"},"canonical":"https:\/\/erinnakoenig.de\/en\/ausstellungen\/einzelausstellungen\/untitled-chromatics-upco-ek-studio-duesseldorf-2024\/","og_locale":"en_GB","og_type":"article","og_title":"Untitled (Chromatics),\u00a0UP&amp;CO @ EK STUDIO, D\u00fcsseldorf, 2024 | ERINNA K\u00d6NIG","og_description":"Erinna K\u00f6nig (deutsch, 1947-2021), Meistersch\u00fclerin von Joseph Beuys an der D\u00fcsseldorfer Kunstakademie, verwandelte Fundobjekte zu eloquenter aesthetischer Skulptur-Malerei.","og_url":"https:\/\/erinnakoenig.de\/en\/ausstellungen\/einzelausstellungen\/untitled-chromatics-upco-ek-studio-duesseldorf-2024\/","og_site_name":"ERINNA K\u00d6NIG","article_modified_time":"2025-09-22T15:51:41+00:00","og_image":[{"width":1000,"height":1000,"url":"https:\/\/erinnakoenig.de\/wp-content\/uploads\/2025\/08\/Selbst-Portrait-1968-01.webp","type":"image\/webp"}],"twitter_card":"summary_large_image","twitter_misc":{"Estimated reading time":"7 minutes"},"schema":{"@context":"https:\/\/schema.org","@graph":[{"@type":"WebPage","@id":"https:\/\/erinnakoenig.de\/ausstellungen\/einzelausstellungen\/untitled-chromatics-upco-ek-studio-duesseldorf-2024\/","url":"https:\/\/erinnakoenig.de\/ausstellungen\/einzelausstellungen\/untitled-chromatics-upco-ek-studio-duesseldorf-2024\/","name":"Untitled (Chromatics),\u00a0UP&amp;CO @ EK STUDIO, D\u00fcsseldorf, 2024 | ERINNA K\u00d6NIG","isPartOf":{"@id":"https:\/\/erinnakoenig.de\/#website"},"datePublished":"2025-09-07T16:05:26+00:00","dateModified":"2025-09-22T15:51:41+00:00","description":"Erinna K\u00f6nig (deutsch, 1947-2021), Meistersch\u00fclerin von Joseph Beuys an der D\u00fcsseldorfer Kunstakademie, verwandelte Fundobjekte zu eloquenter aesthetischer Skulptur-Malerei.","breadcrumb":{"@id":"https:\/\/erinnakoenig.de\/ausstellungen\/einzelausstellungen\/untitled-chromatics-upco-ek-studio-duesseldorf-2024\/#breadcrumb"},"inLanguage":"en-GB","potentialAction":[{"@type":"ReadAction","target":["https:\/\/erinnakoenig.de\/ausstellungen\/einzelausstellungen\/untitled-chromatics-upco-ek-studio-duesseldorf-2024\/"]}]},{"@type":"BreadcrumbList","@id":"https:\/\/erinnakoenig.de\/ausstellungen\/einzelausstellungen\/untitled-chromatics-upco-ek-studio-duesseldorf-2024\/#breadcrumb","itemListElement":[{"@type":"ListItem","position":1,"name":"Startseite","item":"https:\/\/erinnakoenig.de\/"},{"@type":"ListItem","position":2,"name":"Ausstellungen","item":"https:\/\/erinnakoenig.de\/ausstellungen\/"},{"@type":"ListItem","position":3,"name":"Einzelausstellungen","item":"https:\/\/erinnakoenig.de\/ausstellungen\/einzelausstellungen\/"},{"@type":"ListItem","position":4,"name":"Untitled (Chromatics),\u00a0UP&amp;CO @ EK STUDIO, D\u00fcsseldorf, 2024"}]},{"@type":"WebSite","@id":"https:\/\/erinnakoenig.de\/#website","url":"https:\/\/erinnakoenig.de\/","name":"ERINNA K\u00d6NIG","description":"EK STUDIO - D\u00fcsseldorf","publisher":{"@id":"https:\/\/erinnakoenig.de\/#organization"},"potentialAction":[{"@type":"SearchAction","target":{"@type":"EntryPoint","urlTemplate":"https:\/\/erinnakoenig.de\/?s={search_term_string}"},"query-input":{"@type":"PropertyValueSpecification","valueRequired":true,"valueName":"search_term_string"}}],"inLanguage":"en-GB"},{"@type":"Organization","@id":"https:\/\/erinnakoenig.de\/#organization","name":"EK STUDIO","url":"https:\/\/erinnakoenig.de\/","logo":{"@type":"ImageObject","inLanguage":"en-GB","@id":"https:\/\/erinnakoenig.de\/#\/schema\/logo\/image\/","url":"https:\/\/erinnakoenig.de\/wp-content\/uploads\/2025\/08\/cropped-FAV.png","contentUrl":"https:\/\/erinnakoenig.de\/wp-content\/uploads\/2025\/08\/cropped-FAV.png","width":512,"height":512,"caption":"EK STUDIO"},"image":{"@id":"https:\/\/erinnakoenig.de\/#\/schema\/logo\/image\/"},"sameAs":["https:\/\/www.instagram.com\/erinnakoenig\/"]}]}},"_links":{"self":[{"href":"https:\/\/erinnakoenig.de\/en\/wp-json\/wp\/v2\/pages\/651","targetHints":{"allow":["GET"]}}],"collection":[{"href":"https:\/\/erinnakoenig.de\/en\/wp-json\/wp\/v2\/pages"}],"about":[{"href":"https:\/\/erinnakoenig.de\/en\/wp-json\/wp\/v2\/types\/page"}],"author":[{"embeddable":true,"href":"https:\/\/erinnakoenig.de\/en\/wp-json\/wp\/v2\/users\/3"}],"replies":[{"embeddable":true,"href":"https:\/\/erinnakoenig.de\/en\/wp-json\/wp\/v2\/comments?post=651"}],"version-history":[{"count":20,"href":"https:\/\/erinnakoenig.de\/en\/wp-json\/wp\/v2\/pages\/651\/revisions"}],"predecessor-version":[{"id":1691,"href":"https:\/\/erinnakoenig.de\/en\/wp-json\/wp\/v2\/pages\/651\/revisions\/1691"}],"up":[{"embeddable":true,"href":"https:\/\/erinnakoenig.de\/en\/wp-json\/wp\/v2\/pages\/271"}],"wp:attachment":[{"href":"https:\/\/erinnakoenig.de\/en\/wp-json\/wp\/v2\/media?parent=651"}],"curies":[{"name":"wp","href":"https:\/\/api.w.org\/{rel}","templated":true}]}}