{"id":62,"date":"2025-08-18T08:57:10","date_gmt":"2025-08-18T08:57:10","guid":{"rendered":"https:\/\/erinnakoenig.com\/?page_id=62"},"modified":"2025-11-27T09:14:38","modified_gmt":"2025-11-27T09:14:38","slug":"about","status":"publish","type":"page","link":"https:\/\/erinnakoenig.de\/en\/about\/","title":{"rendered":"About"},"content":{"rendered":"<p>[et_pb_section fb_built=&#8220;1&#8243; _builder_version=&#8220;4.27.4&#8243; _module_preset=&#8220;default&#8220; global_colors_info=&#8220;{}&#8220;][et_pb_row _builder_version=&#8220;4.27.4&#8243; _module_preset=&#8220;default&#8220; global_colors_info=&#8220;{}&#8220;][et_pb_column type=&#8220;4_4&#8243; _builder_version=&#8220;4.27.4&#8243; _module_preset=&#8220;default&#8220; global_colors_info=&#8220;{}&#8220;][et_pb_heading title=&#8220;ABOUT&#8220; _builder_version=&#8220;4.27.4&#8243; _module_preset=&#8220;default&#8220; title_font=&#8220;Avenir Light|100|||||||&#8220; title_text_align=&#8220;right&#8220; global_colors_info=&#8220;{}&#8220;][\/et_pb_heading][\/et_pb_column][\/et_pb_row][et_pb_row column_structure=&#8220;3_4,1_4&#8243; _builder_version=&#8220;4.27.4&#8243; _module_preset=&#8220;default&#8220; global_colors_info=&#8220;{}&#8220;][et_pb_column type=&#8220;3_4&#8243; _builder_version=&#8220;4.27.4&#8243; _module_preset=&#8220;default&#8220; global_colors_info=&#8220;{}&#8220;][et_pb_text _builder_version=&#8220;4.27.4&#8243; _module_preset=&#8220;default&#8220; hover_enabled=&#8220;0&#8243; global_colors_info=&#8220;{}&#8220; sticky_enabled=&#8220;0&#8243;]<\/p>\n<p class=\"p1\">ERINNA K\u00d6NIG<\/p>\n<p class=\"p1\">Erinna K\u00f6nig (1947-2021), geboren in<span class=\"Apple-converted-space\">\u00a0 <\/span>Warstein im Sauerland, ist bekannt f\u00fcr ihre eloquente Weise Fundst\u00fccke aus dem Alltag zu verwandeln, durch sie individuell interpretierbare Subjekte plastisch darzustellen. Mit sehr variablen Eingriffen und Ausgangsobjekten werden <span class=\"s1\">Inhalte und Zusammenh\u00e4nge dynamisch suggeriert in malerisch &#8211; skulpturellen Kompositionen.<span class=\"Apple-converted-space\">\u00a0<\/span><\/span><\/p>\n<p class=\"p1\">Meistersch\u00fclerin im engen Zirkel von Joseph Beuys an der Akademie D\u00fcsseldorf studierte Erinna K\u00f6<span class=\"s2\">nig<\/span> ebenso B\u00fchnenbild unter Teo Otto, Graphik unter Diter Roth &#8211; und war Mitbegr\u00fcnderin der ersten Filmklasse unter Ole John Povlsen. Im Sinne Beuys\u2019 Sozialer Plastik gr\u00fcndete sie mit Chris Reinecke, J\u00f6rg Immendorff und Henning Brandis das \u2018B\u00fcro Olympia\u2019, als Organisationszentrum f\u00fcr Aktionen parallel zu ihren Studien und durch die bewegten 70ger Jahre. Sp\u00e4ter erweiterte sie diesen Aspekt durch ihr K\u00fcnstler-Restaurant OP de Eck in der Kunstsamnlung NRW, K20, D\u00fcsseldorf.<\/p>\n<p>Seit 1966 ans\u00e4ssig in D\u00fcsseldorf, repr\u00e4sentierte ihr sehr engagiertes Werk Kunst des Rheinlands in einer Reihe von seminalen Ausstellungen, u. A. <span class=\"s4\">\u201eSchlaglichter\u201c,\u00a0<a href=\"https:\/\/de.wikipedia.org\/wiki\/Rheinisches_Landesmuseum_Bonn\" target=\"_blank\" rel=\"noopener\"><span class=\"s5\">Rheinisches Landesmuseum Bonn<\/span><\/a><\/span><span class=\"s3\"> (1979), <\/span><span class=\"s4\">Brennpunkt II, die siebziger Jahre, Entw\u00fcrfe\u201c,\u00a0<a href=\"https:\/\/de.wikipedia.org\/wiki\/Museum_Kunstpalast\" target=\"_blank\" rel=\"noopener\"><span class=\"s5\">Kunstmuseum D\u00fcsseldorf<\/span><\/a><\/span><span class=\"s3\"> (1991), <\/span><span class=\"s4\">\u201eJosef Beuys und seine Sch\u00fcler \u201c, Moderna Galeria, Ljubljana, Slowenien (1994), Der Westen leuchtet\u201c,\u00a0<a href=\"https:\/\/de.wikipedia.org\/wiki\/Kunstmuseum_Bonn\" target=\"_blank\" rel=\"noopener\"><span class=\"s5\">Kunstmuseum Bonn<\/span><\/a><\/span><span class=\"s3\"> (2010), <\/span><span class=\"s4\">\u201eRuhe vor dem Sturm, postminimalistische Kunst aus dem Rheinland\u201c,\u00a0<a href=\"https:\/\/de.wikipedia.org\/wiki\/Museum_Morsbroich\" target=\"_blank\" rel=\"noopener\"><span class=\"s5\">Museum Morsbroich<\/span><\/a>, Leverkusen (2015).<span class=\"Apple-converted-space\">\u00a0<\/span><\/span><\/p>\n<p class=\"p4\">Erinna K\u00f6nigs museale Einzelausstellung in Thomas Sch\u00fctte\u2019s Skulpturenhallee Neuss brachte 2020 ihre meisterliche Hand als K\u00fcnstler-Choreopgraph zum Gl\u00e4nzen; die gro\u00dfe Erinna K\u00f6nig Retrospektive im von der Heydt Museum (2023-24) pr\u00e4sentierte ihr Hauptwerk einem weiteren Publikum.<\/p>\n<p class=\"p4\">EK STUDIO<\/p>\n<p class=\"p4\">Ihr selbst konzipiert- und ausgebautes Studio in D\u00fcsseldorf-Bilk mit mediterran anmutendem Hinterhof war gleichzeitig Atelier und Zuhause der letzten Jahrzehnte.<\/p>\n<p class=\"p4\">November 2023 transformierte Uscha Pohl von UP &amp; CO NY das Atelier zu EK STUDIO und kuratiert seither Einzel- und Gruppenausstellungen die das umfassende Werk Erinna K\u00f6nigs mit Fokus jeweils auf verschiedene Aspekte beleuchtet.<\/p>\n<p class=\"p4\">Die momentane Duo-Ausstellung \u2018MIRROR IN TME\u2019 \u2014 Michelangelo Pistoletto, Erinna K\u00f6nig \u2014 stellt die Vergangenheit, Gegenwart und Zukunft in Relation. Die sozial aktiven \u201868er \/ 70er Erinna K\u00f6nigs in D\u00fcsseldorf (Vergangenheit) stehen dem Werk Michelangelo Pistolettos gegen\u00fcber, das Gegenwart, Zukunft und die Entwicklung der Menschheit beinhaltet. &gt; Bis 30. 1. 2026, Finissage 28.1. 2028<\/p>\n<p>\u2014<\/p>\n<p>Archivmaterial aus dem pers\u00f6nlichen Nachlass Erinna K\u00f6nigs und dem<br \/>Rheinischen Archiv f\u00fcr K\u00fcnstlernachl\u00e4sse RAK <a href=\"https:\/\/www.rak-bonn.de\/\" target=\"_blank\" rel=\"noopener\">www.rak-bonn.de<\/a><\/p>\n<p>[\/et_pb_text][\/et_pb_column][et_pb_column type=&#8220;1_4&#8243; _builder_version=&#8220;4.27.4&#8243; _module_preset=&#8220;default&#8220; global_colors_info=&#8220;{}&#8220;][et_pb_image src=&#8220;https:\/\/erinnakoenig.de\/wp-content\/uploads\/2025\/08\/Selbst-Portrait-1968-01.webp&#8220; title_text=&#8220;Selbst-Portrait 1968-01&#8243; _builder_version=&#8220;4.27.4&#8243; _module_preset=&#8220;default&#8220; custom_margin=&#8220;32px||9px|||&#8220; global_colors_info=&#8220;{}&#8220;][\/et_pb_image][et_pb_text _builder_version=&#8220;4.27.4&#8243; _module_preset=&#8220;default&#8220; text_font_size=&#8220;13px&#8220; text_line_height=&#8220;1.3em&#8220; custom_margin=&#8220;0px|||||&#8220; global_colors_info=&#8220;{}&#8220;]<\/p>\n<p><strong>Portrait, 1968<\/strong><\/p>\n<p>[\/et_pb_text][et_pb_video src=&#8220;https:\/\/erinnakoenig.de\/wp-content\/uploads\/2025\/09\/Beyond1_Insta6.mp4&#8243; src_webm=&#8220;https:\/\/erinnakoenig.de\/wp-content\/uploads\/2025\/09\/Beyond1_Insta6.webm&#8220; image_src=&#8220;https:\/\/erinnakoenig.de\/wp-content\/uploads\/2025\/09\/Beyond1_Insta1.00_09_13_11.Standbild003.jpg&#8220; image_src_tablet=&#8220;https:\/\/erinnakoenig.de\/wp-content\/uploads\/2025\/09\/Beyond1_Insta1.00_09_13_11.Standbild003.jpg&#8220; image_src_phone=&#8220;https:\/\/erinnakoenig.de\/wp-content\/uploads\/2025\/09\/Beyond1_Insta1.00_09_13_11.Standbild003.jpg&#8220; image_src_last_edited=&#8220;on|phone&#8220; _builder_version=&#8220;4.27.4&#8243; _module_preset=&#8220;default&#8220; custom_margin=&#8220;||8px|||&#8220; global_colors_info=&#8220;{}&#8220;][\/et_pb_video][et_pb_text _builder_version=&#8220;4.27.4&#8243; _module_preset=&#8220;default&#8220; text_font_size=&#8220;13px&#8220; text_line_height=&#8220;1.3em&#8220; custom_margin=&#8220;0px|||||&#8220; global_colors_info=&#8220;{}&#8220;]<\/p>\n<p class=\"et_pb_module_heading\"><strong>BEYOND, UP&amp;CO @ EK STUDIO, D\u00fcsseldorf, 2025<br \/><\/strong>Clip: Jan H\u00f6he<\/p>\n<p>[\/et_pb_text][\/et_pb_column][\/et_pb_row][\/et_pb_section]<\/p>\n","protected":false},"excerpt":{"rendered":"<p>ERINNA K\u00d6NIG Erinna K\u00f6nig (1947-2021), geboren in\u00a0 Warstein im Sauerland, ist bekannt f\u00fcr ihre eloquente Weise Fundst\u00fccke aus dem Alltag zu verwandeln, durch sie individuell interpretierbare Subjekte plastisch darzustellen. Mit sehr variablen Eingriffen und Ausgangsobjekten werden Inhalte und Zusammenh\u00e4nge dynamisch suggeriert in malerisch &#8211; skulpturellen Kompositionen.\u00a0 Meistersch\u00fclerin im engen Zirkel von Joseph Beuys an der [&hellip;]<\/p>\n","protected":false},"author":1,"featured_media":0,"parent":0,"menu_order":0,"comment_status":"closed","ping_status":"closed","template":"","meta":{"_et_pb_use_builder":"on","_et_pb_old_content":"","_et_gb_content_width":"","footnotes":""},"class_list":["post-62","page","type-page","status-publish","hentry"],"yoast_head":"<!-- This site is optimized with the Yoast SEO plugin v27.4 - https:\/\/yoast.com\/product\/yoast-seo-wordpress\/ -->\n<title>About | ERINNA K\u00d6NIG<\/title>\n<meta name=\"description\" content=\"Erinna K\u00f6nig (deutsch, 1947-2021), Meistersch\u00fclerin von Joseph Beuys an der D\u00fcsseldorfer Kunstakademie, verwandelte Fundobjekte zu eloquenter aesthetischer Skulptur-Malerei.\" \/>\n<meta name=\"robots\" content=\"index, follow, max-snippet:-1, max-image-preview:large, max-video-preview:-1\" \/>\n<link rel=\"canonical\" href=\"https:\/\/erinnakoenig.de\/en\/about\/\" \/>\n<meta property=\"og:locale\" content=\"en_GB\" \/>\n<meta property=\"og:type\" content=\"article\" \/>\n<meta property=\"og:title\" content=\"About | ERINNA K\u00d6NIG\" \/>\n<meta property=\"og:description\" content=\"Erinna K\u00f6nig (deutsch, 1947-2021), Meistersch\u00fclerin von Joseph Beuys an der D\u00fcsseldorfer Kunstakademie, verwandelte Fundobjekte zu eloquenter aesthetischer Skulptur-Malerei.\" \/>\n<meta property=\"og:url\" content=\"https:\/\/erinnakoenig.de\/en\/about\/\" \/>\n<meta property=\"og:site_name\" content=\"ERINNA K\u00d6NIG\" \/>\n<meta property=\"article:modified_time\" content=\"2025-11-27T09:14:38+00:00\" \/>\n<meta property=\"og:image\" content=\"https:\/\/erinnakoenig.de\/wp-content\/uploads\/2025\/08\/Selbst-Portrait-1968-01.webp\" \/>\n\t<meta property=\"og:image:width\" content=\"1000\" \/>\n\t<meta property=\"og:image:height\" content=\"1000\" \/>\n\t<meta property=\"og:image:type\" content=\"image\/webp\" \/>\n<meta name=\"twitter:card\" content=\"summary_large_image\" \/>\n<meta name=\"twitter:label1\" content=\"Estimated reading time\" \/>\n\t<meta name=\"twitter:data1\" content=\"3 minutes\" \/>\n<script type=\"application\/ld+json\" class=\"yoast-schema-graph\">{\"@context\":\"https:\\\/\\\/schema.org\",\"@graph\":[{\"@type\":\"WebPage\",\"@id\":\"https:\\\/\\\/erinnakoenig.de\\\/about\\\/\",\"url\":\"https:\\\/\\\/erinnakoenig.de\\\/about\\\/\",\"name\":\"About | ERINNA K\u00d6NIG\",\"isPartOf\":{\"@id\":\"https:\\\/\\\/erinnakoenig.de\\\/#website\"},\"datePublished\":\"2025-08-18T08:57:10+00:00\",\"dateModified\":\"2025-11-27T09:14:38+00:00\",\"description\":\"Erinna K\u00f6nig (deutsch, 1947-2021), Meistersch\u00fclerin von Joseph Beuys an der D\u00fcsseldorfer Kunstakademie, verwandelte Fundobjekte zu eloquenter aesthetischer Skulptur-Malerei.\",\"breadcrumb\":{\"@id\":\"https:\\\/\\\/erinnakoenig.de\\\/about\\\/#breadcrumb\"},\"inLanguage\":\"en-GB\",\"potentialAction\":[{\"@type\":\"ReadAction\",\"target\":[\"https:\\\/\\\/erinnakoenig.de\\\/about\\\/\"]}]},{\"@type\":\"BreadcrumbList\",\"@id\":\"https:\\\/\\\/erinnakoenig.de\\\/about\\\/#breadcrumb\",\"itemListElement\":[{\"@type\":\"ListItem\",\"position\":1,\"name\":\"Startseite\",\"item\":\"https:\\\/\\\/erinnakoenig.de\\\/\"},{\"@type\":\"ListItem\",\"position\":2,\"name\":\"About\"}]},{\"@type\":\"WebSite\",\"@id\":\"https:\\\/\\\/erinnakoenig.de\\\/#website\",\"url\":\"https:\\\/\\\/erinnakoenig.de\\\/\",\"name\":\"ERINNA K\u00d6NIG\",\"description\":\"EK STUDIO - D\u00fcsseldorf\",\"publisher\":{\"@id\":\"https:\\\/\\\/erinnakoenig.de\\\/#organization\"},\"potentialAction\":[{\"@type\":\"SearchAction\",\"target\":{\"@type\":\"EntryPoint\",\"urlTemplate\":\"https:\\\/\\\/erinnakoenig.de\\\/?s={search_term_string}\"},\"query-input\":{\"@type\":\"PropertyValueSpecification\",\"valueRequired\":true,\"valueName\":\"search_term_string\"}}],\"inLanguage\":\"en-GB\"},{\"@type\":\"Organization\",\"@id\":\"https:\\\/\\\/erinnakoenig.de\\\/#organization\",\"name\":\"EK STUDIO\",\"url\":\"https:\\\/\\\/erinnakoenig.de\\\/\",\"logo\":{\"@type\":\"ImageObject\",\"inLanguage\":\"en-GB\",\"@id\":\"https:\\\/\\\/erinnakoenig.de\\\/#\\\/schema\\\/logo\\\/image\\\/\",\"url\":\"https:\\\/\\\/erinnakoenig.de\\\/wp-content\\\/uploads\\\/2025\\\/08\\\/cropped-FAV.png\",\"contentUrl\":\"https:\\\/\\\/erinnakoenig.de\\\/wp-content\\\/uploads\\\/2025\\\/08\\\/cropped-FAV.png\",\"width\":512,\"height\":512,\"caption\":\"EK STUDIO\"},\"image\":{\"@id\":\"https:\\\/\\\/erinnakoenig.de\\\/#\\\/schema\\\/logo\\\/image\\\/\"},\"sameAs\":[\"https:\\\/\\\/www.instagram.com\\\/erinnakoenig\\\/\"]}]}<\/script>\n<!-- \/ Yoast SEO plugin. -->","yoast_head_json":{"title":"About | ERINNA K\u00d6NIG","description":"Erinna K\u00f6nig (deutsch, 1947-2021), Meistersch\u00fclerin von Joseph Beuys an der D\u00fcsseldorfer Kunstakademie, verwandelte Fundobjekte zu eloquenter aesthetischer Skulptur-Malerei.","robots":{"index":"index","follow":"follow","max-snippet":"max-snippet:-1","max-image-preview":"max-image-preview:large","max-video-preview":"max-video-preview:-1"},"canonical":"https:\/\/erinnakoenig.de\/en\/about\/","og_locale":"en_GB","og_type":"article","og_title":"About | ERINNA K\u00d6NIG","og_description":"Erinna K\u00f6nig (deutsch, 1947-2021), Meistersch\u00fclerin von Joseph Beuys an der D\u00fcsseldorfer Kunstakademie, verwandelte Fundobjekte zu eloquenter aesthetischer Skulptur-Malerei.","og_url":"https:\/\/erinnakoenig.de\/en\/about\/","og_site_name":"ERINNA K\u00d6NIG","article_modified_time":"2025-11-27T09:14:38+00:00","og_image":[{"width":1000,"height":1000,"url":"https:\/\/erinnakoenig.de\/wp-content\/uploads\/2025\/08\/Selbst-Portrait-1968-01.webp","type":"image\/webp"}],"twitter_card":"summary_large_image","twitter_misc":{"Estimated reading time":"3 minutes"},"schema":{"@context":"https:\/\/schema.org","@graph":[{"@type":"WebPage","@id":"https:\/\/erinnakoenig.de\/about\/","url":"https:\/\/erinnakoenig.de\/about\/","name":"About | ERINNA K\u00d6NIG","isPartOf":{"@id":"https:\/\/erinnakoenig.de\/#website"},"datePublished":"2025-08-18T08:57:10+00:00","dateModified":"2025-11-27T09:14:38+00:00","description":"Erinna K\u00f6nig (deutsch, 1947-2021), Meistersch\u00fclerin von Joseph Beuys an der D\u00fcsseldorfer Kunstakademie, verwandelte Fundobjekte zu eloquenter aesthetischer Skulptur-Malerei.","breadcrumb":{"@id":"https:\/\/erinnakoenig.de\/about\/#breadcrumb"},"inLanguage":"en-GB","potentialAction":[{"@type":"ReadAction","target":["https:\/\/erinnakoenig.de\/about\/"]}]},{"@type":"BreadcrumbList","@id":"https:\/\/erinnakoenig.de\/about\/#breadcrumb","itemListElement":[{"@type":"ListItem","position":1,"name":"Startseite","item":"https:\/\/erinnakoenig.de\/"},{"@type":"ListItem","position":2,"name":"About"}]},{"@type":"WebSite","@id":"https:\/\/erinnakoenig.de\/#website","url":"https:\/\/erinnakoenig.de\/","name":"ERINNA K\u00d6NIG","description":"EK STUDIO - D\u00fcsseldorf","publisher":{"@id":"https:\/\/erinnakoenig.de\/#organization"},"potentialAction":[{"@type":"SearchAction","target":{"@type":"EntryPoint","urlTemplate":"https:\/\/erinnakoenig.de\/?s={search_term_string}"},"query-input":{"@type":"PropertyValueSpecification","valueRequired":true,"valueName":"search_term_string"}}],"inLanguage":"en-GB"},{"@type":"Organization","@id":"https:\/\/erinnakoenig.de\/#organization","name":"EK STUDIO","url":"https:\/\/erinnakoenig.de\/","logo":{"@type":"ImageObject","inLanguage":"en-GB","@id":"https:\/\/erinnakoenig.de\/#\/schema\/logo\/image\/","url":"https:\/\/erinnakoenig.de\/wp-content\/uploads\/2025\/08\/cropped-FAV.png","contentUrl":"https:\/\/erinnakoenig.de\/wp-content\/uploads\/2025\/08\/cropped-FAV.png","width":512,"height":512,"caption":"EK STUDIO"},"image":{"@id":"https:\/\/erinnakoenig.de\/#\/schema\/logo\/image\/"},"sameAs":["https:\/\/www.instagram.com\/erinnakoenig\/"]}]}},"_links":{"self":[{"href":"https:\/\/erinnakoenig.de\/en\/wp-json\/wp\/v2\/pages\/62","targetHints":{"allow":["GET"]}}],"collection":[{"href":"https:\/\/erinnakoenig.de\/en\/wp-json\/wp\/v2\/pages"}],"about":[{"href":"https:\/\/erinnakoenig.de\/en\/wp-json\/wp\/v2\/types\/page"}],"author":[{"embeddable":true,"href":"https:\/\/erinnakoenig.de\/en\/wp-json\/wp\/v2\/users\/1"}],"replies":[{"embeddable":true,"href":"https:\/\/erinnakoenig.de\/en\/wp-json\/wp\/v2\/comments?post=62"}],"version-history":[{"count":46,"href":"https:\/\/erinnakoenig.de\/en\/wp-json\/wp\/v2\/pages\/62\/revisions"}],"predecessor-version":[{"id":2256,"href":"https:\/\/erinnakoenig.de\/en\/wp-json\/wp\/v2\/pages\/62\/revisions\/2256"}],"wp:attachment":[{"href":"https:\/\/erinnakoenig.de\/en\/wp-json\/wp\/v2\/media?parent=62"}],"curies":[{"name":"wp","href":"https:\/\/api.w.org\/{rel}","templated":true}]}}