{"id":393,"date":"2025-08-21T13:20:48","date_gmt":"2025-08-21T13:20:48","guid":{"rendered":"https:\/\/erinnakoenig.com\/?page_id=393"},"modified":"2025-09-26T16:58:40","modified_gmt":"2025-09-26T16:58:40","slug":"werke-2010-2019","status":"publish","type":"page","link":"https:\/\/erinnakoenig.de\/en\/werke\/werke-2010-2019\/","title":{"rendered":"Werke 2010 &#8211; 2019"},"content":{"rendered":"<p>[et_pb_section fb_built=&#8220;1&#8243; _builder_version=&#8220;4.27.4&#8243; _module_preset=&#8220;default&#8220; global_colors_info=&#8220;{}&#8220;][et_pb_row _builder_version=&#8220;4.27.4&#8243; _module_preset=&#8220;default&#8220; global_colors_info=&#8220;{}&#8220;][et_pb_column type=&#8220;4_4&#8243; _builder_version=&#8220;4.27.4&#8243; _module_preset=&#8220;default&#8220; global_colors_info=&#8220;{}&#8220;][et_pb_heading title=&#8220;WERKE 2010 &#8211; 2019&#8243; _builder_version=&#8220;4.27.4&#8243; _module_preset=&#8220;default&#8220; title_font=&#8220;Avenir Light|100|||||||&#8220; title_text_align=&#8220;right&#8220; global_colors_info=&#8220;{}&#8220;][\/et_pb_heading][et_pb_menu menu_id=&#8220;11&#8243; active_link_color=&#8220;#000000&#8243; module_class=&#8220;lwp-hide-mobile-menu&#8220; _builder_version=&#8220;4.27.4&#8243; _module_preset=&#8220;default&#8220; menu_font=&#8220;|800|||||||&#8220; menu_font_size=&#8220;16px&#8220; text_orientation=&#8220;right&#8220; hover_enabled=&#8220;0&#8243; locked=&#8220;off&#8220; global_colors_info=&#8220;{}&#8220; active_link_color__hover_enabled=&#8220;on|desktop&#8220; active_link_color__hover=&#8220;#707070&#8243; sticky_enabled=&#8220;0&#8243;][\/et_pb_menu][\/et_pb_column][\/et_pb_row][et_pb_row column_structure=&#8220;1_2,1_2&#8243; _builder_version=&#8220;4.27.4&#8243; _module_preset=&#8220;default&#8220; locked=&#8220;off&#8220; collapsed=&#8220;on&#8220; global_colors_info=&#8220;{}&#8220;][et_pb_column type=&#8220;1_2&#8243; _builder_version=&#8220;4.27.4&#8243; _module_preset=&#8220;default&#8220; global_colors_info=&#8220;{}&#8220;][et_pb_image src=&#8220;https:\/\/erinnakoenig.de\/wp-content\/uploads\/2025\/08\/2020-Skulpturenhalle-Ansicht2-scaled-1.jpg&#8220; title_text=&#8220;2020-Skulpturenhalle-Ansicht2-scaled&#8220; show_in_lightbox=&#8220;on&#8220; disabled_on=&#8220;off|off|off&#8220; _builder_version=&#8220;4.27.4&#8243; _module_preset=&#8220;default&#8220; custom_margin=&#8220;0px||7px||false|false&#8220; global_colors_info=&#8220;{}&#8220;][\/et_pb_image][et_pb_image src=&#8220;https:\/\/erinnakoenig.de\/wp-content\/uploads\/2025\/08\/2020-Skulpturenhalle-Ansicht1.jpg&#8220; title_text=&#8220;2020-Skulpturenhalle-Ansicht1&#8243; show_in_lightbox=&#8220;on&#8220; disabled_on=&#8220;on|off|off&#8220; _builder_version=&#8220;4.27.4&#8243; _module_preset=&#8220;default&#8220; custom_margin=&#8220;84px||7px|||&#8220; global_colors_info=&#8220;{}&#8220;][\/et_pb_image][et_pb_text _builder_version=&#8220;4.27.4&#8243; _module_preset=&#8220;default&#8220; text_font_size=&#8220;14px&#8220; global_colors_info=&#8220;{}&#8220;]<\/p>\n<p class=\"p1\"><b><span lang=\"DE\">Bretters\u00e4ule<br \/><\/span><\/b><span lang=\"DE\">2019<br \/><\/span><span lang=\"DE\">Lackfarbe auf Holz, Aquarell hinter Acrylgas<br \/><span>260cm x 61cm x 61cm<br \/>Foto: Dejan Sari\u0107<br \/><\/span>Ausstellung Thomas Sch\u00fctte Stiftung<br \/>Skulpturenhalle<\/span><\/p>\n<p>[\/et_pb_text][\/et_pb_column][et_pb_column type=&#8220;1_2&#8243; _builder_version=&#8220;4.27.4&#8243; _module_preset=&#8220;default&#8220; global_colors_info=&#8220;{}&#8220;][et_pb_image src=&#8220;https:\/\/erinnakoenig.de\/wp-content\/uploads\/2025\/08\/2020-Skulpturenhalle-Ansicht3.jpg&#8220; title_text=&#8220;2020-Skulpturenhalle-Ansicht3&#8243; show_in_lightbox=&#8220;on&#8220; _builder_version=&#8220;4.27.4&#8243; _module_preset=&#8220;default&#8220; custom_margin=&#8220;||7px|||&#8220; global_colors_info=&#8220;{}&#8220;][\/et_pb_image][et_pb_text _builder_version=&#8220;4.27.4&#8243; _module_preset=&#8220;default&#8220; text_font_size=&#8220;14px&#8220; global_colors_info=&#8220;{}&#8220;]<\/p>\n<p class=\"p1\"><b>Treppe<br \/><\/b><span lang=\"DE\">2019<br \/>MDF, Acrylfarbe auf Holzs\u00e4ule, 23 Teile<br \/><\/span><span lang=\"EN-US\">210cm x 132cm <br \/><\/span><span lang=\"EN-US\">Photo: Dejan Saric<br \/><\/span><span lang=\"EN-US\">Ausstellung Thomas Sch\u00fctte Stiftung<br \/>Skulpturenhalle Neuss<\/span><\/p>\n<div><\/div>\n<p class=\"p1\"><span lang=\"DE\">\u00a0<\/span><\/p>\n<div><\/div>\n<p class=\"p1\">[\/et_pb_text][\/et_pb_column][\/et_pb_row][et_pb_row column_structure=&#8220;1_3,1_3,1_3&#8243; _builder_version=&#8220;4.27.4&#8243; _module_preset=&#8220;default&#8220; global_colors_info=&#8220;{}&#8220;][et_pb_column type=&#8220;1_3&#8243; _builder_version=&#8220;4.27.4&#8243; _module_preset=&#8220;default&#8220; global_colors_info=&#8220;{}&#8220;][et_pb_image src=&#8220;https:\/\/erinnakoenig.de\/wp-content\/uploads\/2025\/08\/2011_2007-A-whiter-shade-of-pale.jpg&#8220; title_text=&#8220;2011_2007-A-whiter-shade-of-pale&#8220; show_in_lightbox=&#8220;on&#8220; _builder_version=&#8220;4.27.4&#8243; _module_preset=&#8220;default&#8220; custom_margin=&#8220;||7px|||&#8220; global_colors_info=&#8220;{}&#8220;][\/et_pb_image][et_pb_text _builder_version=&#8220;4.27.4&#8243; _module_preset=&#8220;default&#8220; text_font_size=&#8220;14px&#8220; global_colors_info=&#8220;{}&#8220;]<\/p>\n<p class=\"p1\"><strong>A whiter shade of pale<\/strong><br \/>2007-2011<br \/><span lang=\"DE\">Acrylfarbe auf Holz<br \/><\/span>H 72,5cm x B 44cm x T 4cm<br \/><span lang=\"DE\">Photo: Egbert Trogemann<\/span><\/p>\n<div><\/div>\n<p>[\/et_pb_text][\/et_pb_column][et_pb_column type=&#8220;1_3&#8243; _builder_version=&#8220;4.27.4&#8243; _module_preset=&#8220;default&#8220; global_colors_info=&#8220;{}&#8220;][et_pb_image src=&#8220;https:\/\/erinnakoenig.de\/wp-content\/uploads\/2025\/08\/2011_oT-Kuh.jpg&#8220; title_text=&#8220;2011_oT-Kuh&#8220; show_in_lightbox=&#8220;on&#8220; _builder_version=&#8220;4.27.4&#8243; _module_preset=&#8220;default&#8220; custom_margin=&#8220;||7px|||&#8220; global_colors_info=&#8220;{}&#8220;][\/et_pb_image][et_pb_text _builder_version=&#8220;4.27.4&#8243; _module_preset=&#8220;default&#8220; text_font_size=&#8220;14px&#8220; global_colors_info=&#8220;{}&#8220;]<\/p>\n<p class=\"p1\"><strong>o.T. (Kuh)<\/strong><br \/>2011<br \/><span lang=\"DE\">Rahmen mit Kunststoff und Kuhmuster,<br \/>gr\u00fcne Leinwand<br \/><\/span>H 16,7cm x B 21,7cm<br \/><span lang=\"EN-US\">Photo: Egbert Trogemann<\/span><\/p>\n<div><\/div>\n<p>[\/et_pb_text][\/et_pb_column][et_pb_column type=&#8220;1_3&#8243; _builder_version=&#8220;4.27.4&#8243; _module_preset=&#8220;default&#8220; global_colors_info=&#8220;{}&#8220;][et_pb_image src=&#8220;https:\/\/erinnakoenig.de\/wp-content\/uploads\/2025\/08\/2013_2014-Walhalla-Portraits.jpg&#8220; title_text=&#8220;2013-2015; Walhalla&#8220; show_in_lightbox=&#8220;on&#8220; _builder_version=&#8220;4.27.4&#8243; _module_preset=&#8220;default&#8220; custom_margin=&#8220;||7px|||&#8220; global_colors_info=&#8220;{}&#8220;][\/et_pb_image][et_pb_text _builder_version=&#8220;4.27.4&#8243; _module_preset=&#8220;default&#8220; text_font_size=&#8220;14px&#8220; global_colors_info=&#8220;{}&#8220;]<\/p>\n<p class=\"p1\"><strong>Walhalla Portraits, 1\/33 UH63<\/strong><br \/>2013<br \/>H 76 cm x B 92 cm<br \/><span lang=\"DE\">Spanplatte mit Ponal bestrichen, wei\u00df grundiert,<br \/>mit abget\u00f6nter Fassadenfarbe gestrichen<br \/><\/span><span lang=\"DE\">Photo: Egbert Trogemann<\/span><\/p>\n<div><\/div>\n<p class=\"p1\"><span lang=\"DE\">\u00a0<\/span><\/p>\n<div><\/div>\n<p>[\/et_pb_text][\/et_pb_column][\/et_pb_row][et_pb_row column_structure=&#8220;1_2,1_2&#8243; _builder_version=&#8220;4.27.4&#8243; _module_preset=&#8220;default&#8220; global_colors_info=&#8220;{}&#8220;][et_pb_column type=&#8220;1_2&#8243; _builder_version=&#8220;4.27.4&#8243; _module_preset=&#8220;default&#8220; global_colors_info=&#8220;{}&#8220;][et_pb_image src=&#8220;https:\/\/erinnakoenig.de\/wp-content\/uploads\/2025\/08\/2013-2014_ME-You-YAM-III.jpg&#8220; title_text=&#8220;2013-2014_ME-You-YAM-III&#8220; show_in_lightbox=&#8220;on&#8220; _builder_version=&#8220;4.27.4&#8243; _module_preset=&#8220;default&#8220; custom_margin=&#8220;||7px|||&#8220; global_colors_info=&#8220;{}&#8220;][\/et_pb_image][et_pb_text _builder_version=&#8220;4.27.4&#8243; _module_preset=&#8220;default&#8220; text_font_size=&#8220;14px&#8220; global_colors_info=&#8220;{}&#8220;]<\/p>\n<p class=\"p1\"><strong>Me &amp; You, YaM, III<\/strong><br \/>2013\/2014<br \/><span lang=\"DE\">Spanplatte, Acrylfarbe;<br \/>Unterteil: Cyclamrot \u00fcbermalt mit Flieder<br \/>Oberteil: gelbgr\u00fcn perschimmernd und rosa perlschimmernd; Streifen 2 teilig : hellblau \/ smaragdgr\u00fcn<br \/><\/span>H 32cm x B 31cm x T 2,2cm<br \/><span lang=\"EN-US\">Photo: Egbert Trogemann<\/span><\/p>\n<div><\/div>\n<p>[\/et_pb_text][\/et_pb_column][et_pb_column type=&#8220;1_2&#8243; _builder_version=&#8220;4.27.4&#8243; _module_preset=&#8220;default&#8220; global_colors_info=&#8220;{}&#8220;][et_pb_image src=&#8220;https:\/\/erinnakoenig.de\/wp-content\/uploads\/2025\/08\/2013-2014_ME-YOU-YAM-IV.jpg&#8220; title_text=&#8220;2013-2014_ME-YOU-YAM-IV&#8220; show_in_lightbox=&#8220;on&#8220; _builder_version=&#8220;4.27.4&#8243; _module_preset=&#8220;default&#8220; custom_margin=&#8220;||7px|||&#8220; global_colors_info=&#8220;{}&#8220;][\/et_pb_image][et_pb_text _builder_version=&#8220;4.27.4&#8243; _module_preset=&#8220;default&#8220; text_font_size=&#8220;14px&#8220; global_colors_info=&#8220;{}&#8220;]<\/p>\n<p class=\"p1\"><strong>Me &amp; You, YaM, IV<\/strong><br \/>2013\/2014<br \/><span lang=\"DE\">Spanplatte, Acrylfarbe;<br \/>Unterteil: Kupferfarben<br \/>Oberteil: T\u00fcrkis<br \/>Streifen 2 teilig : gr\u00fcn-rot \u00fcbermalt<br \/><\/span>H 32cm x B 31cm x T 2,2cm<\/p>\n<p>[\/et_pb_text][\/et_pb_column][\/et_pb_row][et_pb_row column_structure=&#8220;1_2,1_2&#8243; _builder_version=&#8220;4.27.4&#8243; _module_preset=&#8220;default&#8220; global_colors_info=&#8220;{}&#8220;][et_pb_column type=&#8220;1_2&#8243; _builder_version=&#8220;4.27.4&#8243; _module_preset=&#8220;default&#8220; global_colors_info=&#8220;{}&#8220;][et_pb_image src=&#8220;https:\/\/erinnakoenig.de\/wp-content\/uploads\/2025\/08\/2013-2014_Me-YouYAM-II.jpg&#8220; title_text=&#8220;2013-2014_Me-YouYAM-II&#8220; show_in_lightbox=&#8220;on&#8220; _builder_version=&#8220;4.27.4&#8243; _module_preset=&#8220;default&#8220; custom_margin=&#8220;||7px|||&#8220; global_colors_info=&#8220;{}&#8220;][\/et_pb_image][et_pb_text _builder_version=&#8220;4.27.4&#8243; _module_preset=&#8220;default&#8220; text_font_size=&#8220;14px&#8220; global_colors_info=&#8220;{}&#8220;]<\/p>\n<p class=\"p1\"><strong>Me &amp; You, YaM, II<\/strong><br \/>2013\/2014<br \/><span lang=\"DE\">Spanplatte, Acrylfarbe;<br \/>Unterteil: Smaragdgr\u00fcn<br \/>Oberteil: Leuchtrot<br \/>Streifen 2 teilig : kaltes Rosa \/ hellblau \u00fcbermalt<br \/><\/span>H 32cm x B 31cm x T 2,2cm<\/p>\n<p>[\/et_pb_text][\/et_pb_column][et_pb_column type=&#8220;1_2&#8243; _builder_version=&#8220;4.27.4&#8243; _module_preset=&#8220;default&#8220; global_colors_info=&#8220;{}&#8220;][et_pb_image src=&#8220;https:\/\/erinnakoenig.de\/wp-content\/uploads\/2025\/08\/2013-2014_Me-YouYaM-I.jpg&#8220; title_text=&#8220;2013-2014_Me-YouYaM-I&#8220; _builder_version=&#8220;4.27.4&#8243; _module_preset=&#8220;default&#8220; global_colors_info=&#8220;{}&#8220;][\/et_pb_image][et_pb_text _builder_version=&#8220;4.27.4&#8243; _module_preset=&#8220;default&#8220; text_font_size=&#8220;14px&#8220; global_colors_info=&#8220;{}&#8220;]<\/p>\n<p class=\"p1\"><strong>Me &amp; You, YaM, I<\/strong><br \/>2013\/2014<br \/>H 32cm x B 31cm x T 2,2cm<br \/><span lang=\"DE\">Spanplatte, Acrylfarbe;<br \/>Unterteil: T\u00fcrkis, Braun<br \/>Oberteil: Gelb-Rosa, Orange<br \/><\/span><span lang=\"EN-US\">Photo: Egbert Trogemann<\/span><\/p>\n<div><\/div>\n<p class=\"p1\"><span lang=\"DE\">\u00a0<\/span><\/p>\n<p>[\/et_pb_text][\/et_pb_column][\/et_pb_row][et_pb_row column_structure=&#8220;1_2,1_2&#8243; _builder_version=&#8220;4.27.4&#8243; _module_preset=&#8220;default&#8220; global_colors_info=&#8220;{}&#8220;][et_pb_column type=&#8220;1_2&#8243; _builder_version=&#8220;4.27.4&#8243; _module_preset=&#8220;default&#8220; global_colors_info=&#8220;{}&#8220;][et_pb_image src=&#8220;https:\/\/erinnakoenig.de\/wp-content\/uploads\/2025\/08\/2017_Arachnamilla-flora_-Ockergelb-violettblau.jpg&#8220; title_text=&#8220;Erinna K\u00f6nig: Schleife&#8220; show_in_lightbox=&#8220;on&#8220; _builder_version=&#8220;4.27.4&#8243; _module_preset=&#8220;default&#8220; custom_margin=&#8220;||7px|||&#8220; global_colors_info=&#8220;{}&#8220;][\/et_pb_image][et_pb_text _builder_version=&#8220;4.27.4&#8243; _module_preset=&#8220;default&#8220; text_font_size=&#8220;14px&#8220; global_colors_info=&#8220;{}&#8220;]<\/p>\n<p class=\"p1\"><strong>Arachnamilla flora, ockergelb-violettblau <\/strong><br \/>2017<br \/><span lang=\"DE\">Multiplex, Acrylfarbe<br \/><\/span>H 43cm x B 79cm x T 2,5cm<br \/><span lang=\"EN-US\">Photo: Egbert Trogemann <\/span><\/p>\n<div><\/div>\n<p>[\/et_pb_text][\/et_pb_column][et_pb_column type=&#8220;1_2&#8243; _builder_version=&#8220;4.27.4&#8243; _module_preset=&#8220;default&#8220; global_colors_info=&#8220;{}&#8220;][et_pb_image src=&#8220;https:\/\/erinnakoenig.de\/wp-content\/uploads\/2025\/08\/2017_Arachnamilla-flora_Magenta-Gruengelb.jpg&#8220; title_text=&#8220;Erinna K\u00f6nig: Schleife&#8220; show_in_lightbox=&#8220;on&#8220; _builder_version=&#8220;4.27.4&#8243; _module_preset=&#8220;default&#8220; custom_margin=&#8220;||7px|||&#8220; global_colors_info=&#8220;{}&#8220;][\/et_pb_image][et_pb_text _builder_version=&#8220;4.27.4&#8243; _module_preset=&#8220;default&#8220; text_font_size=&#8220;14px&#8220; global_colors_info=&#8220;{}&#8220;]<\/p>\n<p class=\"p1\"><strong>Arachnamilla flora, Magenta, Gr\u00fcn-gelb <\/strong><br \/>2017<br \/><span lang=\"DE\">Multiplex, Acrylfarbe<br \/><\/span>H 43cm x B 79cm x T 2,5cm<br \/><span lang=\"EN-US\">Photo: Egbert Trogemann<\/span><\/p>\n<div><\/div>\n<p>[\/et_pb_text][\/et_pb_column][\/et_pb_row][et_pb_row column_structure=&#8220;1_3,1_3,1_3&#8243; _builder_version=&#8220;4.27.4&#8243; _module_preset=&#8220;default&#8220; global_colors_info=&#8220;{}&#8220;][et_pb_column type=&#8220;1_3&#8243; _builder_version=&#8220;4.27.4&#8243; _module_preset=&#8220;default&#8220; global_colors_info=&#8220;{}&#8220;][et_pb_image src=&#8220;https:\/\/erinnakoenig.de\/wp-content\/uploads\/2025\/08\/2010_Schlange-II-B.jpg&#8220; title_text=&#8220;2010_Schlange-II-B&#8220; show_in_lightbox=&#8220;on&#8220; _builder_version=&#8220;4.27.4&#8243; _module_preset=&#8220;default&#8220; custom_margin=&#8220;||7px|||&#8220; global_colors_info=&#8220;{}&#8220;][\/et_pb_image][et_pb_text _builder_version=&#8220;4.27.4&#8243; _module_preset=&#8220;default&#8220; text_font_size=&#8220;14px&#8220; global_colors_info=&#8220;{}&#8220;]<\/p>\n<p class=\"p1\"><strong>Schlange III B<\/strong><br \/>2009\/2010<br \/><span lang=\"DE\">Bronze, dunkel patiniert<br \/><\/span>H 24cm x B 65cm x T 38cm<br \/><span lang=\"EN-US\">Photo: Egbert Trogemann<\/span><\/p>\n<div><\/div>\n<p>[\/et_pb_text][\/et_pb_column][et_pb_column type=&#8220;1_3&#8243; _builder_version=&#8220;4.27.4&#8243; _module_preset=&#8220;default&#8220; global_colors_info=&#8220;{}&#8220;][et_pb_image src=&#8220;https:\/\/erinnakoenig.de\/wp-content\/uploads\/2025\/08\/2010_Schlange-IV-K.jpg&#8220; title_text=&#8220;2010_Schlange-IV-K&#8220; show_in_lightbox=&#8220;on&#8220; _builder_version=&#8220;4.27.4&#8243; _module_preset=&#8220;default&#8220; custom_margin=&#8220;||7px|||&#8220; global_colors_info=&#8220;{}&#8220;][\/et_pb_image][et_pb_text _builder_version=&#8220;4.27.4&#8243; _module_preset=&#8220;default&#8220; text_font_size=&#8220;14px&#8220; global_colors_info=&#8220;{}&#8220;]<\/p>\n<p class=\"p1\"><strong>Schlange IV K<\/strong><br \/>2009\/2010<br \/><span lang=\"DE\">Keramik, rot-gr\u00fcn gefleckt<br \/><\/span>H 33cm x B 70cm x T 33cm<br \/><span lang=\"EN-US\">Photo: Egbert Trogemann<\/span><\/p>\n<div><\/div>\n<p>[\/et_pb_text][\/et_pb_column][et_pb_column type=&#8220;1_3&#8243; _builder_version=&#8220;4.27.4&#8243; _module_preset=&#8220;default&#8220; global_colors_info=&#8220;{}&#8220;][et_pb_image src=&#8220;https:\/\/erinnakoenig.de\/wp-content\/uploads\/2025\/08\/2010_Schlange-III-K.jpg&#8220; title_text=&#8220;2010_Schlange-III-K&#8220; show_in_lightbox=&#8220;on&#8220; _builder_version=&#8220;4.27.4&#8243; _module_preset=&#8220;default&#8220; custom_margin=&#8220;||7px|||&#8220; global_colors_info=&#8220;{}&#8220;][\/et_pb_image][et_pb_text _builder_version=&#8220;4.27.4&#8243; _module_preset=&#8220;default&#8220; text_font_size=&#8220;14px&#8220; global_colors_info=&#8220;{}&#8220;]<\/p>\n<p class=\"p1\"><strong>Schlange III K <\/strong><br \/>2009\/2010<br \/><span lang=\"DE\">Keramik, gr\u00fcn-anthazit, gefleckt<br \/><\/span><span lang=\"EN-US\">26 cm x 55 cm x 26cm<br \/><\/span><span lang=\"EN-US\">Photo: Egbert Trogemann<\/span><\/p>\n<div><\/div>\n<p>[\/et_pb_text][\/et_pb_column][\/et_pb_row][\/et_pb_section]<\/p>\n","protected":false},"excerpt":{"rendered":"<p>Bretters\u00e4ule2019Lackfarbe auf Holz, Aquarell hinter Acrylgas260cm x 61cm x 61cmFoto: Dejan Sari\u0107Ausstellung Thomas Sch\u00fctte StiftungSkulpturenhalleTreppe2019MDF, Acrylfarbe auf Holzs\u00e4ule, 23 Teile210cm x 132cm Photo: Dejan SaricAusstellung Thomas Sch\u00fctte StiftungSkulpturenhalle Neuss \u00a0 A whiter shade of pale2007-2011Acrylfarbe auf HolzH 72,5cm x B 44cm x T 4cmPhoto: Egbert Trogemann o.T. (Kuh)2011Rahmen mit Kunststoff und Kuhmuster,gr\u00fcne LeinwandH 16,7cm x [&hellip;]<\/p>\n","protected":false},"author":1,"featured_media":0,"parent":226,"menu_order":0,"comment_status":"closed","ping_status":"closed","template":"","meta":{"_et_pb_use_builder":"on","_et_pb_old_content":"","_et_gb_content_width":"","footnotes":""},"class_list":["post-393","page","type-page","status-publish","hentry"],"yoast_head":"<!-- This site is optimized with the Yoast SEO plugin v27.4 - https:\/\/yoast.com\/product\/yoast-seo-wordpress\/ -->\n<title>Werke 2010 - 2019 | ERINNA K\u00d6NIG<\/title>\n<meta name=\"description\" content=\"Erinna K\u00f6nig (deutsch, 1947-2021), Meistersch\u00fclerin von Joseph Beuys an der D\u00fcsseldorfer Kunstakademie, verwandelte Fundobjekte zu eloquenter aesthetischer Skulptur-Malerei.\" \/>\n<meta name=\"robots\" content=\"index, follow, max-snippet:-1, max-image-preview:large, max-video-preview:-1\" \/>\n<link rel=\"canonical\" href=\"https:\/\/erinnakoenig.de\/en\/werke\/werke-2010-2019\/\" \/>\n<meta property=\"og:locale\" content=\"en_GB\" \/>\n<meta property=\"og:type\" content=\"article\" \/>\n<meta property=\"og:title\" content=\"Werke 2010 - 2019 | ERINNA K\u00d6NIG\" \/>\n<meta property=\"og:description\" content=\"Erinna K\u00f6nig (deutsch, 1947-2021), Meistersch\u00fclerin von Joseph Beuys an der D\u00fcsseldorfer Kunstakademie, verwandelte Fundobjekte zu eloquenter aesthetischer Skulptur-Malerei.\" \/>\n<meta property=\"og:url\" content=\"https:\/\/erinnakoenig.de\/en\/werke\/werke-2010-2019\/\" \/>\n<meta property=\"og:site_name\" content=\"ERINNA K\u00d6NIG\" \/>\n<meta property=\"article:modified_time\" content=\"2025-09-26T16:58:40+00:00\" \/>\n<meta property=\"og:image\" content=\"https:\/\/erinnakoenig.de\/wp-content\/uploads\/2025\/08\/Selbst-Portrait-1968-01.webp\" \/>\n\t<meta property=\"og:image:width\" content=\"1000\" \/>\n\t<meta property=\"og:image:height\" content=\"1000\" \/>\n\t<meta property=\"og:image:type\" content=\"image\/webp\" \/>\n<meta name=\"twitter:card\" content=\"summary_large_image\" \/>\n<meta name=\"twitter:label1\" content=\"Estimated reading time\" \/>\n\t<meta name=\"twitter:data1\" content=\"7 minutes\" \/>\n<script type=\"application\/ld+json\" class=\"yoast-schema-graph\">{\"@context\":\"https:\\\/\\\/schema.org\",\"@graph\":[{\"@type\":\"WebPage\",\"@id\":\"https:\\\/\\\/erinnakoenig.de\\\/werke\\\/werke-2010-2019\\\/\",\"url\":\"https:\\\/\\\/erinnakoenig.de\\\/werke\\\/werke-2010-2019\\\/\",\"name\":\"Werke 2010 - 2019 | ERINNA K\u00d6NIG\",\"isPartOf\":{\"@id\":\"https:\\\/\\\/erinnakoenig.de\\\/#website\"},\"datePublished\":\"2025-08-21T13:20:48+00:00\",\"dateModified\":\"2025-09-26T16:58:40+00:00\",\"description\":\"Erinna K\u00f6nig (deutsch, 1947-2021), Meistersch\u00fclerin von Joseph Beuys an der D\u00fcsseldorfer Kunstakademie, verwandelte Fundobjekte zu eloquenter aesthetischer Skulptur-Malerei.\",\"breadcrumb\":{\"@id\":\"https:\\\/\\\/erinnakoenig.de\\\/werke\\\/werke-2010-2019\\\/#breadcrumb\"},\"inLanguage\":\"en-GB\",\"potentialAction\":[{\"@type\":\"ReadAction\",\"target\":[\"https:\\\/\\\/erinnakoenig.de\\\/werke\\\/werke-2010-2019\\\/\"]}]},{\"@type\":\"BreadcrumbList\",\"@id\":\"https:\\\/\\\/erinnakoenig.de\\\/werke\\\/werke-2010-2019\\\/#breadcrumb\",\"itemListElement\":[{\"@type\":\"ListItem\",\"position\":1,\"name\":\"Startseite\",\"item\":\"https:\\\/\\\/erinnakoenig.de\\\/\"},{\"@type\":\"ListItem\",\"position\":2,\"name\":\"WERKE\",\"item\":\"https:\\\/\\\/erinnakoenig.de\\\/werke\\\/\"},{\"@type\":\"ListItem\",\"position\":3,\"name\":\"Werke 2010 &#8211; 2019\"}]},{\"@type\":\"WebSite\",\"@id\":\"https:\\\/\\\/erinnakoenig.de\\\/#website\",\"url\":\"https:\\\/\\\/erinnakoenig.de\\\/\",\"name\":\"ERINNA K\u00d6NIG\",\"description\":\"EK STUDIO - D\u00fcsseldorf\",\"publisher\":{\"@id\":\"https:\\\/\\\/erinnakoenig.de\\\/#organization\"},\"potentialAction\":[{\"@type\":\"SearchAction\",\"target\":{\"@type\":\"EntryPoint\",\"urlTemplate\":\"https:\\\/\\\/erinnakoenig.de\\\/?s={search_term_string}\"},\"query-input\":{\"@type\":\"PropertyValueSpecification\",\"valueRequired\":true,\"valueName\":\"search_term_string\"}}],\"inLanguage\":\"en-GB\"},{\"@type\":\"Organization\",\"@id\":\"https:\\\/\\\/erinnakoenig.de\\\/#organization\",\"name\":\"EK STUDIO\",\"url\":\"https:\\\/\\\/erinnakoenig.de\\\/\",\"logo\":{\"@type\":\"ImageObject\",\"inLanguage\":\"en-GB\",\"@id\":\"https:\\\/\\\/erinnakoenig.de\\\/#\\\/schema\\\/logo\\\/image\\\/\",\"url\":\"https:\\\/\\\/erinnakoenig.de\\\/wp-content\\\/uploads\\\/2025\\\/08\\\/cropped-FAV.png\",\"contentUrl\":\"https:\\\/\\\/erinnakoenig.de\\\/wp-content\\\/uploads\\\/2025\\\/08\\\/cropped-FAV.png\",\"width\":512,\"height\":512,\"caption\":\"EK STUDIO\"},\"image\":{\"@id\":\"https:\\\/\\\/erinnakoenig.de\\\/#\\\/schema\\\/logo\\\/image\\\/\"},\"sameAs\":[\"https:\\\/\\\/www.instagram.com\\\/erinnakoenig\\\/\"]}]}<\/script>\n<!-- \/ Yoast SEO plugin. -->","yoast_head_json":{"title":"Werke 2010 - 2019 | ERINNA K\u00d6NIG","description":"Erinna K\u00f6nig (deutsch, 1947-2021), Meistersch\u00fclerin von Joseph Beuys an der D\u00fcsseldorfer Kunstakademie, verwandelte Fundobjekte zu eloquenter aesthetischer Skulptur-Malerei.","robots":{"index":"index","follow":"follow","max-snippet":"max-snippet:-1","max-image-preview":"max-image-preview:large","max-video-preview":"max-video-preview:-1"},"canonical":"https:\/\/erinnakoenig.de\/en\/werke\/werke-2010-2019\/","og_locale":"en_GB","og_type":"article","og_title":"Werke 2010 - 2019 | ERINNA K\u00d6NIG","og_description":"Erinna K\u00f6nig (deutsch, 1947-2021), Meistersch\u00fclerin von Joseph Beuys an der D\u00fcsseldorfer Kunstakademie, verwandelte Fundobjekte zu eloquenter aesthetischer Skulptur-Malerei.","og_url":"https:\/\/erinnakoenig.de\/en\/werke\/werke-2010-2019\/","og_site_name":"ERINNA K\u00d6NIG","article_modified_time":"2025-09-26T16:58:40+00:00","og_image":[{"width":1000,"height":1000,"url":"https:\/\/erinnakoenig.de\/wp-content\/uploads\/2025\/08\/Selbst-Portrait-1968-01.webp","type":"image\/webp"}],"twitter_card":"summary_large_image","twitter_misc":{"Estimated reading time":"7 minutes"},"schema":{"@context":"https:\/\/schema.org","@graph":[{"@type":"WebPage","@id":"https:\/\/erinnakoenig.de\/werke\/werke-2010-2019\/","url":"https:\/\/erinnakoenig.de\/werke\/werke-2010-2019\/","name":"Werke 2010 - 2019 | ERINNA K\u00d6NIG","isPartOf":{"@id":"https:\/\/erinnakoenig.de\/#website"},"datePublished":"2025-08-21T13:20:48+00:00","dateModified":"2025-09-26T16:58:40+00:00","description":"Erinna K\u00f6nig (deutsch, 1947-2021), Meistersch\u00fclerin von Joseph Beuys an der D\u00fcsseldorfer Kunstakademie, verwandelte Fundobjekte zu eloquenter aesthetischer Skulptur-Malerei.","breadcrumb":{"@id":"https:\/\/erinnakoenig.de\/werke\/werke-2010-2019\/#breadcrumb"},"inLanguage":"en-GB","potentialAction":[{"@type":"ReadAction","target":["https:\/\/erinnakoenig.de\/werke\/werke-2010-2019\/"]}]},{"@type":"BreadcrumbList","@id":"https:\/\/erinnakoenig.de\/werke\/werke-2010-2019\/#breadcrumb","itemListElement":[{"@type":"ListItem","position":1,"name":"Startseite","item":"https:\/\/erinnakoenig.de\/"},{"@type":"ListItem","position":2,"name":"WERKE","item":"https:\/\/erinnakoenig.de\/werke\/"},{"@type":"ListItem","position":3,"name":"Werke 2010 &#8211; 2019"}]},{"@type":"WebSite","@id":"https:\/\/erinnakoenig.de\/#website","url":"https:\/\/erinnakoenig.de\/","name":"ERINNA K\u00d6NIG","description":"EK STUDIO - D\u00fcsseldorf","publisher":{"@id":"https:\/\/erinnakoenig.de\/#organization"},"potentialAction":[{"@type":"SearchAction","target":{"@type":"EntryPoint","urlTemplate":"https:\/\/erinnakoenig.de\/?s={search_term_string}"},"query-input":{"@type":"PropertyValueSpecification","valueRequired":true,"valueName":"search_term_string"}}],"inLanguage":"en-GB"},{"@type":"Organization","@id":"https:\/\/erinnakoenig.de\/#organization","name":"EK STUDIO","url":"https:\/\/erinnakoenig.de\/","logo":{"@type":"ImageObject","inLanguage":"en-GB","@id":"https:\/\/erinnakoenig.de\/#\/schema\/logo\/image\/","url":"https:\/\/erinnakoenig.de\/wp-content\/uploads\/2025\/08\/cropped-FAV.png","contentUrl":"https:\/\/erinnakoenig.de\/wp-content\/uploads\/2025\/08\/cropped-FAV.png","width":512,"height":512,"caption":"EK STUDIO"},"image":{"@id":"https:\/\/erinnakoenig.de\/#\/schema\/logo\/image\/"},"sameAs":["https:\/\/www.instagram.com\/erinnakoenig\/"]}]}},"_links":{"self":[{"href":"https:\/\/erinnakoenig.de\/en\/wp-json\/wp\/v2\/pages\/393","targetHints":{"allow":["GET"]}}],"collection":[{"href":"https:\/\/erinnakoenig.de\/en\/wp-json\/wp\/v2\/pages"}],"about":[{"href":"https:\/\/erinnakoenig.de\/en\/wp-json\/wp\/v2\/types\/page"}],"author":[{"embeddable":true,"href":"https:\/\/erinnakoenig.de\/en\/wp-json\/wp\/v2\/users\/1"}],"replies":[{"embeddable":true,"href":"https:\/\/erinnakoenig.de\/en\/wp-json\/wp\/v2\/comments?post=393"}],"version-history":[{"count":16,"href":"https:\/\/erinnakoenig.de\/en\/wp-json\/wp\/v2\/pages\/393\/revisions"}],"predecessor-version":[{"id":1929,"href":"https:\/\/erinnakoenig.de\/en\/wp-json\/wp\/v2\/pages\/393\/revisions\/1929"}],"up":[{"embeddable":true,"href":"https:\/\/erinnakoenig.de\/en\/wp-json\/wp\/v2\/pages\/226"}],"wp:attachment":[{"href":"https:\/\/erinnakoenig.de\/en\/wp-json\/wp\/v2\/media?parent=393"}],"curies":[{"name":"wp","href":"https:\/\/api.w.org\/{rel}","templated":true}]}}