{"id":353,"date":"2025-08-21T12:21:37","date_gmt":"2025-08-21T12:21:37","guid":{"rendered":"https:\/\/erinnakoenig.com\/?page_id=353"},"modified":"2025-09-26T16:57:48","modified_gmt":"2025-09-26T16:57:48","slug":"werke-1990-1999","status":"publish","type":"page","link":"https:\/\/erinnakoenig.de\/en\/werke\/werke-1990-1999\/","title":{"rendered":"Werke 1990 &#8211; 1999"},"content":{"rendered":"<p>[et_pb_section fb_built=&#8220;1&#8243; _builder_version=&#8220;4.27.4&#8243; _module_preset=&#8220;default&#8220; global_colors_info=&#8220;{}&#8220;][et_pb_row _builder_version=&#8220;4.27.4&#8243; _module_preset=&#8220;default&#8220; global_colors_info=&#8220;{}&#8220;][et_pb_column type=&#8220;4_4&#8243; _builder_version=&#8220;4.27.4&#8243; _module_preset=&#8220;default&#8220; global_colors_info=&#8220;{}&#8220;][et_pb_heading title=&#8220;WERKE 1990 &#8211; 1999&#8243; _builder_version=&#8220;4.27.4&#8243; _module_preset=&#8220;default&#8220; title_font=&#8220;Avenir Light|100|||||||&#8220; title_text_align=&#8220;right&#8220; global_colors_info=&#8220;{}&#8220;][\/et_pb_heading][et_pb_menu menu_id=&#8220;11&#8243; active_link_color=&#8220;#000000&#8243; module_class=&#8220;lwp-hide-mobile-menu&#8220; _builder_version=&#8220;4.27.4&#8243; _module_preset=&#8220;default&#8220; menu_font=&#8220;|800|||||||&#8220; menu_font_size=&#8220;16px&#8220; text_orientation=&#8220;right&#8220; hover_enabled=&#8220;0&#8243; locked=&#8220;off&#8220; global_colors_info=&#8220;{}&#8220; active_link_color__hover_enabled=&#8220;on|desktop&#8220; active_link_color__hover=&#8220;#707070&#8243; sticky_enabled=&#8220;0&#8243;][\/et_pb_menu][\/et_pb_column][\/et_pb_row][et_pb_row column_structure=&#8220;1_3,1_3,1_3&#8243; _builder_version=&#8220;4.27.4&#8243; _module_preset=&#8220;default&#8220; global_colors_info=&#8220;{}&#8220;][et_pb_column type=&#8220;1_3&#8243; _builder_version=&#8220;4.27.4&#8243; _module_preset=&#8220;default&#8220; global_colors_info=&#8220;{}&#8220;][et_pb_image src=&#8220;https:\/\/erinnakoenig.de\/wp-content\/uploads\/2025\/08\/1998_-Rheinbild-Uebergang-zur-Schublade-e1632210240148-900&#215;551-1.jpg&#8220; title_text=&#8220;1998_-Rheinbild-Uebergang-zur-Schublade-e1632210240148-900&#215;551&#8243; show_in_lightbox=&#8220;on&#8220; _builder_version=&#8220;4.27.4&#8243; _module_preset=&#8220;default&#8220; custom_margin=&#8220;||7px|||&#8220; global_colors_info=&#8220;{}&#8220;][\/et_pb_image][et_pb_text _builder_version=&#8220;4.27.4&#8243; _module_preset=&#8220;default&#8220; text_font_size=&#8220;14px&#8220; global_colors_info=&#8220;{}&#8220;]<\/p>\n<p class=\"p1\"><strong>Rheinbild (\u00dcbergang zur Schublade)<\/strong><br \/>1998<br \/><span lang=\"DE\">Acryl- und Lackfarbe auf Holz<br \/><\/span>H 53,5cm x B 42cm<br \/><span lang=\"EN-US\">Photo: Nic Tenwiggenhorn<\/span><\/p>\n<div><\/div>\n<p>[\/et_pb_text][\/et_pb_column][et_pb_column type=&#8220;1_3&#8243; _builder_version=&#8220;4.27.4&#8243; _module_preset=&#8220;default&#8220; global_colors_info=&#8220;{}&#8220;][et_pb_image src=&#8220;https:\/\/erinnakoenig.de\/wp-content\/uploads\/2025\/08\/1990-Wahlurne.jpg&#8220; title_text=&#8220;1990-Wahlurne&#8220; show_in_lightbox=&#8220;on&#8220; _builder_version=&#8220;4.27.4&#8243; _module_preset=&#8220;default&#8220; custom_margin=&#8220;||7px|||&#8220; global_colors_info=&#8220;{}&#8220;][\/et_pb_image][et_pb_text _builder_version=&#8220;4.27.4&#8243; _module_preset=&#8220;default&#8220; text_font_size=&#8220;14px&#8220; global_colors_info=&#8220;{}&#8220;]<\/p>\n<p class=\"p1\"><strong>Wahlurne<\/strong><br \/>1990<br \/><span lang=\"DE\">Acrylfarbe auf Holz und Holzlasur<br \/><\/span>H 90,5cm x B 34cm<br \/><span lang=\"EN-US\">Photo: Nic Tenwiggenhorn<\/span><\/p>\n<div><\/div>\n<p>[\/et_pb_text][\/et_pb_column][et_pb_column type=&#8220;1_3&#8243; _builder_version=&#8220;4.27.4&#8243; _module_preset=&#8220;default&#8220; global_colors_info=&#8220;{}&#8220;][et_pb_image src=&#8220;https:\/\/erinnakoenig.de\/wp-content\/uploads\/2025\/08\/1990_Koeln-Nippes.jpg&#8220; title_text=&#8220;1990_Koeln-Nippes&#8220; show_in_lightbox=&#8220;on&#8220; _builder_version=&#8220;4.27.4&#8243; _module_preset=&#8220;default&#8220; custom_margin=&#8220;||7px|||&#8220; global_colors_info=&#8220;{}&#8220;][\/et_pb_image][et_pb_text _builder_version=&#8220;4.27.4&#8243; _module_preset=&#8220;default&#8220; text_font_size=&#8220;14px&#8220; global_colors_info=&#8220;{}&#8220;]<\/p>\n<p class=\"p1\"><strong>K\u00f6ln-Nippes<\/strong><br \/>1990<br \/><span lang=\"DE\">Aquarell im Holzkasten<br \/><\/span>H 49cm x B 45cm x T 12cm<br \/><span lang=\"EN-US\">Photo: Nic Tenwiggenhorn<\/span><\/p>\n<div><\/div>\n<p>[\/et_pb_text][\/et_pb_column][\/et_pb_row][et_pb_row column_structure=&#8220;1_2,1_2&#8243; _builder_version=&#8220;4.27.4&#8243; _module_preset=&#8220;default&#8220; global_colors_info=&#8220;{}&#8220;][et_pb_column type=&#8220;1_2&#8243; _builder_version=&#8220;4.27.4&#8243; _module_preset=&#8220;default&#8220; global_colors_info=&#8220;{}&#8220;][et_pb_image src=&#8220;https:\/\/erinnakoenig.de\/wp-content\/uploads\/2025\/08\/1990_Ende-der-Rolle-6.jpg&#8220; title_text=&#8220;1990_Ende-der-Rolle-6&#8243; show_in_lightbox=&#8220;on&#8220; _builder_version=&#8220;4.27.4&#8243; _module_preset=&#8220;default&#8220; custom_margin=&#8220;||7px|||&#8220; global_colors_info=&#8220;{}&#8220;][\/et_pb_image][et_pb_text _builder_version=&#8220;4.27.4&#8243; _module_preset=&#8220;default&#8220; text_font_size=&#8220;14px&#8220; global_colors_info=&#8220;{}&#8220;]<\/p>\n<p class=\"p1\"><strong>Ende der Rolle 6<\/strong><br \/>1990<br \/><span lang=\"DE\">Multiple (original edition 20)<br \/>Jeweils Linoldruck (rot) auf Pappe,<br \/>gefaltetes Papier<br \/><\/span>60 cm Durchm.<br \/><span lang=\"EN-US\">Photo: Nic Tenwiggenhorn<\/span><\/p>\n<div><\/div>\n<p>[\/et_pb_text][\/et_pb_column][et_pb_column type=&#8220;1_2&#8243; _builder_version=&#8220;4.27.4&#8243; _module_preset=&#8220;default&#8220; global_colors_info=&#8220;{}&#8220;][et_pb_image src=&#8220;https:\/\/erinnakoenig.de\/wp-content\/uploads\/2025\/08\/1990_Kleines-schwarzes-Quadrat.jpg&#8220; title_text=&#8220;1990_Kleines-schwarzes-Quadrat&#8220; show_in_lightbox=&#8220;on&#8220; _builder_version=&#8220;4.27.4&#8243; _module_preset=&#8220;default&#8220; custom_margin=&#8220;||7px|||&#8220; global_colors_info=&#8220;{}&#8220;][\/et_pb_image][et_pb_text _builder_version=&#8220;4.27.4&#8243; _module_preset=&#8220;default&#8220; text_font_size=&#8220;14px&#8220; global_colors_info=&#8220;{}&#8220;]<\/p>\n<p class=\"p1\"><strong>Kleines schwarzes Quadrat<\/strong><br \/>1990<br \/><span lang=\"DE\">Holz, Acryl schwarz, Eisenh\u00e4kchen<br \/><\/span>H 27,8cm x B 27,8cm<br \/><span lang=\"EN-US\">Photo: Nic Tenwiggenhorn<\/span><\/p>\n<div><\/div>\n<p>[\/et_pb_text][\/et_pb_column][\/et_pb_row][et_pb_row column_structure=&#8220;1_2,1_2&#8243; _builder_version=&#8220;4.27.4&#8243; _module_preset=&#8220;default&#8220; global_colors_info=&#8220;{}&#8220;][et_pb_column type=&#8220;1_2&#8243; _builder_version=&#8220;4.27.4&#8243; _module_preset=&#8220;default&#8220; global_colors_info=&#8220;{}&#8220;][et_pb_image src=&#8220;https:\/\/erinnakoenig.de\/wp-content\/uploads\/2025\/08\/1990_Flerianos_Goldgrund.jpg&#8220; title_text=&#8220;1990_Flerianos_Goldgrund&#8220; show_in_lightbox=&#8220;on&#8220; _builder_version=&#8220;4.27.4&#8243; _module_preset=&#8220;default&#8220; custom_margin=&#8220;||7px|||&#8220; global_colors_info=&#8220;{}&#8220;][\/et_pb_image][et_pb_text _builder_version=&#8220;4.27.4&#8243; _module_preset=&#8220;default&#8220; text_font_size=&#8220;14px&#8220; global_colors_info=&#8220;{}&#8220;]<\/p>\n<p class=\"p1\"><strong>Flerianos, Goldgrund<\/strong><br \/>1990<br \/><span lang=\"DE\">Acryl auf Pappe<br \/><\/span>H 21,2cm x B 26,2cm<br \/><span lang=\"EN-US\">Photo: Norbert Faehling<\/span><\/p>\n<div><\/div>\n<p>[\/et_pb_text][\/et_pb_column][et_pb_column type=&#8220;1_2&#8243; _builder_version=&#8220;4.27.4&#8243; _module_preset=&#8220;default&#8220; global_colors_info=&#8220;{}&#8220;][et_pb_image src=&#8220;https:\/\/erinnakoenig.de\/wp-content\/uploads\/2025\/08\/1990_Flerianos-Gelb.jpg&#8220; title_text=&#8220;1990_Flerianos-Gelb&#8220; show_in_lightbox=&#8220;on&#8220; _builder_version=&#8220;4.27.4&#8243; _module_preset=&#8220;default&#8220; custom_margin=&#8220;||7px|||&#8220; global_colors_info=&#8220;{}&#8220;][\/et_pb_image][et_pb_text _builder_version=&#8220;4.27.4&#8243; _module_preset=&#8220;default&#8220; text_font_size=&#8220;14px&#8220; global_colors_info=&#8220;{}&#8220;]<\/p>\n<p class=\"p1\"><strong>Flerianos, gelb<\/strong><br \/>1990<br \/><span lang=\"DE\">Acrylfarbe auf Aquarellpapier<br \/><\/span>H 18cm x B 24cm<\/p>\n<div><span lang=\"EN-US\">Photo: Norbert Faehling<\/span><\/div>\n<div><\/div>\n<div><\/div>\n<p>[\/et_pb_text][\/et_pb_column][\/et_pb_row][et_pb_row column_structure=&#8220;2_5,3_5&#8243; _builder_version=&#8220;4.27.4&#8243; _module_preset=&#8220;default&#8220; global_colors_info=&#8220;{}&#8220;][et_pb_column type=&#8220;2_5&#8243; _builder_version=&#8220;4.27.4&#8243; _module_preset=&#8220;default&#8220; global_colors_info=&#8220;{}&#8220;][et_pb_image src=&#8220;https:\/\/erinnakoenig.de\/wp-content\/uploads\/2025\/08\/1991_Machtpeter.jpg&#8220; title_text=&#8220;1991_Machtpeter&#8220; show_in_lightbox=&#8220;on&#8220; _builder_version=&#8220;4.27.4&#8243; _module_preset=&#8220;default&#8220; custom_margin=&#8220;||7px|||&#8220; global_colors_info=&#8220;{}&#8220;][\/et_pb_image][et_pb_text _builder_version=&#8220;4.27.4&#8243; _module_preset=&#8220;default&#8220; text_font_size=&#8220;14px&#8220; global_colors_info=&#8220;{}&#8220;]<\/p>\n<p class=\"p1\"><strong>Machtpeter<\/strong> <br \/>1991 <br \/>H 202 x B 102 x T 55<\/p>\n<p>[\/et_pb_text][\/et_pb_column][et_pb_column type=&#8220;3_5&#8243; _builder_version=&#8220;4.27.4&#8243; _module_preset=&#8220;default&#8220; global_colors_info=&#8220;{}&#8220;][et_pb_image src=&#8220;https:\/\/erinnakoenig.de\/wp-content\/uploads\/2025\/08\/1992-1998_Goldbild.jpg&#8220; title_text=&#8220;1992-1998_Goldbild&#8220; show_in_lightbox=&#8220;on&#8220; _builder_version=&#8220;4.27.4&#8243; _module_preset=&#8220;default&#8220; custom_margin=&#8220;||7px|||&#8220; global_colors_info=&#8220;{}&#8220;][\/et_pb_image][et_pb_text _builder_version=&#8220;4.27.4&#8243; _module_preset=&#8220;default&#8220; text_font_size=&#8220;14px&#8220; global_colors_info=&#8220;{}&#8220;]<\/p>\n<p class=\"p1\"><strong>Goldbild<\/strong> <br \/>1992\/1998 <br \/>H 37 x B 57 x T 8<\/p>\n<p>[\/et_pb_text][\/et_pb_column][\/et_pb_row][et_pb_row column_structure=&#8220;1_3,1_3,1_3&#8243; _builder_version=&#8220;4.27.4&#8243; _module_preset=&#8220;default&#8220; global_colors_info=&#8220;{}&#8220;][et_pb_column type=&#8220;1_3&#8243; _builder_version=&#8220;4.27.4&#8243; _module_preset=&#8220;default&#8220; global_colors_info=&#8220;{}&#8220;][et_pb_image src=&#8220;https:\/\/erinnakoenig.de\/wp-content\/uploads\/2025\/08\/1991_o.T.jpg&#8220; title_text=&#8220;1991_o.T.&#8220; show_in_lightbox=&#8220;on&#8220; _builder_version=&#8220;4.27.4&#8243; _module_preset=&#8220;default&#8220; custom_margin=&#8220;||7px|||&#8220; global_colors_info=&#8220;{}&#8220;][\/et_pb_image][et_pb_text _builder_version=&#8220;4.27.4&#8243; _module_preset=&#8220;default&#8220; text_font_size=&#8220;14px&#8220; global_colors_info=&#8220;{}&#8220;]<\/p>\n<p class=\"p1\"><strong>o.T.<\/strong> <br \/>1991 <br \/>H 41,2 x B 25<\/p>\n<p>[\/et_pb_text][\/et_pb_column][et_pb_column type=&#8220;1_3&#8243; _builder_version=&#8220;4.27.4&#8243; _module_preset=&#8220;default&#8220; global_colors_info=&#8220;{}&#8220;][et_pb_image src=&#8220;https:\/\/erinnakoenig.de\/wp-content\/uploads\/2025\/08\/1991_Vogelbild.jpg&#8220; title_text=&#8220;1991_Vogelbild&#8220; show_in_lightbox=&#8220;on&#8220; _builder_version=&#8220;4.27.4&#8243; _module_preset=&#8220;default&#8220; custom_margin=&#8220;||7px|||&#8220; global_colors_info=&#8220;{}&#8220;][\/et_pb_image][et_pb_text _builder_version=&#8220;4.27.4&#8243; _module_preset=&#8220;default&#8220; text_font_size=&#8220;14px&#8220; global_colors_info=&#8220;{}&#8220;]<\/p>\n<p class=\"p1\"><b>Vogelbild<br \/><\/b>1991<br \/><span lang=\"DE\">Holz, Glas, Acryl<br \/><\/span>H 71,5cm x B 60cm<br \/><span lang=\"EN-US\">Photo: Nic Tenwiggenhorn<\/span><\/p>\n<div><\/div>\n<p>[\/et_pb_text][\/et_pb_column][et_pb_column type=&#8220;1_3&#8243; _builder_version=&#8220;4.27.4&#8243; _module_preset=&#8220;default&#8220; global_colors_info=&#8220;{}&#8220;][et_pb_image src=&#8220;https:\/\/erinnakoenig.de\/wp-content\/uploads\/2025\/08\/1997_Happy-Birthday.jpg&#8220; title_text=&#8220;1997_Happy-Birthday&#8220; show_in_lightbox=&#8220;on&#8220; _builder_version=&#8220;4.27.4&#8243; _module_preset=&#8220;default&#8220; custom_margin=&#8220;||7px|||&#8220; global_colors_info=&#8220;{}&#8220;][\/et_pb_image][et_pb_text _builder_version=&#8220;4.27.4&#8243; _module_preset=&#8220;default&#8220; text_font_size=&#8220;14px&#8220; global_colors_info=&#8220;{}&#8220;]<\/p>\n<p class=\"p1\"><strong>Happy Birthday<\/strong><br \/>1997<br \/><span lang=\"DE\">Grafik<br \/>s\/w Postkarte mit Filzstift koloriert<br \/><\/span>DIN A6<br \/><span lang=\"EN-US\">Photo: Nic Tenwiggenhorn<\/span><\/p>\n<div><\/div>\n<p>[\/et_pb_text][\/et_pb_column][\/et_pb_row][et_pb_row _builder_version=&#8220;4.27.4&#8243; _module_preset=&#8220;default&#8220; background_color=&#8220;#FFFFFF&#8220; global_colors_info=&#8220;{}&#8220;][et_pb_column type=&#8220;4_4&#8243; _builder_version=&#8220;4.27.4&#8243; _module_preset=&#8220;default&#8220; global_colors_info=&#8220;{}&#8220;][et_pb_image src=&#8220;https:\/\/erinnakoenig.de\/wp-content\/uploads\/2025\/08\/1989-90-Video-Stereo-links_rechts.jpg&#8220; title_text=&#8220;1989-90-Video-Stereo-links_rechts&#8220; show_in_lightbox=&#8220;on&#8220; _builder_version=&#8220;4.27.4&#8243; _module_preset=&#8220;default&#8220; custom_margin=&#8220;||7px|||&#8220; global_colors_info=&#8220;{}&#8220;][\/et_pb_image][et_pb_text _builder_version=&#8220;4.27.4&#8243; _module_preset=&#8220;default&#8220; text_font_size=&#8220;14px&#8220; global_colors_info=&#8220;{}&#8220;]<\/p>\n<p class=\"p1\"><strong>Video Stereo links\/rechts<\/strong><br \/>1989\/ 1990<br \/><span lang=\"DE\">(2-teilig): Beize auf Hartfaser<br \/><\/span>H 46cm x B 35,5cm<br \/><span lang=\"EN-US\">Photo: Nic Tenwiggenhorn<\/span><\/p>\n<div><\/div>\n<p>[\/et_pb_text][\/et_pb_column][\/et_pb_row][\/et_pb_section][et_pb_section fb_built=&#8220;1&#8243; _builder_version=&#8220;4.27.4&#8243; _module_preset=&#8220;default&#8220; background_color=&#8220;#ededed&#8220; global_colors_info=&#8220;{}&#8220;][et_pb_row _builder_version=&#8220;4.27.4&#8243; _module_preset=&#8220;default&#8220; global_colors_info=&#8220;{}&#8220;][et_pb_column type=&#8220;4_4&#8243; _builder_version=&#8220;4.27.4&#8243; _module_preset=&#8220;default&#8220; global_colors_info=&#8220;{}&#8220;][et_pb_heading title=&#8220;Editionen&#8220; _builder_version=&#8220;4.27.4&#8243; _module_preset=&#8220;default&#8220; global_colors_info=&#8220;{}&#8220;][\/et_pb_heading][\/et_pb_column][\/et_pb_row][et_pb_row column_structure=&#8220;1_3,1_3,1_3&#8243; _builder_version=&#8220;4.27.4&#8243; _module_preset=&#8220;default&#8220; global_colors_info=&#8220;{}&#8220;][et_pb_column type=&#8220;1_3&#8243; _builder_version=&#8220;4.27.4&#8243; _module_preset=&#8220;default&#8220; global_colors_info=&#8220;{}&#8220;][et_pb_image src=&#8220;https:\/\/erinnakoenig.de\/wp-content\/uploads\/2025\/09\/Erinna-Koenig_Rolle_k.jpg&#8220; title_text=&#8220;Erinna Ko\u0308nig_Rolle_k&#8220; show_in_lightbox=&#8220;on&#8220; _builder_version=&#8220;4.27.4&#8243; _module_preset=&#8220;default&#8220; global_colors_info=&#8220;{}&#8220;][\/et_pb_image][et_pb_text _builder_version=&#8220;4.27.4&#8243; _module_preset=&#8220;default&#8220; text_font_size=&#8220;14px&#8220; locked=&#8220;off&#8220; global_colors_info=&#8220;{}&#8220;]<\/p>\n<p class=\"p1\"><strong>1. Das Ende der Rolle<\/strong><br \/>1990<br \/>Linoldruck auf Pappe \/ Acryl<br \/>Diameter 60 cm<\/p>\n<div><\/div>\n<div><\/div>\n<p>[\/et_pb_text][\/et_pb_column][et_pb_column type=&#8220;1_3&#8243; _builder_version=&#8220;4.27.4&#8243; _module_preset=&#8220;default&#8220; global_colors_info=&#8220;{}&#8220;][et_pb_image src=&#8220;https:\/\/erinnakoenig.de\/wp-content\/uploads\/2025\/09\/Erinna-Koenig_KW_k.jpg&#8220; title_text=&#8220;Erinna Koenig_KW_k&#8220; show_in_lightbox=&#8220;on&#8220; _builder_version=&#8220;4.27.4&#8243; _module_preset=&#8220;default&#8220; global_colors_info=&#8220;{}&#8220;][\/et_pb_image][et_pb_text _builder_version=&#8220;4.27.4&#8243; _module_preset=&#8220;default&#8220; text_font_size=&#8220;14px&#8220; locked=&#8220;off&#8220; global_colors_info=&#8220;{}&#8220;]<\/p>\n<p class=\"p1\"><strong>Klein &amp; Wagner<\/strong><br \/>1998<br \/>Edition 20<\/p>\n<p>[\/et_pb_text][\/et_pb_column][et_pb_column type=&#8220;1_3&#8243; _builder_version=&#8220;4.27.4&#8243; _module_preset=&#8220;default&#8220; global_colors_info=&#8220;{}&#8220;][\/et_pb_column][\/et_pb_row][\/et_pb_section]<\/p>\n","protected":false},"excerpt":{"rendered":"<p>Rheinbild (\u00dcbergang zur Schublade)1998Acryl- und Lackfarbe auf HolzH 53,5cm x B 42cmPhoto: Nic Tenwiggenhorn Wahlurne1990Acrylfarbe auf Holz und HolzlasurH 90,5cm x B 34cmPhoto: Nic Tenwiggenhorn K\u00f6ln-Nippes1990Aquarell im HolzkastenH 49cm x B 45cm x T 12cmPhoto: Nic Tenwiggenhorn Ende der Rolle 61990Multiple (original edition 20)Jeweils Linoldruck (rot) auf Pappe,gefaltetes Papier60 cm Durchm.Photo: Nic Tenwiggenhorn Kleines schwarzes [&hellip;]<\/p>\n","protected":false},"author":1,"featured_media":0,"parent":226,"menu_order":0,"comment_status":"closed","ping_status":"closed","template":"","meta":{"_et_pb_use_builder":"on","_et_pb_old_content":"","_et_gb_content_width":"","footnotes":""},"class_list":["post-353","page","type-page","status-publish","hentry"],"yoast_head":"<!-- This site is optimized with the Yoast SEO plugin v27.4 - https:\/\/yoast.com\/product\/yoast-seo-wordpress\/ -->\n<title>Werke 1990 - 1999 | ERINNA K\u00d6NIG<\/title>\n<meta name=\"description\" content=\"Erinna K\u00f6nig (deutsch, 1947-2021), Meistersch\u00fclerin von Joseph Beuys an der D\u00fcsseldorfer Kunstakademie, verwandelte Fundobjekte zu eloquenter aesthetischer Skulptur-Malerei.\" \/>\n<meta name=\"robots\" content=\"index, follow, max-snippet:-1, max-image-preview:large, max-video-preview:-1\" \/>\n<link rel=\"canonical\" href=\"https:\/\/erinnakoenig.de\/en\/werke\/werke-1990-1999\/\" \/>\n<meta property=\"og:locale\" content=\"en_GB\" \/>\n<meta property=\"og:type\" content=\"article\" \/>\n<meta property=\"og:title\" content=\"Werke 1990 - 1999 | ERINNA K\u00d6NIG\" \/>\n<meta property=\"og:description\" content=\"Erinna K\u00f6nig (deutsch, 1947-2021), Meistersch\u00fclerin von Joseph Beuys an der D\u00fcsseldorfer Kunstakademie, verwandelte Fundobjekte zu eloquenter aesthetischer Skulptur-Malerei.\" \/>\n<meta property=\"og:url\" content=\"https:\/\/erinnakoenig.de\/en\/werke\/werke-1990-1999\/\" \/>\n<meta property=\"og:site_name\" content=\"ERINNA K\u00d6NIG\" \/>\n<meta property=\"article:modified_time\" content=\"2025-09-26T16:57:48+00:00\" \/>\n<meta property=\"og:image\" content=\"https:\/\/erinnakoenig.de\/wp-content\/uploads\/2025\/08\/Selbst-Portrait-1968-01.webp\" \/>\n\t<meta property=\"og:image:width\" content=\"1000\" \/>\n\t<meta property=\"og:image:height\" content=\"1000\" \/>\n\t<meta property=\"og:image:type\" content=\"image\/webp\" \/>\n<meta name=\"twitter:card\" content=\"summary_large_image\" \/>\n<meta name=\"twitter:label1\" content=\"Estimated reading time\" \/>\n\t<meta name=\"twitter:data1\" content=\"7 minutes\" \/>\n<script type=\"application\/ld+json\" class=\"yoast-schema-graph\">{\"@context\":\"https:\\\/\\\/schema.org\",\"@graph\":[{\"@type\":\"WebPage\",\"@id\":\"https:\\\/\\\/erinnakoenig.de\\\/werke\\\/werke-1990-1999\\\/\",\"url\":\"https:\\\/\\\/erinnakoenig.de\\\/werke\\\/werke-1990-1999\\\/\",\"name\":\"Werke 1990 - 1999 | ERINNA K\u00d6NIG\",\"isPartOf\":{\"@id\":\"https:\\\/\\\/erinnakoenig.de\\\/#website\"},\"datePublished\":\"2025-08-21T12:21:37+00:00\",\"dateModified\":\"2025-09-26T16:57:48+00:00\",\"description\":\"Erinna K\u00f6nig (deutsch, 1947-2021), Meistersch\u00fclerin von Joseph Beuys an der D\u00fcsseldorfer Kunstakademie, verwandelte Fundobjekte zu eloquenter aesthetischer Skulptur-Malerei.\",\"breadcrumb\":{\"@id\":\"https:\\\/\\\/erinnakoenig.de\\\/werke\\\/werke-1990-1999\\\/#breadcrumb\"},\"inLanguage\":\"en-GB\",\"potentialAction\":[{\"@type\":\"ReadAction\",\"target\":[\"https:\\\/\\\/erinnakoenig.de\\\/werke\\\/werke-1990-1999\\\/\"]}]},{\"@type\":\"BreadcrumbList\",\"@id\":\"https:\\\/\\\/erinnakoenig.de\\\/werke\\\/werke-1990-1999\\\/#breadcrumb\",\"itemListElement\":[{\"@type\":\"ListItem\",\"position\":1,\"name\":\"Startseite\",\"item\":\"https:\\\/\\\/erinnakoenig.de\\\/\"},{\"@type\":\"ListItem\",\"position\":2,\"name\":\"WERKE\",\"item\":\"https:\\\/\\\/erinnakoenig.de\\\/werke\\\/\"},{\"@type\":\"ListItem\",\"position\":3,\"name\":\"Werke 1990 &#8211; 1999\"}]},{\"@type\":\"WebSite\",\"@id\":\"https:\\\/\\\/erinnakoenig.de\\\/#website\",\"url\":\"https:\\\/\\\/erinnakoenig.de\\\/\",\"name\":\"ERINNA K\u00d6NIG\",\"description\":\"EK STUDIO - D\u00fcsseldorf\",\"publisher\":{\"@id\":\"https:\\\/\\\/erinnakoenig.de\\\/#organization\"},\"potentialAction\":[{\"@type\":\"SearchAction\",\"target\":{\"@type\":\"EntryPoint\",\"urlTemplate\":\"https:\\\/\\\/erinnakoenig.de\\\/?s={search_term_string}\"},\"query-input\":{\"@type\":\"PropertyValueSpecification\",\"valueRequired\":true,\"valueName\":\"search_term_string\"}}],\"inLanguage\":\"en-GB\"},{\"@type\":\"Organization\",\"@id\":\"https:\\\/\\\/erinnakoenig.de\\\/#organization\",\"name\":\"EK STUDIO\",\"url\":\"https:\\\/\\\/erinnakoenig.de\\\/\",\"logo\":{\"@type\":\"ImageObject\",\"inLanguage\":\"en-GB\",\"@id\":\"https:\\\/\\\/erinnakoenig.de\\\/#\\\/schema\\\/logo\\\/image\\\/\",\"url\":\"https:\\\/\\\/erinnakoenig.de\\\/wp-content\\\/uploads\\\/2025\\\/08\\\/cropped-FAV.png\",\"contentUrl\":\"https:\\\/\\\/erinnakoenig.de\\\/wp-content\\\/uploads\\\/2025\\\/08\\\/cropped-FAV.png\",\"width\":512,\"height\":512,\"caption\":\"EK STUDIO\"},\"image\":{\"@id\":\"https:\\\/\\\/erinnakoenig.de\\\/#\\\/schema\\\/logo\\\/image\\\/\"},\"sameAs\":[\"https:\\\/\\\/www.instagram.com\\\/erinnakoenig\\\/\"]}]}<\/script>\n<!-- \/ Yoast SEO plugin. -->","yoast_head_json":{"title":"Werke 1990 - 1999 | ERINNA K\u00d6NIG","description":"Erinna K\u00f6nig (deutsch, 1947-2021), Meistersch\u00fclerin von Joseph Beuys an der D\u00fcsseldorfer Kunstakademie, verwandelte Fundobjekte zu eloquenter aesthetischer Skulptur-Malerei.","robots":{"index":"index","follow":"follow","max-snippet":"max-snippet:-1","max-image-preview":"max-image-preview:large","max-video-preview":"max-video-preview:-1"},"canonical":"https:\/\/erinnakoenig.de\/en\/werke\/werke-1990-1999\/","og_locale":"en_GB","og_type":"article","og_title":"Werke 1990 - 1999 | ERINNA K\u00d6NIG","og_description":"Erinna K\u00f6nig (deutsch, 1947-2021), Meistersch\u00fclerin von Joseph Beuys an der D\u00fcsseldorfer Kunstakademie, verwandelte Fundobjekte zu eloquenter aesthetischer Skulptur-Malerei.","og_url":"https:\/\/erinnakoenig.de\/en\/werke\/werke-1990-1999\/","og_site_name":"ERINNA K\u00d6NIG","article_modified_time":"2025-09-26T16:57:48+00:00","og_image":[{"width":1000,"height":1000,"url":"https:\/\/erinnakoenig.de\/wp-content\/uploads\/2025\/08\/Selbst-Portrait-1968-01.webp","type":"image\/webp"}],"twitter_card":"summary_large_image","twitter_misc":{"Estimated reading time":"7 minutes"},"schema":{"@context":"https:\/\/schema.org","@graph":[{"@type":"WebPage","@id":"https:\/\/erinnakoenig.de\/werke\/werke-1990-1999\/","url":"https:\/\/erinnakoenig.de\/werke\/werke-1990-1999\/","name":"Werke 1990 - 1999 | ERINNA K\u00d6NIG","isPartOf":{"@id":"https:\/\/erinnakoenig.de\/#website"},"datePublished":"2025-08-21T12:21:37+00:00","dateModified":"2025-09-26T16:57:48+00:00","description":"Erinna K\u00f6nig (deutsch, 1947-2021), Meistersch\u00fclerin von Joseph Beuys an der D\u00fcsseldorfer Kunstakademie, verwandelte Fundobjekte zu eloquenter aesthetischer Skulptur-Malerei.","breadcrumb":{"@id":"https:\/\/erinnakoenig.de\/werke\/werke-1990-1999\/#breadcrumb"},"inLanguage":"en-GB","potentialAction":[{"@type":"ReadAction","target":["https:\/\/erinnakoenig.de\/werke\/werke-1990-1999\/"]}]},{"@type":"BreadcrumbList","@id":"https:\/\/erinnakoenig.de\/werke\/werke-1990-1999\/#breadcrumb","itemListElement":[{"@type":"ListItem","position":1,"name":"Startseite","item":"https:\/\/erinnakoenig.de\/"},{"@type":"ListItem","position":2,"name":"WERKE","item":"https:\/\/erinnakoenig.de\/werke\/"},{"@type":"ListItem","position":3,"name":"Werke 1990 &#8211; 1999"}]},{"@type":"WebSite","@id":"https:\/\/erinnakoenig.de\/#website","url":"https:\/\/erinnakoenig.de\/","name":"ERINNA K\u00d6NIG","description":"EK STUDIO - D\u00fcsseldorf","publisher":{"@id":"https:\/\/erinnakoenig.de\/#organization"},"potentialAction":[{"@type":"SearchAction","target":{"@type":"EntryPoint","urlTemplate":"https:\/\/erinnakoenig.de\/?s={search_term_string}"},"query-input":{"@type":"PropertyValueSpecification","valueRequired":true,"valueName":"search_term_string"}}],"inLanguage":"en-GB"},{"@type":"Organization","@id":"https:\/\/erinnakoenig.de\/#organization","name":"EK STUDIO","url":"https:\/\/erinnakoenig.de\/","logo":{"@type":"ImageObject","inLanguage":"en-GB","@id":"https:\/\/erinnakoenig.de\/#\/schema\/logo\/image\/","url":"https:\/\/erinnakoenig.de\/wp-content\/uploads\/2025\/08\/cropped-FAV.png","contentUrl":"https:\/\/erinnakoenig.de\/wp-content\/uploads\/2025\/08\/cropped-FAV.png","width":512,"height":512,"caption":"EK STUDIO"},"image":{"@id":"https:\/\/erinnakoenig.de\/#\/schema\/logo\/image\/"},"sameAs":["https:\/\/www.instagram.com\/erinnakoenig\/"]}]}},"_links":{"self":[{"href":"https:\/\/erinnakoenig.de\/en\/wp-json\/wp\/v2\/pages\/353","targetHints":{"allow":["GET"]}}],"collection":[{"href":"https:\/\/erinnakoenig.de\/en\/wp-json\/wp\/v2\/pages"}],"about":[{"href":"https:\/\/erinnakoenig.de\/en\/wp-json\/wp\/v2\/types\/page"}],"author":[{"embeddable":true,"href":"https:\/\/erinnakoenig.de\/en\/wp-json\/wp\/v2\/users\/1"}],"replies":[{"embeddable":true,"href":"https:\/\/erinnakoenig.de\/en\/wp-json\/wp\/v2\/comments?post=353"}],"version-history":[{"count":12,"href":"https:\/\/erinnakoenig.de\/en\/wp-json\/wp\/v2\/pages\/353\/revisions"}],"predecessor-version":[{"id":1927,"href":"https:\/\/erinnakoenig.de\/en\/wp-json\/wp\/v2\/pages\/353\/revisions\/1927"}],"up":[{"embeddable":true,"href":"https:\/\/erinnakoenig.de\/en\/wp-json\/wp\/v2\/pages\/226"}],"wp:attachment":[{"href":"https:\/\/erinnakoenig.de\/en\/wp-json\/wp\/v2\/media?parent=353"}],"curies":[{"name":"wp","href":"https:\/\/api.w.org\/{rel}","templated":true}]}}