{"id":317,"date":"2025-08-21T11:35:36","date_gmt":"2025-08-21T11:35:36","guid":{"rendered":"https:\/\/erinnakoenig.com\/?page_id=317"},"modified":"2025-09-26T16:57:17","modified_gmt":"2025-09-26T16:57:17","slug":"werke-80-89","status":"publish","type":"page","link":"https:\/\/erinnakoenig.de\/en\/werke\/werke-80-89\/","title":{"rendered":"Werke 1980 &#8211; 1989"},"content":{"rendered":"<p>[et_pb_section fb_built=&#8220;1&#8243; _builder_version=&#8220;4.27.4&#8243; _module_preset=&#8220;default&#8220; global_colors_info=&#8220;{}&#8220;][et_pb_row _builder_version=&#8220;4.27.4&#8243; _module_preset=&#8220;default&#8220; global_colors_info=&#8220;{}&#8220;][et_pb_column type=&#8220;4_4&#8243; _builder_version=&#8220;4.27.4&#8243; _module_preset=&#8220;default&#8220; global_colors_info=&#8220;{}&#8220;][et_pb_heading title=&#8220;WERKE 1980 &#8211; 1989&#8243; _builder_version=&#8220;4.27.4&#8243; _module_preset=&#8220;default&#8220; title_font=&#8220;Avenir Light|100|||||||&#8220; title_text_align=&#8220;right&#8220; global_colors_info=&#8220;{}&#8220;][\/et_pb_heading][et_pb_menu menu_id=&#8220;11&#8243; active_link_color=&#8220;#000000&#8243; module_class=&#8220;lwp-hide-mobile-menu&#8220; _builder_version=&#8220;4.27.4&#8243; _module_preset=&#8220;default&#8220; menu_font=&#8220;|800|||||||&#8220; menu_font_size=&#8220;16px&#8220; text_orientation=&#8220;right&#8220; hover_enabled=&#8220;0&#8243; locked=&#8220;off&#8220; global_colors_info=&#8220;{}&#8220; active_link_color__hover_enabled=&#8220;on|desktop&#8220; active_link_color__hover=&#8220;#707070&#8243; sticky_enabled=&#8220;0&#8243;][\/et_pb_menu][\/et_pb_column][\/et_pb_row][et_pb_row column_structure=&#8220;1_3,1_3,1_3&#8243; _builder_version=&#8220;4.27.4&#8243; _module_preset=&#8220;default&#8220; global_colors_info=&#8220;{}&#8220;][et_pb_column type=&#8220;1_3&#8243; _builder_version=&#8220;4.27.4&#8243; _module_preset=&#8220;default&#8220; global_colors_info=&#8220;{}&#8220;][et_pb_image src=&#8220;https:\/\/erinnakoenig.de\/wp-content\/uploads\/2025\/08\/1983_Afrika.jpg&#8220; title_text=&#8220;1983_Afrika&#8220; show_in_lightbox=&#8220;on&#8220; _builder_version=&#8220;4.27.4&#8243; _module_preset=&#8220;default&#8220; custom_margin=&#8220;||7px|||&#8220; global_colors_info=&#8220;{}&#8220;][\/et_pb_image][et_pb_text _builder_version=&#8220;4.27.4&#8243; _module_preset=&#8220;default&#8220; text_font_size=&#8220;14px&#8220; global_colors_info=&#8220;{}&#8220;]<\/p>\n<p class=\"p1\"><strong>Afrika<br \/><\/strong>1983<br \/><span lang=\"DE\">Collage aus Kunststoffplatten, blau<br \/><\/span><span lang=\"EN-US\">Photo: Nic Tenwiggenhorn<\/span><\/p>\n<div><\/div>\n<p class=\"p1\"><span lang=\"DE\">\u00a0<\/span><\/p>\n<div><\/div>\n<p>[\/et_pb_text][\/et_pb_column][et_pb_column type=&#8220;1_3&#8243; _builder_version=&#8220;4.27.4&#8243; _module_preset=&#8220;default&#8220; global_colors_info=&#8220;{}&#8220;][et_pb_image src=&#8220;https:\/\/erinnakoenig.de\/wp-content\/uploads\/2025\/08\/1982_o.T._Wolke_fin.jpg&#8220; title_text=&#8220;1982_o.T._Wolke_fin&#8220; show_in_lightbox=&#8220;on&#8220; _builder_version=&#8220;4.27.4&#8243; _module_preset=&#8220;default&#8220; custom_margin=&#8220;||7px|||&#8220; global_colors_info=&#8220;{}&#8220;][\/et_pb_image][et_pb_text _builder_version=&#8220;4.27.4&#8243; _module_preset=&#8220;default&#8220; text_font_size=&#8220;14px&#8220; global_colors_info=&#8220;{}&#8220;]<\/p>\n<p class=\"p1\"><strong>o.T. (Wolke)<\/strong><br \/>1982<br \/><span lang=\"DE\">Holzpalette und Asbest<br \/><\/span><span lang=\"EN-US\">Photo: Erinna K\u00f6nig<\/span><\/p>\n<div><\/div>\n<p class=\"p1\"><span lang=\"DE\">\u00a0<\/span><\/p>\n<div><\/div>\n<p>[\/et_pb_text][\/et_pb_column][et_pb_column type=&#8220;1_3&#8243; _builder_version=&#8220;4.27.4&#8243; _module_preset=&#8220;default&#8220; global_colors_info=&#8220;{}&#8220;][et_pb_image src=&#8220;https:\/\/erinnakoenig.de\/wp-content\/uploads\/2025\/08\/1984_Haus.jpg&#8220; title_text=&#8220;1984_Haus&#8220; show_in_lightbox=&#8220;on&#8220; _builder_version=&#8220;4.27.4&#8243; _module_preset=&#8220;default&#8220; custom_margin=&#8220;||7px|||&#8220; global_colors_info=&#8220;{}&#8220;][\/et_pb_image][et_pb_text _builder_version=&#8220;4.27.4&#8243; _module_preset=&#8220;default&#8220; text_font_size=&#8220;14px&#8220; global_colors_info=&#8220;{}&#8220;]<\/p>\n<p class=\"p1\"><strong>Haus<\/strong><br \/>1984<br \/>H 300 x B 110 x T 100<br \/>Installation<br \/><span lang=\"DE\">Holzger\u00fcst, Stuhl, Stoff, Planke, Laute<\/span><\/p>\n<div><\/div>\n<p class=\"p1\">[\/et_pb_text][\/et_pb_column][\/et_pb_row][et_pb_row column_structure=&#8220;1_3,1_3,1_3&#8243; _builder_version=&#8220;4.27.4&#8243; _module_preset=&#8220;default&#8220; global_colors_info=&#8220;{}&#8220;][et_pb_column type=&#8220;1_3&#8243; _builder_version=&#8220;4.27.4&#8243; _module_preset=&#8220;default&#8220; global_colors_info=&#8220;{}&#8220;][et_pb_image src=&#8220;https:\/\/erinnakoenig.de\/wp-content\/uploads\/2025\/08\/1981_o.T._-Muttertagsbild_fin.jpg&#8220; title_text=&#8220;o.T.&#8220; show_in_lightbox=&#8220;on&#8220; _builder_version=&#8220;4.27.4&#8243; _module_preset=&#8220;default&#8220; custom_margin=&#8220;||7px|||&#8220; global_colors_info=&#8220;{}&#8220;][\/et_pb_image][et_pb_text _builder_version=&#8220;4.27.4&#8243; _module_preset=&#8220;default&#8220; text_font_size=&#8220;14px&#8220; global_colors_info=&#8220;{}&#8220;]<\/p>\n<p class=\"p1\"><strong>o.T. (Muttertagsbild)<\/strong><br \/>1981<br \/><span lang=\"DE\">Pappstreifen, Feder, Metall<\/span><\/p>\n<div><\/div>\n<p>[\/et_pb_text][\/et_pb_column][et_pb_column type=&#8220;1_3&#8243; _builder_version=&#8220;4.27.4&#8243; _module_preset=&#8220;default&#8220; global_colors_info=&#8220;{}&#8220;][et_pb_image src=&#8220;https:\/\/erinnakoenig.de\/wp-content\/uploads\/2025\/08\/1989_Performance_EK-mit-Bueroteil-Klemmer.jpg&#8220; title_text=&#8220;1989_Performance_EK-mit-Bueroteil-Klemmer&#8220; show_in_lightbox=&#8220;on&#8220; _builder_version=&#8220;4.27.4&#8243; _module_preset=&#8220;default&#8220; custom_margin=&#8220;||7px|||&#8220; global_colors_info=&#8220;{}&#8220;][\/et_pb_image][et_pb_text _builder_version=&#8220;4.27.4&#8243; _module_preset=&#8220;default&#8220; text_font_size=&#8220;14px&#8220; global_colors_info=&#8220;{}&#8220;]<\/p>\n<p class=\"p1\"><strong>Performance: <\/strong><br \/><strong>Erinna K\u00f6nig mit B\u00fcroteil, Klemmer<\/strong><br \/>1989<br \/><span lang=\"DE\">Installation<br \/>MDF board, wooden stick with metal<span>\u00a0<br \/><\/span><\/span><span lang=\"EN-US\">22,5cm x 200cm<br \/><\/span><span lang=\"DE\">Performance photo Norbert Faehling<\/span><\/p>\n<div><b><span lang=\"DE\"><\/span><\/b><\/div>\n<div><\/div>\n<p class=\"p1\"><span lang=\"EN-US\">\u00a0<\/span><\/p>\n<div><\/div>\n<div><\/div>\n<p class=\"p1\">[\/et_pb_text][\/et_pb_column][et_pb_column type=&#8220;1_3&#8243; _builder_version=&#8220;4.27.4&#8243; _module_preset=&#8220;default&#8220; global_colors_info=&#8220;{}&#8220;][et_pb_image src=&#8220;https:\/\/erinnakoenig.de\/wp-content\/uploads\/2025\/08\/1981_Sternenhimmel-zum-Quadrat.jpg&#8220; title_text=&#8220;1981_Sternenhimmel-zum-Quadrat&#8220; show_in_lightbox=&#8220;on&#8220; _builder_version=&#8220;4.27.4&#8243; _module_preset=&#8220;default&#8220; custom_margin=&#8220;||7px|||&#8220; global_colors_info=&#8220;{}&#8220;][\/et_pb_image][et_pb_text _builder_version=&#8220;4.27.4&#8243; _module_preset=&#8220;default&#8220; text_font_size=&#8220;14px&#8220; global_colors_info=&#8220;{}&#8220;]<\/p>\n<p class=\"p1\"><strong>Sternenhimmel zum Quadrat<\/strong><br \/>1981<br \/><span lang=\"DE\">Armierungsstahl, Frotteestoff gemustert, <br \/>Holzrahmen<br \/><\/span>H 85 x B 67 x T 52<br \/><span lang=\"EN-US\">Photo: Egbert Trogemann<\/span><\/p>\n<div><\/div>\n<p>[\/et_pb_text][\/et_pb_column][\/et_pb_row][et_pb_row column_structure=&#8220;1_3,1_3,1_3&#8243; _builder_version=&#8220;4.27.4&#8243; _module_preset=&#8220;default&#8220; global_colors_info=&#8220;{}&#8220;][et_pb_column type=&#8220;1_3&#8243; _builder_version=&#8220;4.27.4&#8243; _module_preset=&#8220;default&#8220; global_colors_info=&#8220;{}&#8220;][et_pb_image src=&#8220;https:\/\/erinnakoenig.de\/wp-content\/uploads\/2025\/08\/1982_Performance_Rote-Zeichen_Durststrecke.jpg&#8220; title_text=&#8220;1982_Performance_Rote-Zeichen_Durststrecke&#8220; show_in_lightbox=&#8220;on&#8220; _builder_version=&#8220;4.27.4&#8243; _module_preset=&#8220;default&#8220; custom_margin=&#8220;||7px|||&#8220; global_colors_info=&#8220;{}&#8220;][\/et_pb_image][et_pb_text _builder_version=&#8220;4.27.4&#8243; _module_preset=&#8220;default&#8220; text_font_size=&#8220;14px&#8220; global_colors_info=&#8220;{}&#8220;]<\/p>\n<p class=\"p1\"><strong>Performance: <\/strong><br \/><strong>Rote Zeichen, Durststrecke<\/strong><br \/>1982<br \/><span lang=\"DE\">Objekt aus Pappe: Stoffballenkern aus Pappe,<br \/>2 Teile umwickelt mit Filzstiftzeichnungen auf<br \/>Klebestreifen<br \/><\/span>Ma\u00dfe beide Teile zusammen: H 120 x B 40<br \/><span lang=\"EN-US\">Photo: Nic Tenwiggenhorn<\/span><\/p>\n<div><\/div>\n<p>[\/et_pb_text][\/et_pb_column][et_pb_column type=&#8220;1_3&#8243; _builder_version=&#8220;4.27.4&#8243; _module_preset=&#8220;default&#8220; global_colors_info=&#8220;{}&#8220;][et_pb_image src=&#8220;https:\/\/erinnakoenig.de\/wp-content\/uploads\/2025\/08\/1981_Stofffetzen-mit-Zeichnungen.jpg&#8220; title_text=&#8220;1981_Stofffetzen-mit-Zeichnungen&#8220; show_in_lightbox=&#8220;on&#8220; _builder_version=&#8220;4.27.4&#8243; _module_preset=&#8220;default&#8220; custom_margin=&#8220;||7px|||&#8220; global_colors_info=&#8220;{}&#8220;][\/et_pb_image][et_pb_text _builder_version=&#8220;4.27.4&#8243; _module_preset=&#8220;default&#8220; text_font_size=&#8220;14px&#8220; global_colors_info=&#8220;{}&#8220;]<\/p>\n<p class=\"p1\"><strong>Stoffetzen mit Zeichnungen<\/strong><br \/>1981<br \/><span lang=\"DE\">Installation in 16 Teilen je DIN A 3<br \/>Stoffetzen auf gewachstem Papier <br \/>(vorne und hinten)<br \/><\/span><span lang=\"EN-US\">Photo: Nic Tenwiggenhorn<\/span><\/p>\n<div><\/div>\n<p class=\"p1\"><span lang=\"DE\">\u00a0<\/span><\/p>\n<div><\/div>\n<p>[\/et_pb_text][\/et_pb_column][et_pb_column type=&#8220;1_3&#8243; _builder_version=&#8220;4.27.4&#8243; _module_preset=&#8220;default&#8220; global_colors_info=&#8220;{}&#8220;][et_pb_image src=&#8220;https:\/\/erinnakoenig.de\/wp-content\/uploads\/2025\/08\/1982_Zebra_equitus-afrikanus.jpg&#8220; title_text=&#8220;1982_Zebra_equitus-afrikanus&#8220; show_in_lightbox=&#8220;on&#8220; _builder_version=&#8220;4.27.4&#8243; _module_preset=&#8220;default&#8220; custom_margin=&#8220;||7px|||&#8220; global_colors_info=&#8220;{}&#8220;][\/et_pb_image][et_pb_text _builder_version=&#8220;4.27.4&#8243; _module_preset=&#8220;default&#8220; text_font_size=&#8220;14px&#8220; global_colors_info=&#8220;{}&#8220;]<\/p>\n<p class=\"p1\"><strong>Zebra (equitus africanus)<\/strong><br \/>1982<br \/><span lang=\"DE\">Acryl und Holz \/ Leinwand<br \/><\/span>H 80 x B 120<br \/><span lang=\"EN-US\">Photo: Nic Tenwiggenhorn<\/span><\/p>\n<div><\/div>\n<p>[\/et_pb_text][\/et_pb_column][\/et_pb_row][et_pb_row column_structure=&#8220;1_3,1_3,1_3&#8243; _builder_version=&#8220;4.27.4&#8243; _module_preset=&#8220;default&#8220; global_colors_info=&#8220;{}&#8220;][et_pb_column type=&#8220;1_3&#8243; _builder_version=&#8220;4.27.4&#8243; _module_preset=&#8220;default&#8220; global_colors_info=&#8220;{}&#8220;][et_pb_image src=&#8220;https:\/\/erinnakoenig.de\/wp-content\/uploads\/2025\/08\/1986_Little-Big-Horn.jpg&#8220; title_text=&#8220;1986_Little-Big-Horn&#8220; show_in_lightbox=&#8220;on&#8220; _builder_version=&#8220;4.27.4&#8243; _module_preset=&#8220;default&#8220; custom_margin=&#8220;||7px|||&#8220; global_colors_info=&#8220;{}&#8220;][\/et_pb_image][et_pb_text _builder_version=&#8220;4.27.4&#8243; _module_preset=&#8220;default&#8220; text_font_size=&#8220;14px&#8220; global_colors_info=&#8220;{}&#8220;]<\/p>\n<p class=\"p1\"><span class=\"s1\"><b>Untitled (Genji-table) Game table 1<br \/><\/b><\/span>1969<br \/>Lacquer paint on wood<span class=\"s1\"><b><i><br \/><\/i><\/b><\/span>26cm x 55cm x 26cm<br \/>Photo: Nic Tenwiggenhorn<\/p>\n<p>[\/et_pb_text][\/et_pb_column][et_pb_column type=&#8220;1_3&#8243; _builder_version=&#8220;4.27.4&#8243; _module_preset=&#8220;default&#8220; global_colors_info=&#8220;{}&#8220;][et_pb_image src=&#8220;https:\/\/erinnakoenig.de\/wp-content\/uploads\/2025\/08\/1983_Kontinente-1.jpg&#8220; title_text=&#8220;1983_Kontinente-1&#8243; show_in_lightbox=&#8220;on&#8220; _builder_version=&#8220;4.27.4&#8243; _module_preset=&#8220;default&#8220; custom_margin=&#8220;||7px|||&#8220; global_colors_info=&#8220;{}&#8220;][\/et_pb_image][et_pb_text _builder_version=&#8220;4.27.4&#8243; _module_preset=&#8220;default&#8220; text_font_size=&#8220;14px&#8220; global_colors_info=&#8220;{}&#8220;]<\/p>\n<p class=\"p1\"><strong>Kontinente 2<\/strong><br \/>1983<br \/><span lang=\"DE\">Bauholz, orange Beize, Acrylfarbe<br \/><\/span>H 46,5cm \u00a0x B 70cm<\/p>\n<p>[\/et_pb_text][\/et_pb_column][et_pb_column type=&#8220;1_3&#8243; _builder_version=&#8220;4.27.4&#8243; _module_preset=&#8220;default&#8220; global_colors_info=&#8220;{}&#8220;][et_pb_image src=&#8220;https:\/\/erinnakoenig.de\/wp-content\/uploads\/2025\/08\/1983_Kontinente-1.jpg&#8220; title_text=&#8220;1983_Kontinente-1&#8243; show_in_lightbox=&#8220;on&#8220; _builder_version=&#8220;4.27.4&#8243; _module_preset=&#8220;default&#8220; custom_margin=&#8220;||7px|||&#8220; global_colors_info=&#8220;{}&#8220;][\/et_pb_image][et_pb_text _builder_version=&#8220;4.27.4&#8243; _module_preset=&#8220;default&#8220; text_font_size=&#8220;14px&#8220; global_colors_info=&#8220;{}&#8220;]<\/p>\n<p class=\"p1\"><strong>Kontinente 1<\/strong><br \/>1983<br \/><span lang=\"DE\">Bauholz, orange Beize, Acrylfarbe<br \/><\/span>H 56,5cm \u00a0x B 70cm<\/p>\n<p>[\/et_pb_text][\/et_pb_column][\/et_pb_row][et_pb_row column_structure=&#8220;1_3,1_3,1_3&#8243; _builder_version=&#8220;4.27.4&#8243; _module_preset=&#8220;default&#8220; global_colors_info=&#8220;{}&#8220;][et_pb_column type=&#8220;1_3&#8243; _builder_version=&#8220;4.27.4&#8243; _module_preset=&#8220;default&#8220; global_colors_info=&#8220;{}&#8220;][et_pb_image src=&#8220;https:\/\/erinnakoenig.de\/wp-content\/uploads\/2025\/08\/1983_Zeichnung-Schatten-2.jpg&#8220; title_text=&#8220;1983_Zeichnung-Schatten-2&#8243; show_in_lightbox=&#8220;on&#8220; _builder_version=&#8220;4.27.4&#8243; _module_preset=&#8220;default&#8220; custom_margin=&#8220;||7px|||&#8220; global_colors_info=&#8220;{}&#8220;][\/et_pb_image][et_pb_text _builder_version=&#8220;4.27.4&#8243; _module_preset=&#8220;default&#8220; text_font_size=&#8220;14px&#8220; global_colors_info=&#8220;{}&#8220;]<\/p>\n<p class=\"p1\"><strong>Zeichnungen f\u00fcr Schatteninstallation <\/strong><br \/>1983 <br \/>Installation insgesamt 16 Teile, <br \/>verschiedene Gr\u00f6\u00dfen: <br \/>Gr\u00f6\u00dftes Teil (Nr. 1): H 33,5 x B 72,5 x T 2 <br \/>Kleinstes Teil (Nr. 4): H 34 x B 71 x T 2<\/p>\n<p>[\/et_pb_text][\/et_pb_column][et_pb_column type=&#8220;1_3&#8243; _builder_version=&#8220;4.27.4&#8243; _module_preset=&#8220;default&#8220; global_colors_info=&#8220;{}&#8220;][et_pb_image src=&#8220;https:\/\/erinnakoenig.de\/wp-content\/uploads\/2025\/08\/1983_Zeichnung_Schatten-1.jpg&#8220; title_text=&#8220;1983_Zeichnung_Schatten-1&#8243; show_in_lightbox=&#8220;on&#8220; _builder_version=&#8220;4.27.4&#8243; _module_preset=&#8220;default&#8220; custom_margin=&#8220;||7px|||&#8220; global_colors_info=&#8220;{}&#8220;][\/et_pb_image][et_pb_text _builder_version=&#8220;4.27.4&#8243; _module_preset=&#8220;default&#8220; text_font_size=&#8220;14px&#8220; global_colors_info=&#8220;{}&#8220;]<\/p>\n<p class=\"p1\"><strong>Zeichnungen f\u00fcr Schatteninstallation <\/strong><br \/>1983 <br \/>Installation insgesamt 16 Teile, <br \/>verschiedene Gr\u00f6\u00dfen: <br \/>Gr\u00f6\u00dftes Teil (Nr. 1): H 33,5 x B 72,5 x T 2 <br \/>Kleinstes Teil (Nr. 4): H 34 x B 71 x T 2<\/p>\n<p>[\/et_pb_text][\/et_pb_column][et_pb_column type=&#8220;1_3&#8243; _builder_version=&#8220;4.27.4&#8243; _module_preset=&#8220;default&#8220; global_colors_info=&#8220;{}&#8220;][et_pb_image src=&#8220;https:\/\/erinnakoenig.de\/wp-content\/uploads\/2025\/08\/1983_Zeichnung_Schatten-3.jpg&#8220; title_text=&#8220;1983_Zeichnung_Schatten-3&#8243; show_in_lightbox=&#8220;on&#8220; _builder_version=&#8220;4.27.4&#8243; _module_preset=&#8220;default&#8220; custom_margin=&#8220;||7px|||&#8220; global_colors_info=&#8220;{}&#8220;][\/et_pb_image][et_pb_text _builder_version=&#8220;4.27.4&#8243; _module_preset=&#8220;default&#8220; text_font_size=&#8220;14px&#8220; global_colors_info=&#8220;{}&#8220;]<\/p>\n<p class=\"p1\"><strong>Zeichnungen f\u00fcr Schatteninstallation <\/strong><br \/>1983 <br \/>Installation insgesamt 16 Teile, <br \/>verschiedene Gr\u00f6\u00dfen: <br \/>Gr\u00f6\u00dftes Teil (Nr. 1): H 33,5 x B 72,5 x T 2 <br \/>Kleinstes Teil (Nr. 4): H 34 x B 71 x T 2<\/p>\n<p>[\/et_pb_text][\/et_pb_column][\/et_pb_row][et_pb_row column_structure=&#8220;1_3,1_3,1_3&#8243; _builder_version=&#8220;4.27.4&#8243; _module_preset=&#8220;default&#8220; global_colors_info=&#8220;{}&#8220;][et_pb_column type=&#8220;1_3&#8243; _builder_version=&#8220;4.27.4&#8243; _module_preset=&#8220;default&#8220; global_colors_info=&#8220;{}&#8220;][et_pb_image src=&#8220;https:\/\/erinnakoenig.de\/wp-content\/uploads\/2025\/08\/1984_Bis-zum-Tezet-1.jpg&#8220; title_text=&#8220;1984_Bis-zum-Tezet-1&#8243; show_in_lightbox=&#8220;on&#8220; _builder_version=&#8220;4.27.4&#8243; _module_preset=&#8220;default&#8220; custom_margin=&#8220;||7px|||&#8220; global_colors_info=&#8220;{}&#8220;][\/et_pb_image][et_pb_text _builder_version=&#8220;4.27.4&#8243; _module_preset=&#8220;default&#8220; text_font_size=&#8220;14px&#8220; global_colors_info=&#8220;{}&#8220;]<\/p>\n<p class=\"p1\"><b><span lang=\"DE\">Schatten, Sandkasten<br \/><\/span><\/b><span lang=\"DE\">Teer auf Holz<br \/>Installation 16 Teile verschiedenen Gr\u00f6\u00dfen<br \/><\/span><span lang=\"DE\">Gr\u00f6sstes Teil 72,5cm x 33,5cm x 2<br \/>Kleinstes Teil \u00a071cm x 234cm x 2cm<br \/><\/span><span lang=\"EN-US\">Photo: Exhibition view \u2018Bis Zum Tezet\u2019 \u2013 Rituale\u2019<br \/>Galerie Beyerenzel D\u00fcsseldorf<br \/><\/span><span lang=\"EN-US\">photo Erinna K\u00f6nig <\/span><strong><\/strong>1984<\/p>\n<p>[\/et_pb_text][\/et_pb_column][et_pb_column type=&#8220;1_3&#8243; _builder_version=&#8220;4.27.4&#8243; _module_preset=&#8220;default&#8220; global_colors_info=&#8220;{}&#8220;][et_pb_image src=&#8220;https:\/\/erinnakoenig.de\/wp-content\/uploads\/2025\/08\/1984_Kreuzstich.jpg&#8220; title_text=&#8220;1982; Kreuzstich; 2,58 x 2,28x ca.12cm&#8220; show_in_lightbox=&#8220;on&#8220; _builder_version=&#8220;4.27.4&#8243; _module_preset=&#8220;default&#8220; custom_margin=&#8220;||7px|||&#8220; global_colors_info=&#8220;{}&#8220;][\/et_pb_image][et_pb_text _builder_version=&#8220;4.27.4&#8243; _module_preset=&#8220;default&#8220; text_font_size=&#8220;14px&#8220; global_colors_info=&#8220;{}&#8220;]<\/p>\n<p class=\"p1\"><strong>Kreuzstich<\/strong><br \/>1984<br \/>5 Teile:<br \/>Ma\u00dfe insgesamt: H 253cm x B 225cm x T 4,5cm<br \/>Ma\u00dfe je Teil: H 253cm x B 45cm x T 4,5cm<br \/><span lang=\"EN-US\">Photo: Egbert Trogemann<\/span><\/p>\n<div><\/div>\n<p>[\/et_pb_text][\/et_pb_column][et_pb_column type=&#8220;1_3&#8243; _builder_version=&#8220;4.27.4&#8243; _module_preset=&#8220;default&#8220; global_colors_info=&#8220;{}&#8220;][et_pb_image src=&#8220;https:\/\/erinnakoenig.de\/wp-content\/uploads\/2025\/08\/1986_A.-Blume.jpg&#8220; title_text=&#8220;1986_A.-Blume&#8220; show_in_lightbox=&#8220;on&#8220; _builder_version=&#8220;4.27.4&#8243; _module_preset=&#8220;default&#8220; custom_margin=&#8220;||7px|||&#8220; global_colors_info=&#8220;{}&#8220;][\/et_pb_image][et_pb_text _builder_version=&#8220;4.27.4&#8243; _module_preset=&#8220;default&#8220; text_font_size=&#8220;14px&#8220; global_colors_info=&#8220;{}&#8220;]<\/p>\n<p class=\"p1\"><strong>A Blume <\/strong><br \/>1986<br \/><span lang=\"DE\">Gummireifen, Holzrahmen mit Goldauflage<br \/>brauner Samt<br \/><\/span>H 89 x B 74,5 x T 11,3<br \/><span lang=\"EN-US\">Photo Egbert Trogemann<\/span><\/p>\n<div><\/div>\n<p>[\/et_pb_text][\/et_pb_column][\/et_pb_row][et_pb_row column_structure=&#8220;1_3,1_3,1_3&#8243; _builder_version=&#8220;4.27.4&#8243; _module_preset=&#8220;default&#8220; global_colors_info=&#8220;{}&#8220;][et_pb_column type=&#8220;1_3&#8243; _builder_version=&#8220;4.27.4&#8243; _module_preset=&#8220;default&#8220; global_colors_info=&#8220;{}&#8220;][et_pb_image src=&#8220;https:\/\/erinnakoenig.de\/wp-content\/uploads\/2025\/08\/1984_Anrichte-Eigentum_Sunset.jpg&#8220; title_text=&#8220;1984_Anrichte-Eigentum_Sunset&#8220; show_in_lightbox=&#8220;on&#8220; _builder_version=&#8220;4.27.4&#8243; _module_preset=&#8220;default&#8220; custom_margin=&#8220;||7px|||&#8220; global_colors_info=&#8220;{}&#8220;][\/et_pb_image][et_pb_text _builder_version=&#8220;4.27.4&#8243; _module_preset=&#8220;default&#8220; text_font_size=&#8220;14px&#8220; global_colors_info=&#8220;{}&#8220;]<\/p>\n<p class=\"p1\"><strong>Anrichte Eigentum (Sunset)<\/strong><br \/>1984<br \/><span lang=\"DE\">Anrichte aus Holz, Acrylfarbe rot, schwarz,<br \/>(Spionenspiegel), Lampe zum<br \/>Anschlie\u00dfen an Stromkreis<br \/><\/span>H 80cm x B 95cm x T 35,5cm<br \/><span lang=\"EN-US\">Photo: Nic Tenwiggenhorn<\/span><\/p>\n<div><\/div>\n<p>[\/et_pb_text][\/et_pb_column][et_pb_column type=&#8220;1_3&#8243; _builder_version=&#8220;4.27.4&#8243; _module_preset=&#8220;default&#8220; global_colors_info=&#8220;{}&#8220;][et_pb_image src=&#8220;https:\/\/erinnakoenig.de\/wp-content\/uploads\/2025\/08\/1986-1990_Errata.jpg&#8220; title_text=&#8220;1986-1990_Errata&#8220; show_in_lightbox=&#8220;on&#8220; _builder_version=&#8220;4.27.4&#8243; _module_preset=&#8220;default&#8220; custom_margin=&#8220;||7px|||&#8220; global_colors_info=&#8220;{}&#8220;][\/et_pb_image][et_pb_text _builder_version=&#8220;4.27.4&#8243; _module_preset=&#8220;default&#8220; text_font_size=&#8220;14px&#8220; global_colors_info=&#8220;{}&#8220;]<\/p>\n<p class=\"p1\"><b>Errata<br \/><\/b>1986\/1990<b><br \/><\/b>Holz mit gr\u00fcnem Linoleum,<br \/>Paddel aus Holz und rotem Plastik<br \/>H 45,4 cm x B 291,5 cm<br \/>photo: Nic Tenwiggenhorn<\/p>\n<p>[\/et_pb_text][\/et_pb_column][et_pb_column type=&#8220;1_3&#8243; _builder_version=&#8220;4.27.4&#8243; _module_preset=&#8220;default&#8220; global_colors_info=&#8220;{}&#8220;][et_pb_image src=&#8220;https:\/\/erinnakoenig.de\/wp-content\/uploads\/2025\/08\/1986_Maske-am-Stab.jpg&#8220; title_text=&#8220;1986_Maske-am-Stab&#8220; show_in_lightbox=&#8220;on&#8220; _builder_version=&#8220;4.27.4&#8243; _module_preset=&#8220;default&#8220; custom_margin=&#8220;||7px|||&#8220; global_colors_info=&#8220;{}&#8220;][\/et_pb_image][et_pb_text _builder_version=&#8220;4.27.4&#8243; _module_preset=&#8220;default&#8220; text_font_size=&#8220;14px&#8220; global_colors_info=&#8220;{}&#8220;]<\/p>\n<p class=\"p1\"><strong>Maske am Stab <\/strong><br \/>1986<br \/>H 230 cm x B 32 cm x T 13 cm<br \/><span lang=\"DE\">Holzstange, Schweissermaske, Acrylfarbe<br \/><\/span><span lang=\"EN-US\">Photo Egbert Trogemann<\/span><\/p>\n<div><\/div>\n<p class=\"p1\"><span lang=\"DE\">\u00a0<\/span><\/p>\n<div><\/div>\n<p>[\/et_pb_text][\/et_pb_column][\/et_pb_row][et_pb_row column_structure=&#8220;1_3,1_3,1_3&#8243; _builder_version=&#8220;4.27.4&#8243; _module_preset=&#8220;default&#8220; global_colors_info=&#8220;{}&#8220;][et_pb_column type=&#8220;1_3&#8243; _builder_version=&#8220;4.27.4&#8243; _module_preset=&#8220;default&#8220; global_colors_info=&#8220;{}&#8220;][et_pb_image src=&#8220;https:\/\/erinnakoenig.de\/wp-content\/uploads\/2025\/08\/1989_o.T.-Lichtgitter.jpg&#8220; title_text=&#8220;Mit Lichtgitter&#8220; show_in_lightbox=&#8220;on&#8220; _builder_version=&#8220;4.27.4&#8243; _module_preset=&#8220;default&#8220; custom_margin=&#8220;||7px|||&#8220; global_colors_info=&#8220;{}&#8220;][\/et_pb_image][et_pb_text _builder_version=&#8220;4.27.4&#8243; _module_preset=&#8220;default&#8220; text_font_size=&#8220;14px&#8220; global_colors_info=&#8220;{}&#8220;]<\/p>\n<p class=\"p1\"><strong>o.T. (Lichtgitter)<\/strong><br \/>1989<br \/><span lang=\"DE\">Holz, Metall, Glas<br \/><\/span>H 33,3cm x B 45,5cm x T 13,5cm<br \/><span lang=\"EN-US\">Photo Nic Tenwiggenhorn<\/span><\/p>\n<div><\/div>\n<p>[\/et_pb_text][\/et_pb_column][et_pb_column type=&#8220;1_3&#8243; _builder_version=&#8220;4.27.4&#8243; _module_preset=&#8220;default&#8220; global_colors_info=&#8220;{}&#8220;][et_pb_image src=&#8220;https:\/\/erinnakoenig.de\/wp-content\/uploads\/2025\/08\/1982_Treppenstufen-fin.jpg&#8220; title_text=&#8220;1982_Treppenstufen-fin&#8220; show_in_lightbox=&#8220;on&#8220; _builder_version=&#8220;4.27.4&#8243; _module_preset=&#8220;default&#8220; custom_margin=&#8220;||7px|||&#8220; global_colors_info=&#8220;{}&#8220;][\/et_pb_image][et_pb_text _builder_version=&#8220;4.27.4&#8243; _module_preset=&#8220;default&#8220; text_font_size=&#8220;14px&#8220; global_colors_info=&#8220;{}&#8220;]<\/p>\n<p class=\"p1\"><strong>Treppenstufen<\/strong><br \/>1982<br \/>H 101cm x B 55cm<br \/><span lang=\"DE\">PVC-Belag, schwarz<\/span><\/p>\n<div><\/div>\n<p>[\/et_pb_text][\/et_pb_column][et_pb_column type=&#8220;1_3&#8243; _builder_version=&#8220;4.27.4&#8243; _module_preset=&#8220;default&#8220; global_colors_info=&#8220;{}&#8220;][et_pb_image src=&#8220;https:\/\/erinnakoenig.de\/wp-content\/uploads\/2025\/08\/1981_Schmale-Taille-1.jpg&#8220; title_text=&#8220;1981_Schmale-Taille-1&#8243; show_in_lightbox=&#8220;on&#8220; _builder_version=&#8220;4.27.4&#8243; _module_preset=&#8220;default&#8220; custom_margin=&#8220;||7px|||&#8220; global_colors_info=&#8220;{}&#8220;][\/et_pb_image][et_pb_text _builder_version=&#8220;4.27.4&#8243; _module_preset=&#8220;default&#8220; text_font_size=&#8220;14px&#8220; global_colors_info=&#8220;{}&#8220;]<\/p>\n<p class=\"p1\"><strong>Schmale Taille <\/strong><br \/>1981<br \/><span lang=\"DE\">Installation<br \/>4 Teile: Plastikt\u00fcten blau, rot gr\u00fcn,<br \/>cremefarben gepunktet (Luisa Spagnoli)<br \/><\/span><span lang=\"EN-US\">Photo: Erinna K\u00f6nig<\/span><\/p>\n<div><\/div>\n<p class=\"p1\"><span lang=\"DE\">\u00a0<\/span><\/p>\n<div><\/div>\n<p>[\/et_pb_text][\/et_pb_column][\/et_pb_row][\/et_pb_section]<\/p>\n","protected":false},"excerpt":{"rendered":"<p>Afrika1983Collage aus Kunststoffplatten, blauPhoto: Nic Tenwiggenhorn \u00a0 o.T. (Wolke)1982Holzpalette und AsbestPhoto: Erinna K\u00f6nig \u00a0 Haus1984H 300 x B 110 x T 100InstallationHolzger\u00fcst, Stuhl, Stoff, Planke, Laute o.T. (Muttertagsbild)1981Pappstreifen, Feder, Metall Performance: Erinna K\u00f6nig mit B\u00fcroteil, Klemmer1989InstallationMDF board, wooden stick with metal\u00a022,5cm x 200cmPerformance photo Norbert Faehling \u00a0 Sternenhimmel zum Quadrat1981Armierungsstahl, Frotteestoff gemustert, HolzrahmenH 85 x [&hellip;]<\/p>\n","protected":false},"author":1,"featured_media":0,"parent":226,"menu_order":0,"comment_status":"closed","ping_status":"closed","template":"","meta":{"_et_pb_use_builder":"on","_et_pb_old_content":"","_et_gb_content_width":"","footnotes":""},"class_list":["post-317","page","type-page","status-publish","hentry"],"yoast_head":"<!-- This site is optimized with the Yoast SEO plugin v27.4 - https:\/\/yoast.com\/product\/yoast-seo-wordpress\/ -->\n<title>Werke 1980 - 1989 | ERINNA K\u00d6NIG<\/title>\n<meta name=\"description\" content=\"Erinna K\u00f6nig (deutsch, 1947-2021), Meistersch\u00fclerin von Joseph Beuys an der D\u00fcsseldorfer Kunstakademie, verwandelte Fundobjekte zu eloquenter aesthetischer Skulptur-Malerei.\" \/>\n<meta name=\"robots\" content=\"index, follow, max-snippet:-1, max-image-preview:large, max-video-preview:-1\" \/>\n<link rel=\"canonical\" href=\"https:\/\/erinnakoenig.de\/en\/werke\/werke-80-89\/\" \/>\n<meta property=\"og:locale\" content=\"en_GB\" \/>\n<meta property=\"og:type\" content=\"article\" \/>\n<meta property=\"og:title\" content=\"Werke 1980 - 1989 | ERINNA K\u00d6NIG\" \/>\n<meta property=\"og:description\" content=\"Erinna K\u00f6nig (deutsch, 1947-2021), Meistersch\u00fclerin von Joseph Beuys an der D\u00fcsseldorfer Kunstakademie, verwandelte Fundobjekte zu eloquenter aesthetischer Skulptur-Malerei.\" \/>\n<meta property=\"og:url\" content=\"https:\/\/erinnakoenig.de\/en\/werke\/werke-80-89\/\" \/>\n<meta property=\"og:site_name\" content=\"ERINNA K\u00d6NIG\" \/>\n<meta property=\"article:modified_time\" content=\"2025-09-26T16:57:17+00:00\" \/>\n<meta property=\"og:image\" content=\"https:\/\/erinnakoenig.de\/wp-content\/uploads\/2025\/08\/Selbst-Portrait-1968-01.webp\" \/>\n\t<meta property=\"og:image:width\" content=\"1000\" \/>\n\t<meta property=\"og:image:height\" content=\"1000\" \/>\n\t<meta property=\"og:image:type\" content=\"image\/webp\" \/>\n<meta name=\"twitter:card\" content=\"summary_large_image\" \/>\n<meta name=\"twitter:label1\" content=\"Estimated reading time\" \/>\n\t<meta name=\"twitter:data1\" content=\"11 minutes\" \/>\n<script type=\"application\/ld+json\" class=\"yoast-schema-graph\">{\"@context\":\"https:\\\/\\\/schema.org\",\"@graph\":[{\"@type\":\"WebPage\",\"@id\":\"https:\\\/\\\/erinnakoenig.de\\\/werke\\\/werke-80-89\\\/\",\"url\":\"https:\\\/\\\/erinnakoenig.de\\\/werke\\\/werke-80-89\\\/\",\"name\":\"Werke 1980 - 1989 | ERINNA K\u00d6NIG\",\"isPartOf\":{\"@id\":\"https:\\\/\\\/erinnakoenig.de\\\/#website\"},\"datePublished\":\"2025-08-21T11:35:36+00:00\",\"dateModified\":\"2025-09-26T16:57:17+00:00\",\"description\":\"Erinna K\u00f6nig (deutsch, 1947-2021), Meistersch\u00fclerin von Joseph Beuys an der D\u00fcsseldorfer Kunstakademie, verwandelte Fundobjekte zu eloquenter aesthetischer Skulptur-Malerei.\",\"breadcrumb\":{\"@id\":\"https:\\\/\\\/erinnakoenig.de\\\/werke\\\/werke-80-89\\\/#breadcrumb\"},\"inLanguage\":\"en-GB\",\"potentialAction\":[{\"@type\":\"ReadAction\",\"target\":[\"https:\\\/\\\/erinnakoenig.de\\\/werke\\\/werke-80-89\\\/\"]}]},{\"@type\":\"BreadcrumbList\",\"@id\":\"https:\\\/\\\/erinnakoenig.de\\\/werke\\\/werke-80-89\\\/#breadcrumb\",\"itemListElement\":[{\"@type\":\"ListItem\",\"position\":1,\"name\":\"Startseite\",\"item\":\"https:\\\/\\\/erinnakoenig.de\\\/\"},{\"@type\":\"ListItem\",\"position\":2,\"name\":\"WERKE\",\"item\":\"https:\\\/\\\/erinnakoenig.de\\\/werke\\\/\"},{\"@type\":\"ListItem\",\"position\":3,\"name\":\"Werke 1980 &#8211; 1989\"}]},{\"@type\":\"WebSite\",\"@id\":\"https:\\\/\\\/erinnakoenig.de\\\/#website\",\"url\":\"https:\\\/\\\/erinnakoenig.de\\\/\",\"name\":\"ERINNA K\u00d6NIG\",\"description\":\"EK STUDIO - D\u00fcsseldorf\",\"publisher\":{\"@id\":\"https:\\\/\\\/erinnakoenig.de\\\/#organization\"},\"potentialAction\":[{\"@type\":\"SearchAction\",\"target\":{\"@type\":\"EntryPoint\",\"urlTemplate\":\"https:\\\/\\\/erinnakoenig.de\\\/?s={search_term_string}\"},\"query-input\":{\"@type\":\"PropertyValueSpecification\",\"valueRequired\":true,\"valueName\":\"search_term_string\"}}],\"inLanguage\":\"en-GB\"},{\"@type\":\"Organization\",\"@id\":\"https:\\\/\\\/erinnakoenig.de\\\/#organization\",\"name\":\"EK STUDIO\",\"url\":\"https:\\\/\\\/erinnakoenig.de\\\/\",\"logo\":{\"@type\":\"ImageObject\",\"inLanguage\":\"en-GB\",\"@id\":\"https:\\\/\\\/erinnakoenig.de\\\/#\\\/schema\\\/logo\\\/image\\\/\",\"url\":\"https:\\\/\\\/erinnakoenig.de\\\/wp-content\\\/uploads\\\/2025\\\/08\\\/cropped-FAV.png\",\"contentUrl\":\"https:\\\/\\\/erinnakoenig.de\\\/wp-content\\\/uploads\\\/2025\\\/08\\\/cropped-FAV.png\",\"width\":512,\"height\":512,\"caption\":\"EK STUDIO\"},\"image\":{\"@id\":\"https:\\\/\\\/erinnakoenig.de\\\/#\\\/schema\\\/logo\\\/image\\\/\"},\"sameAs\":[\"https:\\\/\\\/www.instagram.com\\\/erinnakoenig\\\/\"]}]}<\/script>\n<!-- \/ Yoast SEO plugin. -->","yoast_head_json":{"title":"Werke 1980 - 1989 | ERINNA K\u00d6NIG","description":"Erinna K\u00f6nig (deutsch, 1947-2021), Meistersch\u00fclerin von Joseph Beuys an der D\u00fcsseldorfer Kunstakademie, verwandelte Fundobjekte zu eloquenter aesthetischer Skulptur-Malerei.","robots":{"index":"index","follow":"follow","max-snippet":"max-snippet:-1","max-image-preview":"max-image-preview:large","max-video-preview":"max-video-preview:-1"},"canonical":"https:\/\/erinnakoenig.de\/en\/werke\/werke-80-89\/","og_locale":"en_GB","og_type":"article","og_title":"Werke 1980 - 1989 | ERINNA K\u00d6NIG","og_description":"Erinna K\u00f6nig (deutsch, 1947-2021), Meistersch\u00fclerin von Joseph Beuys an der D\u00fcsseldorfer Kunstakademie, verwandelte Fundobjekte zu eloquenter aesthetischer Skulptur-Malerei.","og_url":"https:\/\/erinnakoenig.de\/en\/werke\/werke-80-89\/","og_site_name":"ERINNA K\u00d6NIG","article_modified_time":"2025-09-26T16:57:17+00:00","og_image":[{"width":1000,"height":1000,"url":"https:\/\/erinnakoenig.de\/wp-content\/uploads\/2025\/08\/Selbst-Portrait-1968-01.webp","type":"image\/webp"}],"twitter_card":"summary_large_image","twitter_misc":{"Estimated reading time":"11 minutes"},"schema":{"@context":"https:\/\/schema.org","@graph":[{"@type":"WebPage","@id":"https:\/\/erinnakoenig.de\/werke\/werke-80-89\/","url":"https:\/\/erinnakoenig.de\/werke\/werke-80-89\/","name":"Werke 1980 - 1989 | ERINNA K\u00d6NIG","isPartOf":{"@id":"https:\/\/erinnakoenig.de\/#website"},"datePublished":"2025-08-21T11:35:36+00:00","dateModified":"2025-09-26T16:57:17+00:00","description":"Erinna K\u00f6nig (deutsch, 1947-2021), Meistersch\u00fclerin von Joseph Beuys an der D\u00fcsseldorfer Kunstakademie, verwandelte Fundobjekte zu eloquenter aesthetischer Skulptur-Malerei.","breadcrumb":{"@id":"https:\/\/erinnakoenig.de\/werke\/werke-80-89\/#breadcrumb"},"inLanguage":"en-GB","potentialAction":[{"@type":"ReadAction","target":["https:\/\/erinnakoenig.de\/werke\/werke-80-89\/"]}]},{"@type":"BreadcrumbList","@id":"https:\/\/erinnakoenig.de\/werke\/werke-80-89\/#breadcrumb","itemListElement":[{"@type":"ListItem","position":1,"name":"Startseite","item":"https:\/\/erinnakoenig.de\/"},{"@type":"ListItem","position":2,"name":"WERKE","item":"https:\/\/erinnakoenig.de\/werke\/"},{"@type":"ListItem","position":3,"name":"Werke 1980 &#8211; 1989"}]},{"@type":"WebSite","@id":"https:\/\/erinnakoenig.de\/#website","url":"https:\/\/erinnakoenig.de\/","name":"ERINNA K\u00d6NIG","description":"EK STUDIO - D\u00fcsseldorf","publisher":{"@id":"https:\/\/erinnakoenig.de\/#organization"},"potentialAction":[{"@type":"SearchAction","target":{"@type":"EntryPoint","urlTemplate":"https:\/\/erinnakoenig.de\/?s={search_term_string}"},"query-input":{"@type":"PropertyValueSpecification","valueRequired":true,"valueName":"search_term_string"}}],"inLanguage":"en-GB"},{"@type":"Organization","@id":"https:\/\/erinnakoenig.de\/#organization","name":"EK STUDIO","url":"https:\/\/erinnakoenig.de\/","logo":{"@type":"ImageObject","inLanguage":"en-GB","@id":"https:\/\/erinnakoenig.de\/#\/schema\/logo\/image\/","url":"https:\/\/erinnakoenig.de\/wp-content\/uploads\/2025\/08\/cropped-FAV.png","contentUrl":"https:\/\/erinnakoenig.de\/wp-content\/uploads\/2025\/08\/cropped-FAV.png","width":512,"height":512,"caption":"EK STUDIO"},"image":{"@id":"https:\/\/erinnakoenig.de\/#\/schema\/logo\/image\/"},"sameAs":["https:\/\/www.instagram.com\/erinnakoenig\/"]}]}},"_links":{"self":[{"href":"https:\/\/erinnakoenig.de\/en\/wp-json\/wp\/v2\/pages\/317","targetHints":{"allow":["GET"]}}],"collection":[{"href":"https:\/\/erinnakoenig.de\/en\/wp-json\/wp\/v2\/pages"}],"about":[{"href":"https:\/\/erinnakoenig.de\/en\/wp-json\/wp\/v2\/types\/page"}],"author":[{"embeddable":true,"href":"https:\/\/erinnakoenig.de\/en\/wp-json\/wp\/v2\/users\/1"}],"replies":[{"embeddable":true,"href":"https:\/\/erinnakoenig.de\/en\/wp-json\/wp\/v2\/comments?post=317"}],"version-history":[{"count":12,"href":"https:\/\/erinnakoenig.de\/en\/wp-json\/wp\/v2\/pages\/317\/revisions"}],"predecessor-version":[{"id":1926,"href":"https:\/\/erinnakoenig.de\/en\/wp-json\/wp\/v2\/pages\/317\/revisions\/1926"}],"up":[{"embeddable":true,"href":"https:\/\/erinnakoenig.de\/en\/wp-json\/wp\/v2\/pages\/226"}],"wp:attachment":[{"href":"https:\/\/erinnakoenig.de\/en\/wp-json\/wp\/v2\/media?parent=317"}],"curies":[{"name":"wp","href":"https:\/\/api.w.org\/{rel}","templated":true}]}}