{"id":311,"date":"2025-08-21T08:21:38","date_gmt":"2025-08-21T08:21:38","guid":{"rendered":"https:\/\/erinnakoenig.com\/?page_id=311"},"modified":"2025-11-27T09:37:34","modified_gmt":"2025-11-27T09:37:34","slug":"photo-credits-startpage","status":"publish","type":"page","link":"https:\/\/erinnakoenig.de\/en\/photo-credits-startpage\/","title":{"rendered":"Photo Credits Startpage"},"content":{"rendered":"<p>[et_pb_section fb_built=&#8220;1&#8243; _builder_version=&#8220;4.27.4&#8243; _module_preset=&#8220;default&#8220; global_colors_info=&#8220;{}&#8220;][et_pb_row _builder_version=&#8220;4.27.4&#8243; _module_preset=&#8220;default&#8220; global_colors_info=&#8220;{}&#8220;][et_pb_column type=&#8220;4_4&#8243; _builder_version=&#8220;4.27.4&#8243; _module_preset=&#8220;default&#8220; global_colors_info=&#8220;{}&#8220;][et_pb_heading title=&#8220;Photo Credits Startpage&#8220; _builder_version=&#8220;4.27.4&#8243; _module_preset=&#8220;default&#8220; title_font=&#8220;Avenir Light|100||on|||||&#8220; title_text_align=&#8220;right&#8220; global_colors_info=&#8220;{}&#8220;][\/et_pb_heading][\/et_pb_column][\/et_pb_row][et_pb_row _builder_version=&#8220;4.27.4&#8243; _module_preset=&#8220;default&#8220; global_colors_info=&#8220;{}&#8220;][et_pb_column type=&#8220;4_4&#8243; _builder_version=&#8220;4.27.4&#8243; _module_preset=&#8220;default&#8220; global_colors_info=&#8220;{}&#8220;][et_pb_image src=&#8220;https:\/\/erinnakoenig.de\/wp-content\/uploads\/2025\/11\/02_A7S4861-scaled.webp&#8220; title_text=&#8220;MIRROR IN TIME, roomview, photo Jan H\u00f6he&#8220; _builder_version=&#8220;4.27.4&#8243; _module_preset=&#8220;default&#8220; custom_margin=&#8220;||7px|||&#8220; hover_enabled=&#8220;0&#8243; global_colors_info=&#8220;{}&#8220; sticky_enabled=&#8220;0&#8243;][\/et_pb_image][et_pb_text _builder_version=&#8220;4.27.4&#8243; _module_preset=&#8220;default&#8220; text_font_size=&#8220;14px&#8220; hover_enabled=&#8220;0&#8243; global_colors_info=&#8220;{}&#8220; sticky_enabled=&#8220;0&#8243;]<\/p>\n<p class=\"et_pb_module_heading\"><strong>MIRROR IN TIME, Michelangelo Pistoletto, Erinna K\u00f6nig. <\/strong><strong>2025 &#8211; photo Jan H\u00f6he<\/strong><\/p>\n<p>[\/et_pb_text][\/et_pb_column][\/et_pb_row][et_pb_row _builder_version=&#8220;4.27.4&#8243; _module_preset=&#8220;default&#8220; global_colors_info=&#8220;{}&#8220;][et_pb_column type=&#8220;4_4&#8243; _builder_version=&#8220;4.27.4&#8243; _module_preset=&#8220;default&#8220; global_colors_info=&#8220;{}&#8220;][et_pb_image src=&#8220;https:\/\/erinnakoenig.de\/wp-content\/uploads\/2025\/08\/A7S06114-1-scaled.webp&#8220; title_text=&#8220;A7S06114 (1)&#8220; _builder_version=&#8220;4.27.4&#8243; _module_preset=&#8220;default&#8220; custom_margin=&#8220;||7px|||&#8220; global_colors_info=&#8220;{}&#8220;][\/et_pb_image][et_pb_text _builder_version=&#8220;4.27.4&#8243; _module_preset=&#8220;default&#8220; text_font_size=&#8220;14px&#8220; global_colors_info=&#8220;{}&#8220;]<\/p>\n<p class=\"p1\"><b>BEYOND, EK STUDIO, 2025 &#8211; photo Jan H\u00f6he<\/b><\/p>\n<p>[\/et_pb_text][\/et_pb_column][\/et_pb_row][et_pb_row _builder_version=&#8220;4.27.4&#8243; _module_preset=&#8220;default&#8220; global_colors_info=&#8220;{}&#8220;][et_pb_column type=&#8220;4_4&#8243; _builder_version=&#8220;4.27.4&#8243; _module_preset=&#8220;default&#8220; global_colors_info=&#8220;{}&#8220;][et_pb_image src=&#8220;https:\/\/erinnakoenig.de\/wp-content\/uploads\/2025\/08\/KBA2570_FS-1_\u00a9_henning-krause-scaled.webp&#8220; title_text=&#8220;_KBA2570_FS-1_\u00a9_henning krause&#8220; _builder_version=&#8220;4.27.4&#8243; _module_preset=&#8220;default&#8220; custom_margin=&#8220;||7px|||&#8220; global_colors_info=&#8220;{}&#8220;][\/et_pb_image][et_pb_text _builder_version=&#8220;4.27.4&#8243; _module_preset=&#8220;default&#8220; text_font_size=&#8220;14px&#8220; global_colors_info=&#8220;{}&#8220;]<\/p>\n<p class=\"p1\"><b>Die Treppe, 2019; Spieltischchen, 1981, Vogelbild 1991, Winterlandschaft, 1983; Erinna K\u00f6nig Retrospektive &#8211; Museum von der Heydt Wuppertal 2023-24 &#8211; photo Henning Krause<\/b><\/p>\n<p>[\/et_pb_text][\/et_pb_column][\/et_pb_row][et_pb_row _builder_version=&#8220;4.27.4&#8243; _module_preset=&#8220;default&#8220; global_colors_info=&#8220;{}&#8220;][et_pb_column type=&#8220;4_4&#8243; _builder_version=&#8220;4.27.4&#8243; _module_preset=&#8220;default&#8220; global_colors_info=&#8220;{}&#8220;][et_pb_image src=&#8220;https:\/\/erinnakoenig.de\/wp-content\/uploads\/2025\/08\/A7S06011-Edit-scaled.webp&#8220; title_text=&#8220;A7S06011-Edit&#8220; _builder_version=&#8220;4.27.4&#8243; _module_preset=&#8220;default&#8220; custom_margin=&#8220;||7px|||&#8220; global_colors_info=&#8220;{}&#8220;][\/et_pb_image][et_pb_text _builder_version=&#8220;4.27.4&#8243; _module_preset=&#8220;default&#8220; text_font_size=&#8220;14px&#8220; global_colors_info=&#8220;{}&#8220;]<\/p>\n<p class=\"p1\"><b>BEYOND, EK STUDIO, 2025 &#8211; photo Jan H\u00f6he<\/b><\/p>\n<p>[\/et_pb_text][\/et_pb_column][\/et_pb_row][et_pb_row _builder_version=&#8220;4.27.4&#8243; _module_preset=&#8220;default&#8220; global_colors_info=&#8220;{}&#8220;][et_pb_column type=&#8220;4_4&#8243; _builder_version=&#8220;4.27.4&#8243; _module_preset=&#8220;default&#8220; global_colors_info=&#8220;{}&#8220;][et_pb_image src=&#8220;https:\/\/erinnakoenig.de\/wp-content\/uploads\/2025\/08\/KBA2634_FS-1_\u00a9_henning-krause-scaled.webp&#8220; title_text=&#8220;_KBA2634_FS-1_\u00a9_henning krause&#8220; _builder_version=&#8220;4.27.4&#8243; _module_preset=&#8220;default&#8220; custom_margin=&#8220;||7px|||&#8220; global_colors_info=&#8220;{}&#8220;][\/et_pb_image][et_pb_text _builder_version=&#8220;4.27.4&#8243; _module_preset=&#8220;default&#8220; text_font_size=&#8220;14px&#8220; global_colors_info=&#8220;{}&#8220;]<\/p>\n<p class=\"p1\"><b>Taffel, 2019, Schatten 1985, Der Weg, 1985, Schr\u00e4ge S\u00e4ule, 2019; Erinna K\u00f6nig Retrospektive Museum von der Heydt, Wuppertal &#8211; photo Henning Krause<\/b><\/p>\n<p>[\/et_pb_text][\/et_pb_column][\/et_pb_row][et_pb_row _builder_version=&#8220;4.27.4&#8243; _module_preset=&#8220;default&#8220; global_colors_info=&#8220;{}&#8220;][et_pb_column type=&#8220;4_4&#8243; _builder_version=&#8220;4.27.4&#8243; _module_preset=&#8220;default&#8220; global_colors_info=&#8220;{}&#8220;][et_pb_image src=&#8220;https:\/\/erinnakoenig.de\/wp-content\/uploads\/2025\/08\/KBA2535_FS-1_\u00a9_henning-krause-scaled.webp&#8220; title_text=&#8220;_KBA2535_FS-1_\u00a9_henning krause&#8220; _builder_version=&#8220;4.27.4&#8243; _module_preset=&#8220;default&#8220; custom_margin=&#8220;||7px|||&#8220; global_colors_info=&#8220;{}&#8220;][\/et_pb_image][et_pb_text _builder_version=&#8220;4.27.4&#8243; _module_preset=&#8220;default&#8220; text_font_size=&#8220;14px&#8220; custom_padding=&#8220;||0px|||&#8220; global_colors_info=&#8220;{}&#8220;]<\/p>\n<p class=\"p1\"><b>Die Treppe, 2019, Wandboard, 1999\/2000; Erinna K\u00f6nig Retrospektive Museum von der Heydt, Wuppertal &#8211; photo Henning Krause<\/b><\/p>\n<p>[\/et_pb_text][\/et_pb_column][\/et_pb_row][et_pb_row _builder_version=&#8220;4.27.4&#8243; _module_preset=&#8220;default&#8220; global_colors_info=&#8220;{}&#8220;][et_pb_column type=&#8220;4_4&#8243; _builder_version=&#8220;4.27.4&#8243; _module_preset=&#8220;default&#8220; global_colors_info=&#8220;{}&#8220;][et_pb_image src=&#8220;https:\/\/erinnakoenig.de\/wp-content\/uploads\/2025\/08\/KBA2340_FS-1_\u00a9_henning-krause-scaled.webp&#8220; title_text=&#8220;_KBA2340_FS-1_\u00a9_henning krause&#8220; _builder_version=&#8220;4.27.4&#8243; _module_preset=&#8220;default&#8220; custom_margin=&#8220;||7px|||&#8220; global_colors_info=&#8220;{}&#8220;][\/et_pb_image][et_pb_text _builder_version=&#8220;4.27.4&#8243; _module_preset=&#8220;default&#8220; text_font_size=&#8220;14px&#8220; global_colors_info=&#8220;{}&#8220;]<\/p>\n<p class=\"p1\"><b>Walhalla Portraits, 2013; Erinna K\u00f6nig Retrospektive Museum von der Heydt, Wuppertal &#8211; photo Henning Krause<\/b><\/p>\n<p>[\/et_pb_text][\/et_pb_column][\/et_pb_row][et_pb_row _builder_version=&#8220;4.27.4&#8243; _module_preset=&#8220;default&#8220; global_colors_info=&#8220;{}&#8220;][et_pb_column type=&#8220;4_4&#8243; _builder_version=&#8220;4.27.4&#8243; _module_preset=&#8220;default&#8220; global_colors_info=&#8220;{}&#8220;][et_pb_image src=&#8220;https:\/\/erinnakoenig.de\/wp-content\/uploads\/2025\/08\/KBA5447_FS-1_\u00a9_henning-krause-1.webp&#8220; title_text=&#8220;_KBA5447_FS-1_\u00a9_henning krause&#8220; _builder_version=&#8220;4.27.4&#8243; _module_preset=&#8220;default&#8220; custom_margin=&#8220;||7px|||&#8220; global_colors_info=&#8220;{}&#8220;][\/et_pb_image][et_pb_text _builder_version=&#8220;4.27.4&#8243; _module_preset=&#8220;default&#8220; text_font_size=&#8220;14px&#8220; global_colors_info=&#8220;{}&#8220;]<\/p>\n<p class=\"p1\"><b>Tischchengruppe, 2018, Arachnamilla flora, 2017; Erinna K\u00f6nig Retrospektive Museum von der Heydt, Wuppertal &#8211; photo Henning Krause<\/b><\/p>\n<p>[\/et_pb_text][\/et_pb_column][\/et_pb_row][\/et_pb_section]<\/p>\n","protected":false},"excerpt":{"rendered":"<p>MIRROR IN TIME, Michelangelo Pistoletto, Erinna K\u00f6nig. 2025 &#8211; photo Jan H\u00f6heBEYOND, EK STUDIO, 2025 &#8211; photo Jan H\u00f6heDie Treppe, 2019; Spieltischchen, 1981, Vogelbild 1991, Winterlandschaft, 1983; Erinna K\u00f6nig Retrospektive &#8211; Museum von der Heydt Wuppertal 2023-24 &#8211; photo Henning KrauseBEYOND, EK STUDIO, 2025 &#8211; photo Jan H\u00f6heTaffel, 2019, Schatten 1985, Der Weg, 1985, Schr\u00e4ge [&hellip;]<\/p>\n","protected":false},"author":1,"featured_media":0,"parent":0,"menu_order":0,"comment_status":"closed","ping_status":"closed","template":"","meta":{"_et_pb_use_builder":"on","_et_pb_old_content":"","_et_gb_content_width":"","footnotes":""},"class_list":["post-311","page","type-page","status-publish","hentry"],"yoast_head":"<!-- This site is optimized with the Yoast SEO plugin v27.4 - https:\/\/yoast.com\/product\/yoast-seo-wordpress\/ -->\n<title>Photo Credits Startpage | ERINNA K\u00d6NIG<\/title>\n<meta name=\"description\" content=\"Erinna K\u00f6nig (deutsch, 1947-2021), Meistersch\u00fclerin von Joseph Beuys an der D\u00fcsseldorfer Kunstakademie, verwandelte Fundobjekte zu eloquenter aesthetischer Skulptur-Malerei.\" \/>\n<meta name=\"robots\" content=\"index, follow, max-snippet:-1, max-image-preview:large, max-video-preview:-1\" \/>\n<link rel=\"canonical\" href=\"https:\/\/erinnakoenig.de\/en\/photo-credits-startpage\/\" \/>\n<meta property=\"og:locale\" content=\"en_GB\" \/>\n<meta property=\"og:type\" content=\"article\" \/>\n<meta property=\"og:title\" content=\"Photo Credits Startpage | ERINNA K\u00d6NIG\" \/>\n<meta property=\"og:description\" content=\"Erinna K\u00f6nig (deutsch, 1947-2021), Meistersch\u00fclerin von Joseph Beuys an der D\u00fcsseldorfer Kunstakademie, verwandelte Fundobjekte zu eloquenter aesthetischer Skulptur-Malerei.\" \/>\n<meta property=\"og:url\" content=\"https:\/\/erinnakoenig.de\/en\/photo-credits-startpage\/\" \/>\n<meta property=\"og:site_name\" content=\"ERINNA K\u00d6NIG\" \/>\n<meta property=\"article:modified_time\" content=\"2025-11-27T09:37:34+00:00\" \/>\n<meta property=\"og:image\" content=\"https:\/\/erinnakoenig.de\/wp-content\/uploads\/2025\/08\/Selbst-Portrait-1968-01.webp\" \/>\n\t<meta property=\"og:image:width\" content=\"1000\" \/>\n\t<meta property=\"og:image:height\" content=\"1000\" \/>\n\t<meta property=\"og:image:type\" content=\"image\/webp\" \/>\n<meta name=\"twitter:card\" content=\"summary_large_image\" \/>\n<meta name=\"twitter:label1\" content=\"Estimated reading time\" \/>\n\t<meta name=\"twitter:data1\" content=\"4 minutes\" \/>\n<script type=\"application\/ld+json\" class=\"yoast-schema-graph\">{\"@context\":\"https:\\\/\\\/schema.org\",\"@graph\":[{\"@type\":\"WebPage\",\"@id\":\"https:\\\/\\\/erinnakoenig.de\\\/photo-credits-startpage\\\/\",\"url\":\"https:\\\/\\\/erinnakoenig.de\\\/photo-credits-startpage\\\/\",\"name\":\"Photo Credits Startpage | ERINNA K\u00d6NIG\",\"isPartOf\":{\"@id\":\"https:\\\/\\\/erinnakoenig.de\\\/#website\"},\"datePublished\":\"2025-08-21T08:21:38+00:00\",\"dateModified\":\"2025-11-27T09:37:34+00:00\",\"description\":\"Erinna K\u00f6nig (deutsch, 1947-2021), Meistersch\u00fclerin von Joseph Beuys an der D\u00fcsseldorfer Kunstakademie, verwandelte Fundobjekte zu eloquenter aesthetischer Skulptur-Malerei.\",\"breadcrumb\":{\"@id\":\"https:\\\/\\\/erinnakoenig.de\\\/photo-credits-startpage\\\/#breadcrumb\"},\"inLanguage\":\"en-GB\",\"potentialAction\":[{\"@type\":\"ReadAction\",\"target\":[\"https:\\\/\\\/erinnakoenig.de\\\/photo-credits-startpage\\\/\"]}]},{\"@type\":\"BreadcrumbList\",\"@id\":\"https:\\\/\\\/erinnakoenig.de\\\/photo-credits-startpage\\\/#breadcrumb\",\"itemListElement\":[{\"@type\":\"ListItem\",\"position\":1,\"name\":\"Startseite\",\"item\":\"https:\\\/\\\/erinnakoenig.de\\\/\"},{\"@type\":\"ListItem\",\"position\":2,\"name\":\"Photo Credits Startpage\"}]},{\"@type\":\"WebSite\",\"@id\":\"https:\\\/\\\/erinnakoenig.de\\\/#website\",\"url\":\"https:\\\/\\\/erinnakoenig.de\\\/\",\"name\":\"ERINNA K\u00d6NIG\",\"description\":\"EK STUDIO - D\u00fcsseldorf\",\"publisher\":{\"@id\":\"https:\\\/\\\/erinnakoenig.de\\\/#organization\"},\"potentialAction\":[{\"@type\":\"SearchAction\",\"target\":{\"@type\":\"EntryPoint\",\"urlTemplate\":\"https:\\\/\\\/erinnakoenig.de\\\/?s={search_term_string}\"},\"query-input\":{\"@type\":\"PropertyValueSpecification\",\"valueRequired\":true,\"valueName\":\"search_term_string\"}}],\"inLanguage\":\"en-GB\"},{\"@type\":\"Organization\",\"@id\":\"https:\\\/\\\/erinnakoenig.de\\\/#organization\",\"name\":\"EK STUDIO\",\"url\":\"https:\\\/\\\/erinnakoenig.de\\\/\",\"logo\":{\"@type\":\"ImageObject\",\"inLanguage\":\"en-GB\",\"@id\":\"https:\\\/\\\/erinnakoenig.de\\\/#\\\/schema\\\/logo\\\/image\\\/\",\"url\":\"https:\\\/\\\/erinnakoenig.de\\\/wp-content\\\/uploads\\\/2025\\\/08\\\/cropped-FAV.png\",\"contentUrl\":\"https:\\\/\\\/erinnakoenig.de\\\/wp-content\\\/uploads\\\/2025\\\/08\\\/cropped-FAV.png\",\"width\":512,\"height\":512,\"caption\":\"EK STUDIO\"},\"image\":{\"@id\":\"https:\\\/\\\/erinnakoenig.de\\\/#\\\/schema\\\/logo\\\/image\\\/\"},\"sameAs\":[\"https:\\\/\\\/www.instagram.com\\\/erinnakoenig\\\/\"]}]}<\/script>\n<!-- \/ Yoast SEO plugin. -->","yoast_head_json":{"title":"Photo Credits Startpage | ERINNA K\u00d6NIG","description":"Erinna K\u00f6nig (deutsch, 1947-2021), Meistersch\u00fclerin von Joseph Beuys an der D\u00fcsseldorfer Kunstakademie, verwandelte Fundobjekte zu eloquenter aesthetischer Skulptur-Malerei.","robots":{"index":"index","follow":"follow","max-snippet":"max-snippet:-1","max-image-preview":"max-image-preview:large","max-video-preview":"max-video-preview:-1"},"canonical":"https:\/\/erinnakoenig.de\/en\/photo-credits-startpage\/","og_locale":"en_GB","og_type":"article","og_title":"Photo Credits Startpage | ERINNA K\u00d6NIG","og_description":"Erinna K\u00f6nig (deutsch, 1947-2021), Meistersch\u00fclerin von Joseph Beuys an der D\u00fcsseldorfer Kunstakademie, verwandelte Fundobjekte zu eloquenter aesthetischer Skulptur-Malerei.","og_url":"https:\/\/erinnakoenig.de\/en\/photo-credits-startpage\/","og_site_name":"ERINNA K\u00d6NIG","article_modified_time":"2025-11-27T09:37:34+00:00","og_image":[{"width":1000,"height":1000,"url":"https:\/\/erinnakoenig.de\/wp-content\/uploads\/2025\/08\/Selbst-Portrait-1968-01.webp","type":"image\/webp"}],"twitter_card":"summary_large_image","twitter_misc":{"Estimated reading time":"4 minutes"},"schema":{"@context":"https:\/\/schema.org","@graph":[{"@type":"WebPage","@id":"https:\/\/erinnakoenig.de\/photo-credits-startpage\/","url":"https:\/\/erinnakoenig.de\/photo-credits-startpage\/","name":"Photo Credits Startpage | ERINNA K\u00d6NIG","isPartOf":{"@id":"https:\/\/erinnakoenig.de\/#website"},"datePublished":"2025-08-21T08:21:38+00:00","dateModified":"2025-11-27T09:37:34+00:00","description":"Erinna K\u00f6nig (deutsch, 1947-2021), Meistersch\u00fclerin von Joseph Beuys an der D\u00fcsseldorfer Kunstakademie, verwandelte Fundobjekte zu eloquenter aesthetischer Skulptur-Malerei.","breadcrumb":{"@id":"https:\/\/erinnakoenig.de\/photo-credits-startpage\/#breadcrumb"},"inLanguage":"en-GB","potentialAction":[{"@type":"ReadAction","target":["https:\/\/erinnakoenig.de\/photo-credits-startpage\/"]}]},{"@type":"BreadcrumbList","@id":"https:\/\/erinnakoenig.de\/photo-credits-startpage\/#breadcrumb","itemListElement":[{"@type":"ListItem","position":1,"name":"Startseite","item":"https:\/\/erinnakoenig.de\/"},{"@type":"ListItem","position":2,"name":"Photo Credits Startpage"}]},{"@type":"WebSite","@id":"https:\/\/erinnakoenig.de\/#website","url":"https:\/\/erinnakoenig.de\/","name":"ERINNA K\u00d6NIG","description":"EK STUDIO - D\u00fcsseldorf","publisher":{"@id":"https:\/\/erinnakoenig.de\/#organization"},"potentialAction":[{"@type":"SearchAction","target":{"@type":"EntryPoint","urlTemplate":"https:\/\/erinnakoenig.de\/?s={search_term_string}"},"query-input":{"@type":"PropertyValueSpecification","valueRequired":true,"valueName":"search_term_string"}}],"inLanguage":"en-GB"},{"@type":"Organization","@id":"https:\/\/erinnakoenig.de\/#organization","name":"EK STUDIO","url":"https:\/\/erinnakoenig.de\/","logo":{"@type":"ImageObject","inLanguage":"en-GB","@id":"https:\/\/erinnakoenig.de\/#\/schema\/logo\/image\/","url":"https:\/\/erinnakoenig.de\/wp-content\/uploads\/2025\/08\/cropped-FAV.png","contentUrl":"https:\/\/erinnakoenig.de\/wp-content\/uploads\/2025\/08\/cropped-FAV.png","width":512,"height":512,"caption":"EK STUDIO"},"image":{"@id":"https:\/\/erinnakoenig.de\/#\/schema\/logo\/image\/"},"sameAs":["https:\/\/www.instagram.com\/erinnakoenig\/"]}]}},"_links":{"self":[{"href":"https:\/\/erinnakoenig.de\/en\/wp-json\/wp\/v2\/pages\/311","targetHints":{"allow":["GET"]}}],"collection":[{"href":"https:\/\/erinnakoenig.de\/en\/wp-json\/wp\/v2\/pages"}],"about":[{"href":"https:\/\/erinnakoenig.de\/en\/wp-json\/wp\/v2\/types\/page"}],"author":[{"embeddable":true,"href":"https:\/\/erinnakoenig.de\/en\/wp-json\/wp\/v2\/users\/1"}],"replies":[{"embeddable":true,"href":"https:\/\/erinnakoenig.de\/en\/wp-json\/wp\/v2\/comments?post=311"}],"version-history":[{"count":6,"href":"https:\/\/erinnakoenig.de\/en\/wp-json\/wp\/v2\/pages\/311\/revisions"}],"predecessor-version":[{"id":2264,"href":"https:\/\/erinnakoenig.de\/en\/wp-json\/wp\/v2\/pages\/311\/revisions\/2264"}],"wp:attachment":[{"href":"https:\/\/erinnakoenig.de\/en\/wp-json\/wp\/v2\/media?parent=311"}],"curies":[{"name":"wp","href":"https:\/\/api.w.org\/{rel}","templated":true}]}}