{"id":242,"date":"2025-08-20T12:51:49","date_gmt":"2025-08-20T12:51:49","guid":{"rendered":"https:\/\/erinnakoenig.com\/?page_id=242"},"modified":"2025-11-27T10:31:59","modified_gmt":"2025-11-27T10:31:59","slug":"ausstellungen","status":"publish","type":"page","link":"https:\/\/erinnakoenig.de\/en\/ausstellungen\/","title":{"rendered":"Exhibitions"},"content":{"rendered":"<p>[et_pb_section fb_built=&#8220;1&#8243; _builder_version=&#8220;4.27.4&#8243; _module_preset=&#8220;default&#8220; global_colors_info=&#8220;{}&#8220;][et_pb_row _builder_version=&#8220;4.27.4&#8243; _module_preset=&#8220;default&#8220; global_colors_info=&#8220;{}&#8220;][et_pb_column type=&#8220;4_4&#8243; _builder_version=&#8220;4.27.4&#8243; _module_preset=&#8220;default&#8220; global_colors_info=&#8220;{}&#8220;][et_pb_heading title=&#8220;AUSSTELLUNGEN&#8220; _builder_version=&#8220;4.27.4&#8243; _module_preset=&#8220;default&#8220; title_font=&#8220;Avenir Light|100|||||||&#8220; title_text_align=&#8220;right&#8220; global_colors_info=&#8220;{}&#8220;][\/et_pb_heading][\/et_pb_column][\/et_pb_row][et_pb_row column_structure=&#8220;1_2,1_2&#8243; _builder_version=&#8220;4.27.4&#8243; _module_preset=&#8220;default&#8220; global_colors_info=&#8220;{}&#8220;][et_pb_column type=&#8220;1_2&#8243; _builder_version=&#8220;4.27.4&#8243; _module_preset=&#8220;default&#8220; global_colors_info=&#8220;{}&#8220;][lwp_divi_flipbox front_title=&#8220;Einzelausstellungen&#8220; front_src=&#8220;https:\/\/erinnakoenig.de\/wp-content\/uploads\/2025\/08\/gruppen.webp&#8220; front_background_color=&#8220;#efefef&#8220; back_title=&#8220;Einzelausstellungen&#8220; use_back_icon=&#8220;off&#8220; back_src=&#8220;https:\/\/erinnakoenig.de\/wp-content\/uploads\/2025\/08\/gruppen.webp&#8220; back_background_color=&#8220;#efefef&#8220; _builder_version=&#8220;4.27.4&#8243; _dynamic_attributes=&#8220;link_option_url&#8220; _module_preset=&#8220;default&#8220; header-front_font=&#8220;&#8211;et_global_heading_font||||||||&#8220; header-front_text_align=&#8220;center&#8220; header-front_text_color=&#8220;#000000&#8243; header-front_font_size=&#8220;25px&#8220; header-back_font=&#8220;&#8211;et_global_heading_font||||||||&#8220; header-back_text_align=&#8220;center&#8220; header-back_text_color=&#8220;#000000&#8243; header-back_font_size=&#8220;25px&#8220; back-body_text_color=&#8220;#000000&#8243; link_option_url=&#8220;@ET-DC@eyJkeW5hbWljIjp0cnVlLCJjb250ZW50IjoicG9zdF9saW5rX3VybF9wYWdlIiwic2V0dGluZ3MiOnsicG9zdF9pZCI6IjI3MSJ9fQ==@&#8220; global_colors_info=&#8220;{}&#8220;][\/lwp_divi_flipbox][\/et_pb_column][et_pb_column type=&#8220;1_2&#8243; _builder_version=&#8220;4.27.4&#8243; _module_preset=&#8220;default&#8220; global_colors_info=&#8220;{}&#8220;][lwp_divi_flipbox front_title=&#8220;Gruppenausstellungen&#8220; front_src=&#8220;https:\/\/erinnakoenig.de\/wp-content\/uploads\/2025\/08\/einzel.webp&#8220; front_background_color=&#8220;#efefef&#8220; back_title=&#8220;Gruppenausstellungen&#8220; use_back_icon=&#8220;off&#8220; back_src=&#8220;https:\/\/erinnakoenig.de\/wp-content\/uploads\/2025\/08\/einzel.webp&#8220; back_background_color=&#8220;#efefef&#8220; _builder_version=&#8220;4.27.4&#8243; _dynamic_attributes=&#8220;link_option_url&#8220; _module_preset=&#8220;default&#8220; header-front_font=&#8220;&#8211;et_global_heading_font||||||||&#8220; header-front_text_align=&#8220;center&#8220; header-front_text_color=&#8220;#000000&#8243; header-front_font_size=&#8220;25px&#8220; header-back_font=&#8220;&#8211;et_global_heading_font||||||||&#8220; header-back_text_align=&#8220;center&#8220; header-back_text_color=&#8220;#000000&#8243; header-back_font_size=&#8220;25px&#8220; back-body_text_color=&#8220;#000000&#8243; link_option_url=&#8220;@ET-DC@eyJkeW5hbWljIjp0cnVlLCJjb250ZW50IjoicG9zdF9saW5rX3VybF9wYWdlIiwic2V0dGluZ3MiOnsicG9zdF9pZCI6IjI3NSJ9fQ==@&#8220; global_colors_info=&#8220;{}&#8220;][\/lwp_divi_flipbox][\/et_pb_column][\/et_pb_row][et_pb_row column_structure=&#8220;1_4,1_4,1_4,1_4&#8243; _builder_version=&#8220;4.27.4&#8243; _module_preset=&#8220;default&#8220; global_colors_info=&#8220;{}&#8220;][et_pb_column type=&#8220;1_4&#8243; _builder_version=&#8220;4.27.4&#8243; _module_preset=&#8220;default&#8220; global_colors_info=&#8220;{}&#8220;][et_pb_image src=&#8220;https:\/\/erinnakoenig.de\/wp-content\/uploads\/2025\/11\/0005-1.webp&#8220; title_text=&#8220;0005&#8243; url=&#8220;https:\/\/erinnakoenig.de\/mirror-in-time-michelangelo-pistoletto-erinna-koenig-ek-studio-2025\/&#8220; _builder_version=&#8220;4.27.4&#8243; _module_preset=&#8220;default&#8220; border_width_all=&#8220;14px&#8220; border_color_all=&#8220;#efefef&#8220; global_colors_info=&#8220;{}&#8220;][\/et_pb_image][\/et_pb_column][et_pb_column type=&#8220;1_4&#8243; _builder_version=&#8220;4.27.4&#8243; _module_preset=&#8220;default&#8220; global_colors_info=&#8220;{}&#8220;][et_pb_image src=&#8220;https:\/\/erinnakoenig.de\/wp-content\/uploads\/2025\/09\/0001-3.webp&#8220; title_text=&#8220;0001&#8243; url=&#8220;https:\/\/erinnakoenig.de\/ausstellungen\/einzelausstellungen\/erinna-koenig-retrospektive-von-der-heydt-museum-wuppertal-2023-24\/&#8220; _builder_version=&#8220;4.27.4&#8243; _module_preset=&#8220;default&#8220; border_width_all=&#8220;14px&#8220; border_color_all=&#8220;#efefef&#8220; global_colors_info=&#8220;{}&#8220;][\/et_pb_image][\/et_pb_column][et_pb_column type=&#8220;1_4&#8243; _builder_version=&#8220;4.27.4&#8243; _module_preset=&#8220;default&#8220; global_colors_info=&#8220;{}&#8220;][et_pb_image src=&#8220;https:\/\/erinnakoenig.de\/wp-content\/uploads\/2025\/09\/0002.webp&#8220; title_text=&#8220;0002&#8243; url=&#8220;https:\/\/erinnakoenig.de\/ausstellungen\/einzelausstellungen\/untitled-chromatics-upco-ek-studio-duesseldorf-2024\/&#8220; _builder_version=&#8220;4.27.4&#8243; _module_preset=&#8220;default&#8220; border_width_all=&#8220;14px&#8220; border_color_all=&#8220;#efefef&#8220; global_colors_info=&#8220;{}&#8220;][\/et_pb_image][\/et_pb_column][et_pb_column type=&#8220;1_4&#8243; _builder_version=&#8220;4.27.4&#8243; _module_preset=&#8220;default&#8220; global_colors_info=&#8220;{}&#8220;][et_pb_image src=&#8220;https:\/\/erinnakoenig.de\/wp-content\/uploads\/2025\/09\/0004.webp&#8220; title_text=&#8220;0004&#8243; url=&#8220;https:\/\/erinnakoenig.de\/ausstellungen\/gruppenausstellungen\/ruhe-vor-dem-sturm-postminimalistische-kunst-aus-dem-rheinland-museum-morsbroich-leverkusen-2015\/&#8220; _builder_version=&#8220;4.27.4&#8243; _module_preset=&#8220;default&#8220; border_width_all=&#8220;14px&#8220; border_color_all=&#8220;#efefef&#8220; global_colors_info=&#8220;{}&#8220;][\/et_pb_image][\/et_pb_column][\/et_pb_row][et_pb_row column_structure=&#8220;1_3,1_3,1_3&#8243; _builder_version=&#8220;4.27.4&#8243; _module_preset=&#8220;default&#8220; hover_enabled=&#8220;0&#8243; global_colors_info=&#8220;{}&#8220; sticky_enabled=&#8220;0&#8243;][et_pb_column type=&#8220;1_3&#8243; _builder_version=&#8220;4.27.4&#8243; _module_preset=&#8220;default&#8220; global_colors_info=&#8220;{}&#8220;][et_pb_video src=&#8220;https:\/\/erinnakoenig.de\/wp-content\/uploads\/2025\/11\/pistoletto_heft_quadrat3.mp4&#8243; _builder_version=&#8220;4.27.4&#8243; _module_preset=&#8220;default&#8220; global_colors_info=&#8220;{}&#8220;][\/et_pb_video][\/et_pb_column][et_pb_column type=&#8220;1_3&#8243; _builder_version=&#8220;4.27.4&#8243; _module_preset=&#8220;default&#8220; global_colors_info=&#8220;{}&#8220;][et_pb_video src=&#8220;https:\/\/erinnakoenig.de\/wp-content\/uploads\/2025\/09\/chromatics_Jan-Hoehe_1neu-1.mp4&#8243; src_webm=&#8220;https:\/\/erinnakoenig.de\/wp-content\/uploads\/2025\/09\/chromatics_Jan-Hoehe_1neu.webm&#8220; image_src=&#8220;https:\/\/erinnakoenig.de\/wp-content\/uploads\/2025\/09\/part_short_5_insta.00_00_37_07.Standbild006.jpg&#8220; _builder_version=&#8220;4.27.4&#8243; _module_preset=&#8220;default&#8220; global_colors_info=&#8220;{}&#8220;][\/et_pb_video][\/et_pb_column][et_pb_column type=&#8220;1_3&#8243; _builder_version=&#8220;4.27.4&#8243; _module_preset=&#8220;default&#8220; global_colors_info=&#8220;{}&#8220;][et_pb_video src=&#8220;https:\/\/erinnakoenig.de\/wp-content\/uploads\/2025\/09\/chromatics_Jan-Hoehe_4.mp4&#8243; src_webm=&#8220;https:\/\/erinnakoenig.de\/wp-content\/uploads\/2025\/09\/chromatics_Jan-Hoehe_4.webm&#8220; image_src=&#8220;https:\/\/erinnakoenig.de\/wp-content\/uploads\/2025\/09\/Bildschirmfoto-2025-09-26-um-20.22.17-1.png&#8220; _builder_version=&#8220;4.27.4&#8243; _module_preset=&#8220;default&#8220; global_colors_info=&#8220;{}&#8220;][\/et_pb_video][\/et_pb_column][\/et_pb_row][\/et_pb_section]<\/p>\n","protected":false},"excerpt":{"rendered":"<p><div class=\"et_pb_module lwp_divi_flipbox lwp_divi_flipbox_0\">\n\t\t\t\t\n\t\t\t\t\n\t\t\t\t\n\t\t\t\t\n\t\t\t\t\n\t\t\t\t\n\t\t\t\t<div class=\"et_pb_module_inner\">\n\t\t\t\t\t<div class=\"flip_box flip_right\">\n\t\t\t<div class=\"flip_box_inner\">\n\t\t\t\t<div class=\"flip_box_front flip_card\">\n\t\t\t\t\t<span class=\"image_wrap\"><img decoding=\"async\" src=\"https:\/\/erinnakoenig.de\/wp-content\/uploads\/2025\/08\/gruppen.webp\"\/><\/span>\n\t\t\t\t\t<h4 class=\"front_title\">Solo exhibitions (selection)<\/h4>\n\t\t\t\t\t\n\t\t\t\t<\/div>\n\t\t\t\t<div class=\"flip_box_back flip_card\">\n\t\t\t\t\t<span class=\"image_wrap\"><img decoding=\"async\" src=\"https:\/\/erinnakoenig.de\/wp-content\/uploads\/2025\/08\/gruppen.webp\"\/><\/span>\n\t\t\t\t\t<h4 class=\"back_title\">Solo exhibitions (selection)<\/h4>\n\t\t\t\t\t\n\t\t\t\t\t\n\t\t\t\t<\/div>\n\t\t\t<\/div>\n\t\t<\/div>\n\t\t\t\t<\/div>\n\t\t\t<\/div><div class=\"et_pb_module lwp_divi_flipbox lwp_divi_flipbox_1\">\n\t\t\t\t\n\t\t\t\t\n\t\t\t\t\n\t\t\t\t\n\t\t\t\t\n\t\t\t\t\n\t\t\t\t<div class=\"et_pb_module_inner\">\n\t\t\t\t\t<div class=\"flip_box flip_right\">\n\t\t\t<div class=\"flip_box_inner\">\n\t\t\t\t<div class=\"flip_box_front flip_card\">\n\t\t\t\t\t<span class=\"image_wrap\"><img decoding=\"async\" src=\"https:\/\/erinnakoenig.de\/wp-content\/uploads\/2025\/08\/einzel.webp\"\/><\/span>\n\t\t\t\t\t<h4 class=\"front_title\">Group exhibitions<\/h4>\n\t\t\t\t\t\n\t\t\t\t<\/div>\n\t\t\t\t<div class=\"flip_box_back flip_card\">\n\t\t\t\t\t<span class=\"image_wrap\"><img decoding=\"async\" src=\"https:\/\/erinnakoenig.de\/wp-content\/uploads\/2025\/08\/einzel.webp\"\/><\/span>\n\t\t\t\t\t<h4 class=\"back_title\">Group exhibitions<\/h4>\n\t\t\t\t\t\n\t\t\t\t\t\n\t\t\t\t<\/div>\n\t\t\t<\/div>\n\t\t<\/div>\n\t\t\t\t<\/div>\n\t\t\t<\/div><\/p>","protected":false},"author":1,"featured_media":0,"parent":0,"menu_order":0,"comment_status":"closed","ping_status":"closed","template":"","meta":{"_et_pb_use_builder":"on","_et_pb_old_content":"","_et_gb_content_width":"","footnotes":""},"class_list":["post-242","page","type-page","status-publish","hentry"],"yoast_head":"<!-- This site is optimized with the Yoast SEO plugin v27.4 - https:\/\/yoast.com\/product\/yoast-seo-wordpress\/ -->\n<title>Ausstellungen | ERINNA K\u00d6NIG<\/title>\n<meta name=\"description\" content=\"Erinna K\u00f6nig (deutsch, 1947-2021), Meistersch\u00fclerin von Joseph Beuys an der D\u00fcsseldorfer Kunstakademie, verwandelte Fundobjekte zu eloquenter aesthetischer Skulptur-Malerei.\" \/>\n<meta name=\"robots\" content=\"index, follow, max-snippet:-1, max-image-preview:large, max-video-preview:-1\" \/>\n<link rel=\"canonical\" href=\"https:\/\/erinnakoenig.de\/en\/ausstellungen\/\" \/>\n<meta property=\"og:locale\" content=\"en_GB\" \/>\n<meta property=\"og:type\" content=\"article\" \/>\n<meta property=\"og:title\" content=\"Ausstellungen | ERINNA K\u00d6NIG\" \/>\n<meta property=\"og:description\" content=\"Erinna K\u00f6nig (deutsch, 1947-2021), Meistersch\u00fclerin von Joseph Beuys an der D\u00fcsseldorfer Kunstakademie, verwandelte Fundobjekte zu eloquenter aesthetischer Skulptur-Malerei.\" \/>\n<meta property=\"og:url\" content=\"https:\/\/erinnakoenig.de\/en\/ausstellungen\/\" \/>\n<meta property=\"og:site_name\" content=\"ERINNA K\u00d6NIG\" \/>\n<meta property=\"article:modified_time\" content=\"2025-11-27T10:31:59+00:00\" \/>\n<meta property=\"og:image\" content=\"https:\/\/erinnakoenig.de\/wp-content\/uploads\/2025\/08\/Selbst-Portrait-1968-01.webp\" \/>\n\t<meta property=\"og:image:width\" content=\"1000\" \/>\n\t<meta property=\"og:image:height\" content=\"1000\" \/>\n\t<meta property=\"og:image:type\" content=\"image\/webp\" \/>\n<meta name=\"twitter:card\" content=\"summary_large_image\" \/>\n<meta name=\"twitter:label1\" content=\"Estimated reading time\" \/>\n\t<meta name=\"twitter:data1\" content=\"4 minutes\" \/>\n<script type=\"application\/ld+json\" class=\"yoast-schema-graph\">{\"@context\":\"https:\\\/\\\/schema.org\",\"@graph\":[{\"@type\":\"WebPage\",\"@id\":\"https:\\\/\\\/erinnakoenig.de\\\/ausstellungen\\\/\",\"url\":\"https:\\\/\\\/erinnakoenig.de\\\/ausstellungen\\\/\",\"name\":\"Ausstellungen | ERINNA K\u00d6NIG\",\"isPartOf\":{\"@id\":\"https:\\\/\\\/erinnakoenig.de\\\/#website\"},\"datePublished\":\"2025-08-20T12:51:49+00:00\",\"dateModified\":\"2025-11-27T10:31:59+00:00\",\"description\":\"Erinna K\u00f6nig (deutsch, 1947-2021), Meistersch\u00fclerin von Joseph Beuys an der D\u00fcsseldorfer Kunstakademie, verwandelte Fundobjekte zu eloquenter aesthetischer Skulptur-Malerei.\",\"breadcrumb\":{\"@id\":\"https:\\\/\\\/erinnakoenig.de\\\/ausstellungen\\\/#breadcrumb\"},\"inLanguage\":\"en-GB\",\"potentialAction\":[{\"@type\":\"ReadAction\",\"target\":[\"https:\\\/\\\/erinnakoenig.de\\\/ausstellungen\\\/\"]}]},{\"@type\":\"BreadcrumbList\",\"@id\":\"https:\\\/\\\/erinnakoenig.de\\\/ausstellungen\\\/#breadcrumb\",\"itemListElement\":[{\"@type\":\"ListItem\",\"position\":1,\"name\":\"Startseite\",\"item\":\"https:\\\/\\\/erinnakoenig.de\\\/\"},{\"@type\":\"ListItem\",\"position\":2,\"name\":\"Ausstellungen\"}]},{\"@type\":\"WebSite\",\"@id\":\"https:\\\/\\\/erinnakoenig.de\\\/#website\",\"url\":\"https:\\\/\\\/erinnakoenig.de\\\/\",\"name\":\"ERINNA K\u00d6NIG\",\"description\":\"EK STUDIO - D\u00fcsseldorf\",\"publisher\":{\"@id\":\"https:\\\/\\\/erinnakoenig.de\\\/#organization\"},\"potentialAction\":[{\"@type\":\"SearchAction\",\"target\":{\"@type\":\"EntryPoint\",\"urlTemplate\":\"https:\\\/\\\/erinnakoenig.de\\\/?s={search_term_string}\"},\"query-input\":{\"@type\":\"PropertyValueSpecification\",\"valueRequired\":true,\"valueName\":\"search_term_string\"}}],\"inLanguage\":\"en-GB\"},{\"@type\":\"Organization\",\"@id\":\"https:\\\/\\\/erinnakoenig.de\\\/#organization\",\"name\":\"EK STUDIO\",\"url\":\"https:\\\/\\\/erinnakoenig.de\\\/\",\"logo\":{\"@type\":\"ImageObject\",\"inLanguage\":\"en-GB\",\"@id\":\"https:\\\/\\\/erinnakoenig.de\\\/#\\\/schema\\\/logo\\\/image\\\/\",\"url\":\"https:\\\/\\\/erinnakoenig.de\\\/wp-content\\\/uploads\\\/2025\\\/08\\\/cropped-FAV.png\",\"contentUrl\":\"https:\\\/\\\/erinnakoenig.de\\\/wp-content\\\/uploads\\\/2025\\\/08\\\/cropped-FAV.png\",\"width\":512,\"height\":512,\"caption\":\"EK STUDIO\"},\"image\":{\"@id\":\"https:\\\/\\\/erinnakoenig.de\\\/#\\\/schema\\\/logo\\\/image\\\/\"},\"sameAs\":[\"https:\\\/\\\/www.instagram.com\\\/erinnakoenig\\\/\"]}]}<\/script>\n<!-- \/ Yoast SEO plugin. -->","yoast_head_json":{"title":"Ausstellungen | ERINNA K\u00d6NIG","description":"Erinna K\u00f6nig (deutsch, 1947-2021), Meistersch\u00fclerin von Joseph Beuys an der D\u00fcsseldorfer Kunstakademie, verwandelte Fundobjekte zu eloquenter aesthetischer Skulptur-Malerei.","robots":{"index":"index","follow":"follow","max-snippet":"max-snippet:-1","max-image-preview":"max-image-preview:large","max-video-preview":"max-video-preview:-1"},"canonical":"https:\/\/erinnakoenig.de\/en\/ausstellungen\/","og_locale":"en_GB","og_type":"article","og_title":"Ausstellungen | ERINNA K\u00d6NIG","og_description":"Erinna K\u00f6nig (deutsch, 1947-2021), Meistersch\u00fclerin von Joseph Beuys an der D\u00fcsseldorfer Kunstakademie, verwandelte Fundobjekte zu eloquenter aesthetischer Skulptur-Malerei.","og_url":"https:\/\/erinnakoenig.de\/en\/ausstellungen\/","og_site_name":"ERINNA K\u00d6NIG","article_modified_time":"2025-11-27T10:31:59+00:00","og_image":[{"width":1000,"height":1000,"url":"https:\/\/erinnakoenig.de\/wp-content\/uploads\/2025\/08\/Selbst-Portrait-1968-01.webp","type":"image\/webp"}],"twitter_card":"summary_large_image","twitter_misc":{"Estimated reading time":"4 minutes"},"schema":{"@context":"https:\/\/schema.org","@graph":[{"@type":"WebPage","@id":"https:\/\/erinnakoenig.de\/ausstellungen\/","url":"https:\/\/erinnakoenig.de\/ausstellungen\/","name":"Ausstellungen | ERINNA K\u00d6NIG","isPartOf":{"@id":"https:\/\/erinnakoenig.de\/#website"},"datePublished":"2025-08-20T12:51:49+00:00","dateModified":"2025-11-27T10:31:59+00:00","description":"Erinna K\u00f6nig (deutsch, 1947-2021), Meistersch\u00fclerin von Joseph Beuys an der D\u00fcsseldorfer Kunstakademie, verwandelte Fundobjekte zu eloquenter aesthetischer Skulptur-Malerei.","breadcrumb":{"@id":"https:\/\/erinnakoenig.de\/ausstellungen\/#breadcrumb"},"inLanguage":"en-GB","potentialAction":[{"@type":"ReadAction","target":["https:\/\/erinnakoenig.de\/ausstellungen\/"]}]},{"@type":"BreadcrumbList","@id":"https:\/\/erinnakoenig.de\/ausstellungen\/#breadcrumb","itemListElement":[{"@type":"ListItem","position":1,"name":"Startseite","item":"https:\/\/erinnakoenig.de\/"},{"@type":"ListItem","position":2,"name":"Ausstellungen"}]},{"@type":"WebSite","@id":"https:\/\/erinnakoenig.de\/#website","url":"https:\/\/erinnakoenig.de\/","name":"ERINNA K\u00d6NIG","description":"EK STUDIO - D\u00fcsseldorf","publisher":{"@id":"https:\/\/erinnakoenig.de\/#organization"},"potentialAction":[{"@type":"SearchAction","target":{"@type":"EntryPoint","urlTemplate":"https:\/\/erinnakoenig.de\/?s={search_term_string}"},"query-input":{"@type":"PropertyValueSpecification","valueRequired":true,"valueName":"search_term_string"}}],"inLanguage":"en-GB"},{"@type":"Organization","@id":"https:\/\/erinnakoenig.de\/#organization","name":"EK STUDIO","url":"https:\/\/erinnakoenig.de\/","logo":{"@type":"ImageObject","inLanguage":"en-GB","@id":"https:\/\/erinnakoenig.de\/#\/schema\/logo\/image\/","url":"https:\/\/erinnakoenig.de\/wp-content\/uploads\/2025\/08\/cropped-FAV.png","contentUrl":"https:\/\/erinnakoenig.de\/wp-content\/uploads\/2025\/08\/cropped-FAV.png","width":512,"height":512,"caption":"EK STUDIO"},"image":{"@id":"https:\/\/erinnakoenig.de\/#\/schema\/logo\/image\/"},"sameAs":["https:\/\/www.instagram.com\/erinnakoenig\/"]}]}},"_links":{"self":[{"href":"https:\/\/erinnakoenig.de\/en\/wp-json\/wp\/v2\/pages\/242","targetHints":{"allow":["GET"]}}],"collection":[{"href":"https:\/\/erinnakoenig.de\/en\/wp-json\/wp\/v2\/pages"}],"about":[{"href":"https:\/\/erinnakoenig.de\/en\/wp-json\/wp\/v2\/types\/page"}],"author":[{"embeddable":true,"href":"https:\/\/erinnakoenig.de\/en\/wp-json\/wp\/v2\/users\/1"}],"replies":[{"embeddable":true,"href":"https:\/\/erinnakoenig.de\/en\/wp-json\/wp\/v2\/comments?post=242"}],"version-history":[{"count":28,"href":"https:\/\/erinnakoenig.de\/en\/wp-json\/wp\/v2\/pages\/242\/revisions"}],"predecessor-version":[{"id":2270,"href":"https:\/\/erinnakoenig.de\/en\/wp-json\/wp\/v2\/pages\/242\/revisions\/2270"}],"wp:attachment":[{"href":"https:\/\/erinnakoenig.de\/en\/wp-json\/wp\/v2\/media?parent=242"}],"curies":[{"name":"wp","href":"https:\/\/api.w.org\/{rel}","templated":true}]}}