{"id":2355,"date":"2026-03-29T12:04:09","date_gmt":"2026-03-29T12:04:09","guid":{"rendered":"https:\/\/erinnakoenig.de\/?page_id=2355"},"modified":"2026-04-27T13:24:23","modified_gmt":"2026-04-27T13:24:23","slug":"s-e-l-f-mia-enell-erinna-koenig-cees-krijnen-annee-olofsson-ek-studio-2026","status":"publish","type":"page","link":"https:\/\/erinnakoenig.de\/en\/ausstellungen\/gruppenausstellungen\/s-e-l-f-mia-enell-erinna-koenig-cees-krijnen-annee-olofsson-ek-studio-2026\/","title":{"rendered":"S.E.L.F.Mia Enell, Erinna K\u00f6nig, Cees Krijnen, Anne\u00e8 Olofsson @ EK STUDIO, 2026"},"content":{"rendered":"<p>[et_pb_section fb_built=&#8220;1&#8243; _builder_version=&#8220;4.27.4&#8243; _module_preset=&#8220;default&#8220; da_disable_devices=&#8220;off|off|off&#8220; global_colors_info=&#8220;{}&#8220; da_is_popup=&#8220;off&#8220; da_exit_intent=&#8220;off&#8220; da_has_close=&#8220;on&#8220; da_alt_close=&#8220;off&#8220; da_dark_close=&#8220;off&#8220; da_not_modal=&#8220;on&#8220; da_is_singular=&#8220;off&#8220; da_with_loader=&#8220;off&#8220; da_has_shadow=&#8220;on&#8220;][et_pb_row _builder_version=&#8220;4.27.4&#8243; _module_preset=&#8220;default&#8220; global_colors_info=&#8220;{}&#8220;][et_pb_column type=&#8220;4_4&#8243; _builder_version=&#8220;4.27.4&#8243; _module_preset=&#8220;default&#8220; global_colors_info=&#8220;{}&#8220;][et_pb_heading title=&#8220;S.E.L.F. &#8211;  Mia Enell, Erinna K\u00f6nig, Cees Krijnen, Anne\u00e8 Olofsson @ EK STUDIO, 2026&#8243; _builder_version=&#8220;4.27.6&#8243; _module_preset=&#8220;default&#8220; title_font=&#8220;Avenir Light|100||on|||||&#8220; title_text_align=&#8220;right&#8220; global_colors_info=&#8220;{}&#8220;][\/et_pb_heading][\/et_pb_column][\/et_pb_row][et_pb_row column_structure=&#8220;3_4,1_4&#8243; _builder_version=&#8220;4.27.4&#8243; _module_preset=&#8220;default&#8220; global_colors_info=&#8220;{}&#8220;][et_pb_column type=&#8220;3_4&#8243; _builder_version=&#8220;4.27.4&#8243; _module_preset=&#8220;default&#8220; global_colors_info=&#8220;{}&#8220;][et_pb_text _builder_version=&#8220;4.27.6&#8243; _module_preset=&#8220;default&#8220; global_colors_info=&#8220;{}&#8220;]<\/p>\n<div class=\"column\">\n<p><span>The quest for life\u2019s meaning and the self within, is as old as mankind. In Michelangelo Pistoletto\u2019s words \u2018from the first handprint in a cave\u2019 man has been investigating the role of the self within the whole, our traces representing individua- tion of our being. Self as individual and in groups, is the form in which we identify and experience life as humans on Earth.<\/span><\/p>\n<p><span>The S.E.L.F. acronym \u2014 Self Eternity Love Freedom \u2014 are aligned aspects of the whole to which we all belong. With our body as receiver, decoder and transmitter, we interact \u2018embodied\u2019 with others and our environment through our senses and resonance.<\/span><\/p>\n<p><span>Cees Krijnen (Haarlem) has a way of straight talking, pointing at the elephant in the room and breaking societal taboos. When invited to the groupshow \u2018Contemporary Selfportraits\u2019 at Sean Kelly Gallery, New York in 1998 Krijnen exhibited a Dutch fine pottery tea set with the words \u2018Kanker\u2019 (\u2018Cancer\u2019) worked into the typical Delft blue design. Cees Krijnen recalls \u201cAt the opening, I met a guest who showed great interest in my \u201ckankerservies\u201d (cancer tableware). He had, quite rightly, understood the Dutch \u201ck\u201d as the English \u201cc.\u201d I later learned he was a musician who in 1992 had dedicated a phenomenal concept album, \u201cMagic and Loss\u201d, to cancer, inspired by the loss of two close friends to the disease. To be honest, at the time, I had no idea I was talking to Lou Reed.\u201d<\/span><\/p>\n<p><span>In S.E.L.F. Krijnen is looking at himself quite factually, medically, while highlighting his own fragility by showing doctor\u2019s scans of his liver, following a health scare. All well, says Krijnen\u2019s exhibit, a medical portrait of a chain smoker not averse to a drink here and there. But the question lingers, how comfortable are we, looking inwards, recognizing ourselves as part of nature and its natural cycles.<\/span><\/p>\n<p><span>Annee\u0300 Olofsson\u2019s (Stockholm) strong and deeply moving work addresses the self from various angles: as person, as woman, in relationship to others, to our social and physical surroundings, as well as time. In S.E.L.F. the series of mul- tifacetted portraits are printed overlays blending various im- ages of Olofsson\u2019s work into one. The summary of layers allude to our interconnectedness as parts of one whole \u2014 adding the question of chance, what makes us \u2018us\u2019, and how different life would be \u2018if\u2019.<\/span><\/p>\n<p><span>In the video \u2018Cold\u2019 we see the artist with no apparent cloth- ing staring into the camera with the January sea of the Stockholm archipelago moving behind her. Olofsson getting visibly colder and colder, her physique reacts to the freezing conditions but the will stays strong and the stare unfazed. \u2018Ricochet\u2019 displays otherwise invisible psychological actions in a physical real-life manner: in slow motion Olofsson is thrown from one side of the screen to another by two unidentified men, of whom we see only hands and sleeves, who turn out to be her father on the one side and her then- partner on the other. In \u201cDo You Know how I feel Around you\u201d the artist slowly turns on a pedestal while the shadow of her father keeps growing larger and larger until it almost covers her entirely. Her exquisite cracked porcelain piggy bank sculpture \u2018Eventually It will All Go to my Head\u2019 portrays herself as cast in a begging position: mocking traditional artefacts reflecting social status Olofsson<\/span><\/p>\n<\/div>\n<div class=\"column\">\n<p><span>expertly combines beauty, humility and humour\u2014 eventually, all the coins will go to her head, quite literally. While Erinna Ko\u0308nig\u2019s oeuvre of sculptural painting is renowned for probing social critique through highly aes- thetic transformations of daily life objects, her main photo- graphic work is specific to a visual quest of the self. First exhibited at the exhibition \u201cInvention of Reality, Photogra- phy at the Artacademy Du\u0308sseldorf 1970-today\u201d, 2011, her selfportraits included here are \u201cSelf, fat\u201d, 1969 with her head poking out of a cut-out of a big lady in costume. In di- rect opposition, \u201cSelf, Pose\u201d, 1971 sees the artist striking the pose of a swimwear fashion model in a scenery akin to Bot- ticelli\u2019s \u201cVenus emerging from the Sea\u201d. A tongue-in-cheek musing on the idea of \u2018a muse\u2019 \u2014 a role often designated to women in history and the art world, yet not one that Ko\u0308nig could identify with herself. The location of the seashore re- lates back to Olofsson\u2019s video \u2018Cold\u2019, which has endurance, steadfastness as theme. While Olofsson shows the self in re- lation to the physical, natural environments, it can be trans- lated just as well to other challenging environs, may they be psychological or energy based. Ko\u0308nig in contrast plays with allure, gender role and stereotypes.<\/span><\/p>\n<p><span>Mia Enell (New York) is a multimedia artist with focus on large scale paintings and drawings often involving the sub- conscious and interpretations of dream-states. Originally from Sweden, she studied at the Beaux-Arts in Paris before moving to New York in the 90s. Uncannily representing thought processes or life\u2019s own poetry on canvas or paper, here she exhibits large scale Rorschach duo-chromes \u2014 cut out as gigantic butterfly images they lift off the gallery wall as if to another dimension. A series of drawings resonate in- ner psychology, raising issues of multiplicity of the self, the unsolved questions and confusion of mankind. As humorous take on social conditioning, she sets the \u2018self\u2019 loose as two croissant-birds \u2013 one zooming up and one already coming down from the skies. \u2014<\/span><em>Sahara Meer<\/em><\/p>\n<\/div>\n<p>[\/et_pb_text][\/et_pb_column][et_pb_column type=&#8220;1_4&#8243; _builder_version=&#8220;4.27.4&#8243; _module_preset=&#8220;default&#8220; global_colors_info=&#8220;{}&#8220;][et_pb_image src=&#8220;https:\/\/erinnakoenig.de\/wp-content\/uploads\/2026\/03\/2017_Rorschach-Butterfly3_MiaE.jpg&#8220; title_text=&#8220;2017_Rorschach-Butterfly3_MiaE&#8220; show_in_lightbox=&#8220;on&#8220; _builder_version=&#8220;4.27.6&#8243; _module_preset=&#8220;default&#8220; custom_margin=&#8220;1px|||||&#8220; global_colors_info=&#8220;{}&#8220;][\/et_pb_image][et_pb_image src=&#8220;https:\/\/erinnakoenig.de\/wp-content\/uploads\/2026\/03\/Detail_4.jpg&#8220; title_text=&#8220;Detail_4&#8243; show_in_lightbox=&#8220;on&#8220; _builder_version=&#8220;4.27.6&#8243; _module_preset=&#8220;default&#8220; global_colors_info=&#8220;{}&#8220;][\/et_pb_image][et_pb_image src=&#8220;https:\/\/erinnakoenig.de\/wp-content\/uploads\/2026\/03\/eventually_back-scaled-1.jpg&#8220; title_text=&#8220;eventually_back-scaled&#8220; show_in_lightbox=&#8220;on&#8220; _builder_version=&#8220;4.27.6&#8243; _module_preset=&#8220;default&#8220; global_colors_info=&#8220;{}&#8220;][\/et_pb_image][et_pb_image src=&#8220;https:\/\/erinnakoenig.de\/wp-content\/uploads\/2026\/03\/Scan-10-small-scaled-1.jpg&#8220; title_text=&#8220;Scan-10-small&#8220; show_in_lightbox=&#8220;on&#8220; _builder_version=&#8220;4.27.6&#8243; _module_preset=&#8220;default&#8220; global_colors_info=&#8220;{}&#8220;][\/et_pb_image][et_pb_image src=&#8220;https:\/\/erinnakoenig.de\/wp-content\/uploads\/2026\/03\/Bildschirmfoto-2025-12-09-um-12.07.53.png&#8220; title_text=&#8220;Liverscan, 2025, Cees Krijnen&#8220; show_in_lightbox=&#8220;on&#8220; _builder_version=&#8220;4.27.6&#8243; _module_preset=&#8220;default&#8220; global_colors_info=&#8220;{}&#8220;][\/et_pb_image][\/et_pb_column][\/et_pb_row][et_pb_row _builder_version=&#8220;4.27.6&#8243; _module_preset=&#8220;default&#8220; global_colors_info=&#8220;{}&#8220;][et_pb_column type=&#8220;4_4&#8243; _builder_version=&#8220;4.27.6&#8243; _module_preset=&#8220;default&#8220; global_colors_info=&#8220;{}&#8220;][et_pb_heading title=&#8220;OVERVIEWS @ EK STUDIO, 2026&#8243; _builder_version=&#8220;4.27.6&#8243; _module_preset=&#8220;default&#8220; title_font=&#8220;Avenir Light|100||on|||||&#8220; title_text_align=&#8220;left&#8220; hover_enabled=&#8220;0&#8243; global_colors_info=&#8220;{}&#8220; sticky_enabled=&#8220;0&#8243;][\/et_pb_heading][et_pb_gallery gallery_ids=&#8220;2471,2474,2476,2477,2479,2480,2481,2482,2483,2484,2472&#8243; _builder_version=&#8220;4.27.6&#8243; _module_preset=&#8220;default&#8220; hover_enabled=&#8220;0&#8243; global_colors_info=&#8220;{}&#8220; sticky_enabled=&#8220;0&#8243;][\/et_pb_gallery][\/et_pb_column][\/et_pb_row][et_pb_row _builder_version=&#8220;4.27.6&#8243; _module_preset=&#8220;default&#8220; global_colors_info=&#8220;{}&#8220;][et_pb_column type=&#8220;4_4&#8243; _builder_version=&#8220;4.27.6&#8243; _module_preset=&#8220;default&#8220; global_colors_info=&#8220;{}&#8220;][et_pb_heading title=&#8220;Anne\u00e8 Olofsson @ EK STUDIO, 2026&#8243; _builder_version=&#8220;4.27.6&#8243; _module_preset=&#8220;default&#8220; title_font=&#8220;Avenir Light|100||on|||||&#8220; title_text_align=&#8220;left&#8220; global_colors_info=&#8220;{}&#8220;][\/et_pb_heading][et_pb_gallery gallery_ids=&#8220;2382,2383,2384,2385,2386,2387,2388,2389,2390,2391,2392,2393,2394,2395,2396&#8243; _builder_version=&#8220;4.27.6&#8243; _module_preset=&#8220;default&#8220; global_colors_info=&#8220;{}&#8220;][\/et_pb_gallery][\/et_pb_column][\/et_pb_row][et_pb_row _builder_version=&#8220;4.27.6&#8243; _module_preset=&#8220;default&#8220; global_colors_info=&#8220;{}&#8220;][et_pb_column type=&#8220;4_4&#8243; _builder_version=&#8220;4.27.6&#8243; _module_preset=&#8220;default&#8220; global_colors_info=&#8220;{}&#8220;][et_pb_heading title=&#8220;Mia Enell @ EK STUDIO, 2026&#8243; _builder_version=&#8220;4.27.6&#8243; _module_preset=&#8220;default&#8220; title_font=&#8220;Avenir Light|100||on|||||&#8220; title_text_align=&#8220;left&#8220; global_colors_info=&#8220;{}&#8220;][\/et_pb_heading][et_pb_gallery gallery_ids=&#8220;2468,2467,2465,2464,2463,2462,2461,2460,2458,2456,2455,2453&#8243; _builder_version=&#8220;4.27.6&#8243; _module_preset=&#8220;default&#8220; global_colors_info=&#8220;{}&#8220;][\/et_pb_gallery][\/et_pb_column][\/et_pb_row][et_pb_row _builder_version=&#8220;4.27.6&#8243; _module_preset=&#8220;default&#8220; global_colors_info=&#8220;{}&#8220;][et_pb_column type=&#8220;4_4&#8243; _builder_version=&#8220;4.27.6&#8243; _module_preset=&#8220;default&#8220; global_colors_info=&#8220;{}&#8220;][et_pb_heading title=&#8220;Erinna K\u00f6nig @ EK STUDIO, 2026&#8243; _builder_version=&#8220;4.27.6&#8243; _module_preset=&#8220;default&#8220; title_font=&#8220;Avenir Light|100||on|||||&#8220; title_text_align=&#8220;left&#8220; global_colors_info=&#8220;{}&#8220;][\/et_pb_heading][et_pb_gallery gallery_ids=&#8220;2451,2450,2449,2447,2445,2443,2442,2441,2439,2437,2436,2435,2434,2433,2432,2431,2430,2429,2428,2427,2426,2425,2424,2423,2422,2421,2420,2418,2417,2415,2414,2412&#8243; _builder_version=&#8220;4.27.6&#8243; _module_preset=&#8220;default&#8220; global_colors_info=&#8220;{}&#8220;][\/et_pb_gallery][\/et_pb_column][\/et_pb_row][et_pb_row _builder_version=&#8220;4.27.6&#8243; _module_preset=&#8220;default&#8220; global_colors_info=&#8220;{}&#8220;][et_pb_column type=&#8220;4_4&#8243; _builder_version=&#8220;4.27.6&#8243; _module_preset=&#8220;default&#8220; global_colors_info=&#8220;{}&#8220;][et_pb_heading title=&#8220;Cees Krijnen @ EK STUDIO, 2026&#8243; _builder_version=&#8220;4.27.6&#8243; _module_preset=&#8220;default&#8220; title_font=&#8220;Avenir Light|100||on|||||&#8220; title_text_align=&#8220;left&#8220; global_colors_info=&#8220;{}&#8220;][\/et_pb_heading][et_pb_gallery gallery_ids=&#8220;2399,2401,2403,2405,2407,2408,2409&#8243; _builder_version=&#8220;4.27.6&#8243; _module_preset=&#8220;default&#8220; global_colors_info=&#8220;{}&#8220;][\/et_pb_gallery][\/et_pb_column][\/et_pb_row][\/et_pb_section]<\/p>\n","protected":false},"excerpt":{"rendered":"<p>The quest for life\u2019s meaning and the self within, is as old as mankind. In Michelangelo Pistoletto\u2019s words \u2018from the first handprint in a cave\u2019 man has been investigating the role of the self within the whole, our traces representing individua- tion of our being. Self as individual and in groups, is the form in [&hellip;]<\/p>\n","protected":false},"author":3,"featured_media":2356,"parent":275,"menu_order":0,"comment_status":"closed","ping_status":"closed","template":"","meta":{"_et_pb_use_builder":"on","_et_pb_old_content":"","_et_gb_content_width":"","footnotes":""},"class_list":["post-2355","page","type-page","status-publish","has-post-thumbnail","hentry"],"yoast_head":"<!-- This site is optimized with the Yoast SEO plugin v27.4 - https:\/\/yoast.com\/product\/yoast-seo-wordpress\/ -->\n<title>S.E.L.F.Mia Enell, Erinna K\u00f6nig, Cees Krijnen, Anne\u00e8 Olofsson @ EK STUDIO, 2026 | ERINNA K\u00d6NIG<\/title>\n<meta name=\"description\" content=\"Erinna K\u00f6nig (deutsch, 1947-2021), Meistersch\u00fclerin von Joseph Beuys an der D\u00fcsseldorfer Kunstakademie, verwandelte Fundobjekte zu eloquenter aesthetischer Skulptur-Malerei.\" \/>\n<meta name=\"robots\" content=\"index, follow, max-snippet:-1, max-image-preview:large, max-video-preview:-1\" \/>\n<link rel=\"canonical\" href=\"https:\/\/erinnakoenig.de\/en\/ausstellungen\/gruppenausstellungen\/s-e-l-f-mia-enell-erinna-koenig-cees-krijnen-annee-olofsson-ek-studio-2026\/\" \/>\n<meta property=\"og:locale\" content=\"en_GB\" \/>\n<meta property=\"og:type\" content=\"article\" \/>\n<meta property=\"og:title\" content=\"S.E.L.F.Mia Enell, Erinna K\u00f6nig, Cees Krijnen, Anne\u00e8 Olofsson @ EK STUDIO, 2026 | ERINNA K\u00d6NIG\" \/>\n<meta property=\"og:description\" content=\"Erinna K\u00f6nig (deutsch, 1947-2021), Meistersch\u00fclerin von Joseph Beuys an der D\u00fcsseldorfer Kunstakademie, verwandelte Fundobjekte zu eloquenter aesthetischer Skulptur-Malerei.\" \/>\n<meta property=\"og:url\" content=\"https:\/\/erinnakoenig.de\/en\/ausstellungen\/gruppenausstellungen\/s-e-l-f-mia-enell-erinna-koenig-cees-krijnen-annee-olofsson-ek-studio-2026\/\" \/>\n<meta property=\"og:site_name\" content=\"ERINNA K\u00d6NIG\" \/>\n<meta property=\"article:modified_time\" content=\"2026-04-27T13:24:23+00:00\" \/>\n<meta property=\"og:image\" content=\"https:\/\/erinnakoenig.de\/wp-content\/uploads\/2026\/03\/SELF.jpg\" \/>\n\t<meta property=\"og:image:width\" content=\"1182\" \/>\n\t<meta property=\"og:image:height\" content=\"1182\" \/>\n\t<meta property=\"og:image:type\" content=\"image\/jpeg\" \/>\n<meta name=\"twitter:card\" content=\"summary_large_image\" \/>\n<meta name=\"twitter:label1\" content=\"Estimated reading time\" \/>\n\t<meta name=\"twitter:data1\" content=\"1 minute\" \/>\n<script type=\"application\/ld+json\" class=\"yoast-schema-graph\">{\"@context\":\"https:\\\/\\\/schema.org\",\"@graph\":[{\"@type\":\"WebPage\",\"@id\":\"https:\\\/\\\/erinnakoenig.de\\\/ausstellungen\\\/gruppenausstellungen\\\/s-e-l-f-mia-enell-erinna-koenig-cees-krijnen-annee-olofsson-ek-studio-2026\\\/\",\"url\":\"https:\\\/\\\/erinnakoenig.de\\\/ausstellungen\\\/gruppenausstellungen\\\/s-e-l-f-mia-enell-erinna-koenig-cees-krijnen-annee-olofsson-ek-studio-2026\\\/\",\"name\":\"S.E.L.F.Mia Enell, Erinna K\u00f6nig, Cees Krijnen, Anne\u00e8 Olofsson @ EK STUDIO, 2026 | ERINNA K\u00d6NIG\",\"isPartOf\":{\"@id\":\"https:\\\/\\\/erinnakoenig.de\\\/#website\"},\"primaryImageOfPage\":{\"@id\":\"https:\\\/\\\/erinnakoenig.de\\\/ausstellungen\\\/gruppenausstellungen\\\/s-e-l-f-mia-enell-erinna-koenig-cees-krijnen-annee-olofsson-ek-studio-2026\\\/#primaryimage\"},\"image\":{\"@id\":\"https:\\\/\\\/erinnakoenig.de\\\/ausstellungen\\\/gruppenausstellungen\\\/s-e-l-f-mia-enell-erinna-koenig-cees-krijnen-annee-olofsson-ek-studio-2026\\\/#primaryimage\"},\"thumbnailUrl\":\"https:\\\/\\\/erinnakoenig.de\\\/wp-content\\\/uploads\\\/2026\\\/03\\\/SELF.jpg\",\"datePublished\":\"2026-03-29T12:04:09+00:00\",\"dateModified\":\"2026-04-27T13:24:23+00:00\",\"description\":\"Erinna K\u00f6nig (deutsch, 1947-2021), Meistersch\u00fclerin von Joseph Beuys an der D\u00fcsseldorfer Kunstakademie, verwandelte Fundobjekte zu eloquenter aesthetischer Skulptur-Malerei.\",\"breadcrumb\":{\"@id\":\"https:\\\/\\\/erinnakoenig.de\\\/ausstellungen\\\/gruppenausstellungen\\\/s-e-l-f-mia-enell-erinna-koenig-cees-krijnen-annee-olofsson-ek-studio-2026\\\/#breadcrumb\"},\"inLanguage\":\"en-GB\",\"potentialAction\":[{\"@type\":\"ReadAction\",\"target\":[\"https:\\\/\\\/erinnakoenig.de\\\/ausstellungen\\\/gruppenausstellungen\\\/s-e-l-f-mia-enell-erinna-koenig-cees-krijnen-annee-olofsson-ek-studio-2026\\\/\"]}]},{\"@type\":\"ImageObject\",\"inLanguage\":\"en-GB\",\"@id\":\"https:\\\/\\\/erinnakoenig.de\\\/ausstellungen\\\/gruppenausstellungen\\\/s-e-l-f-mia-enell-erinna-koenig-cees-krijnen-annee-olofsson-ek-studio-2026\\\/#primaryimage\",\"url\":\"https:\\\/\\\/erinnakoenig.de\\\/wp-content\\\/uploads\\\/2026\\\/03\\\/SELF.jpg\",\"contentUrl\":\"https:\\\/\\\/erinnakoenig.de\\\/wp-content\\\/uploads\\\/2026\\\/03\\\/SELF.jpg\",\"width\":1182,\"height\":1182},{\"@type\":\"BreadcrumbList\",\"@id\":\"https:\\\/\\\/erinnakoenig.de\\\/ausstellungen\\\/gruppenausstellungen\\\/s-e-l-f-mia-enell-erinna-koenig-cees-krijnen-annee-olofsson-ek-studio-2026\\\/#breadcrumb\",\"itemListElement\":[{\"@type\":\"ListItem\",\"position\":1,\"name\":\"Startseite\",\"item\":\"https:\\\/\\\/erinnakoenig.de\\\/\"},{\"@type\":\"ListItem\",\"position\":2,\"name\":\"Ausstellungen\",\"item\":\"https:\\\/\\\/erinnakoenig.de\\\/ausstellungen\\\/\"},{\"@type\":\"ListItem\",\"position\":3,\"name\":\"Gruppenausstellungen\",\"item\":\"https:\\\/\\\/erinnakoenig.de\\\/ausstellungen\\\/gruppenausstellungen\\\/\"},{\"@type\":\"ListItem\",\"position\":4,\"name\":\"S.E.L.F.Mia Enell, Erinna K\u00f6nig, Cees Krijnen, Anne\u00e8 Olofsson @ EK STUDIO, 2026\"}]},{\"@type\":\"WebSite\",\"@id\":\"https:\\\/\\\/erinnakoenig.de\\\/#website\",\"url\":\"https:\\\/\\\/erinnakoenig.de\\\/\",\"name\":\"ERINNA K\u00d6NIG\",\"description\":\"EK STUDIO - D\u00fcsseldorf\",\"publisher\":{\"@id\":\"https:\\\/\\\/erinnakoenig.de\\\/#organization\"},\"potentialAction\":[{\"@type\":\"SearchAction\",\"target\":{\"@type\":\"EntryPoint\",\"urlTemplate\":\"https:\\\/\\\/erinnakoenig.de\\\/?s={search_term_string}\"},\"query-input\":{\"@type\":\"PropertyValueSpecification\",\"valueRequired\":true,\"valueName\":\"search_term_string\"}}],\"inLanguage\":\"en-GB\"},{\"@type\":\"Organization\",\"@id\":\"https:\\\/\\\/erinnakoenig.de\\\/#organization\",\"name\":\"EK STUDIO\",\"url\":\"https:\\\/\\\/erinnakoenig.de\\\/\",\"logo\":{\"@type\":\"ImageObject\",\"inLanguage\":\"en-GB\",\"@id\":\"https:\\\/\\\/erinnakoenig.de\\\/#\\\/schema\\\/logo\\\/image\\\/\",\"url\":\"https:\\\/\\\/erinnakoenig.de\\\/wp-content\\\/uploads\\\/2025\\\/08\\\/cropped-FAV.png\",\"contentUrl\":\"https:\\\/\\\/erinnakoenig.de\\\/wp-content\\\/uploads\\\/2025\\\/08\\\/cropped-FAV.png\",\"width\":512,\"height\":512,\"caption\":\"EK STUDIO\"},\"image\":{\"@id\":\"https:\\\/\\\/erinnakoenig.de\\\/#\\\/schema\\\/logo\\\/image\\\/\"},\"sameAs\":[\"https:\\\/\\\/www.instagram.com\\\/erinnakoenig\\\/\"]}]}<\/script>\n<!-- \/ Yoast SEO plugin. -->","yoast_head_json":{"title":"S.E.L.F.Mia Enell, Erinna K\u00f6nig, Cees Krijnen, Anne\u00e8 Olofsson @ EK STUDIO, 2026 | ERINNA K\u00d6NIG","description":"Erinna K\u00f6nig (deutsch, 1947-2021), Meistersch\u00fclerin von Joseph Beuys an der D\u00fcsseldorfer Kunstakademie, verwandelte Fundobjekte zu eloquenter aesthetischer Skulptur-Malerei.","robots":{"index":"index","follow":"follow","max-snippet":"max-snippet:-1","max-image-preview":"max-image-preview:large","max-video-preview":"max-video-preview:-1"},"canonical":"https:\/\/erinnakoenig.de\/en\/ausstellungen\/gruppenausstellungen\/s-e-l-f-mia-enell-erinna-koenig-cees-krijnen-annee-olofsson-ek-studio-2026\/","og_locale":"en_GB","og_type":"article","og_title":"S.E.L.F.Mia Enell, Erinna K\u00f6nig, Cees Krijnen, Anne\u00e8 Olofsson @ EK STUDIO, 2026 | ERINNA K\u00d6NIG","og_description":"Erinna K\u00f6nig (deutsch, 1947-2021), Meistersch\u00fclerin von Joseph Beuys an der D\u00fcsseldorfer Kunstakademie, verwandelte Fundobjekte zu eloquenter aesthetischer Skulptur-Malerei.","og_url":"https:\/\/erinnakoenig.de\/en\/ausstellungen\/gruppenausstellungen\/s-e-l-f-mia-enell-erinna-koenig-cees-krijnen-annee-olofsson-ek-studio-2026\/","og_site_name":"ERINNA K\u00d6NIG","article_modified_time":"2026-04-27T13:24:23+00:00","og_image":[{"width":1182,"height":1182,"url":"https:\/\/erinnakoenig.de\/wp-content\/uploads\/2026\/03\/SELF.jpg","type":"image\/jpeg"}],"twitter_card":"summary_large_image","twitter_misc":{"Estimated reading time":"1 minute"},"schema":{"@context":"https:\/\/schema.org","@graph":[{"@type":"WebPage","@id":"https:\/\/erinnakoenig.de\/ausstellungen\/gruppenausstellungen\/s-e-l-f-mia-enell-erinna-koenig-cees-krijnen-annee-olofsson-ek-studio-2026\/","url":"https:\/\/erinnakoenig.de\/ausstellungen\/gruppenausstellungen\/s-e-l-f-mia-enell-erinna-koenig-cees-krijnen-annee-olofsson-ek-studio-2026\/","name":"S.E.L.F.Mia Enell, Erinna K\u00f6nig, Cees Krijnen, Anne\u00e8 Olofsson @ EK STUDIO, 2026 | ERINNA K\u00d6NIG","isPartOf":{"@id":"https:\/\/erinnakoenig.de\/#website"},"primaryImageOfPage":{"@id":"https:\/\/erinnakoenig.de\/ausstellungen\/gruppenausstellungen\/s-e-l-f-mia-enell-erinna-koenig-cees-krijnen-annee-olofsson-ek-studio-2026\/#primaryimage"},"image":{"@id":"https:\/\/erinnakoenig.de\/ausstellungen\/gruppenausstellungen\/s-e-l-f-mia-enell-erinna-koenig-cees-krijnen-annee-olofsson-ek-studio-2026\/#primaryimage"},"thumbnailUrl":"https:\/\/erinnakoenig.de\/wp-content\/uploads\/2026\/03\/SELF.jpg","datePublished":"2026-03-29T12:04:09+00:00","dateModified":"2026-04-27T13:24:23+00:00","description":"Erinna K\u00f6nig (deutsch, 1947-2021), Meistersch\u00fclerin von Joseph Beuys an der D\u00fcsseldorfer Kunstakademie, verwandelte Fundobjekte zu eloquenter aesthetischer Skulptur-Malerei.","breadcrumb":{"@id":"https:\/\/erinnakoenig.de\/ausstellungen\/gruppenausstellungen\/s-e-l-f-mia-enell-erinna-koenig-cees-krijnen-annee-olofsson-ek-studio-2026\/#breadcrumb"},"inLanguage":"en-GB","potentialAction":[{"@type":"ReadAction","target":["https:\/\/erinnakoenig.de\/ausstellungen\/gruppenausstellungen\/s-e-l-f-mia-enell-erinna-koenig-cees-krijnen-annee-olofsson-ek-studio-2026\/"]}]},{"@type":"ImageObject","inLanguage":"en-GB","@id":"https:\/\/erinnakoenig.de\/ausstellungen\/gruppenausstellungen\/s-e-l-f-mia-enell-erinna-koenig-cees-krijnen-annee-olofsson-ek-studio-2026\/#primaryimage","url":"https:\/\/erinnakoenig.de\/wp-content\/uploads\/2026\/03\/SELF.jpg","contentUrl":"https:\/\/erinnakoenig.de\/wp-content\/uploads\/2026\/03\/SELF.jpg","width":1182,"height":1182},{"@type":"BreadcrumbList","@id":"https:\/\/erinnakoenig.de\/ausstellungen\/gruppenausstellungen\/s-e-l-f-mia-enell-erinna-koenig-cees-krijnen-annee-olofsson-ek-studio-2026\/#breadcrumb","itemListElement":[{"@type":"ListItem","position":1,"name":"Startseite","item":"https:\/\/erinnakoenig.de\/"},{"@type":"ListItem","position":2,"name":"Ausstellungen","item":"https:\/\/erinnakoenig.de\/ausstellungen\/"},{"@type":"ListItem","position":3,"name":"Gruppenausstellungen","item":"https:\/\/erinnakoenig.de\/ausstellungen\/gruppenausstellungen\/"},{"@type":"ListItem","position":4,"name":"S.E.L.F.Mia Enell, Erinna K\u00f6nig, Cees Krijnen, Anne\u00e8 Olofsson @ EK STUDIO, 2026"}]},{"@type":"WebSite","@id":"https:\/\/erinnakoenig.de\/#website","url":"https:\/\/erinnakoenig.de\/","name":"ERINNA K\u00d6NIG","description":"EK STUDIO - D\u00fcsseldorf","publisher":{"@id":"https:\/\/erinnakoenig.de\/#organization"},"potentialAction":[{"@type":"SearchAction","target":{"@type":"EntryPoint","urlTemplate":"https:\/\/erinnakoenig.de\/?s={search_term_string}"},"query-input":{"@type":"PropertyValueSpecification","valueRequired":true,"valueName":"search_term_string"}}],"inLanguage":"en-GB"},{"@type":"Organization","@id":"https:\/\/erinnakoenig.de\/#organization","name":"EK STUDIO","url":"https:\/\/erinnakoenig.de\/","logo":{"@type":"ImageObject","inLanguage":"en-GB","@id":"https:\/\/erinnakoenig.de\/#\/schema\/logo\/image\/","url":"https:\/\/erinnakoenig.de\/wp-content\/uploads\/2025\/08\/cropped-FAV.png","contentUrl":"https:\/\/erinnakoenig.de\/wp-content\/uploads\/2025\/08\/cropped-FAV.png","width":512,"height":512,"caption":"EK STUDIO"},"image":{"@id":"https:\/\/erinnakoenig.de\/#\/schema\/logo\/image\/"},"sameAs":["https:\/\/www.instagram.com\/erinnakoenig\/"]}]}},"_links":{"self":[{"href":"https:\/\/erinnakoenig.de\/en\/wp-json\/wp\/v2\/pages\/2355","targetHints":{"allow":["GET"]}}],"collection":[{"href":"https:\/\/erinnakoenig.de\/en\/wp-json\/wp\/v2\/pages"}],"about":[{"href":"https:\/\/erinnakoenig.de\/en\/wp-json\/wp\/v2\/types\/page"}],"author":[{"embeddable":true,"href":"https:\/\/erinnakoenig.de\/en\/wp-json\/wp\/v2\/users\/3"}],"replies":[{"embeddable":true,"href":"https:\/\/erinnakoenig.de\/en\/wp-json\/wp\/v2\/comments?post=2355"}],"version-history":[{"count":8,"href":"https:\/\/erinnakoenig.de\/en\/wp-json\/wp\/v2\/pages\/2355\/revisions"}],"predecessor-version":[{"id":2486,"href":"https:\/\/erinnakoenig.de\/en\/wp-json\/wp\/v2\/pages\/2355\/revisions\/2486"}],"up":[{"embeddable":true,"href":"https:\/\/erinnakoenig.de\/en\/wp-json\/wp\/v2\/pages\/275"}],"wp:featuredmedia":[{"embeddable":true,"href":"https:\/\/erinnakoenig.de\/en\/wp-json\/wp\/v2\/media\/2356"}],"wp:attachment":[{"href":"https:\/\/erinnakoenig.de\/en\/wp-json\/wp\/v2\/media?parent=2355"}],"curies":[{"name":"wp","href":"https:\/\/api.w.org\/{rel}","templated":true}]}}