{"id":2174,"date":"2025-11-26T14:45:27","date_gmt":"2025-11-26T14:45:27","guid":{"rendered":"https:\/\/erinnakoenig.de\/?page_id=2174"},"modified":"2026-01-25T16:36:26","modified_gmt":"2026-01-25T16:36:26","slug":"mirror-in-time-michelangelo-pistoletto-erinna-koenig-ek-studio-2025","status":"publish","type":"page","link":"https:\/\/erinnakoenig.de\/en\/mirror-in-time-michelangelo-pistoletto-erinna-koenig-ek-studio-2025\/","title":{"rendered":"MIRROR IN TIME, Michelangelo Pistoletto, Erinna K\u00f6nig @ EK STUDIO, 2025"},"content":{"rendered":"<p>[et_pb_section fb_built=&#8220;1&#8243; _builder_version=&#8220;4.27.4&#8243; _module_preset=&#8220;default&#8220; global_colors_info=&#8220;{}&#8220;][et_pb_row _builder_version=&#8220;4.27.4&#8243; _module_preset=&#8220;default&#8220; global_colors_info=&#8220;{}&#8220;][et_pb_column type=&#8220;4_4&#8243; _builder_version=&#8220;4.27.4&#8243; _module_preset=&#8220;default&#8220; global_colors_info=&#8220;{}&#8220;][et_pb_heading title=&#8220;MIRROR IN TIME, Michelangelo Pistoletto, Erinna K\u00f6nig @ EK STUDIO, 2025&#8243; _builder_version=&#8220;4.27.4&#8243; _module_preset=&#8220;default&#8220; title_font=&#8220;Avenir Light|100||on|||||&#8220; title_text_align=&#8220;right&#8220; global_colors_info=&#8220;{}&#8220;][\/et_pb_heading][\/et_pb_column][\/et_pb_row][et_pb_row column_structure=&#8220;2_3,1_3&#8243; _builder_version=&#8220;4.27.4&#8243; _module_preset=&#8220;default&#8220; global_colors_info=&#8220;{}&#8220;][et_pb_column type=&#8220;2_3&#8243; _builder_version=&#8220;4.27.4&#8243; _module_preset=&#8220;default&#8220; global_colors_info=&#8220;{}&#8220;][et_pb_text _builder_version=&#8220;4.27.4&#8243; _module_preset=&#8220;default&#8220; global_colors_info=&#8220;{}&#8220;]<\/p>\n<h1>MIRROR IN TIME<\/h1>\n<p><strong>Michelangelo Pistoletto<\/strong><br \/><strong>Erinna K\u00f6nig<\/strong><\/p>\n<p>Eine Photodokumentation aus den Archiven <b>Erinna K\u00f6nigs<\/b> zeigt Momente aus ihrer Studentenzeit als Meistersch\u00fclerin Joseph Beuys\u2019 im sozialen Umfeld der Kunstakademie D\u00fcsseldorf 1967-1976. Als aktive Mitstreiter der \u201868 Studentengeneration brachten Erinna K\u00f6nig und Kollegen Kunst auf die Stra\u00dfe, organisierten \u201cAktionen\u201d, zu erk\u00e4mpften sich ein Studentenparlament, zu dem Erinna K\u00f6nig als erste Pr\u00e4sidentin gew\u00e4hlt wurde.<\/p>\n<p>Ein B\u00fcro zur Aktionsorganisation \u2013 \u201cB\u00fcro Olympia\u201d \u2013 wurde gegr\u00fcndet, mit dem Kern Erinna K\u00f6nig, Henning Brandis, Chris Reinecke, J\u00f6rg Immendorff. Die Gruppe leitete Projekte wie \u2018Mietersolidarit\u00e4t,\u2019 das auf den Mietnotstand in D\u00fcsseldorf aufmerksam machte; \u2019Saubere Pl\u00e4tze, schmutzige Wohnungspolitik\u2019 sah Erinna K\u00f6nig und Kollegen den Platz vor dem Schauspielhaus schrubben. Da\u00df die Aktionen von der Gesellschaft nicht unbemerkt blieben beweisen einige Zeitungsartikel. \u201cB\u00fcro Oympia\u201d engagierte sich gegen die Kommerzialisierung der 1972 Olympiade und f\u00fcr ein Beenden des Vietnamkriegs. Es wurde an Demonstrationen teilgenommen, in der Altstadt oder auch in Dortmund am 1. Mai 1971 mit Albert Oehlen, Chris Reinecke, Henning Brandis \u2014 wobei J\u00f6rg Immendorff Erinna K\u00f6nig neben Willy Brandt, photographierte.<\/p>\n<p>Ab den 80ger Jahren h\u00fcllte Erinna K\u00f6nig sozial-politisch-gesellschaftlichen Vorstellungen in elegante Puzzle, die es von dem Betrachter selbst zu decodieren gilt. Die hier ausgestellten Werke sind seltene Momente in denen sie sich konkreter ausdr\u00fcckte. Bei \u201co.T. Rote Fahne, \u201c(1983) lehnt die gewickelte Fahne an der Wand, posiert auf einer roten Fu\u00dfmatte; Das Miniatur \u201cSelbst mit roter Fahne\u201d ist ein Selbstportrait Erinna K\u00f6nigs in der sie eine eben solche rote Fahne tr\u00e4gt, mit einem Glas voller Malerpinsel neben sich \u2014 dieses kleine Selbstportrait von 1978 ist einzigartig und summiert ihre damalige Selbst-aufgabenstellung.<\/p>\n<p>\u201cDas Ende der Rolle,\u201d 1990, nimmt direkten Bezug auf die Protestaktionen von damals: ein rund gerahmtes Werk aus gefaltetem Packpapier \u2013 dem \u201cEnde der Papier-Rolle\u201d die f\u00fcr Demonstrationsbanner gebraucht wurden, gestempelt mit einem roten Stern im Zentrum.<\/p>\n<p>Polar entgegengesetzt ist die Gruppe der Papierarbeiten \u201cSchnittmuster,\u201d 1987. Schneiderschnittmuster eines kurzen \u00c4rmels, eines Jacken\/Hemden\u00e4rmels und eines Kinderj\u00e4ckchens sind Zeitungspapiercollagen auf schwarzen oder tonrotem Hintergrund oder Nachthimmel lila-schwarz \u00fcbermalt. \u201cSchnittmuster Westen und Osten\u201d, \u201cExpressgut\u201d, \u201cRote Erde\u201d,\u201dAttentatsversuch\u201d, beziehen sich auf Inhalte und die Zeitung selbst:\u2028 \u201cRote Erde oder rothe Erde\u201d ist eine seit dem Mittelalter belegte Bezeichnung f\u00fcr die historische Landschaft Westfalen in der Erinna K\u00f6nig als Kind aufwuchs. Die \u201cWestf\u00e4lische Landeszeitung \u2013\u00a0Rote\u00a0Erde,\u201d war 1933-1945 eine Kombination von Amtsblatt und Parteizeitung der NSDAP und Kampfblatt f\u00fcr nationalsozialistische Politik. Mit Erinna K\u00f6nigs Serie \u201cZeitungsschnittmuster\u201d wird dem Leser die NSDAP Parteipropaganda direkt auf den Leib geschneidert. Erwachsene wie Kinder werden so geformt, eingereiht und geistig wie k\u00f6rperlich eingekleidet in Parteitreue. Das \u2018Schnittmuster, Expressgut\u201d ist ein Kinderhemdbrustteil aus einem \u201cJuni 44\u201d gestempelten Wirtschaftspr\u00fcfer Bilanzbogen geschnitten, in Anspielung auf die kriegs-kalkulierte Familienpolitik des 3. Reiches.<\/p>\n<p><span><span style=\"color: #0a0a0a; font-family: Avenir Light, Helvetica, Arial, Lucida, sans-serif;\">Als Abschluss eine Dokumentation der 1976\u00a0<\/span><\/span><span style=\"color: #0a0a0a; font-family: Avenir Light, Helvetica, Arial, Lucida, sans-serif; font-size: medium;\">Initiative die im \u00f6ffentlichen Raum\u00a0das Thema \u2018Frau\u2019\u00a0zur Debatte brachte: i<\/span><span style=\"color: #4d4d4d; font-family: Avenir-Book; font-size: medium;\">m Rahmen der Ausstellung \u201cFrauen machen Kunst\u201d, 1976, Galerie Magers, Bonn, gestalteten Erinna K\u00f6nig, Susanne Ebert, Maria Fisahn Plakatw\u00e4nde in D\u00fcsseldorf, Frankfurt und Berlin.<\/span><\/p>\n<p><em><span style=\"color: #4d4d4d; font-family: Avenir-Book; font-size: medium;\">Archivmaterial aus dem pers\u00f6nlichen Nachlass Erinna K\u00f6nigs und dem Rheinischen Archiv f\u00fcr K\u00fcnstlernachl\u00e4sse RAK\u00a0<a href=\"https:\/\/www.rak-bonn.de\/\" target=\"_blank\" rel=\"noopener\">www.rak-bonn.de<\/a><\/span><\/em><\/p>\n<p>[\/et_pb_text][\/et_pb_column][et_pb_column type=&#8220;1_3&#8243; _builder_version=&#8220;4.27.4&#8243; _module_preset=&#8220;default&#8220; global_colors_info=&#8220;{}&#8220;][et_pb_image src=&#8220;https:\/\/erinnakoenig.de\/wp-content\/uploads\/2025\/11\/12_A7S4886-3.jpeg&#8220; title_text=&#8220;12_A7S4886-3&#8243; _builder_version=&#8220;4.27.4&#8243; _module_preset=&#8220;default&#8220; custom_margin=&#8220;80px|||||&#8220; global_colors_info=&#8220;{}&#8220;][\/et_pb_image][et_pb_image src=&#8220;https:\/\/erinnakoenig.de\/wp-content\/uploads\/2025\/11\/DSC0935.webp&#8220; title_text=&#8220;_DSC0935&#8243; _builder_version=&#8220;4.27.4&#8243; _module_preset=&#8220;default&#8220; global_colors_info=&#8220;{}&#8220;][\/et_pb_image][\/et_pb_column][\/et_pb_row][et_pb_row _builder_version=&#8220;4.27.4&#8243; _module_preset=&#8220;default&#8220; custom_margin=&#8220;-19px|auto||auto||&#8220; custom_padding=&#8220;10px|||||&#8220; global_colors_info=&#8220;{}&#8220;][et_pb_column type=&#8220;4_4&#8243; _builder_version=&#8220;4.27.4&#8243; _module_preset=&#8220;default&#8220; global_colors_info=&#8220;{}&#8220;][et_pb_text _builder_version=&#8220;4.27.4&#8243; _module_preset=&#8220;default&#8220; custom_margin=&#8220;26px|||||&#8220; global_colors_info=&#8220;{}&#8220;]<\/p>\n<p>&#8222;Das Tattoo ist eine urspr\u00fcngliche Form der Kommunikation, die ich heute als k\u00fcnstlerisch-technologische Ausdrucksform nutze. Das Selbstportr\u00e4t vermittelt meine Identit\u00e4t und die der heutigen Gesellschaft in der unendlichen Gegenwart des spiegelnden Bildes.\u201c\u2028\u2014 Michelangelo Pistoletto<\/p>\n<p><b>Michelangelo Pistolettos<\/b> \u2018Mirror-paintings\u2019\u00a0spiegeln die Gegenwart, zeigen Vergangenheit (das gedruckte Bild) und beinhalten bereits das Potential dessen was sich spiegeln wird, also der Zukunft. Sie fordern uns heraus, das Verst\u00e4ndnis der zeitgebundenen Existenz zu hinterfragen und das Ph\u00e4nomen der fortw\u00e4hrenden Gegenwart in Betracht zu ziehen.<\/p>\n<p>Mit dem Werk \u201cQR Code Possession\u00a0\u2013 Autoritratto,\u201d das 2019-2023 kreiert wurde, bezieht sich Michelangelo Pistoletto auf Tribal Tattoos, die traditionell Zugeh\u00f6rigkeit und pers\u00f6nliche Identit\u00e4t von Volksst\u00e4mmen kommunizieren. Mit diesem Werk, indem seine QR Codes auf die speziell angelegte Webseite\u00a0<a href=\"http:\/\/www.qrcodepossession.net\/\">www.qrcodepossession.net<\/a>\u00a0leiten, stellt Michelangelo Pistoletto unsere Identifikation mit dem Virtualen, dem \u201cdigitalen Selbst\u201d und den Sozialen Medien in den Vordergrund.<\/p>\n<p>Gleichzeitig greift er der heutigen Diskussion \u00fcber digitale Ausweise vor und nimmt Chip-Implantationen oder t\u00e4towierte QR-Codes auf dem menschlichen K\u00f6rper, die fr\u00fchere Nummern ersetzen, vorweg. Heute, im Jahr 2025, ist Autoritarismus im globalen Norden und Westen nicht mehr nur ein Schrecken der Vergangenheit, sondern wieder Realit\u00e4t geworden. Die Pl\u00e4ne der Wenigen die 99.99% zu kontrollieren, sind Orwells 1984 Dystopie in der heutigen Wirklichkeit, Chips im menschlichen K\u00f6rper, Gesichtserkennung und Iris scans sind l\u00e4ngst keine Phantasie mehr. Im Gegensatz zu totalit\u00e4ren Staaten die diese Form zu Kontrolle und eigenem Nutzen einsetzen, pr\u00e4sentieren Michelangelo Pistolettos QR Code Tattoos einen virtuellen \u2018Spiegel des Selbst,\u2019 bringen neue Dimensionen in das Selbstportrait.<\/p>\n<p>Philosophisch ergr\u00fcndet Michelangelo Pistoletto Pr\u00e4senz, Existenz, Zeit und Unendlichkeit, sozial ist er ein Motor in der Entwicklung der Menschheit. Sein Werk reflektiert, l\u00e4dt ein zur Selbstreflektion und bietet M\u00f6glichkeiten des Mitdenkens und -machens. In dem \u2018Pace Preventivo \/ Preventative Peace\u2019 \u2013 Video appelliert Pistoletto an die Menschheit und vermittelt die Positivit\u00e4t und Hoffnung:<\/p>\n<p>Konflikt per se ist in der menschlichen Gesellschaft auf Erden nicht ganz auszur\u00e4umen, m\u00f6rderische Kriege aber schon. Anstatt sich mit Waffen zu bekriegen schl\u00e4gt Michelangelo Pistoletto sportliche Wettk\u00e4mpfe vor, wie eine erweiterte Form von Olympiaden, in denen sich alle an die Spielregeln halten und statt Gener\u00e4len, neutrale Schiedsrichter das Sagen haben.<\/p>\n<p><em>Uscha Pohl<\/em><\/p>\n<p>&nbsp;<\/p>\n<p>[\/et_pb_text][\/et_pb_column][\/et_pb_row][et_pb_row _builder_version=&#8220;4.27.4&#8243; _module_preset=&#8220;default&#8220; global_colors_info=&#8220;{}&#8220;][et_pb_column type=&#8220;4_4&#8243; _builder_version=&#8220;4.27.4&#8243; _module_preset=&#8220;default&#8220; global_colors_info=&#8220;{}&#8220;][et_pb_gallery gallery_ids=&#8220;2189,2190,2191,2192,2193,2194,2195,2196,2197,2198,2199,2201,2203,2205,2207,2208,2209,2210,2211,2212,2213,2214,2215,2216,2218,2220,2221,2222,2223,2224,2226,2227,2228,2230,2231,2233,2234,2235,2237,2239,2241,2242,2243,2244,2245,2246,2247,2248,2250,2251,2252&#8243; _builder_version=&#8220;4.27.4&#8243; _module_preset=&#8220;default&#8220; global_colors_info=&#8220;{}&#8220;][\/et_pb_gallery][\/et_pb_column][\/et_pb_row][et_pb_row _builder_version=&#8220;4.27.4&#8243; _module_preset=&#8220;default&#8220; global_colors_info=&#8220;{}&#8220;][et_pb_column type=&#8220;4_4&#8243; _builder_version=&#8220;4.27.4&#8243; _module_preset=&#8220;default&#8220; global_colors_info=&#8220;{}&#8220;][et_pb_gallery gallery_ids=&#8220;2128,2129,2130,2131,2132,2133,2134,2135,2136,2137,2138,2139,2140,2141,2142,2143,2144,2145,2146,2147,2148,2149,2151,2153,2154,2157,2158,2159,2160,2161,2163,2165,2166,2167,2168,2169,2170,2171&#8243; _builder_version=&#8220;4.27.4&#8243; _module_preset=&#8220;default&#8220; global_colors_info=&#8220;{}&#8220;][\/et_pb_gallery][\/et_pb_column][\/et_pb_row][et_pb_row column_structure=&#8220;1_3,1_3,1_3&#8243; _builder_version=&#8220;4.27.4&#8243; _module_preset=&#8220;default&#8220; global_colors_info=&#8220;{}&#8220;][et_pb_column type=&#8220;1_3&#8243; _builder_version=&#8220;4.27.4&#8243; _module_preset=&#8220;default&#8220; global_colors_info=&#8220;{}&#8220;][et_pb_video src=&#8220;https:\/\/erinnakoenig.de\/wp-content\/uploads\/2025\/11\/pistoletto_heft_quadrat3.mp4&#8243; _builder_version=&#8220;4.27.4&#8243; _module_preset=&#8220;default&#8220; custom_margin=&#8220;||6px|||&#8220; global_colors_info=&#8220;{}&#8220;][\/et_pb_video][et_pb_text _builder_version=&#8220;4.27.4&#8243; _module_preset=&#8220;default&#8220; text_font_size=&#8220;12px&#8220; global_colors_info=&#8220;{}&#8220;]<\/p>\n<p><span>Clips: Jan H\u00f6he<\/span><\/p>\n<p>[\/et_pb_text][\/et_pb_column][et_pb_column type=&#8220;1_3&#8243; _builder_version=&#8220;4.27.4&#8243; _module_preset=&#8220;default&#8220; global_colors_info=&#8220;{}&#8220;][et_pb_video src=&#8220;https:\/\/erinnakoenig.de\/wp-content\/uploads\/2025\/11\/pistoletto_quadrat_2.mp4&#8243; _builder_version=&#8220;4.27.4&#8243; _module_preset=&#8220;default&#8220; global_colors_info=&#8220;{}&#8220;][\/et_pb_video][\/et_pb_column][et_pb_column type=&#8220;1_3&#8243; _builder_version=&#8220;4.27.4&#8243; _module_preset=&#8220;default&#8220; global_colors_info=&#8220;{}&#8220;][et_pb_video src=&#8220;https:\/\/erinnakoenig.de\/wp-content\/uploads\/2025\/11\/wehrteuch_quadrat.mp4&#8243; _builder_version=&#8220;4.27.4&#8243; _module_preset=&#8220;default&#8220; custom_margin=&#8220;||9px|||&#8220; global_colors_info=&#8220;{}&#8220;][\/et_pb_video][\/et_pb_column][\/et_pb_row][\/et_pb_section]<\/p>\n","protected":false},"excerpt":{"rendered":"<p>MIRROR IN TIME Michelangelo PistolettoErinna K\u00f6nig Eine Photodokumentation aus den Archiven Erinna K\u00f6nigs zeigt Momente aus ihrer Studentenzeit als Meistersch\u00fclerin Joseph Beuys\u2019 im sozialen Umfeld der Kunstakademie D\u00fcsseldorf 1967-1976. Als aktive Mitstreiter der \u201868 Studentengeneration brachten Erinna K\u00f6nig und Kollegen Kunst auf die Stra\u00dfe, organisierten \u201cAktionen\u201d, zu erk\u00e4mpften sich ein Studentenparlament, zu dem Erinna K\u00f6nig [&hellip;]<\/p>\n","protected":false},"author":3,"featured_media":0,"parent":0,"menu_order":0,"comment_status":"closed","ping_status":"closed","template":"","meta":{"_et_pb_use_builder":"on","_et_pb_old_content":"","_et_gb_content_width":"","footnotes":""},"class_list":["post-2174","page","type-page","status-publish","hentry"],"yoast_head":"<!-- This site is optimized with the Yoast SEO plugin v27.4 - https:\/\/yoast.com\/product\/yoast-seo-wordpress\/ -->\n<title>MIRROR IN TIME, Michelangelo Pistoletto, Erinna K\u00f6nig @ EK STUDIO, 2025 | ERINNA K\u00d6NIG<\/title>\n<meta name=\"description\" content=\"Erinna K\u00f6nig (deutsch, 1947-2021), Meistersch\u00fclerin von Joseph Beuys an der D\u00fcsseldorfer Kunstakademie, verwandelte Fundobjekte zu eloquenter aesthetischer Skulptur-Malerei.\" \/>\n<meta name=\"robots\" content=\"index, follow, max-snippet:-1, max-image-preview:large, max-video-preview:-1\" \/>\n<link rel=\"canonical\" href=\"https:\/\/erinnakoenig.de\/en\/mirror-in-time-michelangelo-pistoletto-erinna-koenig-ek-studio-2025\/\" \/>\n<meta property=\"og:locale\" content=\"en_GB\" \/>\n<meta property=\"og:type\" content=\"article\" \/>\n<meta property=\"og:title\" content=\"MIRROR IN TIME, Michelangelo Pistoletto, Erinna K\u00f6nig @ EK STUDIO, 2025 | ERINNA K\u00d6NIG\" \/>\n<meta property=\"og:description\" content=\"Erinna K\u00f6nig (deutsch, 1947-2021), Meistersch\u00fclerin von Joseph Beuys an der D\u00fcsseldorfer Kunstakademie, verwandelte Fundobjekte zu eloquenter aesthetischer Skulptur-Malerei.\" \/>\n<meta property=\"og:url\" content=\"https:\/\/erinnakoenig.de\/en\/mirror-in-time-michelangelo-pistoletto-erinna-koenig-ek-studio-2025\/\" \/>\n<meta property=\"og:site_name\" content=\"ERINNA K\u00d6NIG\" \/>\n<meta property=\"article:modified_time\" content=\"2026-01-25T16:36:26+00:00\" \/>\n<meta property=\"og:image\" content=\"https:\/\/erinnakoenig.de\/wp-content\/uploads\/2025\/08\/Selbst-Portrait-1968-01.webp\" \/>\n\t<meta property=\"og:image:width\" content=\"1000\" \/>\n\t<meta property=\"og:image:height\" content=\"1000\" \/>\n\t<meta property=\"og:image:type\" content=\"image\/webp\" \/>\n<meta name=\"twitter:card\" content=\"summary_large_image\" \/>\n<script type=\"application\/ld+json\" class=\"yoast-schema-graph\">{\"@context\":\"https:\\\/\\\/schema.org\",\"@graph\":[{\"@type\":\"WebPage\",\"@id\":\"https:\\\/\\\/erinnakoenig.de\\\/mirror-in-time-michelangelo-pistoletto-erinna-koenig-ek-studio-2025\\\/\",\"url\":\"https:\\\/\\\/erinnakoenig.de\\\/mirror-in-time-michelangelo-pistoletto-erinna-koenig-ek-studio-2025\\\/\",\"name\":\"MIRROR IN TIME, Michelangelo Pistoletto, Erinna K\u00f6nig @ EK STUDIO, 2025 | ERINNA K\u00d6NIG\",\"isPartOf\":{\"@id\":\"https:\\\/\\\/erinnakoenig.de\\\/#website\"},\"datePublished\":\"2025-11-26T14:45:27+00:00\",\"dateModified\":\"2026-01-25T16:36:26+00:00\",\"description\":\"Erinna K\u00f6nig (deutsch, 1947-2021), Meistersch\u00fclerin von Joseph Beuys an der D\u00fcsseldorfer Kunstakademie, verwandelte Fundobjekte zu eloquenter aesthetischer Skulptur-Malerei.\",\"breadcrumb\":{\"@id\":\"https:\\\/\\\/erinnakoenig.de\\\/mirror-in-time-michelangelo-pistoletto-erinna-koenig-ek-studio-2025\\\/#breadcrumb\"},\"inLanguage\":\"en-GB\",\"potentialAction\":[{\"@type\":\"ReadAction\",\"target\":[\"https:\\\/\\\/erinnakoenig.de\\\/mirror-in-time-michelangelo-pistoletto-erinna-koenig-ek-studio-2025\\\/\"]}]},{\"@type\":\"BreadcrumbList\",\"@id\":\"https:\\\/\\\/erinnakoenig.de\\\/mirror-in-time-michelangelo-pistoletto-erinna-koenig-ek-studio-2025\\\/#breadcrumb\",\"itemListElement\":[{\"@type\":\"ListItem\",\"position\":1,\"name\":\"Startseite\",\"item\":\"https:\\\/\\\/erinnakoenig.de\\\/\"},{\"@type\":\"ListItem\",\"position\":2,\"name\":\"MIRROR IN TIME, Michelangelo Pistoletto, Erinna K\u00f6nig @ EK STUDIO, 2025\"}]},{\"@type\":\"WebSite\",\"@id\":\"https:\\\/\\\/erinnakoenig.de\\\/#website\",\"url\":\"https:\\\/\\\/erinnakoenig.de\\\/\",\"name\":\"ERINNA K\u00d6NIG\",\"description\":\"EK STUDIO - D\u00fcsseldorf\",\"publisher\":{\"@id\":\"https:\\\/\\\/erinnakoenig.de\\\/#organization\"},\"potentialAction\":[{\"@type\":\"SearchAction\",\"target\":{\"@type\":\"EntryPoint\",\"urlTemplate\":\"https:\\\/\\\/erinnakoenig.de\\\/?s={search_term_string}\"},\"query-input\":{\"@type\":\"PropertyValueSpecification\",\"valueRequired\":true,\"valueName\":\"search_term_string\"}}],\"inLanguage\":\"en-GB\"},{\"@type\":\"Organization\",\"@id\":\"https:\\\/\\\/erinnakoenig.de\\\/#organization\",\"name\":\"EK STUDIO\",\"url\":\"https:\\\/\\\/erinnakoenig.de\\\/\",\"logo\":{\"@type\":\"ImageObject\",\"inLanguage\":\"en-GB\",\"@id\":\"https:\\\/\\\/erinnakoenig.de\\\/#\\\/schema\\\/logo\\\/image\\\/\",\"url\":\"https:\\\/\\\/erinnakoenig.de\\\/wp-content\\\/uploads\\\/2025\\\/08\\\/cropped-FAV.png\",\"contentUrl\":\"https:\\\/\\\/erinnakoenig.de\\\/wp-content\\\/uploads\\\/2025\\\/08\\\/cropped-FAV.png\",\"width\":512,\"height\":512,\"caption\":\"EK STUDIO\"},\"image\":{\"@id\":\"https:\\\/\\\/erinnakoenig.de\\\/#\\\/schema\\\/logo\\\/image\\\/\"},\"sameAs\":[\"https:\\\/\\\/www.instagram.com\\\/erinnakoenig\\\/\"]}]}<\/script>\n<!-- \/ Yoast SEO plugin. -->","yoast_head_json":{"title":"MIRROR IN TIME, Michelangelo Pistoletto, Erinna K\u00f6nig @ EK STUDIO, 2025 | ERINNA K\u00d6NIG","description":"Erinna K\u00f6nig (deutsch, 1947-2021), Meistersch\u00fclerin von Joseph Beuys an der D\u00fcsseldorfer Kunstakademie, verwandelte Fundobjekte zu eloquenter aesthetischer Skulptur-Malerei.","robots":{"index":"index","follow":"follow","max-snippet":"max-snippet:-1","max-image-preview":"max-image-preview:large","max-video-preview":"max-video-preview:-1"},"canonical":"https:\/\/erinnakoenig.de\/en\/mirror-in-time-michelangelo-pistoletto-erinna-koenig-ek-studio-2025\/","og_locale":"en_GB","og_type":"article","og_title":"MIRROR IN TIME, Michelangelo Pistoletto, Erinna K\u00f6nig @ EK STUDIO, 2025 | ERINNA K\u00d6NIG","og_description":"Erinna K\u00f6nig (deutsch, 1947-2021), Meistersch\u00fclerin von Joseph Beuys an der D\u00fcsseldorfer Kunstakademie, verwandelte Fundobjekte zu eloquenter aesthetischer Skulptur-Malerei.","og_url":"https:\/\/erinnakoenig.de\/en\/mirror-in-time-michelangelo-pistoletto-erinna-koenig-ek-studio-2025\/","og_site_name":"ERINNA K\u00d6NIG","article_modified_time":"2026-01-25T16:36:26+00:00","og_image":[{"width":1000,"height":1000,"url":"https:\/\/erinnakoenig.de\/wp-content\/uploads\/2025\/08\/Selbst-Portrait-1968-01.webp","type":"image\/webp"}],"twitter_card":"summary_large_image","schema":{"@context":"https:\/\/schema.org","@graph":[{"@type":"WebPage","@id":"https:\/\/erinnakoenig.de\/mirror-in-time-michelangelo-pistoletto-erinna-koenig-ek-studio-2025\/","url":"https:\/\/erinnakoenig.de\/mirror-in-time-michelangelo-pistoletto-erinna-koenig-ek-studio-2025\/","name":"MIRROR IN TIME, Michelangelo Pistoletto, Erinna K\u00f6nig @ EK STUDIO, 2025 | ERINNA K\u00d6NIG","isPartOf":{"@id":"https:\/\/erinnakoenig.de\/#website"},"datePublished":"2025-11-26T14:45:27+00:00","dateModified":"2026-01-25T16:36:26+00:00","description":"Erinna K\u00f6nig (deutsch, 1947-2021), Meistersch\u00fclerin von Joseph Beuys an der D\u00fcsseldorfer Kunstakademie, verwandelte Fundobjekte zu eloquenter aesthetischer Skulptur-Malerei.","breadcrumb":{"@id":"https:\/\/erinnakoenig.de\/mirror-in-time-michelangelo-pistoletto-erinna-koenig-ek-studio-2025\/#breadcrumb"},"inLanguage":"en-GB","potentialAction":[{"@type":"ReadAction","target":["https:\/\/erinnakoenig.de\/mirror-in-time-michelangelo-pistoletto-erinna-koenig-ek-studio-2025\/"]}]},{"@type":"BreadcrumbList","@id":"https:\/\/erinnakoenig.de\/mirror-in-time-michelangelo-pistoletto-erinna-koenig-ek-studio-2025\/#breadcrumb","itemListElement":[{"@type":"ListItem","position":1,"name":"Startseite","item":"https:\/\/erinnakoenig.de\/"},{"@type":"ListItem","position":2,"name":"MIRROR IN TIME, Michelangelo Pistoletto, Erinna K\u00f6nig @ EK STUDIO, 2025"}]},{"@type":"WebSite","@id":"https:\/\/erinnakoenig.de\/#website","url":"https:\/\/erinnakoenig.de\/","name":"ERINNA K\u00d6NIG","description":"EK STUDIO - D\u00fcsseldorf","publisher":{"@id":"https:\/\/erinnakoenig.de\/#organization"},"potentialAction":[{"@type":"SearchAction","target":{"@type":"EntryPoint","urlTemplate":"https:\/\/erinnakoenig.de\/?s={search_term_string}"},"query-input":{"@type":"PropertyValueSpecification","valueRequired":true,"valueName":"search_term_string"}}],"inLanguage":"en-GB"},{"@type":"Organization","@id":"https:\/\/erinnakoenig.de\/#organization","name":"EK STUDIO","url":"https:\/\/erinnakoenig.de\/","logo":{"@type":"ImageObject","inLanguage":"en-GB","@id":"https:\/\/erinnakoenig.de\/#\/schema\/logo\/image\/","url":"https:\/\/erinnakoenig.de\/wp-content\/uploads\/2025\/08\/cropped-FAV.png","contentUrl":"https:\/\/erinnakoenig.de\/wp-content\/uploads\/2025\/08\/cropped-FAV.png","width":512,"height":512,"caption":"EK STUDIO"},"image":{"@id":"https:\/\/erinnakoenig.de\/#\/schema\/logo\/image\/"},"sameAs":["https:\/\/www.instagram.com\/erinnakoenig\/"]}]}},"_links":{"self":[{"href":"https:\/\/erinnakoenig.de\/en\/wp-json\/wp\/v2\/pages\/2174","targetHints":{"allow":["GET"]}}],"collection":[{"href":"https:\/\/erinnakoenig.de\/en\/wp-json\/wp\/v2\/pages"}],"about":[{"href":"https:\/\/erinnakoenig.de\/en\/wp-json\/wp\/v2\/types\/page"}],"author":[{"embeddable":true,"href":"https:\/\/erinnakoenig.de\/en\/wp-json\/wp\/v2\/users\/3"}],"replies":[{"embeddable":true,"href":"https:\/\/erinnakoenig.de\/en\/wp-json\/wp\/v2\/comments?post=2174"}],"version-history":[{"count":14,"href":"https:\/\/erinnakoenig.de\/en\/wp-json\/wp\/v2\/pages\/2174\/revisions"}],"predecessor-version":[{"id":2325,"href":"https:\/\/erinnakoenig.de\/en\/wp-json\/wp\/v2\/pages\/2174\/revisions\/2325"}],"wp:attachment":[{"href":"https:\/\/erinnakoenig.de\/en\/wp-json\/wp\/v2\/media?parent=2174"}],"curies":[{"name":"wp","href":"https:\/\/api.w.org\/{rel}","templated":true}]}}