{"id":1802,"date":"2025-09-23T11:37:17","date_gmt":"2025-09-23T11:37:17","guid":{"rendered":"https:\/\/erinnakoenig.de\/?page_id=1802"},"modified":"2025-09-27T14:38:08","modified_gmt":"2025-09-27T14:38:08","slug":"brennpunkt-ii-die-siebziger-jahre-entwuerfe-kunstmuseum-duesseldorf-1991","status":"publish","type":"page","link":"https:\/\/erinnakoenig.de\/en\/brennpunkt-ii-die-siebziger-jahre-entwuerfe-kunstmuseum-duesseldorf-1991\/","title":{"rendered":"&#8222;Brennpunkt II, die siebziger Jahre, Entw\u00fcrfe\u201c Kunstmuseum D\u00fcsseldorf, 1991"},"content":{"rendered":"<p>[et_pb_section fb_built=&#8220;1&#8243; _builder_version=&#8220;4.27.4&#8243; _module_preset=&#8220;default&#8220; da_disable_devices=&#8220;off|off|off&#8220; global_colors_info=&#8220;{}&#8220; da_is_popup=&#8220;off&#8220; da_exit_intent=&#8220;off&#8220; da_has_close=&#8220;on&#8220; da_alt_close=&#8220;off&#8220; da_dark_close=&#8220;off&#8220; da_not_modal=&#8220;on&#8220; da_is_singular=&#8220;off&#8220; da_with_loader=&#8220;off&#8220; da_has_shadow=&#8220;on&#8220;][et_pb_row _builder_version=&#8220;4.27.4&#8243; _module_preset=&#8220;default&#8220; global_colors_info=&#8220;{}&#8220;][et_pb_column type=&#8220;4_4&#8243; _builder_version=&#8220;4.27.4&#8243; _module_preset=&#8220;default&#8220; global_colors_info=&#8220;{}&#8220;][et_pb_heading title=&#8220;%22Brennpunkt II, die siebziger Jahre, Entw\u00fcrfe, Joseph Beuys zum 70. Geburtstag\u201c Kunstmuseum D\u00fcsseldorf im Ehrenhof, 1991&#8243; _builder_version=&#8220;4.27.4&#8243; _module_preset=&#8220;default&#8220; title_font=&#8220;Avenir Light|100||on|||||&#8220; title_text_align=&#8220;right&#8220; global_colors_info=&#8220;{}&#8220;][\/et_pb_heading][\/et_pb_column][\/et_pb_row][et_pb_row column_structure=&#8220;2_3,1_3&#8243; _builder_version=&#8220;4.27.4&#8243; _module_preset=&#8220;default&#8220; global_colors_info=&#8220;{}&#8220;][et_pb_column type=&#8220;2_3&#8243; _builder_version=&#8220;4.27.4&#8243; _module_preset=&#8220;default&#8220; global_colors_info=&#8220;{}&#8220;][et_pb_text _builder_version=&#8220;4.27.4&#8243; _module_preset=&#8220;default&#8220; global_colors_info=&#8220;{}&#8220;]<\/p>\n<p style=\"font-weight: 400;\"><span>BRENNPUNKT 2 \u2014 D\u00dcSSELDORF 1970 1991<br \/><\/span><span>Die Siebziger Jahre, Entw\u00fcrfe, Joseph Beuys zum 70. Geburtstag <\/span><\/p>\n<p style=\"font-weight: 400;\"><span>Nachdem die erste \u201cBrennpunkt\u201d \u2013 Ausstellung \u00a0von 1987 (D\u00fcsseldorf\/Aalborg\/Stockholm\/Malm\u00f6\/Barcelona) die internationale Aufbruchssituation um 1968 in D\u00fcsseldorf und dar\u00fcberhinaus thematisiert hat, ist dieses zweite Projekt der Reihe eine Neubewertung eines vergessenen Jahrzehnts: \u201cDie siebziger Jahre\u201d<\/span><\/p>\n<p style=\"font-weight: 400;\"><span>Die siebziger Jahre warem eine Zeit reicher k\u00fcnstlerischer Entw\u00fcrfe, die sich jedoch der beliebigen Verf\u00fcgbarkeit entzogen: Statt in institutionellen Konzepten zu denken oder auf den Kunstmarkt hin zu produzieren, suchten die K\u00fcnstler der damaligen Zeit die Autonomie und Unabh\u00e4ngigkeit des Werks zu bewahren: Diese Entw\u00fcrfe waren angesiedelt zwischen einer narzi\u00dftischen Kontemplation der eigenen Person und radikalen gesellschaftlichen \u00c4nderungsvorschl\u00e4gen.<\/span><\/p>\n<p style=\"font-weight: 400;\"><span>Im Zentrum der Debatte standen dabei neue k\u00fcnstlerische Medien wie Film, Fotografie, Video, Rauminstallationen. Diese Werke waren auf das hier und jetzt gerichtet. Auch das \u00f6kologische Bewu\u00dftsein wurde in der Kunst \u2014 in einer Zeit, die durch die Energiekrise sich\u00a0 der Kostbarkeit der Ressourcen bewu\u00dft geworden war \u2014 reflektiert. Die Anst\u00f6sse von 68 f\u00fchrten also nicht blo\u00df zu einer Verweigerungshaltung, sondern wurden nun ganz im Gegenteil produktiv umgesetzt. Dieses Jahrzehnt ist ein spannender \u201cweisser Fleck\u201d auf der Landkarte der Kunstgeschichte. Im Mittelpunkt der Ausstellung wird in einer \u201cstillen Dokumentation\u201d als gro\u00dfes Modell einer konkreten Utopie die \u201cHonigpumpe am Arbeitsplatz\u201d stehen, die Beuys 1977 f\u00fcr die Kasseler documenta schuf, wie \u00fcberhaupt die Ausstellung, an der 25 K\u00fcnstler mit weit \u00fcber 200 Werken teilnehmen, aus Anlass des 70. Geburtstages von Joseph Beys dessen Vorstellungen von einem Erweiterten Kunstbegriff erneut ins Bewu\u00dftsein r\u00fcckt. Zahlreiche der teilnehmenden K\u00fcnstler sind auch mit einem aktuellen Beitrag vertreten.<\/span><\/p>\n<p style=\"font-weight: 400;\"><span>Lothar Baumgarten, Bernd und Hilla Becher, Joseph Beuys, Anna und Bernhard Blume, Walter Dahn, Felix Droese, Robert Filliou, Terry Fox, Jochen Gerz, Hans Haacke, Ole John und die D\u00fcsseldorfer Filmklasse, Per Kirkeby, Imi Knoebel, Erinna Koenig, Bernd Minnich, Nam June Paik, Klaus Rinke, Diter Rot, Ulrich R\u00fcckriem, Klaus Staeck, Johannes St\u00fcttgen, Andy Warhol, Hildegard Weber<\/span><\/p>\n<p><span>Kunstmuseum D\u00fcsseldorf im Ehrenhof<br \/>19. Mai \u2013 30. Juni 1991<br \/><\/span><span>Termine des Beiprogramms (Filme, Gespr\u00e4che) werden gesondert bekanntgegeben.<br \/>gef\u00f6rdert durch das Kulturministerium des Landes NRW<br \/><\/span><span>\u2014<br \/><\/span><span>Erinna K\u00f6nig: unter anderem wurde die Filmrolle ihres 16mm Films \u201cOskar B. oder Der Imperialismus\u201d als Objekt ausgestellt und der Film selbst im Rahmen des Filmprogrammes im Filmforum pr\u00e4sentiert.<\/span><\/p>\n<p>[\/et_pb_text][\/et_pb_column][et_pb_column type=&#8220;1_3&#8243; _builder_version=&#8220;4.27.4&#8243; _module_preset=&#8220;default&#8220; global_colors_info=&#8220;{}&#8220;][et_pb_image src=&#8220;https:\/\/erinnakoenig.de\/wp-content\/uploads\/2025\/09\/Filmprogramm-Brennpunkt-2-Oskar-16.-6-1991-web-1.jpg&#8220; title_text=&#8220;Filmprogramm Brennpunkt 2 Oskar 16. 6 1991 web&#8220; _builder_version=&#8220;4.27.4&#8243; _module_preset=&#8220;default&#8220; filter_brightness=&#8220;131%&#8220; filter_contrast=&#8220;111%&#8220; hover_enabled=&#8220;0&#8243; global_colors_info=&#8220;{}&#8220; show_in_lightbox=&#8220;on&#8220; sticky_enabled=&#8220;0&#8243;][\/et_pb_image][\/et_pb_column][\/et_pb_row][et_pb_row column_structure=&#8220;1_2,1_2&#8243; _builder_version=&#8220;4.27.4&#8243; _module_preset=&#8220;default&#8220; global_colors_info=&#8220;{}&#8220;][et_pb_column type=&#8220;1_2&#8243; _builder_version=&#8220;4.27.4&#8243; _module_preset=&#8220;default&#8220; global_colors_info=&#8220;{}&#8220;][et_pb_image src=&#8220;https:\/\/erinnakoenig.de\/wp-content\/uploads\/2025\/09\/Invite-Brennpunkt-2.webp&#8220; title_text=&#8220;Invite Brennpunkt 2&#8243; show_in_lightbox=&#8220;on&#8220; _builder_version=&#8220;4.27.4&#8243; _module_preset=&#8220;default&#8220; global_colors_info=&#8220;{}&#8220;][\/et_pb_image][\/et_pb_column][et_pb_column type=&#8220;1_2&#8243; _builder_version=&#8220;4.27.4&#8243; _module_preset=&#8220;default&#8220; global_colors_info=&#8220;{}&#8220;][et_pb_image src=&#8220;https:\/\/erinnakoenig.de\/wp-content\/uploads\/2025\/09\/Brennpunkt-2-Invitation-Discussion-back.webp&#8220; title_text=&#8220;Brennpunkt 2 Invitation Discussion back&#8220; show_in_lightbox=&#8220;on&#8220; _builder_version=&#8220;4.27.4&#8243; _module_preset=&#8220;default&#8220; global_colors_info=&#8220;{}&#8220;][\/et_pb_image][\/et_pb_column][\/et_pb_row][et_pb_row column_structure=&#8220;3_5,2_5&#8243; _builder_version=&#8220;4.27.4&#8243; _module_preset=&#8220;default&#8220; global_colors_info=&#8220;{}&#8220;][et_pb_column type=&#8220;3_5&#8243; _builder_version=&#8220;4.27.4&#8243; _module_preset=&#8220;default&#8220; global_colors_info=&#8220;{}&#8220;][et_pb_image src=&#8220;https:\/\/erinnakoenig.de\/wp-content\/uploads\/2025\/09\/Invite-Brennpunkt-2-back.webp&#8220; title_text=&#8220;Invite Brennpunkt 2 back&#8220; show_in_lightbox=&#8220;on&#8220; _builder_version=&#8220;4.27.4&#8243; _module_preset=&#8220;default&#8220; global_colors_info=&#8220;{}&#8220;][\/et_pb_image][\/et_pb_column][et_pb_column type=&#8220;2_5&#8243; _builder_version=&#8220;4.27.4&#8243; _module_preset=&#8220;default&#8220; global_colors_info=&#8220;{}&#8220;][et_pb_image src=&#8220;https:\/\/erinnakoenig.de\/wp-content\/uploads\/2025\/09\/Brennpunkt-2-Invitation-Discussion.webp&#8220; title_text=&#8220;Brennpunkt 2 Invitation Discussion&#8220; show_in_lightbox=&#8220;on&#8220; _builder_version=&#8220;4.27.4&#8243; _module_preset=&#8220;default&#8220; global_colors_info=&#8220;{}&#8220;][\/et_pb_image][\/et_pb_column][\/et_pb_row][\/et_pb_section]<\/p>\n","protected":false},"excerpt":{"rendered":"<p>BRENNPUNKT 2 \u2014 D\u00dcSSELDORF 1970 1991Die Siebziger Jahre, Entw\u00fcrfe, Joseph Beuys zum 70. Geburtstag Nachdem die erste \u201cBrennpunkt\u201d \u2013 Ausstellung \u00a0von 1987 (D\u00fcsseldorf\/Aalborg\/Stockholm\/Malm\u00f6\/Barcelona) die internationale Aufbruchssituation um 1968 in D\u00fcsseldorf und dar\u00fcberhinaus thematisiert hat, ist dieses zweite Projekt der Reihe eine Neubewertung eines vergessenen Jahrzehnts: \u201cDie siebziger Jahre\u201d Die siebziger Jahre warem eine Zeit reicher [&hellip;]<\/p>\n","protected":false},"author":3,"featured_media":0,"parent":0,"menu_order":0,"comment_status":"closed","ping_status":"closed","template":"","meta":{"_et_pb_use_builder":"on","_et_pb_old_content":"","_et_gb_content_width":"","footnotes":""},"class_list":["post-1802","page","type-page","status-publish","hentry"],"yoast_head":"<!-- This site is optimized with the Yoast SEO plugin v27.4 - https:\/\/yoast.com\/product\/yoast-seo-wordpress\/ -->\n<title>&quot;Brennpunkt II, die siebziger Jahre, Entw\u00fcrfe\u201c Kunstmuseum D\u00fcsseldorf, 1991 | ERINNA K\u00d6NIG<\/title>\n<meta name=\"description\" content=\"Erinna K\u00f6nig (deutsch, 1947-2021), Meistersch\u00fclerin von Joseph Beuys an der D\u00fcsseldorfer Kunstakademie, verwandelte Fundobjekte zu eloquenter aesthetischer Skulptur-Malerei.\" \/>\n<meta name=\"robots\" content=\"index, follow, max-snippet:-1, max-image-preview:large, max-video-preview:-1\" \/>\n<link rel=\"canonical\" href=\"https:\/\/erinnakoenig.de\/en\/brennpunkt-ii-die-siebziger-jahre-entwuerfe-kunstmuseum-duesseldorf-1991\/\" \/>\n<meta property=\"og:locale\" content=\"en_GB\" \/>\n<meta property=\"og:type\" content=\"article\" \/>\n<meta property=\"og:title\" content=\"&quot;Brennpunkt II, die siebziger Jahre, Entw\u00fcrfe\u201c Kunstmuseum D\u00fcsseldorf, 1991 | ERINNA K\u00d6NIG\" \/>\n<meta property=\"og:description\" content=\"Erinna K\u00f6nig (deutsch, 1947-2021), Meistersch\u00fclerin von Joseph Beuys an der D\u00fcsseldorfer Kunstakademie, verwandelte Fundobjekte zu eloquenter aesthetischer Skulptur-Malerei.\" \/>\n<meta property=\"og:url\" content=\"https:\/\/erinnakoenig.de\/en\/brennpunkt-ii-die-siebziger-jahre-entwuerfe-kunstmuseum-duesseldorf-1991\/\" \/>\n<meta property=\"og:site_name\" content=\"ERINNA K\u00d6NIG\" \/>\n<meta property=\"article:modified_time\" content=\"2025-09-27T14:38:08+00:00\" \/>\n<meta property=\"og:image\" content=\"https:\/\/erinnakoenig.de\/wp-content\/uploads\/2025\/08\/Selbst-Portrait-1968-01.webp\" \/>\n\t<meta property=\"og:image:width\" content=\"1000\" \/>\n\t<meta property=\"og:image:height\" content=\"1000\" \/>\n\t<meta property=\"og:image:type\" content=\"image\/webp\" \/>\n<meta name=\"twitter:card\" content=\"summary_large_image\" \/>\n<meta name=\"twitter:label1\" content=\"Estimated reading time\" \/>\n\t<meta name=\"twitter:data1\" content=\"4 minutes\" \/>\n<script type=\"application\/ld+json\" class=\"yoast-schema-graph\">{\"@context\":\"https:\\\/\\\/schema.org\",\"@graph\":[{\"@type\":\"WebPage\",\"@id\":\"https:\\\/\\\/erinnakoenig.de\\\/brennpunkt-ii-die-siebziger-jahre-entwuerfe-kunstmuseum-duesseldorf-1991\\\/\",\"url\":\"https:\\\/\\\/erinnakoenig.de\\\/brennpunkt-ii-die-siebziger-jahre-entwuerfe-kunstmuseum-duesseldorf-1991\\\/\",\"name\":\"\\\"Brennpunkt II, die siebziger Jahre, Entw\u00fcrfe\u201c Kunstmuseum D\u00fcsseldorf, 1991 | ERINNA K\u00d6NIG\",\"isPartOf\":{\"@id\":\"https:\\\/\\\/erinnakoenig.de\\\/#website\"},\"datePublished\":\"2025-09-23T11:37:17+00:00\",\"dateModified\":\"2025-09-27T14:38:08+00:00\",\"description\":\"Erinna K\u00f6nig (deutsch, 1947-2021), Meistersch\u00fclerin von Joseph Beuys an der D\u00fcsseldorfer Kunstakademie, verwandelte Fundobjekte zu eloquenter aesthetischer Skulptur-Malerei.\",\"breadcrumb\":{\"@id\":\"https:\\\/\\\/erinnakoenig.de\\\/brennpunkt-ii-die-siebziger-jahre-entwuerfe-kunstmuseum-duesseldorf-1991\\\/#breadcrumb\"},\"inLanguage\":\"en-GB\",\"potentialAction\":[{\"@type\":\"ReadAction\",\"target\":[\"https:\\\/\\\/erinnakoenig.de\\\/brennpunkt-ii-die-siebziger-jahre-entwuerfe-kunstmuseum-duesseldorf-1991\\\/\"]}]},{\"@type\":\"BreadcrumbList\",\"@id\":\"https:\\\/\\\/erinnakoenig.de\\\/brennpunkt-ii-die-siebziger-jahre-entwuerfe-kunstmuseum-duesseldorf-1991\\\/#breadcrumb\",\"itemListElement\":[{\"@type\":\"ListItem\",\"position\":1,\"name\":\"Startseite\",\"item\":\"https:\\\/\\\/erinnakoenig.de\\\/\"},{\"@type\":\"ListItem\",\"position\":2,\"name\":\"&#8222;Brennpunkt II, die siebziger Jahre, Entw\u00fcrfe\u201c Kunstmuseum D\u00fcsseldorf, 1991\"}]},{\"@type\":\"WebSite\",\"@id\":\"https:\\\/\\\/erinnakoenig.de\\\/#website\",\"url\":\"https:\\\/\\\/erinnakoenig.de\\\/\",\"name\":\"ERINNA K\u00d6NIG\",\"description\":\"EK STUDIO - D\u00fcsseldorf\",\"publisher\":{\"@id\":\"https:\\\/\\\/erinnakoenig.de\\\/#organization\"},\"potentialAction\":[{\"@type\":\"SearchAction\",\"target\":{\"@type\":\"EntryPoint\",\"urlTemplate\":\"https:\\\/\\\/erinnakoenig.de\\\/?s={search_term_string}\"},\"query-input\":{\"@type\":\"PropertyValueSpecification\",\"valueRequired\":true,\"valueName\":\"search_term_string\"}}],\"inLanguage\":\"en-GB\"},{\"@type\":\"Organization\",\"@id\":\"https:\\\/\\\/erinnakoenig.de\\\/#organization\",\"name\":\"EK STUDIO\",\"url\":\"https:\\\/\\\/erinnakoenig.de\\\/\",\"logo\":{\"@type\":\"ImageObject\",\"inLanguage\":\"en-GB\",\"@id\":\"https:\\\/\\\/erinnakoenig.de\\\/#\\\/schema\\\/logo\\\/image\\\/\",\"url\":\"https:\\\/\\\/erinnakoenig.de\\\/wp-content\\\/uploads\\\/2025\\\/08\\\/cropped-FAV.png\",\"contentUrl\":\"https:\\\/\\\/erinnakoenig.de\\\/wp-content\\\/uploads\\\/2025\\\/08\\\/cropped-FAV.png\",\"width\":512,\"height\":512,\"caption\":\"EK STUDIO\"},\"image\":{\"@id\":\"https:\\\/\\\/erinnakoenig.de\\\/#\\\/schema\\\/logo\\\/image\\\/\"},\"sameAs\":[\"https:\\\/\\\/www.instagram.com\\\/erinnakoenig\\\/\"]}]}<\/script>\n<!-- \/ Yoast SEO plugin. -->","yoast_head_json":{"title":"\"Brennpunkt II, die siebziger Jahre, Entw\u00fcrfe\u201c Kunstmuseum D\u00fcsseldorf, 1991 | ERINNA K\u00d6NIG","description":"Erinna K\u00f6nig (deutsch, 1947-2021), Meistersch\u00fclerin von Joseph Beuys an der D\u00fcsseldorfer Kunstakademie, verwandelte Fundobjekte zu eloquenter aesthetischer Skulptur-Malerei.","robots":{"index":"index","follow":"follow","max-snippet":"max-snippet:-1","max-image-preview":"max-image-preview:large","max-video-preview":"max-video-preview:-1"},"canonical":"https:\/\/erinnakoenig.de\/en\/brennpunkt-ii-die-siebziger-jahre-entwuerfe-kunstmuseum-duesseldorf-1991\/","og_locale":"en_GB","og_type":"article","og_title":"\"Brennpunkt II, die siebziger Jahre, Entw\u00fcrfe\u201c Kunstmuseum D\u00fcsseldorf, 1991 | ERINNA K\u00d6NIG","og_description":"Erinna K\u00f6nig (deutsch, 1947-2021), Meistersch\u00fclerin von Joseph Beuys an der D\u00fcsseldorfer Kunstakademie, verwandelte Fundobjekte zu eloquenter aesthetischer Skulptur-Malerei.","og_url":"https:\/\/erinnakoenig.de\/en\/brennpunkt-ii-die-siebziger-jahre-entwuerfe-kunstmuseum-duesseldorf-1991\/","og_site_name":"ERINNA K\u00d6NIG","article_modified_time":"2025-09-27T14:38:08+00:00","og_image":[{"width":1000,"height":1000,"url":"https:\/\/erinnakoenig.de\/wp-content\/uploads\/2025\/08\/Selbst-Portrait-1968-01.webp","type":"image\/webp"}],"twitter_card":"summary_large_image","twitter_misc":{"Estimated reading time":"4 minutes"},"schema":{"@context":"https:\/\/schema.org","@graph":[{"@type":"WebPage","@id":"https:\/\/erinnakoenig.de\/brennpunkt-ii-die-siebziger-jahre-entwuerfe-kunstmuseum-duesseldorf-1991\/","url":"https:\/\/erinnakoenig.de\/brennpunkt-ii-die-siebziger-jahre-entwuerfe-kunstmuseum-duesseldorf-1991\/","name":"\"Brennpunkt II, die siebziger Jahre, Entw\u00fcrfe\u201c Kunstmuseum D\u00fcsseldorf, 1991 | ERINNA K\u00d6NIG","isPartOf":{"@id":"https:\/\/erinnakoenig.de\/#website"},"datePublished":"2025-09-23T11:37:17+00:00","dateModified":"2025-09-27T14:38:08+00:00","description":"Erinna K\u00f6nig (deutsch, 1947-2021), Meistersch\u00fclerin von Joseph Beuys an der D\u00fcsseldorfer Kunstakademie, verwandelte Fundobjekte zu eloquenter aesthetischer Skulptur-Malerei.","breadcrumb":{"@id":"https:\/\/erinnakoenig.de\/brennpunkt-ii-die-siebziger-jahre-entwuerfe-kunstmuseum-duesseldorf-1991\/#breadcrumb"},"inLanguage":"en-GB","potentialAction":[{"@type":"ReadAction","target":["https:\/\/erinnakoenig.de\/brennpunkt-ii-die-siebziger-jahre-entwuerfe-kunstmuseum-duesseldorf-1991\/"]}]},{"@type":"BreadcrumbList","@id":"https:\/\/erinnakoenig.de\/brennpunkt-ii-die-siebziger-jahre-entwuerfe-kunstmuseum-duesseldorf-1991\/#breadcrumb","itemListElement":[{"@type":"ListItem","position":1,"name":"Startseite","item":"https:\/\/erinnakoenig.de\/"},{"@type":"ListItem","position":2,"name":"&#8222;Brennpunkt II, die siebziger Jahre, Entw\u00fcrfe\u201c Kunstmuseum D\u00fcsseldorf, 1991"}]},{"@type":"WebSite","@id":"https:\/\/erinnakoenig.de\/#website","url":"https:\/\/erinnakoenig.de\/","name":"ERINNA K\u00d6NIG","description":"EK STUDIO - D\u00fcsseldorf","publisher":{"@id":"https:\/\/erinnakoenig.de\/#organization"},"potentialAction":[{"@type":"SearchAction","target":{"@type":"EntryPoint","urlTemplate":"https:\/\/erinnakoenig.de\/?s={search_term_string}"},"query-input":{"@type":"PropertyValueSpecification","valueRequired":true,"valueName":"search_term_string"}}],"inLanguage":"en-GB"},{"@type":"Organization","@id":"https:\/\/erinnakoenig.de\/#organization","name":"EK STUDIO","url":"https:\/\/erinnakoenig.de\/","logo":{"@type":"ImageObject","inLanguage":"en-GB","@id":"https:\/\/erinnakoenig.de\/#\/schema\/logo\/image\/","url":"https:\/\/erinnakoenig.de\/wp-content\/uploads\/2025\/08\/cropped-FAV.png","contentUrl":"https:\/\/erinnakoenig.de\/wp-content\/uploads\/2025\/08\/cropped-FAV.png","width":512,"height":512,"caption":"EK STUDIO"},"image":{"@id":"https:\/\/erinnakoenig.de\/#\/schema\/logo\/image\/"},"sameAs":["https:\/\/www.instagram.com\/erinnakoenig\/"]}]}},"_links":{"self":[{"href":"https:\/\/erinnakoenig.de\/en\/wp-json\/wp\/v2\/pages\/1802","targetHints":{"allow":["GET"]}}],"collection":[{"href":"https:\/\/erinnakoenig.de\/en\/wp-json\/wp\/v2\/pages"}],"about":[{"href":"https:\/\/erinnakoenig.de\/en\/wp-json\/wp\/v2\/types\/page"}],"author":[{"embeddable":true,"href":"https:\/\/erinnakoenig.de\/en\/wp-json\/wp\/v2\/users\/3"}],"replies":[{"embeddable":true,"href":"https:\/\/erinnakoenig.de\/en\/wp-json\/wp\/v2\/comments?post=1802"}],"version-history":[{"count":6,"href":"https:\/\/erinnakoenig.de\/en\/wp-json\/wp\/v2\/pages\/1802\/revisions"}],"predecessor-version":[{"id":1984,"href":"https:\/\/erinnakoenig.de\/en\/wp-json\/wp\/v2\/pages\/1802\/revisions\/1984"}],"wp:attachment":[{"href":"https:\/\/erinnakoenig.de\/en\/wp-json\/wp\/v2\/media?parent=1802"}],"curies":[{"name":"wp","href":"https:\/\/api.w.org\/{rel}","templated":true}]}}