{"id":1298,"date":"2025-09-12T11:50:01","date_gmt":"2025-09-12T11:50:01","guid":{"rendered":"https:\/\/erinnakoenig.com\/?page_id=1298"},"modified":"2025-09-26T08:37:55","modified_gmt":"2025-09-26T08:37:55","slug":"present-perfect","status":"publish","type":"page","link":"https:\/\/erinnakoenig.de\/en\/ausstellungen\/gruppenausstellungen\/present-perfect\/","title":{"rendered":"present perfect"},"content":{"rendered":"<p>[et_pb_section fb_built=&#8220;1&#8243; _builder_version=&#8220;4.27.4&#8243; _module_preset=&#8220;default&#8220; global_colors_info=&#8220;{}&#8220;][et_pb_row _builder_version=&#8220;4.27.4&#8243; _module_preset=&#8220;default&#8220; global_colors_info=&#8220;{}&#8220;][et_pb_column type=&#8220;4_4&#8243; _builder_version=&#8220;4.27.4&#8243; _module_preset=&#8220;default&#8220; global_colors_info=&#8220;{}&#8220;][et_pb_heading title=&#8220;present perfect Museum Gunzenhauser, Chemnitz 13. November 2022 bis 12. Februar 2023 &#8220; _builder_version=&#8220;4.27.4&#8243; _module_preset=&#8220;default&#8220; title_font=&#8220;Avenir Light|100||on|||||&#8220; title_text_align=&#8220;right&#8220; global_colors_info=&#8220;{}&#8220;][\/et_pb_heading][\/et_pb_column][\/et_pb_row][et_pb_row column_structure=&#8220;3_5,2_5&#8243; _builder_version=&#8220;4.27.4&#8243; _module_preset=&#8220;default&#8220; global_colors_info=&#8220;{}&#8220;][et_pb_column type=&#8220;3_5&#8243; _builder_version=&#8220;4.27.4&#8243; _module_preset=&#8220;default&#8220; global_colors_info=&#8220;{}&#8220;][et_pb_text _builder_version=&#8220;4.27.4&#8243; _module_preset=&#8220;default&#8220; global_colors_info=&#8220;{}&#8220;]<\/p>\n<p><strong>present perfect<\/strong><\/p>\n<p><strong>Museum Gunzenhauser,\u00a0Chemnitz<\/strong><br \/><strong>13. November\u00a02022\u00a0bis 12. Februar 2023\u00a0<\/strong><\/p>\n<p>Aus den Neuerwerbungen des Bundes pr\u00e4sentiert die Ausstellung\u00a0<em>present perfect<\/em>\u00a0im Museum Gunzenhauser rund 50 Werke von 44 in Deutschland lebenden K\u00fcnstler:innen in den unterschiedlichsten Techniken, wie Malerei, Zeichnung, Plastik, Installation, Fotografie und Video. Der Titel der Ausstellung ist einem Gem\u00e4lde von Tamina Amadyar entlehnt. In verschiedenen Ausstellungskapiteln werden gesellschaftliche und politische Themen in der zeitgen\u00f6ssischen Kunst verhandelt, die von einer multiethnischen Vielstimmigkeit gepr\u00e4gt sind. Einen Schwerpunkt bilden Arbeiten zu den Themen Migration und Identit\u00e4t. Hier werden Fragen behandelt, die sich Deutschland als Einwanderungsland widmen, der Suche nach Gemeinschaft und Zugeh\u00f6rigkeit in einer postmigrantischen Gesellschaft, aber auch Stereotypisierung und Rassismus. Daneben werden Werke gezeigt, die sich mit Geschichtskonstruktion, gesellschaftlichem Wandel und Erinnerungskultur in unserer Gesellschaft auseinandersetzen. Ein weiterer Themenbereich widmet sich der Hinterfragung individueller Identit\u00e4tskonstruktionen, Geschlechterzuschreibungen und Diversit\u00e4t sowie der Repr\u00e4sentation von K\u00f6rper, aber auch Macht und Autorit\u00e4t. Schlie\u00dflich werden Werke gezeigt, die von formal\u00e4sthetischen Fragestellungen erz\u00e4hlen, klassische Bildkategorien aufbrechen und in denen Abbilder und Realit\u00e4ten zur Fiktion werden.<\/p>\n<p>\u00bbDie junge bildende Kunst ist endg\u00fcltig international geworden, sch\u00f6pft aus vielf\u00e4ltigen ethnischen, weltanschaulichen, religi\u00f6sen und \u00e4sthetischen Quellen, die so global sind wie die Lebenswege und Denkhorizonte vieler K\u00fcnstlerinnen und K\u00fcnstler\u00ab, so Claudia Roth MdB, Staatsministerin f\u00fcr Kultur und Medien. \u00bbF\u00fcr Besucherinnen und Besucher der Ausstellung ist nicht entscheidend, dass ihnen die Namen vieler K\u00fcnstlerinnen und K\u00fcnstler vielleicht gel\u00e4ufig sind. Viel wichtiger ist, dass sie sich auf das Gesehen einlassen und sp\u00fcren, dass hinter jedem Werk vor allem eine Haltung, ein Engagement steht.\u00ab<\/p>\n<p>Seit mehr als 50 Jahren sammelt die Bundesrepublik Deutschland zeitgen\u00f6ssische Kunst. Mittlerweile umfasst diese Sammlung rund 2000 Arbeiten. Der Bund entscheidet \u00fcber die Ank\u00e4ufe aufgrund der Empfehlungen einer unabh\u00e4ngigen Kommission von Sachverst\u00e4ndigen, deren f\u00fcnf Mitglieder jeweils f\u00fcr f\u00fcnf Jahre von der Beauftragten der Bundesregierung f\u00fcr Kultur und Medien berufen werden. Dar\u00fcber hinaus stellte der Bund zur F\u00f6rderung der Arbeit von K\u00fcnstlerinnen und K\u00fcnstlern in der Pandemie zus\u00e4tzliche Ankaufsmittel im Rahmen des Programmes NEUSTART KULTUR zur Verf\u00fcgung.<\/p>\n<p>Nachdem ein Gro\u00dfteil der Neuerwerbungen aus den vergangenen f\u00fcnf Jahren zun\u00e4chst in der<a href=\"https:\/\/www.bundeskunsthalle.de\/\" target=\"_blank\" rel=\"noopener\">\u00a0Kunst- und Ausstellungshalle der Bundesrepublik Deutschland<\/a>\u00a0in Bonn pr\u00e4sentiert worden sind, werden aus der Ausstellung nun zeitgleich im Museum Gunzenhauser in Chemnitz und im\u00a0<a href=\"https:\/\/www.nmn.de\/de\/programm\/ausstellungen\/vorschau\/mit-der-tuer-ins-haus-fallen.htm\" target=\"_blank\" rel=\"noopener\">Neuen Museum N\u00fcrnberg<\/a>\u00a0ausgew\u00e4hlte Werke in Kooperation gezeigt.<\/p>\n<p>In ihrer thematischen und k\u00fcnstlerischen Vielfalt bietet die Ausstellung nicht nur einen spannungsvollen Einblick in die zeitgen\u00f6ssische Kunst, sondern auch in die aktuellen gesellschaftlichen Fragestellungen in Deutschland.<\/p>\n<p><strong><br \/>K\u00fcnstler:innen\u00a0<\/strong><\/p>\n<p>Frank Ahlgrimm, Tamina Amadyar, Karimah Ashadu, Benjamin Badock, Gerry Bibby, Matthias Bitzer, Pauline Boudry, Sebastian Burger, Christina Chirulescu, Inga Danysz, Esra Ersen, Ayan Farah, Nadine Fecht, Anett Frontzek, Stefan Fuchs, Stephanie Gudra, Faisal Habibi, Simon Hehemann, Lena Henke, Margret Hoppe, Tilman Hornig, Kl\u00e1ra Hosnedlova, Nadira Husain, Stephan Janitzky, Franka Kassner, Erinna K\u00f6nig, Renate Lorenz, Katja Novitskova, Emeka Ogboh, Henrik Olesen, Judith Rautenberg, Havin Al-Sindy, Camilla Steinum, Pauline Stopp, Johanna Strobel, Stephen Suckale, Benedikt Terwiel, Bussaraporn Thongchai, Sung Tieu, Nasan Tur, Silke Wagner, Jasmin Werner, Christoph W\u00fcstenhagen, Malte Zenses<\/p>\n<p>&nbsp;<\/p>\n<p>&nbsp;<\/p>\n<p>[\/et_pb_text][\/et_pb_column][et_pb_column type=&#8220;2_5&#8243; _builder_version=&#8220;4.27.4&#8243; _module_preset=&#8220;default&#8220; global_colors_info=&#8220;{}&#8220;][et_pb_image src=&#8220;https:\/\/erinnakoenig.de\/wp-content\/uploads\/2025\/09\/Machtpeter-1-Tomek-Wuppertal.webp&#8220; title_text=&#8220;Machtpeter 1 Tomek Wuppertal&#8220; show_in_lightbox=&#8220;on&#8220; _builder_version=&#8220;4.27.4&#8243; _module_preset=&#8220;default&#8220; min_height=&#8220;592.7px&#8220; custom_margin=&#8220;97px||14px|||&#8220; global_colors_info=&#8220;{}&#8220;][\/et_pb_image][et_pb_image src=&#8220;https:\/\/erinnakoenig.de\/wp-content\/uploads\/2025\/09\/Machtpeter-Detail-Tomek-Wuppertal.webp&#8220; title_text=&#8220;Machtpeter Detail Tomek Wuppertal&#8220; _builder_version=&#8220;4.27.4&#8243; _module_preset=&#8220;default&#8220; custom_margin=&#8220;||7px|||&#8220; global_colors_info=&#8220;{}&#8220;][\/et_pb_image][et_pb_text _builder_version=&#8220;4.27.4&#8243; _module_preset=&#8220;default&#8220; text_font_size=&#8220;14px&#8220; custom_margin=&#8220;0px|||||&#8220; hover_enabled=&#8220;0&#8243; global_colors_info=&#8220;{}&#8220; sticky_enabled=&#8220;0&#8243;]<\/p>\n<p><strong>Machtpeter, 1991<\/strong><\/p>\n<p>[\/et_pb_text][\/et_pb_column][\/et_pb_row][\/et_pb_section]<\/p>\n","protected":false},"excerpt":{"rendered":"<p>present perfect Museum Gunzenhauser,\u00a0Chemnitz13. November\u00a02022\u00a0bis 12. Februar 2023\u00a0 Aus den Neuerwerbungen des Bundes pr\u00e4sentiert die Ausstellung\u00a0present perfect\u00a0im Museum Gunzenhauser rund 50 Werke von 44 in Deutschland lebenden K\u00fcnstler:innen in den unterschiedlichsten Techniken, wie Malerei, Zeichnung, Plastik, Installation, Fotografie und Video. Der Titel der Ausstellung ist einem Gem\u00e4lde von Tamina Amadyar entlehnt. In verschiedenen Ausstellungskapiteln werden [&hellip;]<\/p>\n","protected":false},"author":3,"featured_media":0,"parent":275,"menu_order":0,"comment_status":"closed","ping_status":"closed","template":"","meta":{"_et_pb_use_builder":"on","_et_pb_old_content":"","_et_gb_content_width":"","footnotes":""},"class_list":["post-1298","page","type-page","status-publish","hentry"],"yoast_head":"<!-- This site is optimized with the Yoast SEO plugin v27.4 - https:\/\/yoast.com\/product\/yoast-seo-wordpress\/ -->\n<title>present perfect | ERINNA K\u00d6NIG<\/title>\n<meta name=\"description\" content=\"Erinna K\u00f6nig (deutsch, 1947-2021), Meistersch\u00fclerin von Joseph Beuys an der D\u00fcsseldorfer Kunstakademie, verwandelte Fundobjekte zu eloquenter aesthetischer Skulptur-Malerei.\" \/>\n<meta name=\"robots\" content=\"index, follow, max-snippet:-1, max-image-preview:large, max-video-preview:-1\" \/>\n<link rel=\"canonical\" href=\"https:\/\/erinnakoenig.de\/en\/ausstellungen\/gruppenausstellungen\/present-perfect\/\" \/>\n<meta property=\"og:locale\" content=\"en_GB\" \/>\n<meta property=\"og:type\" content=\"article\" \/>\n<meta property=\"og:title\" content=\"present perfect | ERINNA K\u00d6NIG\" \/>\n<meta property=\"og:description\" content=\"Erinna K\u00f6nig (deutsch, 1947-2021), Meistersch\u00fclerin von Joseph Beuys an der D\u00fcsseldorfer Kunstakademie, verwandelte Fundobjekte zu eloquenter aesthetischer Skulptur-Malerei.\" \/>\n<meta property=\"og:url\" content=\"https:\/\/erinnakoenig.de\/en\/ausstellungen\/gruppenausstellungen\/present-perfect\/\" \/>\n<meta property=\"og:site_name\" content=\"ERINNA K\u00d6NIG\" \/>\n<meta property=\"article:modified_time\" content=\"2025-09-26T08:37:55+00:00\" \/>\n<meta property=\"og:image\" content=\"https:\/\/erinnakoenig.de\/wp-content\/uploads\/2025\/08\/Selbst-Portrait-1968-01.webp\" \/>\n\t<meta property=\"og:image:width\" content=\"1000\" \/>\n\t<meta property=\"og:image:height\" content=\"1000\" \/>\n\t<meta property=\"og:image:type\" content=\"image\/webp\" \/>\n<meta name=\"twitter:card\" content=\"summary_large_image\" \/>\n<meta name=\"twitter:label1\" content=\"Estimated reading time\" \/>\n\t<meta name=\"twitter:data1\" content=\"4 minutes\" \/>\n<script type=\"application\/ld+json\" class=\"yoast-schema-graph\">{\"@context\":\"https:\\\/\\\/schema.org\",\"@graph\":[{\"@type\":\"WebPage\",\"@id\":\"https:\\\/\\\/erinnakoenig.de\\\/ausstellungen\\\/gruppenausstellungen\\\/present-perfect\\\/\",\"url\":\"https:\\\/\\\/erinnakoenig.de\\\/ausstellungen\\\/gruppenausstellungen\\\/present-perfect\\\/\",\"name\":\"present perfect | ERINNA K\u00d6NIG\",\"isPartOf\":{\"@id\":\"https:\\\/\\\/erinnakoenig.de\\\/#website\"},\"datePublished\":\"2025-09-12T11:50:01+00:00\",\"dateModified\":\"2025-09-26T08:37:55+00:00\",\"description\":\"Erinna K\u00f6nig (deutsch, 1947-2021), Meistersch\u00fclerin von Joseph Beuys an der D\u00fcsseldorfer Kunstakademie, verwandelte Fundobjekte zu eloquenter aesthetischer Skulptur-Malerei.\",\"breadcrumb\":{\"@id\":\"https:\\\/\\\/erinnakoenig.de\\\/ausstellungen\\\/gruppenausstellungen\\\/present-perfect\\\/#breadcrumb\"},\"inLanguage\":\"en-GB\",\"potentialAction\":[{\"@type\":\"ReadAction\",\"target\":[\"https:\\\/\\\/erinnakoenig.de\\\/ausstellungen\\\/gruppenausstellungen\\\/present-perfect\\\/\"]}]},{\"@type\":\"BreadcrumbList\",\"@id\":\"https:\\\/\\\/erinnakoenig.de\\\/ausstellungen\\\/gruppenausstellungen\\\/present-perfect\\\/#breadcrumb\",\"itemListElement\":[{\"@type\":\"ListItem\",\"position\":1,\"name\":\"Startseite\",\"item\":\"https:\\\/\\\/erinnakoenig.de\\\/\"},{\"@type\":\"ListItem\",\"position\":2,\"name\":\"Ausstellungen\",\"item\":\"https:\\\/\\\/erinnakoenig.de\\\/ausstellungen\\\/\"},{\"@type\":\"ListItem\",\"position\":3,\"name\":\"Gruppenausstellungen\",\"item\":\"https:\\\/\\\/erinnakoenig.de\\\/ausstellungen\\\/gruppenausstellungen\\\/\"},{\"@type\":\"ListItem\",\"position\":4,\"name\":\"present perfect\"}]},{\"@type\":\"WebSite\",\"@id\":\"https:\\\/\\\/erinnakoenig.de\\\/#website\",\"url\":\"https:\\\/\\\/erinnakoenig.de\\\/\",\"name\":\"ERINNA K\u00d6NIG\",\"description\":\"EK STUDIO - D\u00fcsseldorf\",\"publisher\":{\"@id\":\"https:\\\/\\\/erinnakoenig.de\\\/#organization\"},\"potentialAction\":[{\"@type\":\"SearchAction\",\"target\":{\"@type\":\"EntryPoint\",\"urlTemplate\":\"https:\\\/\\\/erinnakoenig.de\\\/?s={search_term_string}\"},\"query-input\":{\"@type\":\"PropertyValueSpecification\",\"valueRequired\":true,\"valueName\":\"search_term_string\"}}],\"inLanguage\":\"en-GB\"},{\"@type\":\"Organization\",\"@id\":\"https:\\\/\\\/erinnakoenig.de\\\/#organization\",\"name\":\"EK STUDIO\",\"url\":\"https:\\\/\\\/erinnakoenig.de\\\/\",\"logo\":{\"@type\":\"ImageObject\",\"inLanguage\":\"en-GB\",\"@id\":\"https:\\\/\\\/erinnakoenig.de\\\/#\\\/schema\\\/logo\\\/image\\\/\",\"url\":\"https:\\\/\\\/erinnakoenig.de\\\/wp-content\\\/uploads\\\/2025\\\/08\\\/cropped-FAV.png\",\"contentUrl\":\"https:\\\/\\\/erinnakoenig.de\\\/wp-content\\\/uploads\\\/2025\\\/08\\\/cropped-FAV.png\",\"width\":512,\"height\":512,\"caption\":\"EK STUDIO\"},\"image\":{\"@id\":\"https:\\\/\\\/erinnakoenig.de\\\/#\\\/schema\\\/logo\\\/image\\\/\"},\"sameAs\":[\"https:\\\/\\\/www.instagram.com\\\/erinnakoenig\\\/\"]}]}<\/script>\n<!-- \/ Yoast SEO plugin. -->","yoast_head_json":{"title":"present perfect | ERINNA K\u00d6NIG","description":"Erinna K\u00f6nig (deutsch, 1947-2021), Meistersch\u00fclerin von Joseph Beuys an der D\u00fcsseldorfer Kunstakademie, verwandelte Fundobjekte zu eloquenter aesthetischer Skulptur-Malerei.","robots":{"index":"index","follow":"follow","max-snippet":"max-snippet:-1","max-image-preview":"max-image-preview:large","max-video-preview":"max-video-preview:-1"},"canonical":"https:\/\/erinnakoenig.de\/en\/ausstellungen\/gruppenausstellungen\/present-perfect\/","og_locale":"en_GB","og_type":"article","og_title":"present perfect | ERINNA K\u00d6NIG","og_description":"Erinna K\u00f6nig (deutsch, 1947-2021), Meistersch\u00fclerin von Joseph Beuys an der D\u00fcsseldorfer Kunstakademie, verwandelte Fundobjekte zu eloquenter aesthetischer Skulptur-Malerei.","og_url":"https:\/\/erinnakoenig.de\/en\/ausstellungen\/gruppenausstellungen\/present-perfect\/","og_site_name":"ERINNA K\u00d6NIG","article_modified_time":"2025-09-26T08:37:55+00:00","og_image":[{"width":1000,"height":1000,"url":"https:\/\/erinnakoenig.de\/wp-content\/uploads\/2025\/08\/Selbst-Portrait-1968-01.webp","type":"image\/webp"}],"twitter_card":"summary_large_image","twitter_misc":{"Estimated reading time":"4 minutes"},"schema":{"@context":"https:\/\/schema.org","@graph":[{"@type":"WebPage","@id":"https:\/\/erinnakoenig.de\/ausstellungen\/gruppenausstellungen\/present-perfect\/","url":"https:\/\/erinnakoenig.de\/ausstellungen\/gruppenausstellungen\/present-perfect\/","name":"present perfect | ERINNA K\u00d6NIG","isPartOf":{"@id":"https:\/\/erinnakoenig.de\/#website"},"datePublished":"2025-09-12T11:50:01+00:00","dateModified":"2025-09-26T08:37:55+00:00","description":"Erinna K\u00f6nig (deutsch, 1947-2021), Meistersch\u00fclerin von Joseph Beuys an der D\u00fcsseldorfer Kunstakademie, verwandelte Fundobjekte zu eloquenter aesthetischer Skulptur-Malerei.","breadcrumb":{"@id":"https:\/\/erinnakoenig.de\/ausstellungen\/gruppenausstellungen\/present-perfect\/#breadcrumb"},"inLanguage":"en-GB","potentialAction":[{"@type":"ReadAction","target":["https:\/\/erinnakoenig.de\/ausstellungen\/gruppenausstellungen\/present-perfect\/"]}]},{"@type":"BreadcrumbList","@id":"https:\/\/erinnakoenig.de\/ausstellungen\/gruppenausstellungen\/present-perfect\/#breadcrumb","itemListElement":[{"@type":"ListItem","position":1,"name":"Startseite","item":"https:\/\/erinnakoenig.de\/"},{"@type":"ListItem","position":2,"name":"Ausstellungen","item":"https:\/\/erinnakoenig.de\/ausstellungen\/"},{"@type":"ListItem","position":3,"name":"Gruppenausstellungen","item":"https:\/\/erinnakoenig.de\/ausstellungen\/gruppenausstellungen\/"},{"@type":"ListItem","position":4,"name":"present perfect"}]},{"@type":"WebSite","@id":"https:\/\/erinnakoenig.de\/#website","url":"https:\/\/erinnakoenig.de\/","name":"ERINNA K\u00d6NIG","description":"EK STUDIO - D\u00fcsseldorf","publisher":{"@id":"https:\/\/erinnakoenig.de\/#organization"},"potentialAction":[{"@type":"SearchAction","target":{"@type":"EntryPoint","urlTemplate":"https:\/\/erinnakoenig.de\/?s={search_term_string}"},"query-input":{"@type":"PropertyValueSpecification","valueRequired":true,"valueName":"search_term_string"}}],"inLanguage":"en-GB"},{"@type":"Organization","@id":"https:\/\/erinnakoenig.de\/#organization","name":"EK STUDIO","url":"https:\/\/erinnakoenig.de\/","logo":{"@type":"ImageObject","inLanguage":"en-GB","@id":"https:\/\/erinnakoenig.de\/#\/schema\/logo\/image\/","url":"https:\/\/erinnakoenig.de\/wp-content\/uploads\/2025\/08\/cropped-FAV.png","contentUrl":"https:\/\/erinnakoenig.de\/wp-content\/uploads\/2025\/08\/cropped-FAV.png","width":512,"height":512,"caption":"EK STUDIO"},"image":{"@id":"https:\/\/erinnakoenig.de\/#\/schema\/logo\/image\/"},"sameAs":["https:\/\/www.instagram.com\/erinnakoenig\/"]}]}},"_links":{"self":[{"href":"https:\/\/erinnakoenig.de\/en\/wp-json\/wp\/v2\/pages\/1298","targetHints":{"allow":["GET"]}}],"collection":[{"href":"https:\/\/erinnakoenig.de\/en\/wp-json\/wp\/v2\/pages"}],"about":[{"href":"https:\/\/erinnakoenig.de\/en\/wp-json\/wp\/v2\/types\/page"}],"author":[{"embeddable":true,"href":"https:\/\/erinnakoenig.de\/en\/wp-json\/wp\/v2\/users\/3"}],"replies":[{"embeddable":true,"href":"https:\/\/erinnakoenig.de\/en\/wp-json\/wp\/v2\/comments?post=1298"}],"version-history":[{"count":9,"href":"https:\/\/erinnakoenig.de\/en\/wp-json\/wp\/v2\/pages\/1298\/revisions"}],"predecessor-version":[{"id":1890,"href":"https:\/\/erinnakoenig.de\/en\/wp-json\/wp\/v2\/pages\/1298\/revisions\/1890"}],"up":[{"embeddable":true,"href":"https:\/\/erinnakoenig.de\/en\/wp-json\/wp\/v2\/pages\/275"}],"wp:attachment":[{"href":"https:\/\/erinnakoenig.de\/en\/wp-json\/wp\/v2\/media?parent=1298"}],"curies":[{"name":"wp","href":"https:\/\/api.w.org\/{rel}","templated":true}]}}