{"id":1290,"date":"2025-09-12T11:42:56","date_gmt":"2025-09-12T11:42:56","guid":{"rendered":"https:\/\/erinnakoenig.com\/?page_id=1290"},"modified":"2025-09-12T13:03:52","modified_gmt":"2025-09-12T13:03:52","slug":"identitaet-nicht-nachgewiesenneuerwerbungen-der-sammlung-des-bundes-bundeskunsthalle-bonn-2022","status":"publish","type":"page","link":"https:\/\/erinnakoenig.de\/en\/ausstellungen\/gruppenausstellungen\/identitaet-nicht-nachgewiesenneuerwerbungen-der-sammlung-des-bundes-bundeskunsthalle-bonn-2022\/","title":{"rendered":"\u201eIDENTIT\u00c4T NICHT NACHGEWIESEN\u201cNEUERWERBUNGEN DER SAMMLUNG DES BUNDES, Bundeskunsthalle Bonn, 2022"},"content":{"rendered":"<p>[et_pb_section fb_built=&#8220;1&#8243; _builder_version=&#8220;4.27.4&#8243; _module_preset=&#8220;default&#8220; global_colors_info=&#8220;{}&#8220;][et_pb_row _builder_version=&#8220;4.27.4&#8243; _module_preset=&#8220;default&#8220; global_colors_info=&#8220;{}&#8220;][et_pb_column type=&#8220;4_4&#8243; _builder_version=&#8220;4.27.4&#8243; _module_preset=&#8220;default&#8220; global_colors_info=&#8220;{}&#8220;][et_pb_heading title=&#8220;\u201eIDENTIT\u00c4T NICHT NACHGEWIESEN\u201c NEUERWERBUNGEN DER SAMMLUNG DES BUNDES, Bundeskunsthalle Bonn, 2022&#8243; _builder_version=&#8220;4.27.4&#8243; _module_preset=&#8220;default&#8220; title_font=&#8220;Avenir Light|100||on|||||&#8220; title_text_align=&#8220;right&#8220; global_colors_info=&#8220;{}&#8220;][\/et_pb_heading][\/et_pb_column][\/et_pb_row][et_pb_row column_structure=&#8220;2_3,1_3&#8243; _builder_version=&#8220;4.27.4&#8243; _module_preset=&#8220;default&#8220; global_colors_info=&#8220;{}&#8220;][et_pb_column type=&#8220;2_3&#8243; _builder_version=&#8220;4.27.4&#8243; _module_preset=&#8220;default&#8220; global_colors_info=&#8220;{}&#8220;][et_pb_text _builder_version=&#8220;4.27.4&#8243; _module_preset=&#8220;default&#8220; global_colors_info=&#8220;{}&#8220;]<\/p>\n<p><strong>\u201eIDENTIT\u00c4T NICHT NACHGEWIESEN\u201c<\/strong><br \/><strong>NEUERWERBUNGEN DER SAMMLUNG DES BUNDES<\/strong><\/p>\n<p>Bundeskunsthalle Bonn<br \/>7.Mai &#8211; 3.Oktober 2022<\/p>\n<p>Die Bundeskunsthalle zeigt regelm\u00e4\u00dfig Ausstellungen mit Werken aus der Sammlung des Bundes. Diese pr\u00e4sentiert eine Auswahl von etwa 170 Arbeiten, die innerhalb der f\u00fcnfj\u00e4hrigen T\u00e4tigkeit (2017\u20132021) von der Fachkommission angekauft worden sind sowie Werke, die mit Mitteln von\u00a0Neustart Kultur\u00a0(2020\u20132021) von einer erweiterten Kommission erworben wurden. Die Durchmischung der beiden Ankaufskonvolute verspricht eine gr\u00f6\u00dftm\u00f6gliche Aktualit\u00e4t und einen repr\u00e4sentativen Querschnitt der zeitgen\u00f6ssischen, mitunter auch sehr jungen Produktion.<\/p>\n<p>Das kuratorische Konzept wurde mit einem Team aus Mitgliedern der Ankaufskommissionen entwickelt, und schon der gew\u00e4hlte Titel der Ausstellung, ein Werkzitat, verweist auf den Anspruch, der an die Werkauswahl gestellt wurde: Diversit\u00e4t, Toleranz und gesellschaftliche und pers\u00f6nliche Hinterfragungen sind Kriterien, nach denen die Werke ausgesucht worden sind. F\u00fcr die dialogische Konzeption waren au\u00dferdem Themen wie zeitgen\u00f6ssische politische und gesellschaftliche Relevanz, postkolonialer Diskurs, Posthumanit\u00e4t, Geschichtskonstruktionen, Urbanit\u00e4t oder auch eine werkimmanente Bild\u00e4sthetik ma\u00dfgeblich. Die Ausstellung tr\u00e4gt der im zeitgen\u00f6ssischen Kontext relevanten Sammlung des Bundes Rechnung und veranschaulicht, wie historische und aktuelle Entwicklungen, kollektive Sehgewohnheiten oder Hinterfragungen von Bildkonstruktionen k\u00fcnstlerisch und modellhaft umgesetzt werden. \u00a0Die Auswahl der Werke belegt zudem, dass die gegenw\u00e4rtigen k\u00fcnstlerischen Ausdrucksformen eine breite Palette an Techniken und Medien umfassen \u2013 von raumgreifenden Installationen, Zeichnung, Malerei und Skulptur bis hin zu Fotografie und Videoarbeiten.<\/p>\n<p>Sammlung zeitgen\u00f6ssische Kunst der Bundesrepublik Deutschland<\/p>\n<p>Ank\u00e4ufe von 2017 bis 2021 und Ank\u00e4ufe\u00a0Neustart Kultur\u00a0von 2020 bis 2021<\/p>\n<p>Eine Ausstellung der Kunst- und Ausstellungshalle der Bundesrepublik Deutschland in Zusammenarbeit mit der Beauftragten der Bundesregierung f\u00fcr Kultur und Medien (BKM).<\/p>\n<p>Kuratorin: Susanne Kleine<\/p>\n<p>[\/et_pb_text][\/et_pb_column][et_pb_column type=&#8220;1_3&#8243; _builder_version=&#8220;4.27.4&#8243; _module_preset=&#8220;default&#8220; global_colors_info=&#8220;{}&#8220;][et_pb_image src=&#8220;https:\/\/erinnakoenig.de\/wp-content\/uploads\/2025\/09\/Machtpeter.webp&#8220; title_text=&#8220;Machtpeter&#8220; show_in_lightbox=&#8220;on&#8220; _builder_version=&#8220;4.27.4&#8243; _module_preset=&#8220;default&#8220; custom_margin=&#8220;127px||12px|||&#8220; global_colors_info=&#8220;{}&#8220;][\/et_pb_image][et_pb_text _builder_version=&#8220;4.27.4&#8243; _module_preset=&#8220;default&#8220; text_font_size=&#8220;14px&#8220; custom_margin=&#8220;-3px|||||&#8220; global_colors_info=&#8220;{}&#8220;]<\/p>\n<p class=\"p1\"><strong>Machtpeter<\/strong><\/p>\n<p>[\/et_pb_text][\/et_pb_column][\/et_pb_row][\/et_pb_section]<\/p>\n","protected":false},"excerpt":{"rendered":"<p>\u201eIDENTIT\u00c4T NICHT NACHGEWIESEN\u201cNEUERWERBUNGEN DER SAMMLUNG DES BUNDES Bundeskunsthalle Bonn7.Mai &#8211; 3.Oktober 2022 Die Bundeskunsthalle zeigt regelm\u00e4\u00dfig Ausstellungen mit Werken aus der Sammlung des Bundes. Diese pr\u00e4sentiert eine Auswahl von etwa 170 Arbeiten, die innerhalb der f\u00fcnfj\u00e4hrigen T\u00e4tigkeit (2017\u20132021) von der Fachkommission angekauft worden sind sowie Werke, die mit Mitteln von\u00a0Neustart Kultur\u00a0(2020\u20132021) von einer erweiterten Kommission [&hellip;]<\/p>\n","protected":false},"author":3,"featured_media":0,"parent":275,"menu_order":0,"comment_status":"closed","ping_status":"closed","template":"","meta":{"_et_pb_use_builder":"on","_et_pb_old_content":"","_et_gb_content_width":"","footnotes":""},"class_list":["post-1290","page","type-page","status-publish","hentry"],"yoast_head":"<!-- This site is optimized with the Yoast SEO plugin v27.4 - https:\/\/yoast.com\/product\/yoast-seo-wordpress\/ -->\n<title>\u201eIDENTIT\u00c4T NICHT NACHGEWIESEN\u201cNEUERWERBUNGEN DER SAMMLUNG DES BUNDES, Bundeskunsthalle Bonn, 2022 | ERINNA K\u00d6NIG<\/title>\n<meta name=\"description\" content=\"Erinna K\u00f6nig (deutsch, 1947-2021), Meistersch\u00fclerin von Joseph Beuys an der D\u00fcsseldorfer Kunstakademie, verwandelte Fundobjekte zu eloquenter aesthetischer Skulptur-Malerei.\" \/>\n<meta name=\"robots\" content=\"index, follow, max-snippet:-1, max-image-preview:large, max-video-preview:-1\" \/>\n<link rel=\"canonical\" href=\"https:\/\/erinnakoenig.de\/en\/ausstellungen\/gruppenausstellungen\/identitaet-nicht-nachgewiesenneuerwerbungen-der-sammlung-des-bundes-bundeskunsthalle-bonn-2022\/\" \/>\n<meta property=\"og:locale\" content=\"en_GB\" \/>\n<meta property=\"og:type\" content=\"article\" \/>\n<meta property=\"og:title\" content=\"\u201eIDENTIT\u00c4T NICHT NACHGEWIESEN\u201cNEUERWERBUNGEN DER SAMMLUNG DES BUNDES, Bundeskunsthalle Bonn, 2022 | ERINNA K\u00d6NIG\" \/>\n<meta property=\"og:description\" content=\"Erinna K\u00f6nig (deutsch, 1947-2021), Meistersch\u00fclerin von Joseph Beuys an der D\u00fcsseldorfer Kunstakademie, verwandelte Fundobjekte zu eloquenter aesthetischer Skulptur-Malerei.\" \/>\n<meta property=\"og:url\" content=\"https:\/\/erinnakoenig.de\/en\/ausstellungen\/gruppenausstellungen\/identitaet-nicht-nachgewiesenneuerwerbungen-der-sammlung-des-bundes-bundeskunsthalle-bonn-2022\/\" \/>\n<meta property=\"og:site_name\" content=\"ERINNA K\u00d6NIG\" \/>\n<meta property=\"article:modified_time\" content=\"2025-09-12T13:03:52+00:00\" \/>\n<meta property=\"og:image\" content=\"https:\/\/erinnakoenig.de\/wp-content\/uploads\/2025\/08\/Selbst-Portrait-1968-01.webp\" \/>\n\t<meta property=\"og:image:width\" content=\"1000\" \/>\n\t<meta property=\"og:image:height\" content=\"1000\" \/>\n\t<meta property=\"og:image:type\" content=\"image\/webp\" \/>\n<meta name=\"twitter:card\" content=\"summary_large_image\" \/>\n<meta name=\"twitter:label1\" content=\"Estimated reading time\" \/>\n\t<meta name=\"twitter:data1\" content=\"2 minutes\" \/>\n<script type=\"application\/ld+json\" class=\"yoast-schema-graph\">{\"@context\":\"https:\\\/\\\/schema.org\",\"@graph\":[{\"@type\":\"WebPage\",\"@id\":\"https:\\\/\\\/erinnakoenig.de\\\/ausstellungen\\\/gruppenausstellungen\\\/identitaet-nicht-nachgewiesenneuerwerbungen-der-sammlung-des-bundes-bundeskunsthalle-bonn-2022\\\/\",\"url\":\"https:\\\/\\\/erinnakoenig.de\\\/ausstellungen\\\/gruppenausstellungen\\\/identitaet-nicht-nachgewiesenneuerwerbungen-der-sammlung-des-bundes-bundeskunsthalle-bonn-2022\\\/\",\"name\":\"\u201eIDENTIT\u00c4T NICHT NACHGEWIESEN\u201cNEUERWERBUNGEN DER SAMMLUNG DES BUNDES, Bundeskunsthalle Bonn, 2022 | ERINNA K\u00d6NIG\",\"isPartOf\":{\"@id\":\"https:\\\/\\\/erinnakoenig.de\\\/#website\"},\"datePublished\":\"2025-09-12T11:42:56+00:00\",\"dateModified\":\"2025-09-12T13:03:52+00:00\",\"description\":\"Erinna K\u00f6nig (deutsch, 1947-2021), Meistersch\u00fclerin von Joseph Beuys an der D\u00fcsseldorfer Kunstakademie, verwandelte Fundobjekte zu eloquenter aesthetischer Skulptur-Malerei.\",\"breadcrumb\":{\"@id\":\"https:\\\/\\\/erinnakoenig.de\\\/ausstellungen\\\/gruppenausstellungen\\\/identitaet-nicht-nachgewiesenneuerwerbungen-der-sammlung-des-bundes-bundeskunsthalle-bonn-2022\\\/#breadcrumb\"},\"inLanguage\":\"en-GB\",\"potentialAction\":[{\"@type\":\"ReadAction\",\"target\":[\"https:\\\/\\\/erinnakoenig.de\\\/ausstellungen\\\/gruppenausstellungen\\\/identitaet-nicht-nachgewiesenneuerwerbungen-der-sammlung-des-bundes-bundeskunsthalle-bonn-2022\\\/\"]}]},{\"@type\":\"BreadcrumbList\",\"@id\":\"https:\\\/\\\/erinnakoenig.de\\\/ausstellungen\\\/gruppenausstellungen\\\/identitaet-nicht-nachgewiesenneuerwerbungen-der-sammlung-des-bundes-bundeskunsthalle-bonn-2022\\\/#breadcrumb\",\"itemListElement\":[{\"@type\":\"ListItem\",\"position\":1,\"name\":\"Startseite\",\"item\":\"https:\\\/\\\/erinnakoenig.de\\\/\"},{\"@type\":\"ListItem\",\"position\":2,\"name\":\"Ausstellungen\",\"item\":\"https:\\\/\\\/erinnakoenig.de\\\/ausstellungen\\\/\"},{\"@type\":\"ListItem\",\"position\":3,\"name\":\"Gruppenausstellungen\",\"item\":\"https:\\\/\\\/erinnakoenig.de\\\/ausstellungen\\\/gruppenausstellungen\\\/\"},{\"@type\":\"ListItem\",\"position\":4,\"name\":\"\u201eIDENTIT\u00c4T NICHT NACHGEWIESEN\u201cNEUERWERBUNGEN DER SAMMLUNG DES BUNDES, Bundeskunsthalle Bonn, 2022\"}]},{\"@type\":\"WebSite\",\"@id\":\"https:\\\/\\\/erinnakoenig.de\\\/#website\",\"url\":\"https:\\\/\\\/erinnakoenig.de\\\/\",\"name\":\"ERINNA K\u00d6NIG\",\"description\":\"EK STUDIO - D\u00fcsseldorf\",\"publisher\":{\"@id\":\"https:\\\/\\\/erinnakoenig.de\\\/#organization\"},\"potentialAction\":[{\"@type\":\"SearchAction\",\"target\":{\"@type\":\"EntryPoint\",\"urlTemplate\":\"https:\\\/\\\/erinnakoenig.de\\\/?s={search_term_string}\"},\"query-input\":{\"@type\":\"PropertyValueSpecification\",\"valueRequired\":true,\"valueName\":\"search_term_string\"}}],\"inLanguage\":\"en-GB\"},{\"@type\":\"Organization\",\"@id\":\"https:\\\/\\\/erinnakoenig.de\\\/#organization\",\"name\":\"EK STUDIO\",\"url\":\"https:\\\/\\\/erinnakoenig.de\\\/\",\"logo\":{\"@type\":\"ImageObject\",\"inLanguage\":\"en-GB\",\"@id\":\"https:\\\/\\\/erinnakoenig.de\\\/#\\\/schema\\\/logo\\\/image\\\/\",\"url\":\"https:\\\/\\\/erinnakoenig.de\\\/wp-content\\\/uploads\\\/2025\\\/08\\\/cropped-FAV.png\",\"contentUrl\":\"https:\\\/\\\/erinnakoenig.de\\\/wp-content\\\/uploads\\\/2025\\\/08\\\/cropped-FAV.png\",\"width\":512,\"height\":512,\"caption\":\"EK STUDIO\"},\"image\":{\"@id\":\"https:\\\/\\\/erinnakoenig.de\\\/#\\\/schema\\\/logo\\\/image\\\/\"},\"sameAs\":[\"https:\\\/\\\/www.instagram.com\\\/erinnakoenig\\\/\"]}]}<\/script>\n<!-- \/ Yoast SEO plugin. -->","yoast_head_json":{"title":"\u201eIDENTIT\u00c4T NICHT NACHGEWIESEN\u201cNEUERWERBUNGEN DER SAMMLUNG DES BUNDES, Bundeskunsthalle Bonn, 2022 | ERINNA K\u00d6NIG","description":"Erinna K\u00f6nig (deutsch, 1947-2021), Meistersch\u00fclerin von Joseph Beuys an der D\u00fcsseldorfer Kunstakademie, verwandelte Fundobjekte zu eloquenter aesthetischer Skulptur-Malerei.","robots":{"index":"index","follow":"follow","max-snippet":"max-snippet:-1","max-image-preview":"max-image-preview:large","max-video-preview":"max-video-preview:-1"},"canonical":"https:\/\/erinnakoenig.de\/en\/ausstellungen\/gruppenausstellungen\/identitaet-nicht-nachgewiesenneuerwerbungen-der-sammlung-des-bundes-bundeskunsthalle-bonn-2022\/","og_locale":"en_GB","og_type":"article","og_title":"\u201eIDENTIT\u00c4T NICHT NACHGEWIESEN\u201cNEUERWERBUNGEN DER SAMMLUNG DES BUNDES, Bundeskunsthalle Bonn, 2022 | ERINNA K\u00d6NIG","og_description":"Erinna K\u00f6nig (deutsch, 1947-2021), Meistersch\u00fclerin von Joseph Beuys an der D\u00fcsseldorfer Kunstakademie, verwandelte Fundobjekte zu eloquenter aesthetischer Skulptur-Malerei.","og_url":"https:\/\/erinnakoenig.de\/en\/ausstellungen\/gruppenausstellungen\/identitaet-nicht-nachgewiesenneuerwerbungen-der-sammlung-des-bundes-bundeskunsthalle-bonn-2022\/","og_site_name":"ERINNA K\u00d6NIG","article_modified_time":"2025-09-12T13:03:52+00:00","og_image":[{"width":1000,"height":1000,"url":"https:\/\/erinnakoenig.de\/wp-content\/uploads\/2025\/08\/Selbst-Portrait-1968-01.webp","type":"image\/webp"}],"twitter_card":"summary_large_image","twitter_misc":{"Estimated reading time":"2 minutes"},"schema":{"@context":"https:\/\/schema.org","@graph":[{"@type":"WebPage","@id":"https:\/\/erinnakoenig.de\/ausstellungen\/gruppenausstellungen\/identitaet-nicht-nachgewiesenneuerwerbungen-der-sammlung-des-bundes-bundeskunsthalle-bonn-2022\/","url":"https:\/\/erinnakoenig.de\/ausstellungen\/gruppenausstellungen\/identitaet-nicht-nachgewiesenneuerwerbungen-der-sammlung-des-bundes-bundeskunsthalle-bonn-2022\/","name":"\u201eIDENTIT\u00c4T NICHT NACHGEWIESEN\u201cNEUERWERBUNGEN DER SAMMLUNG DES BUNDES, Bundeskunsthalle Bonn, 2022 | ERINNA K\u00d6NIG","isPartOf":{"@id":"https:\/\/erinnakoenig.de\/#website"},"datePublished":"2025-09-12T11:42:56+00:00","dateModified":"2025-09-12T13:03:52+00:00","description":"Erinna K\u00f6nig (deutsch, 1947-2021), Meistersch\u00fclerin von Joseph Beuys an der D\u00fcsseldorfer Kunstakademie, verwandelte Fundobjekte zu eloquenter aesthetischer Skulptur-Malerei.","breadcrumb":{"@id":"https:\/\/erinnakoenig.de\/ausstellungen\/gruppenausstellungen\/identitaet-nicht-nachgewiesenneuerwerbungen-der-sammlung-des-bundes-bundeskunsthalle-bonn-2022\/#breadcrumb"},"inLanguage":"en-GB","potentialAction":[{"@type":"ReadAction","target":["https:\/\/erinnakoenig.de\/ausstellungen\/gruppenausstellungen\/identitaet-nicht-nachgewiesenneuerwerbungen-der-sammlung-des-bundes-bundeskunsthalle-bonn-2022\/"]}]},{"@type":"BreadcrumbList","@id":"https:\/\/erinnakoenig.de\/ausstellungen\/gruppenausstellungen\/identitaet-nicht-nachgewiesenneuerwerbungen-der-sammlung-des-bundes-bundeskunsthalle-bonn-2022\/#breadcrumb","itemListElement":[{"@type":"ListItem","position":1,"name":"Startseite","item":"https:\/\/erinnakoenig.de\/"},{"@type":"ListItem","position":2,"name":"Ausstellungen","item":"https:\/\/erinnakoenig.de\/ausstellungen\/"},{"@type":"ListItem","position":3,"name":"Gruppenausstellungen","item":"https:\/\/erinnakoenig.de\/ausstellungen\/gruppenausstellungen\/"},{"@type":"ListItem","position":4,"name":"\u201eIDENTIT\u00c4T NICHT NACHGEWIESEN\u201cNEUERWERBUNGEN DER SAMMLUNG DES BUNDES, Bundeskunsthalle Bonn, 2022"}]},{"@type":"WebSite","@id":"https:\/\/erinnakoenig.de\/#website","url":"https:\/\/erinnakoenig.de\/","name":"ERINNA K\u00d6NIG","description":"EK STUDIO - D\u00fcsseldorf","publisher":{"@id":"https:\/\/erinnakoenig.de\/#organization"},"potentialAction":[{"@type":"SearchAction","target":{"@type":"EntryPoint","urlTemplate":"https:\/\/erinnakoenig.de\/?s={search_term_string}"},"query-input":{"@type":"PropertyValueSpecification","valueRequired":true,"valueName":"search_term_string"}}],"inLanguage":"en-GB"},{"@type":"Organization","@id":"https:\/\/erinnakoenig.de\/#organization","name":"EK STUDIO","url":"https:\/\/erinnakoenig.de\/","logo":{"@type":"ImageObject","inLanguage":"en-GB","@id":"https:\/\/erinnakoenig.de\/#\/schema\/logo\/image\/","url":"https:\/\/erinnakoenig.de\/wp-content\/uploads\/2025\/08\/cropped-FAV.png","contentUrl":"https:\/\/erinnakoenig.de\/wp-content\/uploads\/2025\/08\/cropped-FAV.png","width":512,"height":512,"caption":"EK STUDIO"},"image":{"@id":"https:\/\/erinnakoenig.de\/#\/schema\/logo\/image\/"},"sameAs":["https:\/\/www.instagram.com\/erinnakoenig\/"]}]}},"_links":{"self":[{"href":"https:\/\/erinnakoenig.de\/en\/wp-json\/wp\/v2\/pages\/1290","targetHints":{"allow":["GET"]}}],"collection":[{"href":"https:\/\/erinnakoenig.de\/en\/wp-json\/wp\/v2\/pages"}],"about":[{"href":"https:\/\/erinnakoenig.de\/en\/wp-json\/wp\/v2\/types\/page"}],"author":[{"embeddable":true,"href":"https:\/\/erinnakoenig.de\/en\/wp-json\/wp\/v2\/users\/3"}],"replies":[{"embeddable":true,"href":"https:\/\/erinnakoenig.de\/en\/wp-json\/wp\/v2\/comments?post=1290"}],"version-history":[{"count":8,"href":"https:\/\/erinnakoenig.de\/en\/wp-json\/wp\/v2\/pages\/1290\/revisions"}],"predecessor-version":[{"id":1333,"href":"https:\/\/erinnakoenig.de\/en\/wp-json\/wp\/v2\/pages\/1290\/revisions\/1333"}],"up":[{"embeddable":true,"href":"https:\/\/erinnakoenig.de\/en\/wp-json\/wp\/v2\/pages\/275"}],"wp:attachment":[{"href":"https:\/\/erinnakoenig.de\/en\/wp-json\/wp\/v2\/media?parent=1290"}],"curies":[{"name":"wp","href":"https:\/\/api.w.org\/{rel}","templated":true}]}}