{"id":1153,"date":"2025-09-09T16:58:01","date_gmt":"2025-09-09T16:58:01","guid":{"rendered":"https:\/\/erinnakoenig.com\/?page_id=1153"},"modified":"2025-09-20T13:37:20","modified_gmt":"2025-09-20T13:37:20","slug":"der-westen-leuchtet","status":"publish","type":"page","link":"https:\/\/erinnakoenig.de\/en\/ausstellungen\/gruppenausstellungen\/der-westen-leuchtet\/","title":{"rendered":"The Luminous West"},"content":{"rendered":"<p>[et_pb_section fb_built=&#8220;1&#8243; _builder_version=&#8220;4.27.4&#8243; _module_preset=&#8220;default&#8220; global_colors_info=&#8220;{}&#8220;][et_pb_row _builder_version=&#8220;4.27.4&#8243; _module_preset=&#8220;default&#8220; global_colors_info=&#8220;{}&#8220;][et_pb_column type=&#8220;4_4&#8243; _builder_version=&#8220;4.27.4&#8243; _module_preset=&#8220;default&#8220; global_colors_info=&#8220;{}&#8220;][et_pb_heading title=&#8220;Der Westen leuchtet &#8211; Kunstmuseum Bonn &#8211; 10. Juli \u2013 24. Oktober 2010&#8243; _builder_version=&#8220;4.27.4&#8243; _module_preset=&#8220;default&#8220; title_font=&#8220;Avenir Light|100||on|||||&#8220; title_text_align=&#8220;right&#8220; global_colors_info=&#8220;{}&#8220;][\/et_pb_heading][\/et_pb_column][\/et_pb_row][et_pb_row _builder_version=&#8220;4.27.4&#8243; _module_preset=&#8220;default&#8220; global_colors_info=&#8220;{}&#8220;][et_pb_column type=&#8220;4_4&#8243; _builder_version=&#8220;4.27.4&#8243; _module_preset=&#8220;default&#8220; global_colors_info=&#8220;{}&#8220;][et_pb_text _builder_version=&#8220;4.27.4&#8243; _module_preset=&#8220;default&#8220; hover_enabled=&#8220;0&#8243; global_colors_info=&#8220;{}&#8220; sticky_enabled=&#8220;0&#8243;]<\/p>\n<p class=\"p3\"><b>Der Westen leuchtet<br \/><\/b>10. Juli \u2013 24. Oktober 2010<\/p>\n<p class=\"p4\"><i>DER WESTEN LEUCHTET<\/i> \u2013 eines der gr\u00f6\u00dften Ausstellungsprojekte in der Geschichte des Kunstmu\u00adseums Bonn \u2013 versammelt 33 K\u00fcnstlerinnen und K\u00fcnstler aus zwei Generationen auf insgesamt 3500 m<span class=\"s1\"><sup>2<\/sup><\/span> Ausstellungsfl\u00e4che zu einer breit angelegten Standortbestimmung der Kunstlandschaft des Rhein\u00adlandes und Nordrhein-Westfalens. Die Schau bildet im Zusammen\u00adklang mit den gro\u00dfen Jah\u00adresfesti\u00advals <i>Kulturhauptstadt Europa Ruhr.2010<\/i> und <i>Qua\u00addriennale 2010<\/i> in D\u00fcsseldorf gleichsam die s\u00fcdliche Erg\u00e4n\u00adzung einer <i>Grand Tour<\/i> durch die rhei\u00adnische Kunst- und Kulturszene im Bundes\u00adland Nordrhein-Westfa\u00adlen.<\/p>\n<p class=\"p4\">Ausgehend von einem historischen Kern, den Joseph Beuys, Imi Knoebel, Blinky Palermo, Sig\u00admar Polke und Gerhard Rich\u00adter verk\u00f6rpern, stellt <i>DER WESTEN LEUCHTET<\/i> zum einen die we\u00adsentli\u00adchen K\u00fcnstlerinnen und K\u00fcnstler der \u00e4lteren Gene\u00adration jeweils mit neuen Arbeiten vor. Diese werden wie\u00adderum mit zentralen Positi\u00adonen der jungen Nachwuchskunst zu einer Ge\u00adsamtschau von 33 Teilneh\u00admern verkn\u00fcpft. Ganz bewusst ist dabei keine ersch\u00f6pfende \u00dcber\u00adsicht angestrebt, sondern eine poin\u00adtierte Aus\u00adwahl, um auf diese Weise das Profil der Ausstel\u00adlung wie auch der Region zu sch\u00e4rfen.<\/p>\n<p class=\"p4\">Von fr\u00fcheren Ausstellungen, die sich der Kunst aus dem Rheinland und\/oder aus NRW widme\u00adten, unterscheidet sich <i>DER WESTEN LEUCHTET<\/i> zum einen durch die Kombination der histori\u00adschen und der aktuellen Perspektive, zum zweiten durch eine doppelte kuratorische Zielset\u00adzung: Die Auswahl der \u00e4lteren Generation erfolgte durch das Wissenschaftlerteam des Kunst\u00admuse\u00adums (Volker Adolphs, Stephan Berg, Stefan Gronert, Irene Kleinschmidt-Altpeter, Sabina Le\u00dfmann und Chri\u00adstoph Schreier). Die Nachwuchspositionen hin\u00adgegen wurden von diesen ausgew\u00e4hlten K\u00fcnstlern benannt. Diese Auf\u00adteilung der kuratorischen Verantwor\u00adtung zwi\u00adschen Kunsthistorikern<span class=\"Apple-converted-space\">\u00a0 <\/span>und K\u00fcnstlern versteht sich als bewusstes Zeichen gegen das Fan\u00adtasma des omnipotenten Kurators und als Anerken\u00adnung der priorit\u00e4\u00adren Leis\u00adtung der K\u00fcnstle\u00adrinnen und K\u00fcnstler.<\/p>\n<p class=\"p4\">Analog zum Sammlungskonzept des Kunstmuseums Bonn werden die Teilnehmer nicht mit einzelnen Arbeiten, sondern jeweils mit ganzen R\u00e4u\u00admen vorgestellt. Neben dem eingangs er\u00adw\u00e4hnten \u201ehistori\u00adschen\u201c Kern w\u00e4hlte das Team des Kunst\u00admuseums als wegweisende Positio\u00adnen der \u00e4lteren Genera\u00adtion aus: Bernd und Hilla Becher, Anna und Bernhard Johannes Blume, Tony Cragg, Isa Genzken, And\u00adreas Gursky, Georg Herold, J\u00fcrgen Klauke, Marcel Odenbach, Albert Oehlen, Ulrich R\u00fcckriem, Tho\u00admas Sch\u00fctte, Katharina Sieverding, Rose\u00adma\u00adrie Trockel und Timm Ulrichs. Diese haben 14 Nach\u00adwuchspositionen vorgeschlagen, die aus ihrer Sicht das Potenzial haben, das eindrucks\u00advolle k\u00fcnstlerische Erbe des Rheinlandes pro\u00adduktiv in die Zu\u00adkunft zu entwickeln bzw. neu zu befra\u00adgen. Im Einzelnen sind das: Thomas Ar\u00adnolds, Martina De\u00adbus, Simon Denny, Chris Dur\u00adham, Claudia F\u00e4hrenkemper, Natascha Sadr Haghighian, David Hahlbrock, Benjamin Houlihan, Bernd Kastner, Christian Keinstar,<b> Erinna K\u00f6nig, <\/b>Gereon Krebber, Ursula Neugebauer und Mi\u00adchail Pirgelis. Im Idealfall kann <i>DER WESTEN LEUCHTET<\/i> auf diese Weise zu einer Vermessung des k\u00fcnstle\u00adrischen Erbes des Rheinlandes wie auch zu einem Entwurf seiner k\u00fcnstlerischen Zukunft werden.<\/p>\n<p>PRESSEMITTEILUNG, Kunstmuseum Bonn<\/p>\n<p>[\/et_pb_text][et_pb_gallery gallery_ids=&#8220;1141,1142,1143,1144,1145,1146,1148,1147,1149,1150,1151&#8243; _builder_version=&#8220;4.27.4&#8243; _module_preset=&#8220;default&#8220; custom_margin=&#8220;49px|||||&#8220; global_colors_info=&#8220;{}&#8220;][\/et_pb_gallery][\/et_pb_column][\/et_pb_row][\/et_pb_section]<\/p>\n","protected":false},"excerpt":{"rendered":"<p>Der Westen leuchtet10. Juli \u2013 24. Oktober 2010 DER WESTEN LEUCHTET \u2013 eines der gr\u00f6\u00dften Ausstellungsprojekte in der Geschichte des Kunstmu\u00adseums Bonn \u2013 versammelt 33 K\u00fcnstlerinnen und K\u00fcnstler aus zwei Generationen auf insgesamt 3500 m2 Ausstellungsfl\u00e4che zu einer breit angelegten Standortbestimmung der Kunstlandschaft des Rhein\u00adlandes und Nordrhein-Westfalens. Die Schau bildet im Zusammen\u00adklang mit den gro\u00dfen [&hellip;]<\/p>\n","protected":false},"author":3,"featured_media":0,"parent":275,"menu_order":0,"comment_status":"closed","ping_status":"closed","template":"","meta":{"_et_pb_use_builder":"on","_et_pb_old_content":"","_et_gb_content_width":"","footnotes":""},"class_list":["post-1153","page","type-page","status-publish","hentry"],"yoast_head":"<!-- This site is optimized with the Yoast SEO plugin v27.4 - https:\/\/yoast.com\/product\/yoast-seo-wordpress\/ -->\n<title>Der Westen leuchtet | ERINNA K\u00d6NIG<\/title>\n<meta name=\"description\" content=\"Erinna K\u00f6nig (deutsch, 1947-2021), Meistersch\u00fclerin von Joseph Beuys an der D\u00fcsseldorfer Kunstakademie, verwandelte Fundobjekte zu eloquenter aesthetischer Skulptur-Malerei.\" \/>\n<meta name=\"robots\" content=\"index, follow, max-snippet:-1, max-image-preview:large, max-video-preview:-1\" \/>\n<link rel=\"canonical\" href=\"https:\/\/erinnakoenig.de\/en\/ausstellungen\/gruppenausstellungen\/der-westen-leuchtet\/\" \/>\n<meta property=\"og:locale\" content=\"en_GB\" \/>\n<meta property=\"og:type\" content=\"article\" \/>\n<meta property=\"og:title\" content=\"Der Westen leuchtet | ERINNA K\u00d6NIG\" \/>\n<meta property=\"og:description\" content=\"Erinna K\u00f6nig (deutsch, 1947-2021), Meistersch\u00fclerin von Joseph Beuys an der D\u00fcsseldorfer Kunstakademie, verwandelte Fundobjekte zu eloquenter aesthetischer Skulptur-Malerei.\" \/>\n<meta property=\"og:url\" content=\"https:\/\/erinnakoenig.de\/en\/ausstellungen\/gruppenausstellungen\/der-westen-leuchtet\/\" \/>\n<meta property=\"og:site_name\" content=\"ERINNA K\u00d6NIG\" \/>\n<meta property=\"article:modified_time\" content=\"2025-09-20T13:37:20+00:00\" \/>\n<meta property=\"og:image\" content=\"https:\/\/erinnakoenig.de\/wp-content\/uploads\/2025\/08\/Selbst-Portrait-1968-01.webp\" \/>\n\t<meta property=\"og:image:width\" content=\"1000\" \/>\n\t<meta property=\"og:image:height\" content=\"1000\" \/>\n\t<meta property=\"og:image:type\" content=\"image\/webp\" \/>\n<meta name=\"twitter:card\" content=\"summary_large_image\" \/>\n<meta name=\"twitter:label1\" content=\"Estimated reading time\" \/>\n\t<meta name=\"twitter:data1\" content=\"3 minutes\" \/>\n<script type=\"application\/ld+json\" class=\"yoast-schema-graph\">{\"@context\":\"https:\\\/\\\/schema.org\",\"@graph\":[{\"@type\":\"WebPage\",\"@id\":\"https:\\\/\\\/erinnakoenig.de\\\/ausstellungen\\\/gruppenausstellungen\\\/der-westen-leuchtet\\\/\",\"url\":\"https:\\\/\\\/erinnakoenig.de\\\/ausstellungen\\\/gruppenausstellungen\\\/der-westen-leuchtet\\\/\",\"name\":\"Der Westen leuchtet | ERINNA K\u00d6NIG\",\"isPartOf\":{\"@id\":\"https:\\\/\\\/erinnakoenig.de\\\/#website\"},\"datePublished\":\"2025-09-09T16:58:01+00:00\",\"dateModified\":\"2025-09-20T13:37:20+00:00\",\"description\":\"Erinna K\u00f6nig (deutsch, 1947-2021), Meistersch\u00fclerin von Joseph Beuys an der D\u00fcsseldorfer Kunstakademie, verwandelte Fundobjekte zu eloquenter aesthetischer Skulptur-Malerei.\",\"breadcrumb\":{\"@id\":\"https:\\\/\\\/erinnakoenig.de\\\/ausstellungen\\\/gruppenausstellungen\\\/der-westen-leuchtet\\\/#breadcrumb\"},\"inLanguage\":\"en-GB\",\"potentialAction\":[{\"@type\":\"ReadAction\",\"target\":[\"https:\\\/\\\/erinnakoenig.de\\\/ausstellungen\\\/gruppenausstellungen\\\/der-westen-leuchtet\\\/\"]}]},{\"@type\":\"BreadcrumbList\",\"@id\":\"https:\\\/\\\/erinnakoenig.de\\\/ausstellungen\\\/gruppenausstellungen\\\/der-westen-leuchtet\\\/#breadcrumb\",\"itemListElement\":[{\"@type\":\"ListItem\",\"position\":1,\"name\":\"Startseite\",\"item\":\"https:\\\/\\\/erinnakoenig.de\\\/\"},{\"@type\":\"ListItem\",\"position\":2,\"name\":\"Ausstellungen\",\"item\":\"https:\\\/\\\/erinnakoenig.de\\\/ausstellungen\\\/\"},{\"@type\":\"ListItem\",\"position\":3,\"name\":\"Gruppenausstellungen\",\"item\":\"https:\\\/\\\/erinnakoenig.de\\\/ausstellungen\\\/gruppenausstellungen\\\/\"},{\"@type\":\"ListItem\",\"position\":4,\"name\":\"Der Westen leuchtet\"}]},{\"@type\":\"WebSite\",\"@id\":\"https:\\\/\\\/erinnakoenig.de\\\/#website\",\"url\":\"https:\\\/\\\/erinnakoenig.de\\\/\",\"name\":\"ERINNA K\u00d6NIG\",\"description\":\"EK STUDIO - D\u00fcsseldorf\",\"publisher\":{\"@id\":\"https:\\\/\\\/erinnakoenig.de\\\/#organization\"},\"potentialAction\":[{\"@type\":\"SearchAction\",\"target\":{\"@type\":\"EntryPoint\",\"urlTemplate\":\"https:\\\/\\\/erinnakoenig.de\\\/?s={search_term_string}\"},\"query-input\":{\"@type\":\"PropertyValueSpecification\",\"valueRequired\":true,\"valueName\":\"search_term_string\"}}],\"inLanguage\":\"en-GB\"},{\"@type\":\"Organization\",\"@id\":\"https:\\\/\\\/erinnakoenig.de\\\/#organization\",\"name\":\"EK STUDIO\",\"url\":\"https:\\\/\\\/erinnakoenig.de\\\/\",\"logo\":{\"@type\":\"ImageObject\",\"inLanguage\":\"en-GB\",\"@id\":\"https:\\\/\\\/erinnakoenig.de\\\/#\\\/schema\\\/logo\\\/image\\\/\",\"url\":\"https:\\\/\\\/erinnakoenig.de\\\/wp-content\\\/uploads\\\/2025\\\/08\\\/cropped-FAV.png\",\"contentUrl\":\"https:\\\/\\\/erinnakoenig.de\\\/wp-content\\\/uploads\\\/2025\\\/08\\\/cropped-FAV.png\",\"width\":512,\"height\":512,\"caption\":\"EK STUDIO\"},\"image\":{\"@id\":\"https:\\\/\\\/erinnakoenig.de\\\/#\\\/schema\\\/logo\\\/image\\\/\"},\"sameAs\":[\"https:\\\/\\\/www.instagram.com\\\/erinnakoenig\\\/\"]}]}<\/script>\n<!-- \/ Yoast SEO plugin. -->","yoast_head_json":{"title":"Der Westen leuchtet | ERINNA K\u00d6NIG","description":"Erinna K\u00f6nig (deutsch, 1947-2021), Meistersch\u00fclerin von Joseph Beuys an der D\u00fcsseldorfer Kunstakademie, verwandelte Fundobjekte zu eloquenter aesthetischer Skulptur-Malerei.","robots":{"index":"index","follow":"follow","max-snippet":"max-snippet:-1","max-image-preview":"max-image-preview:large","max-video-preview":"max-video-preview:-1"},"canonical":"https:\/\/erinnakoenig.de\/en\/ausstellungen\/gruppenausstellungen\/der-westen-leuchtet\/","og_locale":"en_GB","og_type":"article","og_title":"Der Westen leuchtet | ERINNA K\u00d6NIG","og_description":"Erinna K\u00f6nig (deutsch, 1947-2021), Meistersch\u00fclerin von Joseph Beuys an der D\u00fcsseldorfer Kunstakademie, verwandelte Fundobjekte zu eloquenter aesthetischer Skulptur-Malerei.","og_url":"https:\/\/erinnakoenig.de\/en\/ausstellungen\/gruppenausstellungen\/der-westen-leuchtet\/","og_site_name":"ERINNA K\u00d6NIG","article_modified_time":"2025-09-20T13:37:20+00:00","og_image":[{"width":1000,"height":1000,"url":"https:\/\/erinnakoenig.de\/wp-content\/uploads\/2025\/08\/Selbst-Portrait-1968-01.webp","type":"image\/webp"}],"twitter_card":"summary_large_image","twitter_misc":{"Estimated reading time":"3 minutes"},"schema":{"@context":"https:\/\/schema.org","@graph":[{"@type":"WebPage","@id":"https:\/\/erinnakoenig.de\/ausstellungen\/gruppenausstellungen\/der-westen-leuchtet\/","url":"https:\/\/erinnakoenig.de\/ausstellungen\/gruppenausstellungen\/der-westen-leuchtet\/","name":"Der Westen leuchtet | ERINNA K\u00d6NIG","isPartOf":{"@id":"https:\/\/erinnakoenig.de\/#website"},"datePublished":"2025-09-09T16:58:01+00:00","dateModified":"2025-09-20T13:37:20+00:00","description":"Erinna K\u00f6nig (deutsch, 1947-2021), Meistersch\u00fclerin von Joseph Beuys an der D\u00fcsseldorfer Kunstakademie, verwandelte Fundobjekte zu eloquenter aesthetischer Skulptur-Malerei.","breadcrumb":{"@id":"https:\/\/erinnakoenig.de\/ausstellungen\/gruppenausstellungen\/der-westen-leuchtet\/#breadcrumb"},"inLanguage":"en-GB","potentialAction":[{"@type":"ReadAction","target":["https:\/\/erinnakoenig.de\/ausstellungen\/gruppenausstellungen\/der-westen-leuchtet\/"]}]},{"@type":"BreadcrumbList","@id":"https:\/\/erinnakoenig.de\/ausstellungen\/gruppenausstellungen\/der-westen-leuchtet\/#breadcrumb","itemListElement":[{"@type":"ListItem","position":1,"name":"Startseite","item":"https:\/\/erinnakoenig.de\/"},{"@type":"ListItem","position":2,"name":"Ausstellungen","item":"https:\/\/erinnakoenig.de\/ausstellungen\/"},{"@type":"ListItem","position":3,"name":"Gruppenausstellungen","item":"https:\/\/erinnakoenig.de\/ausstellungen\/gruppenausstellungen\/"},{"@type":"ListItem","position":4,"name":"Der Westen leuchtet"}]},{"@type":"WebSite","@id":"https:\/\/erinnakoenig.de\/#website","url":"https:\/\/erinnakoenig.de\/","name":"ERINNA K\u00d6NIG","description":"EK STUDIO - D\u00fcsseldorf","publisher":{"@id":"https:\/\/erinnakoenig.de\/#organization"},"potentialAction":[{"@type":"SearchAction","target":{"@type":"EntryPoint","urlTemplate":"https:\/\/erinnakoenig.de\/?s={search_term_string}"},"query-input":{"@type":"PropertyValueSpecification","valueRequired":true,"valueName":"search_term_string"}}],"inLanguage":"en-GB"},{"@type":"Organization","@id":"https:\/\/erinnakoenig.de\/#organization","name":"EK STUDIO","url":"https:\/\/erinnakoenig.de\/","logo":{"@type":"ImageObject","inLanguage":"en-GB","@id":"https:\/\/erinnakoenig.de\/#\/schema\/logo\/image\/","url":"https:\/\/erinnakoenig.de\/wp-content\/uploads\/2025\/08\/cropped-FAV.png","contentUrl":"https:\/\/erinnakoenig.de\/wp-content\/uploads\/2025\/08\/cropped-FAV.png","width":512,"height":512,"caption":"EK STUDIO"},"image":{"@id":"https:\/\/erinnakoenig.de\/#\/schema\/logo\/image\/"},"sameAs":["https:\/\/www.instagram.com\/erinnakoenig\/"]}]}},"_links":{"self":[{"href":"https:\/\/erinnakoenig.de\/en\/wp-json\/wp\/v2\/pages\/1153","targetHints":{"allow":["GET"]}}],"collection":[{"href":"https:\/\/erinnakoenig.de\/en\/wp-json\/wp\/v2\/pages"}],"about":[{"href":"https:\/\/erinnakoenig.de\/en\/wp-json\/wp\/v2\/types\/page"}],"author":[{"embeddable":true,"href":"https:\/\/erinnakoenig.de\/en\/wp-json\/wp\/v2\/users\/3"}],"replies":[{"embeddable":true,"href":"https:\/\/erinnakoenig.de\/en\/wp-json\/wp\/v2\/comments?post=1153"}],"version-history":[{"count":10,"href":"https:\/\/erinnakoenig.de\/en\/wp-json\/wp\/v2\/pages\/1153\/revisions"}],"predecessor-version":[{"id":1606,"href":"https:\/\/erinnakoenig.de\/en\/wp-json\/wp\/v2\/pages\/1153\/revisions\/1606"}],"up":[{"embeddable":true,"href":"https:\/\/erinnakoenig.de\/en\/wp-json\/wp\/v2\/pages\/275"}],"wp:attachment":[{"href":"https:\/\/erinnakoenig.de\/en\/wp-json\/wp\/v2\/media?parent=1153"}],"curies":[{"name":"wp","href":"https:\/\/api.w.org\/{rel}","templated":true}]}}