{"id":1030,"date":"2025-09-09T09:45:02","date_gmt":"2025-09-09T09:45:02","guid":{"rendered":"https:\/\/erinnakoenig.com\/?page_id=1030"},"modified":"2025-12-09T10:02:44","modified_gmt":"2025-12-09T10:02:44","slug":"kataloge","status":"publish","type":"page","link":"https:\/\/erinnakoenig.de\/en\/kataloge\/","title":{"rendered":"catalogues"},"content":{"rendered":"<p>[et_pb_section fb_built=&#8220;1&#8243; _builder_version=&#8220;4.27.4&#8243; _module_preset=&#8220;default&#8220; global_colors_info=&#8220;{}&#8220;][et_pb_row _builder_version=&#8220;4.27.4&#8243; _module_preset=&#8220;default&#8220; global_colors_info=&#8220;{}&#8220;][et_pb_column type=&#8220;4_4&#8243; _builder_version=&#8220;4.27.4&#8243; _module_preset=&#8220;default&#8220; global_colors_info=&#8220;{}&#8220;][et_pb_heading title=&#8220;B\u00fccher \/ Kataloge&#8220; _builder_version=&#8220;4.27.4&#8243; _module_preset=&#8220;default&#8220; title_font=&#8220;Avenir Light|100||on|||||&#8220; title_text_align=&#8220;right&#8220; global_colors_info=&#8220;{}&#8220;][\/et_pb_heading][\/et_pb_column][\/et_pb_row][et_pb_row column_structure=&#8220;3_5,2_5&#8243; _builder_version=&#8220;4.27.4&#8243; _module_preset=&#8220;default&#8220; background_color=&#8220;#ededed&#8220; custom_margin=&#8220;20px||20px||true|false&#8220; custom_padding=&#8220;20px|20px|20px|20px|true|true&#8220; global_colors_info=&#8220;{}&#8220;][et_pb_column type=&#8220;3_5&#8243; _builder_version=&#8220;4.27.4&#8243; _module_preset=&#8220;default&#8220; global_colors_info=&#8220;{}&#8220;][et_pb_text _builder_version=&#8220;4.27.4&#8243; _module_preset=&#8220;default&#8220; global_colors_info=&#8220;{}&#8220;]<\/p>\n<h1>Thomas Sch\u00fctte Stiftung 2020<\/h1>\n<p>[\/et_pb_text][et_pb_text _builder_version=&#8220;4.27.4&#8243; _module_preset=&#8220;default&#8220; global_colors_info=&#8220;{}&#8220;]<\/p>\n<p>Erinna K\u00f6nig<\/p>\n<p>Figuren gibt es in der Kunst von Erinna K\u00f6nig prima vista kaum, denn prim\u00e4r besch\u00e4ftigt sich die K\u00fcnstlerin mit Gegenst\u00e4nden, mit solchen aus dem allt\u00e4glichen Gebrauch, oft mit M\u00f6belst\u00fccken. Nun haben Gegenst\u00e4nde in der Kunst des 20. Jahrhunderts eine wichtige Rolle gespielt, und man k\u00f6nnte sich \u00fcberlegen, wie sich K\u00f6nigs Umgang damit von den Verfahren unterscheidet, die seit der klassischen Moderne gebr\u00e4uchlich geworden sind. Nicht von ungef\u00e4hr wurde damals der Gebrauchsgegenstand f\u00fcr die Kunst entdeckt, man fokussierte auf das Fundst\u00fcck. Da gibt es den Gegenstand in der kubistischen Collage und Assemblage, der die Funktion erh\u00e4lt, den illusionistischen Raum zu durchbrechen und auf den Betrachter hin zu \u00f6ffnen. Aufgrund seiner Farbigkeit und Form tritt der Gegenstand als Element in die Komposition ein. Da gibt es wenig sp\u00e4ter Marcel Duchamps Readymade und damit die Verschiebung des Gegenstands aus einem realen in den Kunstkontext, eine ironische Operation. Mit dem surrealistischen \u201cobjet trouv\u00e9\u201d erh\u00e4lt der Gegenstand als Tr\u00e4ger einer Botschaft im Kunstwerk eine Aura. Die Begeisterung f\u00fcr den Gegenstand setzte sich in der Nachkriegszeit fort, und sie erhielt in den 1960er Jahren durch die Wiederentdeckung von Dada und Surrealismus neue Nahrung.<\/p>\n<p><span>[ &#8230;&#8230;.. ]<\/span><\/p>\n<p><em>Dieter Schwarz<\/em><\/p>\n<p>[\/et_pb_text][et_pb_button button_text=&#8220;Read more \/ Click to Flip&#8220; _builder_version=&#8220;4.27.4&#8243; _module_preset=&#8220;default&#8220; custom_button=&#8220;on&#8220; button_text_color=&#8220;#000000&#8243; hover_enabled=&#8220;0&#8243; global_colors_info=&#8220;{}&#8220; button_url=&#8220;https:\/\/erinnakoenig.de\/ipages\/flipbook\/2?preview=1&#8243; url_new_window=&#8220;on&#8220; sticky_enabled=&#8220;0&#8243;][\/et_pb_button][\/et_pb_column][et_pb_column type=&#8220;2_5&#8243; _builder_version=&#8220;4.27.4&#8243; _module_preset=&#8220;default&#8220; global_colors_info=&#8220;{}&#8220;][et_pb_image src=&#8220;https:\/\/erinnakoenig.de\/wp-content\/uploads\/2025\/12\/Bildschirmfoto-2025-12-09-um-10.38.21.png&#8220; title_text=&#8220;Bildschirmfoto 2025-12-09 um 10.38.21&#8243; url=&#8220;https:\/\/erinnakoenig.de\/ipages\/flipbook\/2?preview=1&#8243; url_new_window=&#8220;on&#8220; _builder_version=&#8220;4.27.4&#8243; _module_preset=&#8220;default&#8220; global_colors_info=&#8220;{}&#8220;][\/et_pb_image][\/et_pb_column][\/et_pb_row][\/et_pb_section][et_pb_section fb_built=&#8220;1&#8243; _builder_version=&#8220;4.27.4&#8243; _module_preset=&#8220;default&#8220; global_colors_info=&#8220;{}&#8220;][et_pb_row column_structure=&#8220;1_3,2_3&#8243; _builder_version=&#8220;4.27.4&#8243; _module_preset=&#8220;default&#8220; background_color=&#8220;#ededed&#8220; custom_margin=&#8220;20px||20px||true|false&#8220; custom_padding=&#8220;20px|20px|20px|20px|true|true&#8220; global_colors_info=&#8220;{}&#8220;][et_pb_column type=&#8220;1_3&#8243; _builder_version=&#8220;4.27.4&#8243; _module_preset=&#8220;default&#8220; global_colors_info=&#8220;{}&#8220;][et_pb_text _builder_version=&#8220;4.27.4&#8243; _module_preset=&#8220;default&#8220; global_colors_info=&#8220;{}&#8220;]<\/p>\n<h1>Von der Heydt Museum Wuppertal<\/h1>\n<p>[\/et_pb_text][et_pb_text _builder_version=&#8220;4.27.4&#8243; _module_preset=&#8220;default&#8220; global_colors_info=&#8220;{}&#8220;]<\/p>\n<p>Katalog Erinna K\u00f6nig,<br \/>Retrospektive Erinna K\u00f6nig Oktober 2023-Februar 2024,<br \/>Von der Heydt Museum, Wuppertal<\/p>\n<p>Herausgegeben von Roland M\u00f6nig<br \/>Autoren Anika Bruns, Dieter Schwarz<br \/>Redaktion Anika Bruns, Henrike Stein<br \/>Gestaltung Adeline Morlon<br \/>Bildbearbeitung Henning Krause<\/p>\n<p>Erschienen im Verlag Kettler, Dortmund<\/p>\n<p>\u00a9 2023 Von der Heydt Museum Wuppertal, Nachlass Erinna K\u00f6nig, Autor*innen, Verlag Kettler.<\/p>\n<p>Fotos : \u00a9 Henning Krause, \u00a9 Dejan Saric, \u00a9 Egbert Trogemann, \u00a9 Nic Tenwiggenhorn, \u00a9 AntjeZei-Loi, \u00a9 Von der Heydt Museum Wuppertal<\/p>\n<p>&nbsp;<\/p>\n<p>&nbsp;<\/p>\n<p>[\/et_pb_text][\/et_pb_column][et_pb_column type=&#8220;2_3&#8243; _builder_version=&#8220;4.27.4&#8243; _module_preset=&#8220;default&#8220; global_colors_info=&#8220;{}&#8220;][et_pb_gallery gallery_ids=&#8220;1091,1092,1093,1094,1095,1096,1097,1098,1099,1100,1101,1102&#8243; fullwidth=&#8220;on&#8220; _builder_version=&#8220;4.27.4&#8243; _module_preset=&#8220;default&#8220; global_colors_info=&#8220;{}&#8220;][\/et_pb_gallery][et_pb_text _builder_version=&#8220;4.27.4&#8243; _module_preset=&#8220;default&#8220; text_font_size=&#8220;13px&#8220; text_line_height=&#8220;1.3em&#8220; custom_margin=&#8220;-19px|||||&#8220; global_colors_info=&#8220;{}&#8220;]<\/p>\n<p class=\"p1\">\u00a9\ufe0f 2023 von der Heydt-Museum, Photo: Adeline Morlon<\/p>\n<p>[\/et_pb_text][\/et_pb_column][\/et_pb_row][\/et_pb_section][et_pb_section fb_built=&#8220;1&#8243; _builder_version=&#8220;4.27.4&#8243; _module_preset=&#8220;default&#8220; global_colors_info=&#8220;{}&#8220;][et_pb_row column_structure=&#8220;2_5,3_5&#8243; _builder_version=&#8220;4.27.4&#8243; _module_preset=&#8220;default&#8220; background_color=&#8220;#ededed&#8220; custom_margin=&#8220;20px||0px||false|false&#8220; custom_padding=&#8220;20px|20px|20px|20px|true|true&#8220; border_width_bottom=&#8220;1px&#8220; border_color_bottom=&#8220;#c1c1c1&#8243; global_colors_info=&#8220;{}&#8220;][et_pb_column type=&#8220;2_5&#8243; _builder_version=&#8220;4.27.4&#8243; _module_preset=&#8220;default&#8220; global_colors_info=&#8220;{}&#8220;][et_pb_text _builder_version=&#8220;4.27.4&#8243; _module_preset=&#8220;default&#8220; global_colors_info=&#8220;{}&#8220;]<\/p>\n<h1>Mit, neben, gegen.<br \/>Die Sch\u00fcler von Joseph Beuys<\/h1>\n<p>[\/et_pb_text][et_pb_text _builder_version=&#8220;4.27.4&#8243; _module_preset=&#8220;default&#8220; global_colors_info=&#8220;{}&#8220;]<\/p>\n<p>In diesem Buch wird zum ersten Ml die Wirkungsgeschichte der Akademiet\u00e4tigkeit von Joseph Beuys aus der Sicht seiner ehemaligen Sch\u00fcler beschrieben. 1961 als Professor f\u00fcr Bildhauerei an die Staatliche Kunstakademie D\u00fcsseldorf berufen, 1972 aufgrund der Auseinandersetzungen um hochschulpolitische Fragen entlassen, gibt Joseph Beuys (1921-1986) als einer der bedeutendsten, aber auch umstrittensten Akademielehrer nach 1945. In seinem Bem\u00fchen steht Beuys in der Tradition avantgardistischer K\u00fcnstler, die sich engagiert f\u00fcr eine auf Gesellschaftsver\u00e4nderung dr\u00e4ngende \u00e4sthetische Erziehung eingesetzt haben. Der Erfolg seines Unterrichts schlug sich einerseits in der gro\u00dfen Anzahl der Studenten nieder, andererseits in der gro\u00dfen Vielfalt der k\u00fcnstlerischen und p\u00e4dagogisch-vermittelnden Positionen innerhalb seiner Sch\u00fclerschaft. Mit dieser Publikation werden die Erfahrungen und Reflexionen sowie die Erinnerungen ehemaliger Sch\u00fcler festgehalten. Eine Auswahl der transkribierten Interviews befindet sich im Anhang.<\/p>\n<p>\u00a9 Copyright 2000<br \/>Richter Verlag D\u00fcsseldorf,<br \/>Petra Richter<\/p>\n<p>[\/et_pb_text][et_pb_button button_url=&#8220;https:\/\/petra-richter.de\/&#8220; url_new_window=&#8220;on&#8220; button_text=&#8220;Dr. phil. Petra Richter&#8220; _builder_version=&#8220;4.27.4&#8243; _module_preset=&#8220;default&#8220; custom_button=&#8220;on&#8220; button_text_size=&#8220;15px&#8220; button_text_color=&#8220;#000000&#8243; global_colors_info=&#8220;{}&#8220;][\/et_pb_button][et_pb_text _builder_version=&#8220;4.27.4&#8243; _module_preset=&#8220;default&#8220; global_colors_info=&#8220;{}&#8220;]<\/p>\n<p>Hier Ausschnitte, welche<br \/>sich auf Erinna K\u00f6nig beziehen:<\/p>\n<p>[\/et_pb_text][\/et_pb_column][et_pb_column type=&#8220;3_5&#8243; _builder_version=&#8220;4.27.4&#8243; _module_preset=&#8220;default&#8220; global_colors_info=&#8220;{}&#8220;][et_pb_image src=&#8220;https:\/\/erinnakoenig.de\/wp-content\/uploads\/2025\/10\/01COVER-scaled.webp&#8220; title_text=&#8220;01COVER&#8220; _builder_version=&#8220;4.27.4&#8243; _module_preset=&#8220;default&#8220; global_colors_info=&#8220;{}&#8220;][\/et_pb_image][et_pb_text _builder_version=&#8220;4.27.4&#8243; _module_preset=&#8220;default&#8220; text_font_size=&#8220;13px&#8220; text_line_height=&#8220;1.3em&#8220; custom_margin=&#8220;-19px|||||&#8220; global_colors_info=&#8220;{}&#8220;]<\/p>\n<p class=\"p1\">\u00a9\ufe0f vg Bild-Kunst Bonn 2000<\/p>\n<p>[\/et_pb_text][\/et_pb_column][\/et_pb_row][et_pb_row _builder_version=&#8220;4.27.4&#8243; _module_preset=&#8220;default&#8220; background_color=&#8220;#ededed&#8220; custom_margin=&#8220;0px|auto|20px|auto|false|false&#8220; custom_padding=&#8220;20px|20px|20px|20px|true|true&#8220; global_colors_info=&#8220;{}&#8220;][et_pb_column type=&#8220;4_4&#8243; _builder_version=&#8220;4.27.4&#8243; _module_preset=&#8220;default&#8220; global_colors_info=&#8220;{}&#8220;][et_pb_gallery gallery_ids=&#8220;2046,2047,2049,2050,2051,2052,2053,2054,2055,2057,2058,2059,2061,2062,2064,2065,2067,2068,2069,2070,2071,2072,2074,2077,2078,2080,2081,2082,2083,2084,2085,2086,2087,2088,2089&#8243; orientation=&#8220;portrait&#8220; _builder_version=&#8220;4.27.4&#8243; _module_preset=&#8220;default&#8220; global_colors_info=&#8220;{}&#8220;][\/et_pb_gallery][\/et_pb_column][\/et_pb_row][\/et_pb_section][et_pb_section fb_built=&#8220;1&#8243; module_id=&#8220;Beuys&#8220; _builder_version=&#8220;4.27.4&#8243; _module_preset=&#8220;default&#8220; global_colors_info=&#8220;{}&#8220;][et_pb_row column_structure=&#8220;3_5,2_5&#8243; _builder_version=&#8220;4.27.4&#8243; _module_preset=&#8220;default&#8220; background_color=&#8220;#ededed&#8220; custom_margin=&#8220;20px||20px||true|false&#8220; custom_padding=&#8220;20px|20px|20px|20px|true|true&#8220; global_colors_info=&#8220;{}&#8220;][et_pb_column type=&#8220;3_5&#8243; _builder_version=&#8220;4.27.4&#8243; _module_preset=&#8220;default&#8220; global_colors_info=&#8220;{}&#8220;][et_pb_text _builder_version=&#8220;4.27.4&#8243; _module_preset=&#8220;default&#8220; global_colors_info=&#8220;{}&#8220;]<\/p>\n<h1>Joseph Beuys und seine Sch\u00fcler<\/h1>\n<p>Sammlung Erhard Klein, Moderna Galerija Ljubljana<\/p>\n<p>[\/et_pb_text][et_pb_text _builder_version=&#8220;4.27.4&#8243; _module_preset=&#8220;default&#8220; global_colors_info=&#8220;{}&#8220;]<\/p>\n<p style=\"font-weight: 400;\"><span>Blazenka Perica und Bernhart Schwenk<\/span><\/p>\n<p style=\"font-weight: 400;\"><span>Portr\u00e4t eines Kraftfelds \u2013 die Sammlung Erhard Klein \u2014 (Auszug)<\/span><\/p>\n<p style=\"font-weight: 400;\"><span>\u00a0<\/span><span>[\u2026] Der \u201cErweiterte Kunstbegriff\u201d von Beuys wird im Kreis besonders seiner j\u00fcngeren Sch\u00fcler als seine Art \u201cErweiterter Naturbegriff\u201d vielf\u00e4ltig umgededeutet und u.a. am Thema Landschaft weitergef\u00fchrt: Obwohl in ihrer formalen Erscheinung sehr unterschiedlich, ber\u00fchren sich die Arbeiten von Stephan Runge und Michael von Biel sowohl in der Aktualisierung klassischer Mittel der Malerei, die Beuys in seinem eigenen Schaffen f\u00fcr unbedeutend hielt, als auch in der Hinterfragung des Mimesis-Begriffs. So assoziieren Runges Arbeiten auf Seident\u00fcchern durch ihre Farbexplositionen Naturereignisse, die an geologische Eruptionen oder F\u00e4ulnisprozesse denken lassen. Auf diese Weise stellt Runge die naturgesetzlichen Entstehungsprinzipien von Zufall und Chaos als dem Sch\u00f6pferischen parallele Kr\u00e4fte dar. Auch die Landschaftsbezeichnungen und -bilder von Michael von Biel, etwas die Bonn-Bilder zielen auf solche Parallelen hin, indem sie die Grenze zwischen dem Gegenst\u00e4ndlichen und dem Prozessualen der Malerei aufheben. W\u00e4hrend sich der Beuys\u2019sche Naturbegriff als Antipode, wenn nicht sogar als Kritikinstrument gegen zivisilatorische Ordnung und Fortschritt als Prinzipien der Kultur deuten l\u00e4\u00dft, bleibt bei den genannten K\u00fcnstlern wenig davon erhalten.<\/span><\/p>\n<p style=\"font-weight: 400;\"><span>Worauf ein solcher ver\u00e4nderter Mimesis-Begriff den wir hier als erweiterten Naturbegriff bezeichnen, hinausl\u00e4uft, l\u00e4\u00dft such in der knappen Aussage der K\u00fcnstlerin Erinna K\u00f6nig zusammenfassen. \u201cEs geht weder darum, nach der Natur, noch wie die Natur zu produzieren.\u201d Das Sch\u00f6pferische ist nicht mehr nur den Naturvorg\u00e4ngen im Sinne der griechischen Physys zu entnehmen. An die Stelle des Natur-Begriffs ist vielmehr ein umfassender Realit\u00e4ts-Begriff getreten, der das nat\u00fcrlich Beschaffene um das kulturell Geschaffene erweitert und damit Verbindungen und \u00dcberschneidungen zwischen beiden Bereichen her- bzw darstellt. Die in der Ausstellung gezeigte Arbeit von Erinna K\u00f6nig, die die K\u00fcnstlerin mit \u2018Landschaft\u2019 betitelt, erscheint uns in einem traditionellen Rahmen kein von der Natur abgenommenes, klassisches Landschaftsmotiv, sondern eine Holzmaserung, die ein solches Bildmotiv suggeriert. Handelt es sich um die letzten Spuren von Natur oder schon um die \u00c4stethisierung dieser \u00dcberreste? Steht dieses Bild stellvertretend f\u00fcr ein verschwundenes Naturbildo der verweist es bereits auf unsere von der Kultur gepr\u00e4gten Sehmuster? Fragt Erinna K\u00f6nig nach der Natur oder nach der Kultur? Es darf gruns\u00e4tzlich offen bleiben, ob sic him Bereich des Sch\u00f6pferischen Kultur \u00fcberhaupt noch von der Natur abgrenzen l\u00e4\u00dft. <\/span><\/p>\n<p style=\"font-weight: 400;\"><span>\u00c4hnliche \u00dcberlegungen lassen sich auch im Werk von Walter Dahn wiederfinden, wenn er sagt:\u201dWas mich eigentlich interessiert, sind wirkliche Beweggr\u00fcnde, z B die Frage, was einen \u00fcberhaupt zum Malen bringt.\u201d Hier wird erneut die Suchen ach dem Bezugsrahmen deutlich, von welchem aus Kunst ihren Sinn ableiten kann. H\u00e4ufiger als Erinna K\u00f6nig nimmt bei der L\u00f6sung dieses Problemes Walter Dahn im Stilmittel der Ironie Zuflucht, die nicht selten Bildfindungen von Joseph Beuys persifiert, besonders deutlich in \u201cDie Hasenente\/ der Entenhase\u201d (1993). [&#8230;]<br \/>\u2014<br \/><\/span>Photos: Norbert Faehling<br \/>Redaktion der Texte: Blazenka Perica, Erhard Klein<br \/>Gesamtherstellung; Apex, K\u00f6ln<br \/>\u00a9 Moderna galerija, Llubljana + Erhard Klein, 1994<\/p>\n<p>[\/et_pb_text][\/et_pb_column][et_pb_column type=&#8220;2_5&#8243; _builder_version=&#8220;4.27.4&#8243; _module_preset=&#8220;default&#8220; global_colors_info=&#8220;{}&#8220;][et_pb_gallery gallery_ids=&#8220;1354,1355,1356,1357,1358,1359,1360,1361&#8243; fullwidth=&#8220;on&#8220; _builder_version=&#8220;4.27.4&#8243; _module_preset=&#8220;default&#8220; global_colors_info=&#8220;{}&#8220;][\/et_pb_gallery][et_pb_text _builder_version=&#8220;4.27.4&#8243; _module_preset=&#8220;default&#8220; text_font_size=&#8220;13px&#8220; text_line_height=&#8220;1.3em&#8220; custom_margin=&#8220;-19px|||||&#8220; global_colors_info=&#8220;{}&#8220;]<\/p>\n<p class=\"p1\"><span>\u00a9 Moderna galerija, Llubljana + Erhard Klein, 1994<\/span><\/p>\n<p>[\/et_pb_text][et_pb_image src=&#8220;https:\/\/erinnakoenig.de\/wp-content\/uploads\/2025\/09\/NEU-Einladung-Joseph-Beuys-und-seine-Schueler-Llubljana-web-scaled.webp&#8220; title_text=&#8220;NEU Einladung Joseph Beuys und seine Schu\u0308ler Llubljana web&#8220; show_in_lightbox=&#8220;on&#8220; _builder_version=&#8220;4.27.4&#8243; _module_preset=&#8220;default&#8220; global_colors_info=&#8220;{}&#8220;][\/et_pb_image][\/et_pb_column][\/et_pb_row][et_pb_row _builder_version=&#8220;4.27.4&#8243; _module_preset=&#8220;default&#8220; global_colors_info=&#8220;{}&#8220;][et_pb_column type=&#8220;4_4&#8243; _builder_version=&#8220;4.27.4&#8243; _module_preset=&#8220;default&#8220; global_colors_info=&#8220;{}&#8220;][\/et_pb_column][\/et_pb_row][\/et_pb_section]<\/p>\n","protected":false},"excerpt":{"rendered":"<p>Thomas Sch\u00fctte Stiftung 2020Erinna K\u00f6nig Figuren gibt es in der Kunst von Erinna K\u00f6nig prima vista kaum, denn prim\u00e4r besch\u00e4ftigt sich die K\u00fcnstlerin mit Gegenst\u00e4nden, mit solchen aus dem allt\u00e4glichen Gebrauch, oft mit M\u00f6belst\u00fccken. Nun haben Gegenst\u00e4nde in der Kunst des 20. Jahrhunderts eine wichtige Rolle gespielt, und man k\u00f6nnte sich \u00fcberlegen, wie sich K\u00f6nigs [&hellip;]<\/p>\n","protected":false},"author":3,"featured_media":0,"parent":0,"menu_order":0,"comment_status":"closed","ping_status":"closed","template":"","meta":{"_et_pb_use_builder":"on","_et_pb_old_content":"","_et_gb_content_width":"","footnotes":""},"class_list":["post-1030","page","type-page","status-publish","hentry"],"yoast_head":"<!-- This site is optimized with the Yoast SEO plugin v27.4 - https:\/\/yoast.com\/product\/yoast-seo-wordpress\/ -->\n<title>Kataloge | ERINNA K\u00d6NIG<\/title>\n<meta name=\"description\" content=\"Erinna K\u00f6nig (deutsch, 1947-2021), Meistersch\u00fclerin von Joseph Beuys an der D\u00fcsseldorfer Kunstakademie, verwandelte Fundobjekte zu eloquenter aesthetischer Skulptur-Malerei.\" \/>\n<meta name=\"robots\" content=\"index, follow, max-snippet:-1, max-image-preview:large, max-video-preview:-1\" \/>\n<link rel=\"canonical\" href=\"https:\/\/erinnakoenig.de\/en\/kataloge\/\" \/>\n<meta property=\"og:locale\" content=\"en_GB\" \/>\n<meta property=\"og:type\" content=\"article\" \/>\n<meta property=\"og:title\" content=\"Kataloge | ERINNA K\u00d6NIG\" \/>\n<meta property=\"og:description\" content=\"Erinna K\u00f6nig (deutsch, 1947-2021), Meistersch\u00fclerin von Joseph Beuys an der D\u00fcsseldorfer Kunstakademie, verwandelte Fundobjekte zu eloquenter aesthetischer Skulptur-Malerei.\" \/>\n<meta property=\"og:url\" content=\"https:\/\/erinnakoenig.de\/en\/kataloge\/\" \/>\n<meta property=\"og:site_name\" content=\"ERINNA K\u00d6NIG\" \/>\n<meta property=\"article:modified_time\" content=\"2025-12-09T10:02:44+00:00\" \/>\n<meta property=\"og:image\" content=\"https:\/\/erinnakoenig.de\/wp-content\/uploads\/2025\/08\/Selbst-Portrait-1968-01.webp\" \/>\n\t<meta property=\"og:image:width\" content=\"1000\" \/>\n\t<meta property=\"og:image:height\" content=\"1000\" \/>\n\t<meta property=\"og:image:type\" content=\"image\/webp\" \/>\n<meta name=\"twitter:card\" content=\"summary_large_image\" \/>\n<meta name=\"twitter:label1\" content=\"Estimated reading time\" \/>\n\t<meta name=\"twitter:data1\" content=\"9 minutes\" \/>\n<script type=\"application\/ld+json\" class=\"yoast-schema-graph\">{\"@context\":\"https:\\\/\\\/schema.org\",\"@graph\":[{\"@type\":\"WebPage\",\"@id\":\"https:\\\/\\\/erinnakoenig.de\\\/kataloge\\\/\",\"url\":\"https:\\\/\\\/erinnakoenig.de\\\/kataloge\\\/\",\"name\":\"Kataloge | ERINNA K\u00d6NIG\",\"isPartOf\":{\"@id\":\"https:\\\/\\\/erinnakoenig.de\\\/#website\"},\"datePublished\":\"2025-09-09T09:45:02+00:00\",\"dateModified\":\"2025-12-09T10:02:44+00:00\",\"description\":\"Erinna K\u00f6nig (deutsch, 1947-2021), Meistersch\u00fclerin von Joseph Beuys an der D\u00fcsseldorfer Kunstakademie, verwandelte Fundobjekte zu eloquenter aesthetischer Skulptur-Malerei.\",\"breadcrumb\":{\"@id\":\"https:\\\/\\\/erinnakoenig.de\\\/kataloge\\\/#breadcrumb\"},\"inLanguage\":\"en-GB\",\"potentialAction\":[{\"@type\":\"ReadAction\",\"target\":[\"https:\\\/\\\/erinnakoenig.de\\\/kataloge\\\/\"]}]},{\"@type\":\"BreadcrumbList\",\"@id\":\"https:\\\/\\\/erinnakoenig.de\\\/kataloge\\\/#breadcrumb\",\"itemListElement\":[{\"@type\":\"ListItem\",\"position\":1,\"name\":\"Startseite\",\"item\":\"https:\\\/\\\/erinnakoenig.de\\\/\"},{\"@type\":\"ListItem\",\"position\":2,\"name\":\"Kataloge\"}]},{\"@type\":\"WebSite\",\"@id\":\"https:\\\/\\\/erinnakoenig.de\\\/#website\",\"url\":\"https:\\\/\\\/erinnakoenig.de\\\/\",\"name\":\"ERINNA K\u00d6NIG\",\"description\":\"EK STUDIO - D\u00fcsseldorf\",\"publisher\":{\"@id\":\"https:\\\/\\\/erinnakoenig.de\\\/#organization\"},\"potentialAction\":[{\"@type\":\"SearchAction\",\"target\":{\"@type\":\"EntryPoint\",\"urlTemplate\":\"https:\\\/\\\/erinnakoenig.de\\\/?s={search_term_string}\"},\"query-input\":{\"@type\":\"PropertyValueSpecification\",\"valueRequired\":true,\"valueName\":\"search_term_string\"}}],\"inLanguage\":\"en-GB\"},{\"@type\":\"Organization\",\"@id\":\"https:\\\/\\\/erinnakoenig.de\\\/#organization\",\"name\":\"EK STUDIO\",\"url\":\"https:\\\/\\\/erinnakoenig.de\\\/\",\"logo\":{\"@type\":\"ImageObject\",\"inLanguage\":\"en-GB\",\"@id\":\"https:\\\/\\\/erinnakoenig.de\\\/#\\\/schema\\\/logo\\\/image\\\/\",\"url\":\"https:\\\/\\\/erinnakoenig.de\\\/wp-content\\\/uploads\\\/2025\\\/08\\\/cropped-FAV.png\",\"contentUrl\":\"https:\\\/\\\/erinnakoenig.de\\\/wp-content\\\/uploads\\\/2025\\\/08\\\/cropped-FAV.png\",\"width\":512,\"height\":512,\"caption\":\"EK STUDIO\"},\"image\":{\"@id\":\"https:\\\/\\\/erinnakoenig.de\\\/#\\\/schema\\\/logo\\\/image\\\/\"},\"sameAs\":[\"https:\\\/\\\/www.instagram.com\\\/erinnakoenig\\\/\"]}]}<\/script>\n<!-- \/ Yoast SEO plugin. -->","yoast_head_json":{"title":"Kataloge | ERINNA K\u00d6NIG","description":"Erinna K\u00f6nig (deutsch, 1947-2021), Meistersch\u00fclerin von Joseph Beuys an der D\u00fcsseldorfer Kunstakademie, verwandelte Fundobjekte zu eloquenter aesthetischer Skulptur-Malerei.","robots":{"index":"index","follow":"follow","max-snippet":"max-snippet:-1","max-image-preview":"max-image-preview:large","max-video-preview":"max-video-preview:-1"},"canonical":"https:\/\/erinnakoenig.de\/en\/kataloge\/","og_locale":"en_GB","og_type":"article","og_title":"Kataloge | ERINNA K\u00d6NIG","og_description":"Erinna K\u00f6nig (deutsch, 1947-2021), Meistersch\u00fclerin von Joseph Beuys an der D\u00fcsseldorfer Kunstakademie, verwandelte Fundobjekte zu eloquenter aesthetischer Skulptur-Malerei.","og_url":"https:\/\/erinnakoenig.de\/en\/kataloge\/","og_site_name":"ERINNA K\u00d6NIG","article_modified_time":"2025-12-09T10:02:44+00:00","og_image":[{"width":1000,"height":1000,"url":"https:\/\/erinnakoenig.de\/wp-content\/uploads\/2025\/08\/Selbst-Portrait-1968-01.webp","type":"image\/webp"}],"twitter_card":"summary_large_image","twitter_misc":{"Estimated reading time":"9 minutes"},"schema":{"@context":"https:\/\/schema.org","@graph":[{"@type":"WebPage","@id":"https:\/\/erinnakoenig.de\/kataloge\/","url":"https:\/\/erinnakoenig.de\/kataloge\/","name":"Kataloge | ERINNA K\u00d6NIG","isPartOf":{"@id":"https:\/\/erinnakoenig.de\/#website"},"datePublished":"2025-09-09T09:45:02+00:00","dateModified":"2025-12-09T10:02:44+00:00","description":"Erinna K\u00f6nig (deutsch, 1947-2021), Meistersch\u00fclerin von Joseph Beuys an der D\u00fcsseldorfer Kunstakademie, verwandelte Fundobjekte zu eloquenter aesthetischer Skulptur-Malerei.","breadcrumb":{"@id":"https:\/\/erinnakoenig.de\/kataloge\/#breadcrumb"},"inLanguage":"en-GB","potentialAction":[{"@type":"ReadAction","target":["https:\/\/erinnakoenig.de\/kataloge\/"]}]},{"@type":"BreadcrumbList","@id":"https:\/\/erinnakoenig.de\/kataloge\/#breadcrumb","itemListElement":[{"@type":"ListItem","position":1,"name":"Startseite","item":"https:\/\/erinnakoenig.de\/"},{"@type":"ListItem","position":2,"name":"Kataloge"}]},{"@type":"WebSite","@id":"https:\/\/erinnakoenig.de\/#website","url":"https:\/\/erinnakoenig.de\/","name":"ERINNA K\u00d6NIG","description":"EK STUDIO - D\u00fcsseldorf","publisher":{"@id":"https:\/\/erinnakoenig.de\/#organization"},"potentialAction":[{"@type":"SearchAction","target":{"@type":"EntryPoint","urlTemplate":"https:\/\/erinnakoenig.de\/?s={search_term_string}"},"query-input":{"@type":"PropertyValueSpecification","valueRequired":true,"valueName":"search_term_string"}}],"inLanguage":"en-GB"},{"@type":"Organization","@id":"https:\/\/erinnakoenig.de\/#organization","name":"EK STUDIO","url":"https:\/\/erinnakoenig.de\/","logo":{"@type":"ImageObject","inLanguage":"en-GB","@id":"https:\/\/erinnakoenig.de\/#\/schema\/logo\/image\/","url":"https:\/\/erinnakoenig.de\/wp-content\/uploads\/2025\/08\/cropped-FAV.png","contentUrl":"https:\/\/erinnakoenig.de\/wp-content\/uploads\/2025\/08\/cropped-FAV.png","width":512,"height":512,"caption":"EK STUDIO"},"image":{"@id":"https:\/\/erinnakoenig.de\/#\/schema\/logo\/image\/"},"sameAs":["https:\/\/www.instagram.com\/erinnakoenig\/"]}]}},"_links":{"self":[{"href":"https:\/\/erinnakoenig.de\/en\/wp-json\/wp\/v2\/pages\/1030","targetHints":{"allow":["GET"]}}],"collection":[{"href":"https:\/\/erinnakoenig.de\/en\/wp-json\/wp\/v2\/pages"}],"about":[{"href":"https:\/\/erinnakoenig.de\/en\/wp-json\/wp\/v2\/types\/page"}],"author":[{"embeddable":true,"href":"https:\/\/erinnakoenig.de\/en\/wp-json\/wp\/v2\/users\/3"}],"replies":[{"embeddable":true,"href":"https:\/\/erinnakoenig.de\/en\/wp-json\/wp\/v2\/comments?post=1030"}],"version-history":[{"count":39,"href":"https:\/\/erinnakoenig.de\/en\/wp-json\/wp\/v2\/pages\/1030\/revisions"}],"predecessor-version":[{"id":2280,"href":"https:\/\/erinnakoenig.de\/en\/wp-json\/wp\/v2\/pages\/1030\/revisions\/2280"}],"wp:attachment":[{"href":"https:\/\/erinnakoenig.de\/en\/wp-json\/wp\/v2\/media?parent=1030"}],"curies":[{"name":"wp","href":"https:\/\/api.w.org\/{rel}","templated":true}]}}